{"id":177,"date":"2025-12-13T00:02:56","date_gmt":"2025-12-13T00:02:56","guid":{"rendered":"https:\/\/vient.souldesigner.org\/?page_id=177"},"modified":"2026-01-15T13:43:28","modified_gmt":"2026-01-15T13:43:28","slug":"eventos-2","status":"publish","type":"page","link":"https:\/\/kulturwerkstatt-lapalma.com\/es\/veranstaltungen\/","title":{"rendered":"Eventos"},"content":{"rendered":"<div class=\"et_pb_section_0 et_pb_section et_section_regular et_flex_section \u00dcberblick\" id=\"\u00dcberblick\">\n<div class=\"et_pb_row_0 et_pb_row et_flex_row\">\n<div class=\"et_pb_column_0 et_pb_column et-last-child et_flex_column et_pb_css_mix_blend_mode_passthrough et_flex_column_24_24 et_flex_column_24_24_tablet et_flex_column_24_24_phone et_flex_column_24_24_ultraWide\">\n<div class=\"et_pb_text_0 et_pb_text et_pb_bg_layout_light et_pb_module et_flex_module\"><div class=\"et_pb_text_inner\"><h2 style=\"text-align: center;\">Alle Veranstaltungen im \u00dcberblick<\/h2>\n<\/div><\/div>\n\n<div class=\"et_pb_text_1 et_pb_text et_pb_bg_layout_light et_pb_module et_flex_module\"><div class=\"et_pb_text_inner\"><p>Hier bekommst du den vollen \u00dcberblick, \u00fcber alle Aktivit\u00e4ten und Veranstaltungen. Nutze die verschiedenen Ansichten und Filter, um zu finden, was du suchst.<\/p>\n<\/div><\/div>\n<\/div>\n<\/div>\n\n<div class=\"et_pb_row_1 et_pb_row et_flex_row\">\n<div class=\"et_pb_column_1 et_pb_column et-last-child et_flex_column et_pb_css_mix_blend_mode_passthrough et_flex_column_24_24 et_flex_column_24_24_tablet et_flex_column_24_24_phone et_flex_column_24_24_ultraWide\">\n<div class=\"et_pb_tabs_0 et_pb_tabs et_pb_module\"><ul class=\"et_pb_tabs_controls clearfix\"><li class=\"et_pb_tab_nav_item_0 et_pb_tab_nav_item et_pb_tab_0 et_pb_tab_active\"><a class=\"et_pb_tab_nav_item_link\" href=\"#\">Kalenderansicht<\/a><\/li><li class=\"et_pb_tab_nav_item_1 et_pb_tab_nav_item et_pb_tab_1\"><a class=\"et_pb_tab_nav_item_link\" href=\"#\">Listenansicht<\/a><\/li><li class=\"et_pb_tab_nav_item_2 et_pb_tab_nav_item et_pb_tab_2\"><a class=\"et_pb_tab_nav_item_link\" href=\"#\">Rasteransicht<\/a><\/li><\/ul><div class=\"et_pb_all_tabs\">\n<div class=\"et_pb_tab_0 et_pb_tab clearfix et_pb_active_content et_pb_module et_flex_module\"><div class=\"et_pb_tab_content et_flex_module\">\n<div class=\"et_pb_code_0 et_pb_code et_pb_module\"><div class=\"et_pb_code_inner\">\t\t<div class=\"em em-view-container\" id=\"em-view-1031126676\" data-view=\"calendar\">\r\n\t\t\t<div class=\"em pixelbones em-calendar preview-modal responsive-dateclick-modal size-small this-month\" data-scope=\"all\" data-preview-tooltips-trigger=\"\" id=\"em-calendar-1031126676\" data-view-id=\"1031126676\" data-view-type=\"calendar\" data-month=\"05\" data-year=\"2026\" data-timezone=\"\">\n\t<section class=\"em-cal-nav em-cal-nav-normal\">\n\t\t\t<div class=\"month input\">\n\t\t\t\t\tmayo 2026\t\t\t<\/div>\n\t\t\t<div class=\"month-nav input\">\n\t\t<a class=\"em-calnav em-calnav-prev\" href=\"\/es\/wp-json\/wp\/v2\/pages\/177?mo=4&yr=2026\" data-disabled=\"0\" >\n\t\t\t<svg viewBox=\"0 0 15 15\" xmlns=\"http:\/\/www.w3.org\/2000\/svg\"><path d=\"M10 14L3 7.5L10 1\" stroke=\"#555\" stroke-linecap=\"square\"><\/path><\/svg>\n\t\t<\/a>\n\t\t\t\t\t<a href=\"\" class=\"em-calnav-today button button-secondary size-large size-medium is-today\" >\n\t\t\t\tHoy\t\t\t<\/a>\n\t\t\t\t<a class=\"em-calnav em-calnav-next\" href=\"\/es\/wp-json\/wp\/v2\/pages\/177?mo=6&yr=2026\" data-disabled=\"0\" >\n\t\t\t<svg viewBox=\"0 0 15 15\" xmlns=\"http:\/\/www.w3.org\/2000\/svg\"><path d=\"M5 14L12 7.5L5 1\" stroke=\"#555\" stroke-linecap=\"square\"><\/path><\/svg>\n\t\t<\/a>\n\t<\/div>\n\t<\/section><section class=\"em-cal-head em-cal-week-days em-cal-days size-large\">\n\t\t\t<div class=\"em-cal-day em-cal-col-0\">Lun<\/div>\n\t\t\t\t<div class=\"em-cal-day em-cal-col-1\">Mar<\/div>\n\t\t\t\t<div class=\"em-cal-day em-cal-col-2\">Mi\u00e9<\/div>\n\t\t\t\t<div class=\"em-cal-day em-cal-col-3\">Jue<\/div>\n\t\t\t\t<div class=\"em-cal-day em-cal-col-4\">Vie<\/div>\n\t\t\t\t<div class=\"em-cal-day em-cal-col-5\">S\u00e1b<\/div>\n\t\t\t\t<div class=\"em-cal-day em-cal-col-6\">Dom<\/div>\n\t\t<\/section>\n<section class=\"em-cal-head em-cal-week-days em-cal-days size-small size-medium\">\n\t\t\t<div class=\"em-cal-day em-cal-col-0\">L<\/div>\n\t\t\t\t<div class=\"em-cal-day em-cal-col-1\">M<\/div>\n\t\t\t\t<div class=\"em-cal-day em-cal-col-2\">M<\/div>\n\t\t\t\t<div class=\"em-cal-day em-cal-col-3\">J<\/div>\n\t\t\t\t<div class=\"em-cal-day em-cal-col-4\">V<\/div>\n\t\t\t\t<div class=\"em-cal-day em-cal-col-5\">S<\/div>\n\t\t\t\t<div class=\"em-cal-day em-cal-col-6\">D<\/div>\n\t\t<\/section><section class=\"em-cal-body em-cal-days event-style-pill even-aspect\">\n\t\t\t<div class=\"eventful eventful-pre em-cal-day em-cal-col-1\">\n\t\t\t\t\t\t\t<div class=\"em-cal-day-date colored\" data-date=\"2026-04-27\" data-timestamp=\"1777248000\" >\n\t\t\t\t\t<a href=\"https:\/\/kulturwerkstatt-lapalma.com\/es\/events\/2026-04-27\/\" title=\"\">27<\/a>\n\t\t\t\t\t\t\t\t\t<\/div>\n\t\t\t\t\t\t\t\t\t\t<div class=\"em-cal-event\" style=\"--event-background-color:#f74cc4;;--event-border-color:#f74cc4;;--event-color:#fff;\" data-event-url=\"https:\/\/kulturwerkstatt-lapalma.com\/es\/events\/beratungen-massagen-behandlungen-von-iris\/\" data-event-id=\"132\">\n\t\t\t\t\t\t\t<div>10:00 AM - <a href=\"https:\/\/kulturwerkstatt-lapalma.com\/es\/events\/beratungen-massagen-behandlungen-von-iris\/\">Beratungen, Massagen, Behandlungen von Iris<\/a><\/div>\n\t\t\t\t\t\t<\/div>\n\t\t\t\t\t\t\t\t\t\t\t\t<div class=\"em-cal-event\" style=\"--event-background-color:#a1db43;;--event-border-color:#a1db43;;--event-color:#fff;\" data-event-url=\"https:\/\/kulturwerkstatt-lapalma.com\/es\/events\/kreistanzen-auf-la-palma-montags-1930-uhr-viento-del-norte\/\" data-event-id=\"274\">\n\t\t\t\t\t\t\t<div>7:30 PM - <a href=\"https:\/\/kulturwerkstatt-lapalma.com\/es\/events\/kreistanzen-auf-la-palma-montags-1930-uhr-viento-del-norte\/\">Kreistanz mit Friedrich<\/a><\/div>\n\t\t\t\t\t\t<\/div>\n\t\t\t\t\t\t\t\t\t\t\t<span class=\"date-day-colors\" data-colors=\"[&quot;#f74cc4&quot;,&quot;#a1db43&quot;]\"><\/span>\n\t\t\t\t\t\t\t\t\t\t\t\t\n\t\t\t\t\t<\/div>\n\t\t\t\t<div class=\"eventful eventful-pre em-cal-day em-cal-col-2\">\n\t\t\t\t\t\t\t<div class=\"em-cal-day-date colored\" data-date=\"2026-04-28\" data-timestamp=\"1777334400\" >\n\t\t\t\t\t<a href=\"https:\/\/kulturwerkstatt-lapalma.com\/es\/events\/2026-04-28\/\" title=\"\">28<\/a>\n\t\t\t\t\t\t\t\t\t<\/div>\n\t\t\t\t\t\t\t\t\t\t<div class=\"em-cal-event\" style=\"--event-background-color:#260e09;;--event-border-color:#260e09;;--event-color:#fff;\" data-event-url=\"https:\/\/kulturwerkstatt-lapalma.com\/es\/events\/computersprechstunde-mit-hermes\/\" data-event-id=\"82\">\n\t\t\t\t\t\t\t<div>10:00 AM - <a href=\"https:\/\/kulturwerkstatt-lapalma.com\/es\/events\/computersprechstunde-mit-hermes\/\">\ud83d\udcbb Die Computersprechstunde mit Hermes<\/a><\/div>\n\t\t\t\t\t\t<\/div>\n\t\t\t\t\t\t\t\t\t\t\t\t<div class=\"em-cal-event\" style=\"--event-background-color:#ea6bea;;--event-border-color:#ea6bea;;--event-color:#fff;\" data-event-url=\"https:\/\/kulturwerkstatt-lapalma.com\/es\/events\/salsa-tanzen-2\/\" data-event-id=\"324\">\n\t\t\t\t\t\t\t<div>7:30 PM - <a href=\"https:\/\/kulturwerkstatt-lapalma.com\/es\/events\/salsa-tanzen-2\/\">Salsa tanzen<\/a><\/div>\n\t\t\t\t\t\t<\/div>\n\t\t\t\t\t\t\t\t\t\t\t<span class=\"date-day-colors\" data-colors=\"[&quot;#260e09&quot;,&quot;#ea6bea&quot;]\"><\/span>\n\t\t\t\t\t\t\t\t\t\t\t\t\n\t\t\t\t\t<\/div>\n\t\t\t\t<div class=\"eventless-pre em-cal-day em-cal-col-3\">\n\t\t\t\t\t\t\t<div class=\"em-cal-day-date\">\n\t\t\t\t\t<span>29<\/span>\n\t\t\t\t<\/div>\n\t\t\t\t\t<\/div>\n\t\t\t\t<div class=\"eventless-pre em-cal-day em-cal-col-4\">\n\t\t\t\t\t\t\t<div class=\"em-cal-day-date\">\n\t\t\t\t\t<span>30<\/span>\n\t\t\t\t<\/div>\n\t\t\t\t\t<\/div>\n\t\t\t\t<div class=\"eventless em-cal-day em-cal-col-5\">\n\t\t\t\t\t\t\t<div class=\"em-cal-day-date\">\n\t\t\t\t\t<span>1<\/span>\n\t\t\t\t<\/div>\n\t\t\t\t\t<\/div>\n\t\t\t\t<div class=\"eventless-today em-cal-day em-cal-col-6\">\n\t\t\t\t\t\t\t<div class=\"em-cal-day-date\">\n\t\t\t\t\t<span>2<\/span>\n\t\t\t\t<\/div>\n\t\t\t\t\t<\/div>\n\t\t\t\t<div class=\"eventless em-cal-day em-cal-col-7\">\n\t\t\t\t\t\t\t<div class=\"em-cal-day-date\">\n\t\t\t\t\t<span>3<\/span>\n\t\t\t\t<\/div>\n\t\t\t\t\t<\/div>\n\t\t\t\t<div class=\"eventful eventful em-cal-day em-cal-col-1\">\n\t\t\t\t\t\t\t<div class=\"em-cal-day-date colored\" data-date=\"2026-05-04\" data-timestamp=\"1777852800\" >\n\t\t\t\t\t<a href=\"https:\/\/kulturwerkstatt-lapalma.com\/es\/events\/beratungen-massagen-behandlungen-von-iris\/\" title=\"\">4<\/a>\n\t\t\t\t\t\t\t\t\t<\/div>\n\t\t\t\t\t\t\t\t\t\t<div class=\"em-cal-event\" style=\"--event-background-color:#f74cc4;;--event-border-color:#f74cc4;;--event-color:#fff;\" data-event-url=\"https:\/\/kulturwerkstatt-lapalma.com\/es\/events\/beratungen-massagen-behandlungen-von-iris\/\" data-event-id=\"133\">\n\t\t\t\t\t\t\t<div>10:00 AM - <a href=\"https:\/\/kulturwerkstatt-lapalma.com\/es\/events\/beratungen-massagen-behandlungen-von-iris\/\">Beratungen, Massagen, Behandlungen von Iris<\/a><\/div>\n\t\t\t\t\t\t<\/div>\n\t\t\t\t\t\t\t\t\t\t\t<span class=\"date-day-colors\" data-colors=\"[&quot;#f74cc4&quot;]\"><\/span>\n\t\t\t\t\t\t\t\t\t\t\t\t\n\t\t\t\t\t<\/div>\n\t\t\t\t<div class=\"eventful eventful em-cal-day em-cal-col-2\">\n\t\t\t\t\t\t\t<div class=\"em-cal-day-date colored\" data-date=\"2026-05-05\" data-timestamp=\"1777939200\" >\n\t\t\t\t\t<a href=\"https:\/\/kulturwerkstatt-lapalma.com\/es\/events\/2026-05-05\/\" title=\"\">5<\/a>\n\t\t\t\t\t\t\t\t\t<\/div>\n\t\t\t\t\t\t\t\t\t\t<div class=\"em-cal-event\" style=\"--event-background-color:#260e09;;--event-border-color:#260e09;;--event-color:#fff;\" data-event-url=\"https:\/\/kulturwerkstatt-lapalma.com\/es\/events\/computersprechstunde-mit-hermes\/\" data-event-id=\"83\">\n\t\t\t\t\t\t\t<div>10:00 AM - <a href=\"https:\/\/kulturwerkstatt-lapalma.com\/es\/events\/computersprechstunde-mit-hermes\/\">\ud83d\udcbb Die Computersprechstunde mit Hermes<\/a><\/div>\n\t\t\t\t\t\t<\/div>\n\t\t\t\t\t\t\t\t\t\t\t\t<div class=\"em-cal-event\" style=\"--event-background-color:#a1db43;;--event-border-color:#a1db43;;--event-color:#fff;\" data-event-url=\"https:\/\/kulturwerkstatt-lapalma.com\/es\/events\/salsa-tanzen-3\/\" data-event-id=\"287\">\n\t\t\t\t\t\t\t<div>7:30 PM - <a href=\"https:\/\/kulturwerkstatt-lapalma.com\/es\/events\/salsa-tanzen-3\/\">Salsa tanzen<\/a><\/div>\n\t\t\t\t\t\t<\/div>\n\t\t\t\t\t\t\t\t\t\t\t<span class=\"date-day-colors\" data-colors=\"[&quot;#260e09&quot;,&quot;#a1db43&quot;]\"><\/span>\n\t\t\t\t\t\t\t\t\t\t\t\t\n\t\t\t\t\t<\/div>\n\t\t\t\t<div class=\"eventless em-cal-day em-cal-col-3\">\n\t\t\t\t\t\t\t<div class=\"em-cal-day-date\">\n\t\t\t\t\t<span>6<\/span>\n\t\t\t\t<\/div>\n\t\t\t\t\t<\/div>\n\t\t\t\t<div class=\"eventful eventful em-cal-day em-cal-col-4\">\n\t\t\t\t\t\t\t<div class=\"em-cal-day-date colored\" data-date=\"2026-05-07\" data-timestamp=\"1778112000\" >\n\t\t\t\t\t<a href=\"https:\/\/kulturwerkstatt-lapalma.com\/es\/events\/2026-05-07\/\" title=\"\">7<\/a>\n\t\t\t\t\t\t\t\t\t<\/div>\n\t\t\t\t\t\t\t\t\t\t<div class=\"em-cal-event\" style=\"--event-background-color:#d84375;;--event-border-color:#d84375;;--event-color:#fff;\" data-event-url=\"https:\/\/kulturwerkstatt-lapalma.com\/es\/events\/experimentelles-malen-arunya-mal-treff\/\" data-event-id=\"318\">\n\t\t\t\t\t\t\t<div>10:00 AM - <a href=\"https:\/\/kulturwerkstatt-lapalma.com\/es\/events\/experimentelles-malen-arunya-mal-treff\/\">\ud83c\udfa8&quot;Mal-Treff&quot;  im Viento del Norte \/ Malen nach Lust und Laune! \ud83c\udfa8<\/a><\/div>\n\t\t\t\t\t\t<\/div>\n\t\t\t\t\t\t\t\t\t\t\t\t<div class=\"em-cal-event\" style=\"--event-background-color:#ea6bea;;--event-border-color:#ea6bea;;--event-color:#fff;\" data-event-url=\"https:\/\/kulturwerkstatt-lapalma.com\/es\/events\/biodanza-mit-bettina-rebecca-2\/\" data-event-id=\"342\">\n\t\t\t\t\t\t\t<div>6:00 PM - <a href=\"https:\/\/kulturwerkstatt-lapalma.com\/es\/events\/biodanza-mit-bettina-rebecca-2\/\">\ud83d\udc83 Biodanza mit Bettina-Rebecca<\/a><\/div>\n\t\t\t\t\t\t<\/div>\n\t\t\t\t\t\t\t\t\t\t\t<span class=\"date-day-colors\" data-colors=\"[&quot;#d84375&quot;,&quot;#ea6bea&quot;]\"><\/span>\n\t\t\t\t\t\t\t\t\t\t\t\t\n\t\t\t\t\t<\/div>\n\t\t\t\t<div class=\"eventful eventful em-cal-day em-cal-col-5\">\n\t\t\t\t\t\t\t<div class=\"em-cal-day-date colored\" data-date=\"2026-05-08\" data-timestamp=\"1778198400\" >\n\t\t\t\t\t<a href=\"https:\/\/kulturwerkstatt-lapalma.com\/es\/events\/mein-engel-und-ich-vortrag-la-palma\/\" title=\"\">8<\/a>\n\t\t\t\t\t\t\t\t\t<\/div>\n\t\t\t\t\t\t\t\t\t\t<div class=\"em-cal-event\" style=\"--event-background-color:#ba3968;;--event-border-color:#ba3968;;--event-color:#fff;\" data-event-url=\"https:\/\/kulturwerkstatt-lapalma.com\/es\/events\/mein-engel-und-ich-vortrag-la-palma\/\" data-event-id=\"313\">\n\t\t\t\t\t\t\t<div>6:00 PM - <a href=\"https:\/\/kulturwerkstatt-lapalma.com\/es\/events\/mein-engel-und-ich-vortrag-la-palma\/\">\ud83d\udc7c \u201eMein Engel und Ich\u201c \u2013 Vortrag von Marion Selzer<\/a><\/div>\n\t\t\t\t\t\t<\/div>\n\t\t\t\t\t\t\t\t\t\t\t<span class=\"date-day-colors\" data-colors=\"[&quot;#ba3968&quot;]\"><\/span>\n\t\t\t\t\t\t\t\t\t\t\t\t\n\t\t\t\t\t<\/div>\n\t\t\t\t<div class=\"eventful eventful em-cal-day em-cal-col-6\">\n\t\t\t\t\t\t\t<div class=\"em-cal-day-date colored\" data-date=\"2026-05-09\" data-timestamp=\"1778284800\" >\n\t\t\t\t\t<a href=\"https:\/\/kulturwerkstatt-lapalma.com\/es\/events\/giulia-kalish-konzert-la-palma\/\" title=\"\">9<\/a>\n\t\t\t\t\t\t\t\t\t<\/div>\n\t\t\t\t\t\t\t\t\t\t<div class=\"em-cal-event\" style=\"--event-background-color:#80b538;;--event-border-color:#80b538;;--event-color:#fff;\" data-event-url=\"https:\/\/kulturwerkstatt-lapalma.com\/es\/events\/giulia-kalish-konzert-la-palma\/\" data-event-id=\"340\">\n\t\t\t\t\t\t\t<div>6:00 PM - <a href=\"https:\/\/kulturwerkstatt-lapalma.com\/es\/events\/giulia-kalish-konzert-la-palma\/\">\ud83c\udfb6 Kalish Swing \u2013 Musik f\u00fcr die Herzen<\/a><\/div>\n\t\t\t\t\t\t<\/div>\n\t\t\t\t\t\t\t\t\t\t\t<span class=\"date-day-colors\" data-colors=\"[&quot;#80b538&quot;]\"><\/span>\n\t\t\t\t\t\t\t\t\t\t\t\t\n\t\t\t\t\t<\/div>\n\t\t\t\t<div class=\"eventless em-cal-day em-cal-col-7\">\n\t\t\t\t\t\t\t<div class=\"em-cal-day-date\">\n\t\t\t\t\t<span>10<\/span>\n\t\t\t\t<\/div>\n\t\t\t\t\t<\/div>\n\t\t\t\t<div class=\"eventful eventful em-cal-day em-cal-col-1\">\n\t\t\t\t\t\t\t<div class=\"em-cal-day-date colored\" data-date=\"2026-05-11\" data-timestamp=\"1778457600\" >\n\t\t\t\t\t<a href=\"https:\/\/kulturwerkstatt-lapalma.com\/es\/events\/beratungen-massagen-behandlungen-von-iris\/\" title=\"\">11<\/a>\n\t\t\t\t\t\t\t\t\t<\/div>\n\t\t\t\t\t\t\t\t\t\t<div class=\"em-cal-event\" style=\"--event-background-color:#f74cc4;;--event-border-color:#f74cc4;;--event-color:#fff;\" data-event-url=\"https:\/\/kulturwerkstatt-lapalma.com\/es\/events\/beratungen-massagen-behandlungen-von-iris\/\" data-event-id=\"134\">\n\t\t\t\t\t\t\t<div>10:00 AM - <a href=\"https:\/\/kulturwerkstatt-lapalma.com\/es\/events\/beratungen-massagen-behandlungen-von-iris\/\">Beratungen, Massagen, Behandlungen von Iris<\/a><\/div>\n\t\t\t\t\t\t<\/div>\n\t\t\t\t\t\t\t\t\t\t\t<span class=\"date-day-colors\" data-colors=\"[&quot;#f74cc4&quot;]\"><\/span>\n\t\t\t\t\t\t\t\t\t\t\t\t\n\t\t\t\t\t<\/div>\n\t\t\t\t<div class=\"eventful eventful em-cal-day em-cal-col-2\">\n\t\t\t\t\t\t\t<div class=\"em-cal-day-date colored\" data-date=\"2026-05-12\" data-timestamp=\"1778544000\" >\n\t\t\t\t\t<a href=\"https:\/\/kulturwerkstatt-lapalma.com\/es\/events\/2026-05-12\/\" title=\"\">12<\/a>\n\t\t\t\t\t\t\t\t\t<\/div>\n\t\t\t\t\t\t\t\t\t\t<div class=\"em-cal-event\" style=\"--event-background-color:#260e09;;--event-border-color:#260e09;;--event-color:#fff;\" data-event-url=\"https:\/\/kulturwerkstatt-lapalma.com\/es\/events\/computersprechstunde-mit-hermes\/\" data-event-id=\"84\">\n\t\t\t\t\t\t\t<div>10:00 AM - <a href=\"https:\/\/kulturwerkstatt-lapalma.com\/es\/events\/computersprechstunde-mit-hermes\/\">\ud83d\udcbb Die Computersprechstunde mit Hermes<\/a><\/div>\n\t\t\t\t\t\t<\/div>\n\t\t\t\t\t\t\t\t\t\t\t\t<div class=\"em-cal-event\" style=\"--event-background-color:#a1db43;;--event-border-color:#a1db43;;--event-color:#fff;\" data-event-url=\"https:\/\/kulturwerkstatt-lapalma.com\/es\/events\/salsa-tanzen-3\/\" data-event-id=\"288\">\n\t\t\t\t\t\t\t<div>7:30 PM - <a href=\"https:\/\/kulturwerkstatt-lapalma.com\/es\/events\/salsa-tanzen-3\/\">Salsa tanzen<\/a><\/div>\n\t\t\t\t\t\t<\/div>\n\t\t\t\t\t\t\t\t\t\t\t<span class=\"date-day-colors\" data-colors=\"[&quot;#260e09&quot;,&quot;#a1db43&quot;]\"><\/span>\n\t\t\t\t\t\t\t\t\t\t\t\t\n\t\t\t\t\t<\/div>\n\t\t\t\t<div class=\"eventful eventful em-cal-day em-cal-col-3\">\n\t\t\t\t\t\t\t<div class=\"em-cal-day-date colored\" data-date=\"2026-05-13\" data-timestamp=\"1778630400\" >\n\t\t\t\t\t<a href=\"https:\/\/kulturwerkstatt-lapalma.com\/es\/events\/memorias-de-gaia-ausstellung-la-palma\/\" title=\"\">13<\/a>\n\t\t\t\t\t\t\t\t\t<\/div>\n\t\t\t\t\t\t\t\t\t\t<div class=\"em-cal-event\" style=\"--event-background-color:#80b538;;--event-border-color:#80b538;;--event-color:#fff;\" data-event-url=\"https:\/\/kulturwerkstatt-lapalma.com\/es\/events\/memorias-de-gaia-ausstellung-la-palma\/\" data-event-id=\"328\">\n\t\t\t\t\t\t\t<div>10:00 AM - <a href=\"https:\/\/kulturwerkstatt-lapalma.com\/es\/events\/memorias-de-gaia-ausstellung-la-palma\/\">\ud83c\udfa8 Ausstellung \u201eMemorias de Gaia\u201c \u2013 Acr\u00edlico fluido \/ Pouring Art<\/a><\/div>\n\t\t\t\t\t\t<\/div>\n\t\t\t\t\t\t\t\t\t\t\t<span class=\"date-day-colors\" data-colors=\"[&quot;#80b538&quot;]\"><\/span>\n\t\t\t\t\t\t\t\t\t\t\t\t\n\t\t\t\t\t<\/div>\n\t\t\t\t<div class=\"eventless em-cal-day em-cal-col-4\">\n\t\t\t\t\t\t\t<div class=\"em-cal-day-date\">\n\t\t\t\t\t<span>14<\/span>\n\t\t\t\t<\/div>\n\t\t\t\t\t<\/div>\n\t\t\t\t<div class=\"eventful eventful em-cal-day em-cal-col-5\">\n\t\t\t\t\t\t\t<div class=\"em-cal-day-date colored\" data-date=\"2026-05-15\" data-timestamp=\"1778803200\" >\n\t\t\t\t\t<a href=\"https:\/\/kulturwerkstatt-lapalma.com\/es\/events\/memorias-de-gaia-ausstellung-la-palma\/\" title=\"\">15<\/a>\n\t\t\t\t\t\t\t\t\t<\/div>\n\t\t\t\t\t\t\t\t\t\t<div class=\"em-cal-event\" style=\"--event-background-color:#80b538;;--event-border-color:#80b538;;--event-color:#fff;\" data-event-url=\"https:\/\/kulturwerkstatt-lapalma.com\/es\/events\/memorias-de-gaia-ausstellung-la-palma\/\" data-event-id=\"329\">\n\t\t\t\t\t\t\t<div>10:00 AM - <a href=\"https:\/\/kulturwerkstatt-lapalma.com\/es\/events\/memorias-de-gaia-ausstellung-la-palma\/\">\ud83c\udfa8 Ausstellung \u201eMemorias de Gaia\u201c \u2013 Acr\u00edlico fluido \/ Pouring Art<\/a><\/div>\n\t\t\t\t\t\t<\/div>\n\t\t\t\t\t\t\t\t\t\t\t<span class=\"date-day-colors\" data-colors=\"[&quot;#80b538&quot;]\"><\/span>\n\t\t\t\t\t\t\t\t\t\t\t\t\n\t\t\t\t\t<\/div>\n\t\t\t\t<div class=\"eventful eventful em-cal-day em-cal-col-6\">\n\t\t\t\t\t\t\t<div class=\"em-cal-day-date colored\" data-date=\"2026-05-16\" data-timestamp=\"1778889600\" >\n\t\t\t\t\t<a href=\"https:\/\/kulturwerkstatt-lapalma.com\/es\/events\/victor-carillo-cary-varona-konzert-la-palma\/\" title=\"\">16<\/a>\n\t\t\t\t\t\t\t\t\t<\/div>\n\t\t\t\t\t\t\t\t\t\t<div class=\"em-cal-event\" style=\"--event-background-color:#80b538;;--event-border-color:#80b538;;--event-color:#fff;\" data-event-url=\"https:\/\/kulturwerkstatt-lapalma.com\/es\/events\/victor-carillo-cary-varona-konzert-la-palma\/\" data-event-id=\"372\">\n\t\t\t\t\t\t\t<div>6:00 PM - <a href=\"https:\/\/kulturwerkstatt-lapalma.com\/es\/events\/victor-carillo-cary-varona-konzert-la-palma\/\">\ud83c\udfb6 Victor Carillo &amp; Cary Varona &amp; Special Guest Ananda<\/a><\/div>\n\t\t\t\t\t\t<\/div>\n\t\t\t\t\t\t\t\t\t\t\t<span class=\"date-day-colors\" data-colors=\"[&quot;#80b538&quot;]\"><\/span>\n\t\t\t\t\t\t\t\t\t\t\t\t\n\t\t\t\t\t<\/div>\n\t\t\t\t<div class=\"eventless em-cal-day em-cal-col-7\">\n\t\t\t\t\t\t\t<div class=\"em-cal-day-date\">\n\t\t\t\t\t<span>17<\/span>\n\t\t\t\t<\/div>\n\t\t\t\t\t<\/div>\n\t\t\t\t<div class=\"eventful eventful em-cal-day em-cal-col-1\">\n\t\t\t\t\t\t\t<div class=\"em-cal-day-date colored\" data-date=\"2026-05-18\" data-timestamp=\"1779062400\" >\n\t\t\t\t\t<a href=\"https:\/\/kulturwerkstatt-lapalma.com\/es\/events\/beratungen-massagen-behandlungen-von-iris\/\" title=\"\">18<\/a>\n\t\t\t\t\t\t\t\t\t<\/div>\n\t\t\t\t\t\t\t\t\t\t<div class=\"em-cal-event\" style=\"--event-background-color:#f74cc4;;--event-border-color:#f74cc4;;--event-color:#fff;\" data-event-url=\"https:\/\/kulturwerkstatt-lapalma.com\/es\/events\/beratungen-massagen-behandlungen-von-iris\/\" data-event-id=\"135\">\n\t\t\t\t\t\t\t<div>10:00 AM - <a href=\"https:\/\/kulturwerkstatt-lapalma.com\/es\/events\/beratungen-massagen-behandlungen-von-iris\/\">Beratungen, Massagen, Behandlungen von Iris<\/a><\/div>\n\t\t\t\t\t\t<\/div>\n\t\t\t\t\t\t\t\t\t\t\t<span class=\"date-day-colors\" data-colors=\"[&quot;#f74cc4&quot;]\"><\/span>\n\t\t\t\t\t\t\t\t\t\t\t\t\n\t\t\t\t\t<\/div>\n\t\t\t\t<div class=\"eventful eventful em-cal-day em-cal-col-2\">\n\t\t\t\t\t\t\t<div class=\"em-cal-day-date colored\" data-date=\"2026-05-19\" data-timestamp=\"1779148800\" >\n\t\t\t\t\t<a href=\"https:\/\/kulturwerkstatt-lapalma.com\/es\/events\/2026-05-19\/\" title=\"\">19<\/a>\n\t\t\t\t\t\t\t\t\t<\/div>\n\t\t\t\t\t\t\t\t\t\t<div class=\"em-cal-event\" style=\"--event-background-color:#260e09;;--event-border-color:#260e09;;--event-color:#fff;\" data-event-url=\"https:\/\/kulturwerkstatt-lapalma.com\/es\/events\/computersprechstunde-mit-hermes\/\" data-event-id=\"85\">\n\t\t\t\t\t\t\t<div>10:00 AM - <a href=\"https:\/\/kulturwerkstatt-lapalma.com\/es\/events\/computersprechstunde-mit-hermes\/\">\ud83d\udcbb Die Computersprechstunde mit Hermes<\/a><\/div>\n\t\t\t\t\t\t<\/div>\n\t\t\t\t\t\t\t\t\t\t\t\t<div class=\"em-cal-event\" style=\"--event-background-color:#a1db43;;--event-border-color:#a1db43;;--event-color:#fff;\" data-event-url=\"https:\/\/kulturwerkstatt-lapalma.com\/es\/events\/salsa-tanzen-3\/\" data-event-id=\"289\">\n\t\t\t\t\t\t\t<div>7:30 PM - <a href=\"https:\/\/kulturwerkstatt-lapalma.com\/es\/events\/salsa-tanzen-3\/\">Salsa tanzen<\/a><\/div>\n\t\t\t\t\t\t<\/div>\n\t\t\t\t\t\t\t\t\t\t\t<span class=\"date-day-colors\" data-colors=\"[&quot;#260e09&quot;,&quot;#a1db43&quot;]\"><\/span>\n\t\t\t\t\t\t\t\t\t\t\t\t\n\t\t\t\t\t<\/div>\n\t\t\t\t<div class=\"eventful eventful em-cal-day em-cal-col-3\">\n\t\t\t\t\t\t\t<div class=\"em-cal-day-date colored\" data-date=\"2026-05-20\" data-timestamp=\"1779235200\" >\n\t\t\t\t\t<a href=\"https:\/\/kulturwerkstatt-lapalma.com\/es\/events\/memorias-de-gaia-ausstellung-la-palma\/\" title=\"\">20<\/a>\n\t\t\t\t\t\t\t\t\t<\/div>\n\t\t\t\t\t\t\t\t\t\t<div class=\"em-cal-event\" style=\"--event-background-color:#80b538;;--event-border-color:#80b538;;--event-color:#fff;\" data-event-url=\"https:\/\/kulturwerkstatt-lapalma.com\/es\/events\/memorias-de-gaia-ausstellung-la-palma\/\" data-event-id=\"330\">\n\t\t\t\t\t\t\t<div>10:00 AM - <a href=\"https:\/\/kulturwerkstatt-lapalma.com\/es\/events\/memorias-de-gaia-ausstellung-la-palma\/\">\ud83c\udfa8 Ausstellung \u201eMemorias de Gaia\u201c \u2013 Acr\u00edlico fluido \/ Pouring Art<\/a><\/div>\n\t\t\t\t\t\t<\/div>\n\t\t\t\t\t\t\t\t\t\t\t<span class=\"date-day-colors\" data-colors=\"[&quot;#80b538&quot;]\"><\/span>\n\t\t\t\t\t\t\t\t\t\t\t\t\n\t\t\t\t\t<\/div>\n\t\t\t\t<div class=\"eventful eventful em-cal-day em-cal-col-4\">\n\t\t\t\t\t\t\t<div class=\"em-cal-day-date colored\" data-date=\"2026-05-21\" data-timestamp=\"1779321600\" >\n\t\t\t\t\t<a href=\"https:\/\/kulturwerkstatt-lapalma.com\/es\/events\/2026-05-21\/\" title=\"\">21<\/a>\n\t\t\t\t\t\t\t\t\t<\/div>\n\t\t\t\t\t\t\t\t\t\t<div class=\"em-cal-event\" style=\"--event-background-color:#d84375;;--event-border-color:#d84375;;--event-color:#fff;\" data-event-url=\"https:\/\/kulturwerkstatt-lapalma.com\/es\/events\/experimentelles-malen-arunya-mal-treff\/\" data-event-id=\"319\">\n\t\t\t\t\t\t\t<div>10:00 AM - <a href=\"https:\/\/kulturwerkstatt-lapalma.com\/es\/events\/experimentelles-malen-arunya-mal-treff\/\">\ud83c\udfa8&quot;Mal-Treff&quot;  im Viento del Norte \/ Malen nach Lust und Laune! \ud83c\udfa8<\/a><\/div>\n\t\t\t\t\t\t<\/div>\n\t\t\t\t\t\t\t\t\t\t\t\t<div class=\"em-cal-event\" style=\"--event-background-color:#ea6bea;;--event-border-color:#ea6bea;;--event-color:#fff;\" data-event-url=\"https:\/\/kulturwerkstatt-lapalma.com\/es\/events\/%f0%9f%92%83-biodanza-mit-bettina-rebecca\/\" data-event-id=\"364\">\n\t\t\t\t\t\t\t<div>6:00 PM - <a href=\"https:\/\/kulturwerkstatt-lapalma.com\/es\/events\/%f0%9f%92%83-biodanza-mit-bettina-rebecca\/\">\ud83d\udc83 Biodanza mit Bettina-Rebecca<\/a><\/div>\n\t\t\t\t\t\t<\/div>\n\t\t\t\t\t\t\t\t\t\t\t<span class=\"date-day-colors\" data-colors=\"[&quot;#d84375&quot;,&quot;#ea6bea&quot;]\"><\/span>\n\t\t\t\t\t\t\t\t\t\t\t\t\n\t\t\t\t\t<\/div>\n\t\t\t\t<div class=\"eventful eventful em-cal-day em-cal-col-5\">\n\t\t\t\t\t\t\t<div class=\"em-cal-day-date colored\" data-date=\"2026-05-22\" data-timestamp=\"1779408000\" >\n\t\t\t\t\t<a href=\"https:\/\/kulturwerkstatt-lapalma.com\/es\/events\/memorias-de-gaia-ausstellung-la-palma\/\" title=\"\">22<\/a>\n\t\t\t\t\t\t\t\t\t<\/div>\n\t\t\t\t\t\t\t\t\t\t<div class=\"em-cal-event\" style=\"--event-background-color:#80b538;;--event-border-color:#80b538;;--event-color:#fff;\" data-event-url=\"https:\/\/kulturwerkstatt-lapalma.com\/es\/events\/memorias-de-gaia-ausstellung-la-palma\/\" data-event-id=\"331\">\n\t\t\t\t\t\t\t<div>10:00 AM - <a href=\"https:\/\/kulturwerkstatt-lapalma.com\/es\/events\/memorias-de-gaia-ausstellung-la-palma\/\">\ud83c\udfa8 Ausstellung \u201eMemorias de Gaia\u201c \u2013 Acr\u00edlico fluido \/ Pouring Art<\/a><\/div>\n\t\t\t\t\t\t<\/div>\n\t\t\t\t\t\t\t\t\t\t\t<span class=\"date-day-colors\" data-colors=\"[&quot;#80b538&quot;]\"><\/span>\n\t\t\t\t\t\t\t\t\t\t\t\t\n\t\t\t\t\t<\/div>\n\t\t\t\t<div class=\"eventless em-cal-day em-cal-col-6\">\n\t\t\t\t\t\t\t<div class=\"em-cal-day-date\">\n\t\t\t\t\t<span>23<\/span>\n\t\t\t\t<\/div>\n\t\t\t\t\t<\/div>\n\t\t\t\t<div class=\"eventless em-cal-day em-cal-col-7\">\n\t\t\t\t\t\t\t<div class=\"em-cal-day-date\">\n\t\t\t\t\t<span>24<\/span>\n\t\t\t\t<\/div>\n\t\t\t\t\t<\/div>\n\t\t\t\t<div class=\"eventful eventful em-cal-day em-cal-col-1\">\n\t\t\t\t\t\t\t<div class=\"em-cal-day-date colored\" data-date=\"2026-05-25\" data-timestamp=\"1779667200\" >\n\t\t\t\t\t<a href=\"https:\/\/kulturwerkstatt-lapalma.com\/es\/events\/beratungen-massagen-behandlungen-von-iris\/\" title=\"\">25<\/a>\n\t\t\t\t\t\t\t\t\t<\/div>\n\t\t\t\t\t\t\t\t\t\t<div class=\"em-cal-event\" style=\"--event-background-color:#f74cc4;;--event-border-color:#f74cc4;;--event-color:#fff;\" data-event-url=\"https:\/\/kulturwerkstatt-lapalma.com\/es\/events\/beratungen-massagen-behandlungen-von-iris\/\" data-event-id=\"136\">\n\t\t\t\t\t\t\t<div>10:00 AM - <a href=\"https:\/\/kulturwerkstatt-lapalma.com\/es\/events\/beratungen-massagen-behandlungen-von-iris\/\">Beratungen, Massagen, Behandlungen von Iris<\/a><\/div>\n\t\t\t\t\t\t<\/div>\n\t\t\t\t\t\t\t\t\t\t\t<span class=\"date-day-colors\" data-colors=\"[&quot;#f74cc4&quot;]\"><\/span>\n\t\t\t\t\t\t\t\t\t\t\t\t\n\t\t\t\t\t<\/div>\n\t\t\t\t<div class=\"eventful eventful em-cal-day em-cal-col-2\">\n\t\t\t\t\t\t\t<div class=\"em-cal-day-date colored\" data-date=\"2026-05-26\" data-timestamp=\"1779753600\" >\n\t\t\t\t\t<a href=\"https:\/\/kulturwerkstatt-lapalma.com\/es\/events\/2026-05-26\/\" title=\"\">26<\/a>\n\t\t\t\t\t\t\t\t\t<\/div>\n\t\t\t\t\t\t\t\t\t\t<div class=\"em-cal-event\" style=\"--event-background-color:#260e09;;--event-border-color:#260e09;;--event-color:#fff;\" data-event-url=\"https:\/\/kulturwerkstatt-lapalma.com\/es\/events\/computersprechstunde-mit-hermes\/\" data-event-id=\"86\">\n\t\t\t\t\t\t\t<div>10:00 AM - <a href=\"https:\/\/kulturwerkstatt-lapalma.com\/es\/events\/computersprechstunde-mit-hermes\/\">\ud83d\udcbb Die Computersprechstunde mit Hermes<\/a><\/div>\n\t\t\t\t\t\t<\/div>\n\t\t\t\t\t\t\t\t\t\t\t\t<div class=\"em-cal-event\" style=\"--event-background-color:#a1db43;;--event-border-color:#a1db43;;--event-color:#fff;\" data-event-url=\"https:\/\/kulturwerkstatt-lapalma.com\/es\/events\/salsa-tanzen-3\/\" data-event-id=\"290\">\n\t\t\t\t\t\t\t<div>7:30 PM - <a href=\"https:\/\/kulturwerkstatt-lapalma.com\/es\/events\/salsa-tanzen-3\/\">Salsa tanzen<\/a><\/div>\n\t\t\t\t\t\t<\/div>\n\t\t\t\t\t\t\t\t\t\t\t<span class=\"date-day-colors\" data-colors=\"[&quot;#260e09&quot;,&quot;#a1db43&quot;]\"><\/span>\n\t\t\t\t\t\t\t\t\t\t\t\t\n\t\t\t\t\t<\/div>\n\t\t\t\t<div class=\"eventful eventful em-cal-day em-cal-col-3\">\n\t\t\t\t\t\t\t<div class=\"em-cal-day-date colored\" data-date=\"2026-05-27\" data-timestamp=\"1779840000\" >\n\t\t\t\t\t<a href=\"https:\/\/kulturwerkstatt-lapalma.com\/es\/events\/memorias-de-gaia-ausstellung-la-palma\/\" title=\"\">27<\/a>\n\t\t\t\t\t\t\t\t\t<\/div>\n\t\t\t\t\t\t\t\t\t\t<div class=\"em-cal-event\" style=\"--event-background-color:#80b538;;--event-border-color:#80b538;;--event-color:#fff;\" data-event-url=\"https:\/\/kulturwerkstatt-lapalma.com\/es\/events\/memorias-de-gaia-ausstellung-la-palma\/\" data-event-id=\"332\">\n\t\t\t\t\t\t\t<div>10:00 AM - <a href=\"https:\/\/kulturwerkstatt-lapalma.com\/es\/events\/memorias-de-gaia-ausstellung-la-palma\/\">\ud83c\udfa8 Ausstellung \u201eMemorias de Gaia\u201c \u2013 Acr\u00edlico fluido \/ Pouring Art<\/a><\/div>\n\t\t\t\t\t\t<\/div>\n\t\t\t\t\t\t\t\t\t\t\t<span class=\"date-day-colors\" data-colors=\"[&quot;#80b538&quot;]\"><\/span>\n\t\t\t\t\t\t\t\t\t\t\t\t\n\t\t\t\t\t<\/div>\n\t\t\t\t<div class=\"eventless em-cal-day em-cal-col-4\">\n\t\t\t\t\t\t\t<div class=\"em-cal-day-date\">\n\t\t\t\t\t<span>28<\/span>\n\t\t\t\t<\/div>\n\t\t\t\t\t<\/div>\n\t\t\t\t<div class=\"eventful eventful em-cal-day em-cal-col-5\">\n\t\t\t\t\t\t\t<div class=\"em-cal-day-date colored\" data-date=\"2026-05-29\" data-timestamp=\"1780012800\" >\n\t\t\t\t\t<a href=\"https:\/\/kulturwerkstatt-lapalma.com\/es\/events\/memorias-de-gaia-ausstellung-la-palma\/\" title=\"\">29<\/a>\n\t\t\t\t\t\t\t\t\t<\/div>\n\t\t\t\t\t\t\t\t\t\t<div class=\"em-cal-event\" style=\"--event-background-color:#80b538;;--event-border-color:#80b538;;--event-color:#fff;\" data-event-url=\"https:\/\/kulturwerkstatt-lapalma.com\/es\/events\/memorias-de-gaia-ausstellung-la-palma\/\" data-event-id=\"333\">\n\t\t\t\t\t\t\t<div>10:00 AM - <a href=\"https:\/\/kulturwerkstatt-lapalma.com\/es\/events\/memorias-de-gaia-ausstellung-la-palma\/\">\ud83c\udfa8 Ausstellung \u201eMemorias de Gaia\u201c \u2013 Acr\u00edlico fluido \/ Pouring Art<\/a><\/div>\n\t\t\t\t\t\t<\/div>\n\t\t\t\t\t\t\t\t\t\t\t<span class=\"date-day-colors\" data-colors=\"[&quot;#80b538&quot;]\"><\/span>\n\t\t\t\t\t\t\t\t\t\t\t\t\n\t\t\t\t\t<\/div>\n\t\t\t\t<div class=\"eventful eventful em-cal-day em-cal-col-6\">\n\t\t\t\t\t\t\t<div class=\"em-cal-day-date colored\" data-date=\"2026-05-30\" data-timestamp=\"1780099200\" >\n\t\t\t\t\t<a href=\"https:\/\/kulturwerkstatt-lapalma.com\/es\/events\/marcos-mantrasingen-2\/\" title=\"\">30<\/a>\n\t\t\t\t\t\t\t\t\t<\/div>\n\t\t\t\t\t\t\t\t\t\t<div class=\"em-cal-event\" style=\"--event-background-color:#a1db43;;--event-border-color:#a1db43;;--event-color:#fff;\" data-event-url=\"https:\/\/kulturwerkstatt-lapalma.com\/es\/events\/marcos-mantrasingen-2\/\" data-event-id=\"231\">\n\t\t\t\t\t\t\t<div>11:00 AM - <a href=\"https:\/\/kulturwerkstatt-lapalma.com\/es\/events\/marcos-mantrasingen-2\/\">Marco's Mantrasingen<\/a><\/div>\n\t\t\t\t\t\t<\/div>\n\t\t\t\t\t\t\t\t\t\t\t<span class=\"date-day-colors\" data-colors=\"[&quot;#a1db43&quot;]\"><\/span>\n\t\t\t\t\t\t\t\t\t\t\t\t\n\t\t\t\t\t<\/div>\n\t\t\t\t<div class=\"eventless em-cal-day em-cal-col-7\">\n\t\t\t\t\t\t\t<div class=\"em-cal-day-date\">\n\t\t\t\t\t<span>31<\/span>\n\t\t\t\t<\/div>\n\t\t\t\t\t<\/div>\n\t\t<\/section><section class=\"em-cal-events-content\" id=\"em-cal-events-content-1031126676\">\n\t\t\t\t\t\t\t\t<div class=\"em pixelbones em-calendar-preview em-modal em-cal-event-content\" data-event-id=\"132\" data-parent=\"em-cal-events-content-1031126676\">\n\t<div class=\"em-modal-popup\">\n\t\t<header>\n\t\t\t<a class=\"em-close-modal\"><\/a><!-- close modal -->\n\t\t\t<div class=\"em-modal-title\">\n\t\t\t\t<a href=\"https:\/\/kulturwerkstatt-lapalma.com\/es\/events\/beratungen-massagen-behandlungen-von-iris\/\">Beratungen, Massagen, Behandlungen von Iris<\/a>\t\t\t<\/div>\n\t\t<\/header>\n\t\t<div class=\"em-modal-content\">\n\t\t\t<div class=\"em pixelbones em-calendar-preview em-list em-events-list\">\n\t<div class=\"em-event em-item\" style=\"--default-border:#f74cc4;\">\n\t\t<div class=\"em-item-image \">\n\t\t\t\n\t\t\t<img src='https:\/\/kulturwerkstatt-lapalma.com\/wp-content\/uploads\/2025\/12\/blossom-5356482_640.jpg' alt='Beratungen, Massagen, Behandlungen von Iris'\/>\n\t\t\t\n\t\t\t\n\t\t<\/div>\n\t\t<div class=\"em-item-info\">\n\t\t\t<div class=\"em-event-meta em-item-meta\">\n\t\t\t\t<div class=\"em-item-meta-line em-event-date em-event-meta-datetime\">\n\t\t\t\t\t<span class=\"em-icon-calendar em-icon\"><\/span>\n\t\t\t\t\t27. abril 2026&nbsp;&nbsp;&nbsp;&nbsp;\n\t\t\t\t<\/div>\n\t\t\t\t<div class=\"em-item-meta-line em-event-time em-event-meta-datetime\">\n\t\t\t\t\t<span class=\"em-icon-clock em-icon\"><\/span>\n\t\t\t\t\t10:00 - 15:00\n\t\t\t\t<\/div>\n\t\t\t\t\n\t\t\t\t\n\t\t\t\t<div class=\"em-item-meta-line em-event-location\">\n\t\t\t\t\t<span class=\"em-icon-location em-icon\"><\/span>\n\t\t\t\t\t<a href=\"https:\/\/kulturwerkstatt-lapalma.com\/es\/locations\/kulturwerkstatt-viento-del-norte-puntagorda\/\">Kulturwerkstatt \u201eViento del Norte&quot; Puntagorda<\/a>\n\t\t\t\t<\/div>\n\t\t\t\t\n\t\t\t\t\n\t\t\t\t\n\t\t\t\t\n\t\t\t<\/div>\n\t\t\t<div class=\"em-item-desc\">\n\t\t\t\tBeratungen, Massagen, Behandlungen von Iris, Heilpraktikerin, jeweils Montag, 10-15 Uhr Kontakt: +34643635653 irisemma09@gmx.de\n\t\t\t<\/div>\n\t\t\t<div class=\"em-item-actions input\">\n\t\t\t\t<a class=\"em-item-read-more button\" href=\"https:\/\/kulturwerkstatt-lapalma.com\/es\/events\/beratungen-massagen-behandlungen-von-iris\/\">M\u00e1s informaci\u00f3n<\/a>\n\t\t\t\t\n\t\t\t<\/div>\n\t\t<\/div>\n\t<\/div>\n<\/div>\t\t<\/div><!-- content -->\n\t\n\t<\/div><!-- modal -->\n<\/div>\t\t\t\t\t<div class=\"em pixelbones em-calendar-preview em-modal em-cal-event-content\" data-event-id=\"274\" data-parent=\"em-cal-events-content-1031126676\">\n\t<div class=\"em-modal-popup\">\n\t\t<header>\n\t\t\t<a class=\"em-close-modal\"><\/a><!-- close modal -->\n\t\t\t<div class=\"em-modal-title\">\n\t\t\t\t<a href=\"https:\/\/kulturwerkstatt-lapalma.com\/es\/events\/kreistanzen-auf-la-palma-montags-1930-uhr-viento-del-norte\/\">Kreistanz mit Friedrich<\/a>\t\t\t<\/div>\n\t\t<\/header>\n\t\t<div class=\"em-modal-content\">\n\t\t\t<div class=\"em pixelbones em-calendar-preview em-list em-events-list\">\n\t<div class=\"em-event em-item\" style=\"--default-border:#a1db43;\">\n\t\t<div class=\"em-item-image \">\n\t\t\t\n\t\t\t<img src='https:\/\/kulturwerkstatt-lapalma.com\/wp-content\/uploads\/2026\/02\/dutch-615650_1280.jpg' alt='Kreistanz mit Friedrich'\/>\n\t\t\t\n\t\t\t\n\t\t<\/div>\n\t\t<div class=\"em-item-info\">\n\t\t\t<div class=\"em-event-meta em-item-meta\">\n\t\t\t\t<div class=\"em-item-meta-line em-event-date em-event-meta-datetime\">\n\t\t\t\t\t<span class=\"em-icon-calendar em-icon\"><\/span>\n\t\t\t\t\t27. abril 2026&nbsp;&nbsp;&nbsp;&nbsp;\n\t\t\t\t<\/div>\n\t\t\t\t<div class=\"em-item-meta-line em-event-time em-event-meta-datetime\">\n\t\t\t\t\t<span class=\"em-icon-clock em-icon\"><\/span>\n\t\t\t\t\t19:30 - 21:00\n\t\t\t\t<\/div>\n\t\t\t\t\n\t\t\t\t\n\t\t\t\t<div class=\"em-item-meta-line em-event-location\">\n\t\t\t\t\t<span class=\"em-icon-location em-icon\"><\/span>\n\t\t\t\t\t<a href=\"https:\/\/kulturwerkstatt-lapalma.com\/es\/locations\/kulturwerkstatt-viento-del-norte-puntagorda\/\">Kulturwerkstatt \u201eViento del Norte&quot; Puntagorda<\/a>\n\t\t\t\t<\/div>\n\t\t\t\t\n\t\t\t\t\n\t\t\t\t\n\t\t\t\t\n\t\t\t<\/div>\n\t\t\t<div class=\"em-item-desc\">\n\t\t\t\t\ud83c\udf00 Kreistanzen Lust auf gemeinsames Tanzen in der Gruppe \u2013 ruhig, verbindend und ohne Leistungsdruck? \u2728 Beim Kreistanzen z\u00e4hlt das Miteinander: einfache Schritte, gute Musik [...]\n\t\t\t<\/div>\n\t\t\t<div class=\"em-item-actions input\">\n\t\t\t\t<a class=\"em-item-read-more button\" href=\"https:\/\/kulturwerkstatt-lapalma.com\/es\/events\/kreistanzen-auf-la-palma-montags-1930-uhr-viento-del-norte\/\">M\u00e1s informaci\u00f3n<\/a>\n\t\t\t\t\n\t\t\t<\/div>\n\t\t<\/div>\n\t<\/div>\n<\/div>\t\t<\/div><!-- content -->\n\t\n\t<\/div><!-- modal -->\n<\/div>\t\t\t\t\t<div class=\"em pixelbones em-calendar-preview em-modal em-cal-event-content\" data-event-id=\"82\" data-parent=\"em-cal-events-content-1031126676\">\n\t<div class=\"em-modal-popup\">\n\t\t<header>\n\t\t\t<a class=\"em-close-modal\"><\/a><!-- close modal -->\n\t\t\t<div class=\"em-modal-title\">\n\t\t\t\t<a href=\"https:\/\/kulturwerkstatt-lapalma.com\/es\/events\/computersprechstunde-mit-hermes\/\">\ud83d\udcbb Die Computersprechstunde mit Hermes<\/a>\t\t\t<\/div>\n\t\t<\/header>\n\t\t<div class=\"em-modal-content\">\n\t\t\t<div class=\"em pixelbones em-calendar-preview em-list em-events-list\">\n\t<div class=\"em-event em-item\" style=\"--default-border:#260e09;\">\n\t\t<div class=\"em-item-image \">\n\t\t\t\n\t\t\t<img src='https:\/\/kulturwerkstatt-lapalma.com\/wp-content\/uploads\/2025\/12\/kid-1520705_1280-1.jpg' alt='\ud83d\udcbb Die Computersprechstunde mit Hermes'\/>\n\t\t\t\n\t\t\t\n\t\t<\/div>\n\t\t<div class=\"em-item-info\">\n\t\t\t<div class=\"em-event-meta em-item-meta\">\n\t\t\t\t<div class=\"em-item-meta-line em-event-date em-event-meta-datetime\">\n\t\t\t\t\t<span class=\"em-icon-calendar em-icon\"><\/span>\n\t\t\t\t\t28. abril 2026&nbsp;&nbsp;&nbsp;&nbsp;\n\t\t\t\t<\/div>\n\t\t\t\t<div class=\"em-item-meta-line em-event-time em-event-meta-datetime\">\n\t\t\t\t\t<span class=\"em-icon-clock em-icon\"><\/span>\n\t\t\t\t\t10:00 - 15:00\n\t\t\t\t<\/div>\n\t\t\t\t\n\t\t\t\t\n\t\t\t\t<div class=\"em-item-meta-line em-event-location\">\n\t\t\t\t\t<span class=\"em-icon-location em-icon\"><\/span>\n\t\t\t\t\t<a href=\"https:\/\/kulturwerkstatt-lapalma.com\/es\/locations\/kulturwerkstatt-viento-del-norte-puntagorda\/\">Kulturwerkstatt \u201eViento del Norte&quot; Puntagorda<\/a>\n\t\t\t\t<\/div>\n\t\t\t\t\n\t\t\t\t\n\t\t\t\t\n\t\t\t\t\n\t\t\t<\/div>\n\t\t\t<div class=\"em-item-desc\">\n\t\t\t\t\ud83d\udcbb Die Computersprechstunde Die Computersprechstunde, gegr\u00fcndet von Hermes, unterst\u00fctzt dich bei allen Fragen rund um die digitale Welt. Egal ob akutes Technikproblem oder \u201enur mal [...]\n\t\t\t<\/div>\n\t\t\t<div class=\"em-item-actions input\">\n\t\t\t\t<a class=\"em-item-read-more button\" href=\"https:\/\/kulturwerkstatt-lapalma.com\/es\/events\/computersprechstunde-mit-hermes\/\">M\u00e1s informaci\u00f3n<\/a>\n\t\t\t\t\n\t\t\t<\/div>\n\t\t<\/div>\n\t<\/div>\n<\/div>\t\t<\/div><!-- content -->\n\t\n\t<\/div><!-- modal -->\n<\/div>\t\t\t\t\t<div class=\"em pixelbones em-calendar-preview em-modal em-cal-event-content\" data-event-id=\"324\" data-parent=\"em-cal-events-content-1031126676\">\n\t<div class=\"em-modal-popup\">\n\t\t<header>\n\t\t\t<a class=\"em-close-modal\"><\/a><!-- close modal -->\n\t\t\t<div class=\"em-modal-title\">\n\t\t\t\t<a href=\"https:\/\/kulturwerkstatt-lapalma.com\/es\/events\/salsa-tanzen-2\/\">Salsa tanzen<\/a>\t\t\t<\/div>\n\t\t<\/header>\n\t\t<div class=\"em-modal-content\">\n\t\t\t<div class=\"em pixelbones em-calendar-preview em-list em-events-list\">\n\t<div class=\"em-event em-item\" style=\"--default-border:#ea6bea;\">\n\t\t<div class=\"em-item-image \">\n\t\t\t\n\t\t\t<img src='https:\/\/kulturwerkstatt-lapalma.com\/wp-content\/uploads\/2026\/02\/Salsa-Kulturwerkstatt-scaled.jpg' alt='Salsa tanzen'\/>\n\t\t\t\n\t\t\t\n\t\t<\/div>\n\t\t<div class=\"em-item-info\">\n\t\t\t<div class=\"em-event-meta em-item-meta\">\n\t\t\t\t<div class=\"em-item-meta-line em-event-date em-event-meta-datetime\">\n\t\t\t\t\t<span class=\"em-icon-calendar em-icon\"><\/span>\n\t\t\t\t\t28. abril 2026&nbsp;&nbsp;&nbsp;&nbsp;\n\t\t\t\t<\/div>\n\t\t\t\t<div class=\"em-item-meta-line em-event-time em-event-meta-datetime\">\n\t\t\t\t\t<span class=\"em-icon-clock em-icon\"><\/span>\n\t\t\t\t\t19:30 - 21:30\n\t\t\t\t<\/div>\n\t\t\t\t\n\t\t\t\t\n\t\t\t\t<div class=\"em-item-meta-line em-event-location\">\n\t\t\t\t\t<span class=\"em-icon-location em-icon\"><\/span>\n\t\t\t\t\t<a href=\"https:\/\/kulturwerkstatt-lapalma.com\/es\/locations\/kulturwerkstatt-viento-del-norte-puntagorda\/\">Kulturwerkstatt \u201eViento del Norte&quot; Puntagorda<\/a>\n\t\t\t\t<\/div>\n\t\t\t\t\n\t\t\t\t\n\t\t\t\t\n\t\t\t\t\n\t\t\t<\/div>\n\t\t\t<div class=\"em-item-desc\">\n\t\t\t\t\ud83d\udc83 Salsatanzen Lust auf Bewegung, Musik und gute Laune?\u00a0\ud83d\ude0a Komm gern vorbei \u2013 Vorkenntnisse erw\u00fcnscht. \ud83d\udcc5 April: dienstags, 19:30 Uhr \ud83d\udcc5\u00a0Mai:\u00a0dienstags, 19:30 Uhr \ud83d\udcde Info: [...]\n\t\t\t<\/div>\n\t\t\t<div class=\"em-item-actions input\">\n\t\t\t\t<a class=\"em-item-read-more button\" href=\"https:\/\/kulturwerkstatt-lapalma.com\/es\/events\/salsa-tanzen-2\/\">M\u00e1s informaci\u00f3n<\/a>\n\t\t\t\t\n\t\t\t<\/div>\n\t\t<\/div>\n\t<\/div>\n<\/div>\t\t<\/div><!-- content -->\n\t\n\t<\/div><!-- modal -->\n<\/div>\t\t\t\t\t<div class=\"em pixelbones em-calendar-preview em-modal em-cal-event-content\" data-event-id=\"133\" data-parent=\"em-cal-events-content-1031126676\">\n\t<div class=\"em-modal-popup\">\n\t\t<header>\n\t\t\t<a class=\"em-close-modal\"><\/a><!-- close modal -->\n\t\t\t<div class=\"em-modal-title\">\n\t\t\t\t<a href=\"https:\/\/kulturwerkstatt-lapalma.com\/es\/events\/beratungen-massagen-behandlungen-von-iris\/\">Beratungen, Massagen, Behandlungen von Iris<\/a>\t\t\t<\/div>\n\t\t<\/header>\n\t\t<div class=\"em-modal-content\">\n\t\t\t<div class=\"em pixelbones em-calendar-preview em-list em-events-list\">\n\t<div class=\"em-event em-item\" style=\"--default-border:#f74cc4;\">\n\t\t<div class=\"em-item-image \">\n\t\t\t\n\t\t\t<img src='https:\/\/kulturwerkstatt-lapalma.com\/wp-content\/uploads\/2025\/12\/blossom-5356482_640.jpg' alt='Beratungen, Massagen, Behandlungen von Iris'\/>\n\t\t\t\n\t\t\t\n\t\t<\/div>\n\t\t<div class=\"em-item-info\">\n\t\t\t<div class=\"em-event-meta em-item-meta\">\n\t\t\t\t<div class=\"em-item-meta-line em-event-date em-event-meta-datetime\">\n\t\t\t\t\t<span class=\"em-icon-calendar em-icon\"><\/span>\n\t\t\t\t\t4. mayo 2026&nbsp;&nbsp;&nbsp;&nbsp;\n\t\t\t\t<\/div>\n\t\t\t\t<div class=\"em-item-meta-line em-event-time em-event-meta-datetime\">\n\t\t\t\t\t<span class=\"em-icon-clock em-icon\"><\/span>\n\t\t\t\t\t10:00 - 15:00\n\t\t\t\t<\/div>\n\t\t\t\t\n\t\t\t\t\n\t\t\t\t<div class=\"em-item-meta-line em-event-location\">\n\t\t\t\t\t<span class=\"em-icon-location em-icon\"><\/span>\n\t\t\t\t\t<a href=\"https:\/\/kulturwerkstatt-lapalma.com\/es\/locations\/kulturwerkstatt-viento-del-norte-puntagorda\/\">Kulturwerkstatt \u201eViento del Norte&quot; Puntagorda<\/a>\n\t\t\t\t<\/div>\n\t\t\t\t\n\t\t\t\t\n\t\t\t\t\n\t\t\t\t\n\t\t\t<\/div>\n\t\t\t<div class=\"em-item-desc\">\n\t\t\t\tBeratungen, Massagen, Behandlungen von Iris, Heilpraktikerin, jeweils Montag, 10-15 Uhr Kontakt: +34643635653 irisemma09@gmx.de\n\t\t\t<\/div>\n\t\t\t<div class=\"em-item-actions input\">\n\t\t\t\t<a class=\"em-item-read-more button\" href=\"https:\/\/kulturwerkstatt-lapalma.com\/es\/events\/beratungen-massagen-behandlungen-von-iris\/\">M\u00e1s informaci\u00f3n<\/a>\n\t\t\t\t\n\t\t\t<\/div>\n\t\t<\/div>\n\t<\/div>\n<\/div>\t\t<\/div><!-- content -->\n\t\n\t<\/div><!-- modal -->\n<\/div>\t\t\t\t\t<div class=\"em pixelbones em-calendar-preview em-modal em-cal-event-content\" data-event-id=\"83\" data-parent=\"em-cal-events-content-1031126676\">\n\t<div class=\"em-modal-popup\">\n\t\t<header>\n\t\t\t<a class=\"em-close-modal\"><\/a><!-- close modal -->\n\t\t\t<div class=\"em-modal-title\">\n\t\t\t\t<a href=\"https:\/\/kulturwerkstatt-lapalma.com\/es\/events\/computersprechstunde-mit-hermes\/\">\ud83d\udcbb Die Computersprechstunde mit Hermes<\/a>\t\t\t<\/div>\n\t\t<\/header>\n\t\t<div class=\"em-modal-content\">\n\t\t\t<div class=\"em pixelbones em-calendar-preview em-list em-events-list\">\n\t<div class=\"em-event em-item\" style=\"--default-border:#260e09;\">\n\t\t<div class=\"em-item-image \">\n\t\t\t\n\t\t\t<img src='https:\/\/kulturwerkstatt-lapalma.com\/wp-content\/uploads\/2025\/12\/kid-1520705_1280-1.jpg' alt='\ud83d\udcbb Die Computersprechstunde mit Hermes'\/>\n\t\t\t\n\t\t\t\n\t\t<\/div>\n\t\t<div class=\"em-item-info\">\n\t\t\t<div class=\"em-event-meta em-item-meta\">\n\t\t\t\t<div class=\"em-item-meta-line em-event-date em-event-meta-datetime\">\n\t\t\t\t\t<span class=\"em-icon-calendar em-icon\"><\/span>\n\t\t\t\t\t5. mayo 2026&nbsp;&nbsp;&nbsp;&nbsp;\n\t\t\t\t<\/div>\n\t\t\t\t<div class=\"em-item-meta-line em-event-time em-event-meta-datetime\">\n\t\t\t\t\t<span class=\"em-icon-clock em-icon\"><\/span>\n\t\t\t\t\t10:00 - 15:00\n\t\t\t\t<\/div>\n\t\t\t\t\n\t\t\t\t\n\t\t\t\t<div class=\"em-item-meta-line em-event-location\">\n\t\t\t\t\t<span class=\"em-icon-location em-icon\"><\/span>\n\t\t\t\t\t<a href=\"https:\/\/kulturwerkstatt-lapalma.com\/es\/locations\/kulturwerkstatt-viento-del-norte-puntagorda\/\">Kulturwerkstatt \u201eViento del Norte&quot; Puntagorda<\/a>\n\t\t\t\t<\/div>\n\t\t\t\t\n\t\t\t\t\n\t\t\t\t\n\t\t\t\t\n\t\t\t<\/div>\n\t\t\t<div class=\"em-item-desc\">\n\t\t\t\t\ud83d\udcbb Die Computersprechstunde Die Computersprechstunde, gegr\u00fcndet von Hermes, unterst\u00fctzt dich bei allen Fragen rund um die digitale Welt. Egal ob akutes Technikproblem oder \u201enur mal [...]\n\t\t\t<\/div>\n\t\t\t<div class=\"em-item-actions input\">\n\t\t\t\t<a class=\"em-item-read-more button\" href=\"https:\/\/kulturwerkstatt-lapalma.com\/es\/events\/computersprechstunde-mit-hermes\/\">M\u00e1s informaci\u00f3n<\/a>\n\t\t\t\t\n\t\t\t<\/div>\n\t\t<\/div>\n\t<\/div>\n<\/div>\t\t<\/div><!-- content -->\n\t\n\t<\/div><!-- modal -->\n<\/div>\t\t\t\t\t<div class=\"em pixelbones em-calendar-preview em-modal em-cal-event-content\" data-event-id=\"287\" data-parent=\"em-cal-events-content-1031126676\">\n\t<div class=\"em-modal-popup\">\n\t\t<header>\n\t\t\t<a class=\"em-close-modal\"><\/a><!-- close modal -->\n\t\t\t<div class=\"em-modal-title\">\n\t\t\t\t<a href=\"https:\/\/kulturwerkstatt-lapalma.com\/es\/events\/salsa-tanzen-3\/\">Salsa tanzen<\/a>\t\t\t<\/div>\n\t\t<\/header>\n\t\t<div class=\"em-modal-content\">\n\t\t\t<div class=\"em pixelbones em-calendar-preview em-list em-events-list\">\n\t<div class=\"em-event em-item\" style=\"--default-border:#a1db43;\">\n\t\t<div class=\"em-item-image \">\n\t\t\t\n\t\t\t<img src='https:\/\/kulturwerkstatt-lapalma.com\/wp-content\/uploads\/2026\/02\/Salsa-Kulturwerkstatt-scaled.jpg' alt='Salsa tanzen'\/>\n\t\t\t\n\t\t\t\n\t\t<\/div>\n\t\t<div class=\"em-item-info\">\n\t\t\t<div class=\"em-event-meta em-item-meta\">\n\t\t\t\t<div class=\"em-item-meta-line em-event-date em-event-meta-datetime\">\n\t\t\t\t\t<span class=\"em-icon-calendar em-icon\"><\/span>\n\t\t\t\t\t5. mayo 2026&nbsp;&nbsp;&nbsp;&nbsp;\n\t\t\t\t<\/div>\n\t\t\t\t<div class=\"em-item-meta-line em-event-time em-event-meta-datetime\">\n\t\t\t\t\t<span class=\"em-icon-clock em-icon\"><\/span>\n\t\t\t\t\t19:30 - 21:30\n\t\t\t\t<\/div>\n\t\t\t\t\n\t\t\t\t\n\t\t\t\t<div class=\"em-item-meta-line em-event-location\">\n\t\t\t\t\t<span class=\"em-icon-location em-icon\"><\/span>\n\t\t\t\t\t<a href=\"https:\/\/kulturwerkstatt-lapalma.com\/es\/locations\/kulturwerkstatt-viento-del-norte-puntagorda\/\">Kulturwerkstatt \u201eViento del Norte&quot; Puntagorda<\/a>\n\t\t\t\t<\/div>\n\t\t\t\t\n\t\t\t\t\n\t\t\t\t\n\t\t\t\t\n\t\t\t<\/div>\n\t\t\t<div class=\"em-item-desc\">\n\t\t\t\t\ud83d\udc83 Salsatanzen Lust auf Bewegung, Musik und gute Laune?\u00a0\ud83d\ude0a Komm gern vorbei \u2013 Vorkenntnisse erw\u00fcnscht. \ud83d\udcc5\u00a0M\u00e4rz:\u00a0dienstags, 19:00 Uhr \ud83d\udcc5\u00a0April:\u00a0sonntags, 18:00 Uhr \ud83d\udcc5\u00a0Mai:\u00a0dienstags, 19:30 Uhr \ud83d\udcde [...]\n\t\t\t<\/div>\n\t\t\t<div class=\"em-item-actions input\">\n\t\t\t\t<a class=\"em-item-read-more button\" href=\"https:\/\/kulturwerkstatt-lapalma.com\/es\/events\/salsa-tanzen-3\/\">M\u00e1s informaci\u00f3n<\/a>\n\t\t\t\t\n\t\t\t<\/div>\n\t\t<\/div>\n\t<\/div>\n<\/div>\t\t<\/div><!-- content -->\n\t\n\t<\/div><!-- modal -->\n<\/div>\t\t\t\t\t<div class=\"em pixelbones em-calendar-preview em-modal em-cal-event-content\" data-event-id=\"318\" data-parent=\"em-cal-events-content-1031126676\">\n\t<div class=\"em-modal-popup\">\n\t\t<header>\n\t\t\t<a class=\"em-close-modal\"><\/a><!-- close modal -->\n\t\t\t<div class=\"em-modal-title\">\n\t\t\t\t<a href=\"https:\/\/kulturwerkstatt-lapalma.com\/es\/events\/experimentelles-malen-arunya-mal-treff\/\">\ud83c\udfa8&quot;Mal-Treff&quot;  im Viento del Norte \/ Malen nach Lust und Laune! \ud83c\udfa8<\/a>\t\t\t<\/div>\n\t\t<\/header>\n\t\t<div class=\"em-modal-content\">\n\t\t\t<div class=\"em pixelbones em-calendar-preview em-list em-events-list\">\n\t<div class=\"em-event em-item\" style=\"--default-border:#d84375;\">\n\t\t<div class=\"em-item-image \">\n\t\t\t\n\t\t\t<img src='https:\/\/kulturwerkstatt-lapalma.com\/wp-content\/uploads\/2026\/01\/experimentelles-malen.jpg' alt='\ud83c\udfa8&quot;Mal-Treff&quot;  im Viento del Norte \/ Malen nach Lust und Laune! \ud83c\udfa8'\/>\n\t\t\t\n\t\t\t\n\t\t<\/div>\n\t\t<div class=\"em-item-info\">\n\t\t\t<div class=\"em-event-meta em-item-meta\">\n\t\t\t\t<div class=\"em-item-meta-line em-event-date em-event-meta-datetime\">\n\t\t\t\t\t<span class=\"em-icon-calendar em-icon\"><\/span>\n\t\t\t\t\t7. mayo 2026&nbsp;&nbsp;&nbsp;&nbsp;\n\t\t\t\t<\/div>\n\t\t\t\t<div class=\"em-item-meta-line em-event-time em-event-meta-datetime\">\n\t\t\t\t\t<span class=\"em-icon-clock em-icon\"><\/span>\n\t\t\t\t\t10:00 - 13:00\n\t\t\t\t<\/div>\n\t\t\t\t\n\t\t\t\t\n\t\t\t\t<div class=\"em-item-meta-line em-event-location\">\n\t\t\t\t\t<span class=\"em-icon-location em-icon\"><\/span>\n\t\t\t\t\t<a href=\"https:\/\/kulturwerkstatt-lapalma.com\/es\/locations\/kulturwerkstatt-viento-del-norte-puntagorda\/\">Kulturwerkstatt \u201eViento del Norte&quot; Puntagorda<\/a>\n\t\t\t\t<\/div>\n\t\t\t\t\n\t\t\t\t\n\t\t\t\t\n\t\t\t\t\n\t\t\t<\/div>\n\t\t\t<div class=\"em-item-desc\">\n\t\t\t\t\ud83c\udfa8 Experimentelles Malen mit Arunya Der \u201eMal-Treff\u201c ist f\u00fcr all diejenigen gedacht, die sich eine entspannte Nische im Alltag w\u00fcnschen, die \u201eimmer schon mal malen\u201c [...]\n\t\t\t<\/div>\n\t\t\t<div class=\"em-item-actions input\">\n\t\t\t\t<a class=\"em-item-read-more button\" href=\"https:\/\/kulturwerkstatt-lapalma.com\/es\/events\/experimentelles-malen-arunya-mal-treff\/\">M\u00e1s informaci\u00f3n<\/a>\n\t\t\t\t\n\t\t\t<\/div>\n\t\t<\/div>\n\t<\/div>\n<\/div>\t\t<\/div><!-- content -->\n\t\n\t<\/div><!-- modal -->\n<\/div>\t\t\t\t\t<div class=\"em pixelbones em-calendar-preview em-modal em-cal-event-content\" data-event-id=\"342\" data-parent=\"em-cal-events-content-1031126676\">\n\t<div class=\"em-modal-popup\">\n\t\t<header>\n\t\t\t<a class=\"em-close-modal\"><\/a><!-- close modal -->\n\t\t\t<div class=\"em-modal-title\">\n\t\t\t\t<a href=\"https:\/\/kulturwerkstatt-lapalma.com\/es\/events\/biodanza-mit-bettina-rebecca-2\/\">\ud83d\udc83 Biodanza mit Bettina-Rebecca<\/a>\t\t\t<\/div>\n\t\t<\/header>\n\t\t<div class=\"em-modal-content\">\n\t\t\t<div class=\"em pixelbones em-calendar-preview em-list em-events-list\">\n\t<div class=\"em-event em-item\" style=\"--default-border:#ea6bea;\">\n\t\t<div class=\"em-item-image \">\n\t\t\t\n\t\t\t<img src='https:\/\/kulturwerkstatt-lapalma.com\/wp-content\/uploads\/2026\/04\/biodanca-kulturwerkstatt.jpg' alt='\ud83d\udc83 Biodanza mit Bettina-Rebecca'\/>\n\t\t\t\n\t\t\t\n\t\t<\/div>\n\t\t<div class=\"em-item-info\">\n\t\t\t<div class=\"em-event-meta em-item-meta\">\n\t\t\t\t<div class=\"em-item-meta-line em-event-date em-event-meta-datetime\">\n\t\t\t\t\t<span class=\"em-icon-calendar em-icon\"><\/span>\n\t\t\t\t\t7. mayo 2026&nbsp;&nbsp;&nbsp;&nbsp;\n\t\t\t\t<\/div>\n\t\t\t\t<div class=\"em-item-meta-line em-event-time em-event-meta-datetime\">\n\t\t\t\t\t<span class=\"em-icon-clock em-icon\"><\/span>\n\t\t\t\t\t18:00 - 20:00\n\t\t\t\t<\/div>\n\t\t\t\t\n\t\t\t\t\n\t\t\t\t<div class=\"em-item-meta-line em-event-location\">\n\t\t\t\t\t<span class=\"em-icon-location em-icon\"><\/span>\n\t\t\t\t\t<a href=\"https:\/\/kulturwerkstatt-lapalma.com\/es\/locations\/kulturwerkstatt-viento-del-norte-puntagorda\/\">Kulturwerkstatt \u201eViento del Norte&quot; Puntagorda<\/a>\n\t\t\t\t<\/div>\n\t\t\t\t\n\t\t\t\t\n\t\t\t\t\n\t\t\t\t\n\t\t\t<\/div>\n\t\t\t<div class=\"em-item-desc\">\n\t\t\t\t\ud83c\udf3a Biodanza ist ein System der menschlichen Integration und Pers\u00f6nlichkeitsentfaltung, das Musik aus aller Welt, Bewegung und Begegnungen in der Gruppe nutzt, um aus Erfahrungen [...]\n\t\t\t<\/div>\n\t\t\t<div class=\"em-item-actions input\">\n\t\t\t\t<a class=\"em-item-read-more button\" href=\"https:\/\/kulturwerkstatt-lapalma.com\/es\/events\/biodanza-mit-bettina-rebecca-2\/\">M\u00e1s informaci\u00f3n<\/a>\n\t\t\t\t\n\t\t\t<\/div>\n\t\t<\/div>\n\t<\/div>\n<\/div>\t\t<\/div><!-- content -->\n\t\n\t<\/div><!-- modal -->\n<\/div>\t\t\t\t\t<div class=\"em pixelbones em-calendar-preview em-modal em-cal-event-content\" data-event-id=\"313\" data-parent=\"em-cal-events-content-1031126676\">\n\t<div class=\"em-modal-popup\">\n\t\t<header>\n\t\t\t<a class=\"em-close-modal\"><\/a><!-- close modal -->\n\t\t\t<div class=\"em-modal-title\">\n\t\t\t\t<a href=\"https:\/\/kulturwerkstatt-lapalma.com\/es\/events\/mein-engel-und-ich-vortrag-la-palma\/\">\ud83d\udc7c \u201eMein Engel und Ich\u201c \u2013 Vortrag von Marion Selzer<\/a>\t\t\t<\/div>\n\t\t<\/header>\n\t\t<div class=\"em-modal-content\">\n\t\t\t<div class=\"em pixelbones em-calendar-preview em-list em-events-list\">\n\t<div class=\"em-event em-item\" style=\"--default-border:#ba3968;\">\n\t\t<div class=\"em-item-image \">\n\t\t\t\n\t\t\t<img src='https:\/\/kulturwerkstatt-lapalma.com\/wp-content\/uploads\/2026\/03\/Flyer-Marion-Engel-A4-pdf.jpg' alt='\ud83d\udc7c \u201eMein Engel und Ich\u201c \u2013 Vortrag von Marion Selzer'\/>\n\t\t\t\n\t\t\t\n\t\t<\/div>\n\t\t<div class=\"em-item-info\">\n\t\t\t<div class=\"em-event-meta em-item-meta\">\n\t\t\t\t<div class=\"em-item-meta-line em-event-date em-event-meta-datetime\">\n\t\t\t\t\t<span class=\"em-icon-calendar em-icon\"><\/span>\n\t\t\t\t\t8. mayo 2026&nbsp;&nbsp;&nbsp;&nbsp;\n\t\t\t\t<\/div>\n\t\t\t\t<div class=\"em-item-meta-line em-event-time em-event-meta-datetime\">\n\t\t\t\t\t<span class=\"em-icon-clock em-icon\"><\/span>\n\t\t\t\t\t18:00 - 20:00\n\t\t\t\t<\/div>\n\t\t\t\t\n\t\t\t\t\n\t\t\t\t\n\t\t\t\t\n\t\t\t\t<div class=\"em-item-meta-line em-item-taxonomy em-event-categories\">\n\t\t\t\t\t<span class=\"em-icon-category em-icon\"><\/span>\n\t\t\t\t\t<div>\t<ul class=\"event-categories\">\r\n\t\t\t\t\t<li><a href=\"https:\/\/kulturwerkstatt-lapalma.com\/es\/events\/categories\/vortrag\/\">Vortrag<\/a><\/li>\r\n\t\t\t<\/ul>\r\n\t<\/div>\n\t\t\t\t<\/div>\n\t\t\t\t\n\t\t\t\t\n\t\t\t<\/div>\n\t\t\t<div class=\"em-item-desc\">\n\t\t\t\t\ud83d\udc7c \u201eMein Engel und Ich\u201c \u2013 Vortrag von Marion Selzer Aus anthroposophischer Sicht hat jeder Mensch einen pers\u00f6nlichen Engel, einen Schutzengel, der uns durch unser [...]\n\t\t\t<\/div>\n\t\t\t<div class=\"em-item-actions input\">\n\t\t\t\t<a class=\"em-item-read-more button\" href=\"https:\/\/kulturwerkstatt-lapalma.com\/es\/events\/mein-engel-und-ich-vortrag-la-palma\/\">M\u00e1s informaci\u00f3n<\/a>\n\t\t\t\t\n\t\t\t<\/div>\n\t\t<\/div>\n\t<\/div>\n<\/div>\t\t<\/div><!-- content -->\n\t\n\t<\/div><!-- modal -->\n<\/div>\t\t\t\t\t<div class=\"em pixelbones em-calendar-preview em-modal em-cal-event-content\" data-event-id=\"340\" data-parent=\"em-cal-events-content-1031126676\">\n\t<div class=\"em-modal-popup\">\n\t\t<header>\n\t\t\t<a class=\"em-close-modal\"><\/a><!-- close modal -->\n\t\t\t<div class=\"em-modal-title\">\n\t\t\t\t<a href=\"https:\/\/kulturwerkstatt-lapalma.com\/es\/events\/giulia-kalish-konzert-la-palma\/\">\ud83c\udfb6 Kalish Swing \u2013 Musik f\u00fcr die Herzen<\/a>\t\t\t<\/div>\n\t\t<\/header>\n\t\t<div class=\"em-modal-content\">\n\t\t\t<div class=\"em pixelbones em-calendar-preview em-list em-events-list\">\n\t<div class=\"em-event em-item\" style=\"--default-border:#80b538;\">\n\t\t<div class=\"em-item-image \">\n\t\t\t\n\t\t\t<img src='https:\/\/kulturwerkstatt-lapalma.com\/wp-content\/uploads\/2026\/04\/IMG-20260426-WA0009.jpg' alt='\ud83c\udfb6 Kalish Swing \u2013 Musik f\u00fcr die Herzen'\/>\n\t\t\t\n\t\t\t\n\t\t<\/div>\n\t\t<div class=\"em-item-info\">\n\t\t\t<div class=\"em-event-meta em-item-meta\">\n\t\t\t\t<div class=\"em-item-meta-line em-event-date em-event-meta-datetime\">\n\t\t\t\t\t<span class=\"em-icon-calendar em-icon\"><\/span>\n\t\t\t\t\t9. mayo 2026&nbsp;&nbsp;&nbsp;&nbsp;\n\t\t\t\t<\/div>\n\t\t\t\t<div class=\"em-item-meta-line em-event-time em-event-meta-datetime\">\n\t\t\t\t\t<span class=\"em-icon-clock em-icon\"><\/span>\n\t\t\t\t\t18:00 - 19:30\n\t\t\t\t<\/div>\n\t\t\t\t\n\t\t\t\t\n\t\t\t\t<div class=\"em-item-meta-line em-event-location\">\n\t\t\t\t\t<span class=\"em-icon-location em-icon\"><\/span>\n\t\t\t\t\t<a href=\"https:\/\/kulturwerkstatt-lapalma.com\/es\/locations\/kulturwerkstatt-viento-del-norte-puntagorda\/\">Kulturwerkstatt \u201eViento del Norte&quot; Puntagorda<\/a>\n\t\t\t\t<\/div>\n\t\t\t\t\n\t\t\t\t\n\t\t\t\t\n\t\t\t\t<div class=\"em-item-meta-line em-item-taxonomy em-event-categories\">\n\t\t\t\t\t<span class=\"em-icon-category em-icon\"><\/span>\n\t\t\t\t\t<div>\t<ul class=\"event-categories\">\r\n\t\t\t\t\t<li><a href=\"https:\/\/kulturwerkstatt-lapalma.com\/es\/events\/categories\/konzert\/\">Konzert<\/a><\/li>\r\n\t\t\t\t\t<li><a href=\"https:\/\/kulturwerkstatt-lapalma.com\/es\/events\/categories\/musik\/\">Musik<\/a><\/li>\r\n\t\t\t<\/ul>\r\n\t<\/div>\n\t\t\t\t<\/div>\n\t\t\t\t\n\t\t\t\t\n\t\t\t<\/div>\n\t\t\t<div class=\"em-item-desc\">\n\t\t\t\t\ud83c\udfb6 Kalish Swing \u2013 Musik f\u00fcr die Herzen Giulia Kalish l\u00e4dt zu einem intimen Konzertabend ein, der von Stimme, Ukulele und viel Herz getragen wird. [...]\n\t\t\t<\/div>\n\t\t\t<div class=\"em-item-actions input\">\n\t\t\t\t<a class=\"em-item-read-more button\" href=\"https:\/\/kulturwerkstatt-lapalma.com\/es\/events\/giulia-kalish-konzert-la-palma\/\">M\u00e1s informaci\u00f3n<\/a>\n\t\t\t\t\n\t\t\t<\/div>\n\t\t<\/div>\n\t<\/div>\n<\/div>\t\t<\/div><!-- content -->\n\t\n\t<\/div><!-- modal -->\n<\/div>\t\t\t\t\t<div class=\"em pixelbones em-calendar-preview em-modal em-cal-event-content\" data-event-id=\"134\" data-parent=\"em-cal-events-content-1031126676\">\n\t<div class=\"em-modal-popup\">\n\t\t<header>\n\t\t\t<a class=\"em-close-modal\"><\/a><!-- close modal -->\n\t\t\t<div class=\"em-modal-title\">\n\t\t\t\t<a href=\"https:\/\/kulturwerkstatt-lapalma.com\/es\/events\/beratungen-massagen-behandlungen-von-iris\/\">Beratungen, Massagen, Behandlungen von Iris<\/a>\t\t\t<\/div>\n\t\t<\/header>\n\t\t<div class=\"em-modal-content\">\n\t\t\t<div class=\"em pixelbones em-calendar-preview em-list em-events-list\">\n\t<div class=\"em-event em-item\" style=\"--default-border:#f74cc4;\">\n\t\t<div class=\"em-item-image \">\n\t\t\t\n\t\t\t<img src='https:\/\/kulturwerkstatt-lapalma.com\/wp-content\/uploads\/2025\/12\/blossom-5356482_640.jpg' alt='Beratungen, Massagen, Behandlungen von Iris'\/>\n\t\t\t\n\t\t\t\n\t\t<\/div>\n\t\t<div class=\"em-item-info\">\n\t\t\t<div class=\"em-event-meta em-item-meta\">\n\t\t\t\t<div class=\"em-item-meta-line em-event-date em-event-meta-datetime\">\n\t\t\t\t\t<span class=\"em-icon-calendar em-icon\"><\/span>\n\t\t\t\t\t11. mayo 2026&nbsp;&nbsp;&nbsp;&nbsp;\n\t\t\t\t<\/div>\n\t\t\t\t<div class=\"em-item-meta-line em-event-time em-event-meta-datetime\">\n\t\t\t\t\t<span class=\"em-icon-clock em-icon\"><\/span>\n\t\t\t\t\t10:00 - 15:00\n\t\t\t\t<\/div>\n\t\t\t\t\n\t\t\t\t\n\t\t\t\t<div class=\"em-item-meta-line em-event-location\">\n\t\t\t\t\t<span class=\"em-icon-location em-icon\"><\/span>\n\t\t\t\t\t<a href=\"https:\/\/kulturwerkstatt-lapalma.com\/es\/locations\/kulturwerkstatt-viento-del-norte-puntagorda\/\">Kulturwerkstatt \u201eViento del Norte&quot; Puntagorda<\/a>\n\t\t\t\t<\/div>\n\t\t\t\t\n\t\t\t\t\n\t\t\t\t\n\t\t\t\t\n\t\t\t<\/div>\n\t\t\t<div class=\"em-item-desc\">\n\t\t\t\tBeratungen, Massagen, Behandlungen von Iris, Heilpraktikerin, jeweils Montag, 10-15 Uhr Kontakt: +34643635653 irisemma09@gmx.de\n\t\t\t<\/div>\n\t\t\t<div class=\"em-item-actions input\">\n\t\t\t\t<a class=\"em-item-read-more button\" href=\"https:\/\/kulturwerkstatt-lapalma.com\/es\/events\/beratungen-massagen-behandlungen-von-iris\/\">M\u00e1s informaci\u00f3n<\/a>\n\t\t\t\t\n\t\t\t<\/div>\n\t\t<\/div>\n\t<\/div>\n<\/div>\t\t<\/div><!-- content -->\n\t\n\t<\/div><!-- modal -->\n<\/div>\t\t\t\t\t<div class=\"em pixelbones em-calendar-preview em-modal em-cal-event-content\" data-event-id=\"84\" data-parent=\"em-cal-events-content-1031126676\">\n\t<div class=\"em-modal-popup\">\n\t\t<header>\n\t\t\t<a class=\"em-close-modal\"><\/a><!-- close modal -->\n\t\t\t<div class=\"em-modal-title\">\n\t\t\t\t<a href=\"https:\/\/kulturwerkstatt-lapalma.com\/es\/events\/computersprechstunde-mit-hermes\/\">\ud83d\udcbb Die Computersprechstunde mit Hermes<\/a>\t\t\t<\/div>\n\t\t<\/header>\n\t\t<div class=\"em-modal-content\">\n\t\t\t<div class=\"em pixelbones em-calendar-preview em-list em-events-list\">\n\t<div class=\"em-event em-item\" style=\"--default-border:#260e09;\">\n\t\t<div class=\"em-item-image \">\n\t\t\t\n\t\t\t<img src='https:\/\/kulturwerkstatt-lapalma.com\/wp-content\/uploads\/2025\/12\/kid-1520705_1280-1.jpg' alt='\ud83d\udcbb Die Computersprechstunde mit Hermes'\/>\n\t\t\t\n\t\t\t\n\t\t<\/div>\n\t\t<div class=\"em-item-info\">\n\t\t\t<div class=\"em-event-meta em-item-meta\">\n\t\t\t\t<div class=\"em-item-meta-line em-event-date em-event-meta-datetime\">\n\t\t\t\t\t<span class=\"em-icon-calendar em-icon\"><\/span>\n\t\t\t\t\t12. mayo 2026&nbsp;&nbsp;&nbsp;&nbsp;\n\t\t\t\t<\/div>\n\t\t\t\t<div class=\"em-item-meta-line em-event-time em-event-meta-datetime\">\n\t\t\t\t\t<span class=\"em-icon-clock em-icon\"><\/span>\n\t\t\t\t\t10:00 - 15:00\n\t\t\t\t<\/div>\n\t\t\t\t\n\t\t\t\t\n\t\t\t\t<div class=\"em-item-meta-line em-event-location\">\n\t\t\t\t\t<span class=\"em-icon-location em-icon\"><\/span>\n\t\t\t\t\t<a href=\"https:\/\/kulturwerkstatt-lapalma.com\/es\/locations\/kulturwerkstatt-viento-del-norte-puntagorda\/\">Kulturwerkstatt \u201eViento del Norte&quot; Puntagorda<\/a>\n\t\t\t\t<\/div>\n\t\t\t\t\n\t\t\t\t\n\t\t\t\t\n\t\t\t\t\n\t\t\t<\/div>\n\t\t\t<div class=\"em-item-desc\">\n\t\t\t\t\ud83d\udcbb Die Computersprechstunde Die Computersprechstunde, gegr\u00fcndet von Hermes, unterst\u00fctzt dich bei allen Fragen rund um die digitale Welt. Egal ob akutes Technikproblem oder \u201enur mal [...]\n\t\t\t<\/div>\n\t\t\t<div class=\"em-item-actions input\">\n\t\t\t\t<a class=\"em-item-read-more button\" href=\"https:\/\/kulturwerkstatt-lapalma.com\/es\/events\/computersprechstunde-mit-hermes\/\">M\u00e1s informaci\u00f3n<\/a>\n\t\t\t\t\n\t\t\t<\/div>\n\t\t<\/div>\n\t<\/div>\n<\/div>\t\t<\/div><!-- content -->\n\t\n\t<\/div><!-- modal -->\n<\/div>\t\t\t\t\t<div class=\"em pixelbones em-calendar-preview em-modal em-cal-event-content\" data-event-id=\"288\" data-parent=\"em-cal-events-content-1031126676\">\n\t<div class=\"em-modal-popup\">\n\t\t<header>\n\t\t\t<a class=\"em-close-modal\"><\/a><!-- close modal -->\n\t\t\t<div class=\"em-modal-title\">\n\t\t\t\t<a href=\"https:\/\/kulturwerkstatt-lapalma.com\/es\/events\/salsa-tanzen-3\/\">Salsa tanzen<\/a>\t\t\t<\/div>\n\t\t<\/header>\n\t\t<div class=\"em-modal-content\">\n\t\t\t<div class=\"em pixelbones em-calendar-preview em-list em-events-list\">\n\t<div class=\"em-event em-item\" style=\"--default-border:#a1db43;\">\n\t\t<div class=\"em-item-image \">\n\t\t\t\n\t\t\t<img src='https:\/\/kulturwerkstatt-lapalma.com\/wp-content\/uploads\/2026\/02\/Salsa-Kulturwerkstatt-scaled.jpg' alt='Salsa tanzen'\/>\n\t\t\t\n\t\t\t\n\t\t<\/div>\n\t\t<div class=\"em-item-info\">\n\t\t\t<div class=\"em-event-meta em-item-meta\">\n\t\t\t\t<div class=\"em-item-meta-line em-event-date em-event-meta-datetime\">\n\t\t\t\t\t<span class=\"em-icon-calendar em-icon\"><\/span>\n\t\t\t\t\t12. mayo 2026&nbsp;&nbsp;&nbsp;&nbsp;\n\t\t\t\t<\/div>\n\t\t\t\t<div class=\"em-item-meta-line em-event-time em-event-meta-datetime\">\n\t\t\t\t\t<span class=\"em-icon-clock em-icon\"><\/span>\n\t\t\t\t\t19:30 - 21:30\n\t\t\t\t<\/div>\n\t\t\t\t\n\t\t\t\t\n\t\t\t\t<div class=\"em-item-meta-line em-event-location\">\n\t\t\t\t\t<span class=\"em-icon-location em-icon\"><\/span>\n\t\t\t\t\t<a href=\"https:\/\/kulturwerkstatt-lapalma.com\/es\/locations\/kulturwerkstatt-viento-del-norte-puntagorda\/\">Kulturwerkstatt \u201eViento del Norte&quot; Puntagorda<\/a>\n\t\t\t\t<\/div>\n\t\t\t\t\n\t\t\t\t\n\t\t\t\t\n\t\t\t\t\n\t\t\t<\/div>\n\t\t\t<div class=\"em-item-desc\">\n\t\t\t\t\ud83d\udc83 Salsatanzen Lust auf Bewegung, Musik und gute Laune?\u00a0\ud83d\ude0a Komm gern vorbei \u2013 Vorkenntnisse erw\u00fcnscht. \ud83d\udcc5\u00a0M\u00e4rz:\u00a0dienstags, 19:00 Uhr \ud83d\udcc5\u00a0April:\u00a0sonntags, 18:00 Uhr \ud83d\udcc5\u00a0Mai:\u00a0dienstags, 19:30 Uhr \ud83d\udcde [...]\n\t\t\t<\/div>\n\t\t\t<div class=\"em-item-actions input\">\n\t\t\t\t<a class=\"em-item-read-more button\" href=\"https:\/\/kulturwerkstatt-lapalma.com\/es\/events\/salsa-tanzen-3\/\">M\u00e1s informaci\u00f3n<\/a>\n\t\t\t\t\n\t\t\t<\/div>\n\t\t<\/div>\n\t<\/div>\n<\/div>\t\t<\/div><!-- content -->\n\t\n\t<\/div><!-- modal -->\n<\/div>\t\t\t\t\t<div class=\"em pixelbones em-calendar-preview em-modal em-cal-event-content\" data-event-id=\"328\" data-parent=\"em-cal-events-content-1031126676\">\n\t<div class=\"em-modal-popup\">\n\t\t<header>\n\t\t\t<a class=\"em-close-modal\"><\/a><!-- close modal -->\n\t\t\t<div class=\"em-modal-title\">\n\t\t\t\t<a href=\"https:\/\/kulturwerkstatt-lapalma.com\/es\/events\/memorias-de-gaia-ausstellung-la-palma\/\">\ud83c\udfa8 Ausstellung \u201eMemorias de Gaia\u201c \u2013 Acr\u00edlico fluido \/ Pouring Art<\/a>\t\t\t<\/div>\n\t\t<\/header>\n\t\t<div class=\"em-modal-content\">\n\t\t\t<div class=\"em pixelbones em-calendar-preview em-list em-events-list\">\n\t<div class=\"em-event em-item\" style=\"--default-border:#80b538;\">\n\t\t<div class=\"em-item-image \">\n\t\t\t\n\t\t\t<img src='https:\/\/kulturwerkstatt-lapalma.com\/wp-content\/uploads\/2026\/04\/photo_2026-04-22_22-14-09.jpg' alt='\ud83c\udfa8 Ausstellung \u201eMemorias de Gaia\u201c \u2013 Acr\u00edlico fluido \/ Pouring Art'\/>\n\t\t\t\n\t\t\t\n\t\t<\/div>\n\t\t<div class=\"em-item-info\">\n\t\t\t<div class=\"em-event-meta em-item-meta\">\n\t\t\t\t<div class=\"em-item-meta-line em-event-date em-event-meta-datetime\">\n\t\t\t\t\t<span class=\"em-icon-calendar em-icon\"><\/span>\n\t\t\t\t\t13. mayo 2026&nbsp;&nbsp;&nbsp;&nbsp;\n\t\t\t\t<\/div>\n\t\t\t\t<div class=\"em-item-meta-line em-event-time em-event-meta-datetime\">\n\t\t\t\t\t<span class=\"em-icon-clock em-icon\"><\/span>\n\t\t\t\t\t10:00 - 13:30\n\t\t\t\t<\/div>\n\t\t\t\t\n\t\t\t\t\n\t\t\t\t<div class=\"em-item-meta-line em-event-location\">\n\t\t\t\t\t<span class=\"em-icon-location em-icon\"><\/span>\n\t\t\t\t\t<a href=\"https:\/\/kulturwerkstatt-lapalma.com\/es\/locations\/kulturwerkstatt-viento-del-norte-puntagorda\/\">Kulturwerkstatt \u201eViento del Norte&quot; Puntagorda<\/a>\n\t\t\t\t<\/div>\n\t\t\t\t\n\t\t\t\t\n\t\t\t\t\n\t\t\t\t\n\t\t\t<\/div>\n\t\t\t<div class=\"em-item-desc\">\n\t\t\t\t\ud83c\udfa8 Ausstellung \u201eMemorias de Gaia\u201c \u2013 Acr\u00edlico fluido \/ Pouring Art Mit \u201eMemorias de Gaia\u201c pr\u00e4sentiert Raphael Becker eine Ausstellung, die die lebendige Kraft der [...]\n\t\t\t<\/div>\n\t\t\t<div class=\"em-item-actions input\">\n\t\t\t\t<a class=\"em-item-read-more button\" href=\"https:\/\/kulturwerkstatt-lapalma.com\/es\/events\/memorias-de-gaia-ausstellung-la-palma\/\">M\u00e1s informaci\u00f3n<\/a>\n\t\t\t\t\n\t\t\t<\/div>\n\t\t<\/div>\n\t<\/div>\n<\/div>\t\t<\/div><!-- content -->\n\t\n\t<\/div><!-- modal -->\n<\/div>\t\t\t\t\t<div class=\"em pixelbones em-calendar-preview em-modal em-cal-event-content\" data-event-id=\"329\" data-parent=\"em-cal-events-content-1031126676\">\n\t<div class=\"em-modal-popup\">\n\t\t<header>\n\t\t\t<a class=\"em-close-modal\"><\/a><!-- close modal -->\n\t\t\t<div class=\"em-modal-title\">\n\t\t\t\t<a href=\"https:\/\/kulturwerkstatt-lapalma.com\/es\/events\/memorias-de-gaia-ausstellung-la-palma\/\">\ud83c\udfa8 Ausstellung \u201eMemorias de Gaia\u201c \u2013 Acr\u00edlico fluido \/ Pouring Art<\/a>\t\t\t<\/div>\n\t\t<\/header>\n\t\t<div class=\"em-modal-content\">\n\t\t\t<div class=\"em pixelbones em-calendar-preview em-list em-events-list\">\n\t<div class=\"em-event em-item\" style=\"--default-border:#80b538;\">\n\t\t<div class=\"em-item-image \">\n\t\t\t\n\t\t\t<img src='https:\/\/kulturwerkstatt-lapalma.com\/wp-content\/uploads\/2026\/04\/photo_2026-04-22_22-14-09.jpg' alt='\ud83c\udfa8 Ausstellung \u201eMemorias de Gaia\u201c \u2013 Acr\u00edlico fluido \/ Pouring Art'\/>\n\t\t\t\n\t\t\t\n\t\t<\/div>\n\t\t<div class=\"em-item-info\">\n\t\t\t<div class=\"em-event-meta em-item-meta\">\n\t\t\t\t<div class=\"em-item-meta-line em-event-date em-event-meta-datetime\">\n\t\t\t\t\t<span class=\"em-icon-calendar em-icon\"><\/span>\n\t\t\t\t\t15. mayo 2026&nbsp;&nbsp;&nbsp;&nbsp;\n\t\t\t\t<\/div>\n\t\t\t\t<div class=\"em-item-meta-line em-event-time em-event-meta-datetime\">\n\t\t\t\t\t<span class=\"em-icon-clock em-icon\"><\/span>\n\t\t\t\t\t10:00 - 13:30\n\t\t\t\t<\/div>\n\t\t\t\t\n\t\t\t\t\n\t\t\t\t<div class=\"em-item-meta-line em-event-location\">\n\t\t\t\t\t<span class=\"em-icon-location em-icon\"><\/span>\n\t\t\t\t\t<a href=\"https:\/\/kulturwerkstatt-lapalma.com\/es\/locations\/kulturwerkstatt-viento-del-norte-puntagorda\/\">Kulturwerkstatt \u201eViento del Norte&quot; Puntagorda<\/a>\n\t\t\t\t<\/div>\n\t\t\t\t\n\t\t\t\t\n\t\t\t\t\n\t\t\t\t\n\t\t\t<\/div>\n\t\t\t<div class=\"em-item-desc\">\n\t\t\t\t\ud83c\udfa8 Ausstellung \u201eMemorias de Gaia\u201c \u2013 Acr\u00edlico fluido \/ Pouring Art Mit \u201eMemorias de Gaia\u201c pr\u00e4sentiert Raphael Becker eine Ausstellung, die die lebendige Kraft der [...]\n\t\t\t<\/div>\n\t\t\t<div class=\"em-item-actions input\">\n\t\t\t\t<a class=\"em-item-read-more button\" href=\"https:\/\/kulturwerkstatt-lapalma.com\/es\/events\/memorias-de-gaia-ausstellung-la-palma\/\">M\u00e1s informaci\u00f3n<\/a>\n\t\t\t\t\n\t\t\t<\/div>\n\t\t<\/div>\n\t<\/div>\n<\/div>\t\t<\/div><!-- content -->\n\t\n\t<\/div><!-- modal -->\n<\/div>\t\t\t\t\t<div class=\"em pixelbones em-calendar-preview em-modal em-cal-event-content\" data-event-id=\"372\" data-parent=\"em-cal-events-content-1031126676\">\n\t<div class=\"em-modal-popup\">\n\t\t<header>\n\t\t\t<a class=\"em-close-modal\"><\/a><!-- close modal -->\n\t\t\t<div class=\"em-modal-title\">\n\t\t\t\t<a href=\"https:\/\/kulturwerkstatt-lapalma.com\/es\/events\/victor-carillo-cary-varona-konzert-la-palma\/\">\ud83c\udfb6 Victor Carillo &amp; Cary Varona &amp; Special Guest Ananda<\/a>\t\t\t<\/div>\n\t\t<\/header>\n\t\t<div class=\"em-modal-content\">\n\t\t\t<div class=\"em pixelbones em-calendar-preview em-list em-events-list\">\n\t<div class=\"em-event em-item\" style=\"--default-border:#80b538;\">\n\t\t<div class=\"em-item-image \">\n\t\t\t\n\t\t\t<img src='https:\/\/kulturwerkstatt-lapalma.com\/wp-content\/uploads\/2026\/05\/Victor-Carillo-Cary-Varona.jpg' alt='\ud83c\udfb6 Victor Carillo &amp; Cary Varona &amp; Special Guest Ananda'\/>\n\t\t\t\n\t\t\t\n\t\t<\/div>\n\t\t<div class=\"em-item-info\">\n\t\t\t<div class=\"em-event-meta em-item-meta\">\n\t\t\t\t<div class=\"em-item-meta-line em-event-date em-event-meta-datetime\">\n\t\t\t\t\t<span class=\"em-icon-calendar em-icon\"><\/span>\n\t\t\t\t\t16. mayo 2026&nbsp;&nbsp;&nbsp;&nbsp;\n\t\t\t\t<\/div>\n\t\t\t\t<div class=\"em-item-meta-line em-event-time em-event-meta-datetime\">\n\t\t\t\t\t<span class=\"em-icon-clock em-icon\"><\/span>\n\t\t\t\t\t18:00 - 20:00\n\t\t\t\t<\/div>\n\t\t\t\t\n\t\t\t\t\n\t\t\t\t<div class=\"em-item-meta-line em-event-location\">\n\t\t\t\t\t<span class=\"em-icon-location em-icon\"><\/span>\n\t\t\t\t\t<a href=\"https:\/\/kulturwerkstatt-lapalma.com\/es\/locations\/kulturwerkstatt-viento-del-norte-puntagorda\/\">Kulturwerkstatt \u201eViento del Norte&quot; Puntagorda<\/a>\n\t\t\t\t<\/div>\n\t\t\t\t\n\t\t\t\t\n\t\t\t\t\n\t\t\t\t<div class=\"em-item-meta-line em-item-taxonomy em-event-categories\">\n\t\t\t\t\t<span class=\"em-icon-category em-icon\"><\/span>\n\t\t\t\t\t<div>\t<ul class=\"event-categories\">\r\n\t\t\t\t\t<li><a href=\"https:\/\/kulturwerkstatt-lapalma.com\/es\/events\/categories\/konzert\/\">Konzert<\/a><\/li>\r\n\t\t\t\t\t<li><a href=\"https:\/\/kulturwerkstatt-lapalma.com\/es\/events\/categories\/musik\/\">Musik<\/a><\/li>\r\n\t\t\t<\/ul>\r\n\t<\/div>\n\t\t\t\t<\/div>\n\t\t\t\t\n\t\t\t\t\n\t\t\t<\/div>\n\t\t\t<div class=\"em-item-desc\">\n\t\t\t\tEin besonderer Konzertabend im Viento del Norte: Victor Carillo und Cary Varona bringen gemeinsam mit Special Guest Ananda die klangvolle Welt afroandiner und lateinamerikanischer Musik [...]\n\t\t\t<\/div>\n\t\t\t<div class=\"em-item-actions input\">\n\t\t\t\t<a class=\"em-item-read-more button\" href=\"https:\/\/kulturwerkstatt-lapalma.com\/es\/events\/victor-carillo-cary-varona-konzert-la-palma\/\">M\u00e1s informaci\u00f3n<\/a>\n\t\t\t\t\n\t\t\t<\/div>\n\t\t<\/div>\n\t<\/div>\n<\/div>\t\t<\/div><!-- content -->\n\t\n\t<\/div><!-- modal -->\n<\/div>\t\t\t\t\t<div class=\"em pixelbones em-calendar-preview em-modal em-cal-event-content\" data-event-id=\"135\" data-parent=\"em-cal-events-content-1031126676\">\n\t<div class=\"em-modal-popup\">\n\t\t<header>\n\t\t\t<a class=\"em-close-modal\"><\/a><!-- close modal -->\n\t\t\t<div class=\"em-modal-title\">\n\t\t\t\t<a href=\"https:\/\/kulturwerkstatt-lapalma.com\/es\/events\/beratungen-massagen-behandlungen-von-iris\/\">Beratungen, Massagen, Behandlungen von Iris<\/a>\t\t\t<\/div>\n\t\t<\/header>\n\t\t<div class=\"em-modal-content\">\n\t\t\t<div class=\"em pixelbones em-calendar-preview em-list em-events-list\">\n\t<div class=\"em-event em-item\" style=\"--default-border:#f74cc4;\">\n\t\t<div class=\"em-item-image \">\n\t\t\t\n\t\t\t<img src='https:\/\/kulturwerkstatt-lapalma.com\/wp-content\/uploads\/2025\/12\/blossom-5356482_640.jpg' alt='Beratungen, Massagen, Behandlungen von Iris'\/>\n\t\t\t\n\t\t\t\n\t\t<\/div>\n\t\t<div class=\"em-item-info\">\n\t\t\t<div class=\"em-event-meta em-item-meta\">\n\t\t\t\t<div class=\"em-item-meta-line em-event-date em-event-meta-datetime\">\n\t\t\t\t\t<span class=\"em-icon-calendar em-icon\"><\/span>\n\t\t\t\t\t18. mayo 2026&nbsp;&nbsp;&nbsp;&nbsp;\n\t\t\t\t<\/div>\n\t\t\t\t<div class=\"em-item-meta-line em-event-time em-event-meta-datetime\">\n\t\t\t\t\t<span class=\"em-icon-clock em-icon\"><\/span>\n\t\t\t\t\t10:00 - 15:00\n\t\t\t\t<\/div>\n\t\t\t\t\n\t\t\t\t\n\t\t\t\t<div class=\"em-item-meta-line em-event-location\">\n\t\t\t\t\t<span class=\"em-icon-location em-icon\"><\/span>\n\t\t\t\t\t<a href=\"https:\/\/kulturwerkstatt-lapalma.com\/es\/locations\/kulturwerkstatt-viento-del-norte-puntagorda\/\">Kulturwerkstatt \u201eViento del Norte&quot; Puntagorda<\/a>\n\t\t\t\t<\/div>\n\t\t\t\t\n\t\t\t\t\n\t\t\t\t\n\t\t\t\t\n\t\t\t<\/div>\n\t\t\t<div class=\"em-item-desc\">\n\t\t\t\tBeratungen, Massagen, Behandlungen von Iris, Heilpraktikerin, jeweils Montag, 10-15 Uhr Kontakt: +34643635653 irisemma09@gmx.de\n\t\t\t<\/div>\n\t\t\t<div class=\"em-item-actions input\">\n\t\t\t\t<a class=\"em-item-read-more button\" href=\"https:\/\/kulturwerkstatt-lapalma.com\/es\/events\/beratungen-massagen-behandlungen-von-iris\/\">M\u00e1s informaci\u00f3n<\/a>\n\t\t\t\t\n\t\t\t<\/div>\n\t\t<\/div>\n\t<\/div>\n<\/div>\t\t<\/div><!-- content -->\n\t\n\t<\/div><!-- modal -->\n<\/div>\t\t\t\t\t<div class=\"em pixelbones em-calendar-preview em-modal em-cal-event-content\" data-event-id=\"85\" data-parent=\"em-cal-events-content-1031126676\">\n\t<div class=\"em-modal-popup\">\n\t\t<header>\n\t\t\t<a class=\"em-close-modal\"><\/a><!-- close modal -->\n\t\t\t<div class=\"em-modal-title\">\n\t\t\t\t<a href=\"https:\/\/kulturwerkstatt-lapalma.com\/es\/events\/computersprechstunde-mit-hermes\/\">\ud83d\udcbb Die Computersprechstunde mit Hermes<\/a>\t\t\t<\/div>\n\t\t<\/header>\n\t\t<div class=\"em-modal-content\">\n\t\t\t<div class=\"em pixelbones em-calendar-preview em-list em-events-list\">\n\t<div class=\"em-event em-item\" style=\"--default-border:#260e09;\">\n\t\t<div class=\"em-item-image \">\n\t\t\t\n\t\t\t<img src='https:\/\/kulturwerkstatt-lapalma.com\/wp-content\/uploads\/2025\/12\/kid-1520705_1280-1.jpg' alt='\ud83d\udcbb Die Computersprechstunde mit Hermes'\/>\n\t\t\t\n\t\t\t\n\t\t<\/div>\n\t\t<div class=\"em-item-info\">\n\t\t\t<div class=\"em-event-meta em-item-meta\">\n\t\t\t\t<div class=\"em-item-meta-line em-event-date em-event-meta-datetime\">\n\t\t\t\t\t<span class=\"em-icon-calendar em-icon\"><\/span>\n\t\t\t\t\t19. mayo 2026&nbsp;&nbsp;&nbsp;&nbsp;\n\t\t\t\t<\/div>\n\t\t\t\t<div class=\"em-item-meta-line em-event-time em-event-meta-datetime\">\n\t\t\t\t\t<span class=\"em-icon-clock em-icon\"><\/span>\n\t\t\t\t\t10:00 - 15:00\n\t\t\t\t<\/div>\n\t\t\t\t\n\t\t\t\t\n\t\t\t\t<div class=\"em-item-meta-line em-event-location\">\n\t\t\t\t\t<span class=\"em-icon-location em-icon\"><\/span>\n\t\t\t\t\t<a href=\"https:\/\/kulturwerkstatt-lapalma.com\/es\/locations\/kulturwerkstatt-viento-del-norte-puntagorda\/\">Kulturwerkstatt \u201eViento del Norte&quot; Puntagorda<\/a>\n\t\t\t\t<\/div>\n\t\t\t\t\n\t\t\t\t\n\t\t\t\t\n\t\t\t\t\n\t\t\t<\/div>\n\t\t\t<div class=\"em-item-desc\">\n\t\t\t\t\ud83d\udcbb Die Computersprechstunde Die Computersprechstunde, gegr\u00fcndet von Hermes, unterst\u00fctzt dich bei allen Fragen rund um die digitale Welt. Egal ob akutes Technikproblem oder \u201enur mal [...]\n\t\t\t<\/div>\n\t\t\t<div class=\"em-item-actions input\">\n\t\t\t\t<a class=\"em-item-read-more button\" href=\"https:\/\/kulturwerkstatt-lapalma.com\/es\/events\/computersprechstunde-mit-hermes\/\">M\u00e1s informaci\u00f3n<\/a>\n\t\t\t\t\n\t\t\t<\/div>\n\t\t<\/div>\n\t<\/div>\n<\/div>\t\t<\/div><!-- content -->\n\t\n\t<\/div><!-- modal -->\n<\/div>\t\t\t\t\t<div class=\"em pixelbones em-calendar-preview em-modal em-cal-event-content\" data-event-id=\"289\" data-parent=\"em-cal-events-content-1031126676\">\n\t<div class=\"em-modal-popup\">\n\t\t<header>\n\t\t\t<a class=\"em-close-modal\"><\/a><!-- close modal -->\n\t\t\t<div class=\"em-modal-title\">\n\t\t\t\t<a href=\"https:\/\/kulturwerkstatt-lapalma.com\/es\/events\/salsa-tanzen-3\/\">Salsa tanzen<\/a>\t\t\t<\/div>\n\t\t<\/header>\n\t\t<div class=\"em-modal-content\">\n\t\t\t<div class=\"em pixelbones em-calendar-preview em-list em-events-list\">\n\t<div class=\"em-event em-item\" style=\"--default-border:#a1db43;\">\n\t\t<div class=\"em-item-image \">\n\t\t\t\n\t\t\t<img src='https:\/\/kulturwerkstatt-lapalma.com\/wp-content\/uploads\/2026\/02\/Salsa-Kulturwerkstatt-scaled.jpg' alt='Salsa tanzen'\/>\n\t\t\t\n\t\t\t\n\t\t<\/div>\n\t\t<div class=\"em-item-info\">\n\t\t\t<div class=\"em-event-meta em-item-meta\">\n\t\t\t\t<div class=\"em-item-meta-line em-event-date em-event-meta-datetime\">\n\t\t\t\t\t<span class=\"em-icon-calendar em-icon\"><\/span>\n\t\t\t\t\t19. mayo 2026&nbsp;&nbsp;&nbsp;&nbsp;\n\t\t\t\t<\/div>\n\t\t\t\t<div class=\"em-item-meta-line em-event-time em-event-meta-datetime\">\n\t\t\t\t\t<span class=\"em-icon-clock em-icon\"><\/span>\n\t\t\t\t\t19:30 - 21:30\n\t\t\t\t<\/div>\n\t\t\t\t\n\t\t\t\t\n\t\t\t\t<div class=\"em-item-meta-line em-event-location\">\n\t\t\t\t\t<span class=\"em-icon-location em-icon\"><\/span>\n\t\t\t\t\t<a href=\"https:\/\/kulturwerkstatt-lapalma.com\/es\/locations\/kulturwerkstatt-viento-del-norte-puntagorda\/\">Kulturwerkstatt \u201eViento del Norte&quot; Puntagorda<\/a>\n\t\t\t\t<\/div>\n\t\t\t\t\n\t\t\t\t\n\t\t\t\t\n\t\t\t\t\n\t\t\t<\/div>\n\t\t\t<div class=\"em-item-desc\">\n\t\t\t\t\ud83d\udc83 Salsatanzen Lust auf Bewegung, Musik und gute Laune?\u00a0\ud83d\ude0a Komm gern vorbei \u2013 Vorkenntnisse erw\u00fcnscht. \ud83d\udcc5\u00a0M\u00e4rz:\u00a0dienstags, 19:00 Uhr \ud83d\udcc5\u00a0April:\u00a0sonntags, 18:00 Uhr \ud83d\udcc5\u00a0Mai:\u00a0dienstags, 19:30 Uhr \ud83d\udcde [...]\n\t\t\t<\/div>\n\t\t\t<div class=\"em-item-actions input\">\n\t\t\t\t<a class=\"em-item-read-more button\" href=\"https:\/\/kulturwerkstatt-lapalma.com\/es\/events\/salsa-tanzen-3\/\">M\u00e1s informaci\u00f3n<\/a>\n\t\t\t\t\n\t\t\t<\/div>\n\t\t<\/div>\n\t<\/div>\n<\/div>\t\t<\/div><!-- content -->\n\t\n\t<\/div><!-- modal -->\n<\/div>\t\t\t\t\t<div class=\"em pixelbones em-calendar-preview em-modal em-cal-event-content\" data-event-id=\"330\" data-parent=\"em-cal-events-content-1031126676\">\n\t<div class=\"em-modal-popup\">\n\t\t<header>\n\t\t\t<a class=\"em-close-modal\"><\/a><!-- close modal -->\n\t\t\t<div class=\"em-modal-title\">\n\t\t\t\t<a href=\"https:\/\/kulturwerkstatt-lapalma.com\/es\/events\/memorias-de-gaia-ausstellung-la-palma\/\">\ud83c\udfa8 Ausstellung \u201eMemorias de Gaia\u201c \u2013 Acr\u00edlico fluido \/ Pouring Art<\/a>\t\t\t<\/div>\n\t\t<\/header>\n\t\t<div class=\"em-modal-content\">\n\t\t\t<div class=\"em pixelbones em-calendar-preview em-list em-events-list\">\n\t<div class=\"em-event em-item\" style=\"--default-border:#80b538;\">\n\t\t<div class=\"em-item-image \">\n\t\t\t\n\t\t\t<img src='https:\/\/kulturwerkstatt-lapalma.com\/wp-content\/uploads\/2026\/04\/photo_2026-04-22_22-14-09.jpg' alt='\ud83c\udfa8 Ausstellung \u201eMemorias de Gaia\u201c \u2013 Acr\u00edlico fluido \/ Pouring Art'\/>\n\t\t\t\n\t\t\t\n\t\t<\/div>\n\t\t<div class=\"em-item-info\">\n\t\t\t<div class=\"em-event-meta em-item-meta\">\n\t\t\t\t<div class=\"em-item-meta-line em-event-date em-event-meta-datetime\">\n\t\t\t\t\t<span class=\"em-icon-calendar em-icon\"><\/span>\n\t\t\t\t\t20. mayo 2026&nbsp;&nbsp;&nbsp;&nbsp;\n\t\t\t\t<\/div>\n\t\t\t\t<div class=\"em-item-meta-line em-event-time em-event-meta-datetime\">\n\t\t\t\t\t<span class=\"em-icon-clock em-icon\"><\/span>\n\t\t\t\t\t10:00 - 13:30\n\t\t\t\t<\/div>\n\t\t\t\t\n\t\t\t\t\n\t\t\t\t<div class=\"em-item-meta-line em-event-location\">\n\t\t\t\t\t<span class=\"em-icon-location em-icon\"><\/span>\n\t\t\t\t\t<a href=\"https:\/\/kulturwerkstatt-lapalma.com\/es\/locations\/kulturwerkstatt-viento-del-norte-puntagorda\/\">Kulturwerkstatt \u201eViento del Norte&quot; Puntagorda<\/a>\n\t\t\t\t<\/div>\n\t\t\t\t\n\t\t\t\t\n\t\t\t\t\n\t\t\t\t\n\t\t\t<\/div>\n\t\t\t<div class=\"em-item-desc\">\n\t\t\t\t\ud83c\udfa8 Ausstellung \u201eMemorias de Gaia\u201c \u2013 Acr\u00edlico fluido \/ Pouring Art Mit \u201eMemorias de Gaia\u201c pr\u00e4sentiert Raphael Becker eine Ausstellung, die die lebendige Kraft der [...]\n\t\t\t<\/div>\n\t\t\t<div class=\"em-item-actions input\">\n\t\t\t\t<a class=\"em-item-read-more button\" href=\"https:\/\/kulturwerkstatt-lapalma.com\/es\/events\/memorias-de-gaia-ausstellung-la-palma\/\">M\u00e1s informaci\u00f3n<\/a>\n\t\t\t\t\n\t\t\t<\/div>\n\t\t<\/div>\n\t<\/div>\n<\/div>\t\t<\/div><!-- content -->\n\t\n\t<\/div><!-- modal -->\n<\/div>\t\t\t\t\t<div class=\"em pixelbones em-calendar-preview em-modal em-cal-event-content\" data-event-id=\"319\" data-parent=\"em-cal-events-content-1031126676\">\n\t<div class=\"em-modal-popup\">\n\t\t<header>\n\t\t\t<a class=\"em-close-modal\"><\/a><!-- close modal -->\n\t\t\t<div class=\"em-modal-title\">\n\t\t\t\t<a href=\"https:\/\/kulturwerkstatt-lapalma.com\/es\/events\/experimentelles-malen-arunya-mal-treff\/\">\ud83c\udfa8&quot;Mal-Treff&quot;  im Viento del Norte \/ Malen nach Lust und Laune! \ud83c\udfa8<\/a>\t\t\t<\/div>\n\t\t<\/header>\n\t\t<div class=\"em-modal-content\">\n\t\t\t<div class=\"em pixelbones em-calendar-preview em-list em-events-list\">\n\t<div class=\"em-event em-item\" style=\"--default-border:#d84375;\">\n\t\t<div class=\"em-item-image \">\n\t\t\t\n\t\t\t<img src='https:\/\/kulturwerkstatt-lapalma.com\/wp-content\/uploads\/2026\/01\/experimentelles-malen.jpg' alt='\ud83c\udfa8&quot;Mal-Treff&quot;  im Viento del Norte \/ Malen nach Lust und Laune! \ud83c\udfa8'\/>\n\t\t\t\n\t\t\t\n\t\t<\/div>\n\t\t<div class=\"em-item-info\">\n\t\t\t<div class=\"em-event-meta em-item-meta\">\n\t\t\t\t<div class=\"em-item-meta-line em-event-date em-event-meta-datetime\">\n\t\t\t\t\t<span class=\"em-icon-calendar em-icon\"><\/span>\n\t\t\t\t\t21. mayo 2026&nbsp;&nbsp;&nbsp;&nbsp;\n\t\t\t\t<\/div>\n\t\t\t\t<div class=\"em-item-meta-line em-event-time em-event-meta-datetime\">\n\t\t\t\t\t<span class=\"em-icon-clock em-icon\"><\/span>\n\t\t\t\t\t10:00 - 13:00\n\t\t\t\t<\/div>\n\t\t\t\t\n\t\t\t\t\n\t\t\t\t<div class=\"em-item-meta-line em-event-location\">\n\t\t\t\t\t<span class=\"em-icon-location em-icon\"><\/span>\n\t\t\t\t\t<a href=\"https:\/\/kulturwerkstatt-lapalma.com\/es\/locations\/kulturwerkstatt-viento-del-norte-puntagorda\/\">Kulturwerkstatt \u201eViento del Norte&quot; Puntagorda<\/a>\n\t\t\t\t<\/div>\n\t\t\t\t\n\t\t\t\t\n\t\t\t\t\n\t\t\t\t\n\t\t\t<\/div>\n\t\t\t<div class=\"em-item-desc\">\n\t\t\t\t\ud83c\udfa8 Experimentelles Malen mit Arunya Der \u201eMal-Treff\u201c ist f\u00fcr all diejenigen gedacht, die sich eine entspannte Nische im Alltag w\u00fcnschen, die \u201eimmer schon mal malen\u201c [...]\n\t\t\t<\/div>\n\t\t\t<div class=\"em-item-actions input\">\n\t\t\t\t<a class=\"em-item-read-more button\" href=\"https:\/\/kulturwerkstatt-lapalma.com\/es\/events\/experimentelles-malen-arunya-mal-treff\/\">M\u00e1s informaci\u00f3n<\/a>\n\t\t\t\t\n\t\t\t<\/div>\n\t\t<\/div>\n\t<\/div>\n<\/div>\t\t<\/div><!-- content -->\n\t\n\t<\/div><!-- modal -->\n<\/div>\t\t\t\t\t<div class=\"em pixelbones em-calendar-preview em-modal em-cal-event-content\" data-event-id=\"364\" data-parent=\"em-cal-events-content-1031126676\">\n\t<div class=\"em-modal-popup\">\n\t\t<header>\n\t\t\t<a class=\"em-close-modal\"><\/a><!-- close modal -->\n\t\t\t<div class=\"em-modal-title\">\n\t\t\t\t<a href=\"https:\/\/kulturwerkstatt-lapalma.com\/es\/events\/%f0%9f%92%83-biodanza-mit-bettina-rebecca\/\">\ud83d\udc83 Biodanza mit Bettina-Rebecca<\/a>\t\t\t<\/div>\n\t\t<\/header>\n\t\t<div class=\"em-modal-content\">\n\t\t\t<div class=\"em pixelbones em-calendar-preview em-list em-events-list\">\n\t<div class=\"em-event em-item\" style=\"--default-border:#ea6bea;\">\n\t\t<div class=\"em-item-image \">\n\t\t\t\n\t\t\t<img src='https:\/\/kulturwerkstatt-lapalma.com\/wp-content\/uploads\/2026\/04\/biodanca-kulturwerkstatt.jpg' alt='\ud83d\udc83 Biodanza mit Bettina-Rebecca'\/>\n\t\t\t\n\t\t\t\n\t\t<\/div>\n\t\t<div class=\"em-item-info\">\n\t\t\t<div class=\"em-event-meta em-item-meta\">\n\t\t\t\t<div class=\"em-item-meta-line em-event-date em-event-meta-datetime\">\n\t\t\t\t\t<span class=\"em-icon-calendar em-icon\"><\/span>\n\t\t\t\t\t21. mayo 2026&nbsp;&nbsp;&nbsp;&nbsp;\n\t\t\t\t<\/div>\n\t\t\t\t<div class=\"em-item-meta-line em-event-time em-event-meta-datetime\">\n\t\t\t\t\t<span class=\"em-icon-clock em-icon\"><\/span>\n\t\t\t\t\t18:00 - 20:00\n\t\t\t\t<\/div>\n\t\t\t\t\n\t\t\t\t\n\t\t\t\t<div class=\"em-item-meta-line em-event-location\">\n\t\t\t\t\t<span class=\"em-icon-location em-icon\"><\/span>\n\t\t\t\t\t<a href=\"https:\/\/kulturwerkstatt-lapalma.com\/es\/locations\/kulturwerkstatt-viento-del-norte-puntagorda\/\">Kulturwerkstatt \u201eViento del Norte&quot; Puntagorda<\/a>\n\t\t\t\t<\/div>\n\t\t\t\t\n\t\t\t\t\n\t\t\t\t\n\t\t\t\t\n\t\t\t<\/div>\n\t\t\t<div class=\"em-item-desc\">\n\t\t\t\t\ud83c\udf3a Biodanza ist ein System der menschlichen Integration und Pers\u00f6nlichkeitsentfaltung, das Musik aus aller Welt, Bewegung und Begegnungen in der Gruppe nutzt, um aus Erfahrungen [...]\n\t\t\t<\/div>\n\t\t\t<div class=\"em-item-actions input\">\n\t\t\t\t<a class=\"em-item-read-more button\" href=\"https:\/\/kulturwerkstatt-lapalma.com\/es\/events\/%f0%9f%92%83-biodanza-mit-bettina-rebecca\/\">M\u00e1s informaci\u00f3n<\/a>\n\t\t\t\t\n\t\t\t<\/div>\n\t\t<\/div>\n\t<\/div>\n<\/div>\t\t<\/div><!-- content -->\n\t\n\t<\/div><!-- modal -->\n<\/div>\t\t\t\t\t<div class=\"em pixelbones em-calendar-preview em-modal em-cal-event-content\" data-event-id=\"331\" data-parent=\"em-cal-events-content-1031126676\">\n\t<div class=\"em-modal-popup\">\n\t\t<header>\n\t\t\t<a class=\"em-close-modal\"><\/a><!-- close modal -->\n\t\t\t<div class=\"em-modal-title\">\n\t\t\t\t<a href=\"https:\/\/kulturwerkstatt-lapalma.com\/es\/events\/memorias-de-gaia-ausstellung-la-palma\/\">\ud83c\udfa8 Ausstellung \u201eMemorias de Gaia\u201c \u2013 Acr\u00edlico fluido \/ Pouring Art<\/a>\t\t\t<\/div>\n\t\t<\/header>\n\t\t<div class=\"em-modal-content\">\n\t\t\t<div class=\"em pixelbones em-calendar-preview em-list em-events-list\">\n\t<div class=\"em-event em-item\" style=\"--default-border:#80b538;\">\n\t\t<div class=\"em-item-image \">\n\t\t\t\n\t\t\t<img src='https:\/\/kulturwerkstatt-lapalma.com\/wp-content\/uploads\/2026\/04\/photo_2026-04-22_22-14-09.jpg' alt='\ud83c\udfa8 Ausstellung \u201eMemorias de Gaia\u201c \u2013 Acr\u00edlico fluido \/ Pouring Art'\/>\n\t\t\t\n\t\t\t\n\t\t<\/div>\n\t\t<div class=\"em-item-info\">\n\t\t\t<div class=\"em-event-meta em-item-meta\">\n\t\t\t\t<div class=\"em-item-meta-line em-event-date em-event-meta-datetime\">\n\t\t\t\t\t<span class=\"em-icon-calendar em-icon\"><\/span>\n\t\t\t\t\t22. mayo 2026&nbsp;&nbsp;&nbsp;&nbsp;\n\t\t\t\t<\/div>\n\t\t\t\t<div class=\"em-item-meta-line em-event-time em-event-meta-datetime\">\n\t\t\t\t\t<span class=\"em-icon-clock em-icon\"><\/span>\n\t\t\t\t\t10:00 - 13:30\n\t\t\t\t<\/div>\n\t\t\t\t\n\t\t\t\t\n\t\t\t\t<div class=\"em-item-meta-line em-event-location\">\n\t\t\t\t\t<span class=\"em-icon-location em-icon\"><\/span>\n\t\t\t\t\t<a href=\"https:\/\/kulturwerkstatt-lapalma.com\/es\/locations\/kulturwerkstatt-viento-del-norte-puntagorda\/\">Kulturwerkstatt \u201eViento del Norte&quot; Puntagorda<\/a>\n\t\t\t\t<\/div>\n\t\t\t\t\n\t\t\t\t\n\t\t\t\t\n\t\t\t\t\n\t\t\t<\/div>\n\t\t\t<div class=\"em-item-desc\">\n\t\t\t\t\ud83c\udfa8 Ausstellung \u201eMemorias de Gaia\u201c \u2013 Acr\u00edlico fluido \/ Pouring Art Mit \u201eMemorias de Gaia\u201c pr\u00e4sentiert Raphael Becker eine Ausstellung, die die lebendige Kraft der [...]\n\t\t\t<\/div>\n\t\t\t<div class=\"em-item-actions input\">\n\t\t\t\t<a class=\"em-item-read-more button\" href=\"https:\/\/kulturwerkstatt-lapalma.com\/es\/events\/memorias-de-gaia-ausstellung-la-palma\/\">M\u00e1s informaci\u00f3n<\/a>\n\t\t\t\t\n\t\t\t<\/div>\n\t\t<\/div>\n\t<\/div>\n<\/div>\t\t<\/div><!-- content -->\n\t\n\t<\/div><!-- modal -->\n<\/div>\t\t\t\t\t<div class=\"em pixelbones em-calendar-preview em-modal em-cal-event-content\" data-event-id=\"136\" data-parent=\"em-cal-events-content-1031126676\">\n\t<div class=\"em-modal-popup\">\n\t\t<header>\n\t\t\t<a class=\"em-close-modal\"><\/a><!-- close modal -->\n\t\t\t<div class=\"em-modal-title\">\n\t\t\t\t<a href=\"https:\/\/kulturwerkstatt-lapalma.com\/es\/events\/beratungen-massagen-behandlungen-von-iris\/\">Beratungen, Massagen, Behandlungen von Iris<\/a>\t\t\t<\/div>\n\t\t<\/header>\n\t\t<div class=\"em-modal-content\">\n\t\t\t<div class=\"em pixelbones em-calendar-preview em-list em-events-list\">\n\t<div class=\"em-event em-item\" style=\"--default-border:#f74cc4;\">\n\t\t<div class=\"em-item-image \">\n\t\t\t\n\t\t\t<img src='https:\/\/kulturwerkstatt-lapalma.com\/wp-content\/uploads\/2025\/12\/blossom-5356482_640.jpg' alt='Beratungen, Massagen, Behandlungen von Iris'\/>\n\t\t\t\n\t\t\t\n\t\t<\/div>\n\t\t<div class=\"em-item-info\">\n\t\t\t<div class=\"em-event-meta em-item-meta\">\n\t\t\t\t<div class=\"em-item-meta-line em-event-date em-event-meta-datetime\">\n\t\t\t\t\t<span class=\"em-icon-calendar em-icon\"><\/span>\n\t\t\t\t\t25. mayo 2026&nbsp;&nbsp;&nbsp;&nbsp;\n\t\t\t\t<\/div>\n\t\t\t\t<div class=\"em-item-meta-line em-event-time em-event-meta-datetime\">\n\t\t\t\t\t<span class=\"em-icon-clock em-icon\"><\/span>\n\t\t\t\t\t10:00 - 15:00\n\t\t\t\t<\/div>\n\t\t\t\t\n\t\t\t\t\n\t\t\t\t<div class=\"em-item-meta-line em-event-location\">\n\t\t\t\t\t<span class=\"em-icon-location em-icon\"><\/span>\n\t\t\t\t\t<a href=\"https:\/\/kulturwerkstatt-lapalma.com\/es\/locations\/kulturwerkstatt-viento-del-norte-puntagorda\/\">Kulturwerkstatt \u201eViento del Norte&quot; Puntagorda<\/a>\n\t\t\t\t<\/div>\n\t\t\t\t\n\t\t\t\t\n\t\t\t\t\n\t\t\t\t\n\t\t\t<\/div>\n\t\t\t<div class=\"em-item-desc\">\n\t\t\t\tBeratungen, Massagen, Behandlungen von Iris, Heilpraktikerin, jeweils Montag, 10-15 Uhr Kontakt: +34643635653 irisemma09@gmx.de\n\t\t\t<\/div>\n\t\t\t<div class=\"em-item-actions input\">\n\t\t\t\t<a class=\"em-item-read-more button\" href=\"https:\/\/kulturwerkstatt-lapalma.com\/es\/events\/beratungen-massagen-behandlungen-von-iris\/\">M\u00e1s informaci\u00f3n<\/a>\n\t\t\t\t\n\t\t\t<\/div>\n\t\t<\/div>\n\t<\/div>\n<\/div>\t\t<\/div><!-- content -->\n\t\n\t<\/div><!-- modal -->\n<\/div>\t\t\t\t\t<div class=\"em pixelbones em-calendar-preview em-modal em-cal-event-content\" data-event-id=\"86\" data-parent=\"em-cal-events-content-1031126676\">\n\t<div class=\"em-modal-popup\">\n\t\t<header>\n\t\t\t<a class=\"em-close-modal\"><\/a><!-- close modal -->\n\t\t\t<div class=\"em-modal-title\">\n\t\t\t\t<a href=\"https:\/\/kulturwerkstatt-lapalma.com\/es\/events\/computersprechstunde-mit-hermes\/\">\ud83d\udcbb Die Computersprechstunde mit Hermes<\/a>\t\t\t<\/div>\n\t\t<\/header>\n\t\t<div class=\"em-modal-content\">\n\t\t\t<div class=\"em pixelbones em-calendar-preview em-list em-events-list\">\n\t<div class=\"em-event em-item\" style=\"--default-border:#260e09;\">\n\t\t<div class=\"em-item-image \">\n\t\t\t\n\t\t\t<img src='https:\/\/kulturwerkstatt-lapalma.com\/wp-content\/uploads\/2025\/12\/kid-1520705_1280-1.jpg' alt='\ud83d\udcbb Die Computersprechstunde mit Hermes'\/>\n\t\t\t\n\t\t\t\n\t\t<\/div>\n\t\t<div class=\"em-item-info\">\n\t\t\t<div class=\"em-event-meta em-item-meta\">\n\t\t\t\t<div class=\"em-item-meta-line em-event-date em-event-meta-datetime\">\n\t\t\t\t\t<span class=\"em-icon-calendar em-icon\"><\/span>\n\t\t\t\t\t26. mayo 2026&nbsp;&nbsp;&nbsp;&nbsp;\n\t\t\t\t<\/div>\n\t\t\t\t<div class=\"em-item-meta-line em-event-time em-event-meta-datetime\">\n\t\t\t\t\t<span class=\"em-icon-clock em-icon\"><\/span>\n\t\t\t\t\t10:00 - 15:00\n\t\t\t\t<\/div>\n\t\t\t\t\n\t\t\t\t\n\t\t\t\t<div class=\"em-item-meta-line em-event-location\">\n\t\t\t\t\t<span class=\"em-icon-location em-icon\"><\/span>\n\t\t\t\t\t<a href=\"https:\/\/kulturwerkstatt-lapalma.com\/es\/locations\/kulturwerkstatt-viento-del-norte-puntagorda\/\">Kulturwerkstatt \u201eViento del Norte&quot; Puntagorda<\/a>\n\t\t\t\t<\/div>\n\t\t\t\t\n\t\t\t\t\n\t\t\t\t\n\t\t\t\t\n\t\t\t<\/div>\n\t\t\t<div class=\"em-item-desc\">\n\t\t\t\t\ud83d\udcbb Die Computersprechstunde Die Computersprechstunde, gegr\u00fcndet von Hermes, unterst\u00fctzt dich bei allen Fragen rund um die digitale Welt. Egal ob akutes Technikproblem oder \u201enur mal [...]\n\t\t\t<\/div>\n\t\t\t<div class=\"em-item-actions input\">\n\t\t\t\t<a class=\"em-item-read-more button\" href=\"https:\/\/kulturwerkstatt-lapalma.com\/es\/events\/computersprechstunde-mit-hermes\/\">M\u00e1s informaci\u00f3n<\/a>\n\t\t\t\t\n\t\t\t<\/div>\n\t\t<\/div>\n\t<\/div>\n<\/div>\t\t<\/div><!-- content -->\n\t\n\t<\/div><!-- modal -->\n<\/div>\t\t\t\t\t<div class=\"em pixelbones em-calendar-preview em-modal em-cal-event-content\" data-event-id=\"290\" data-parent=\"em-cal-events-content-1031126676\">\n\t<div class=\"em-modal-popup\">\n\t\t<header>\n\t\t\t<a class=\"em-close-modal\"><\/a><!-- close modal -->\n\t\t\t<div class=\"em-modal-title\">\n\t\t\t\t<a href=\"https:\/\/kulturwerkstatt-lapalma.com\/es\/events\/salsa-tanzen-3\/\">Salsa tanzen<\/a>\t\t\t<\/div>\n\t\t<\/header>\n\t\t<div class=\"em-modal-content\">\n\t\t\t<div class=\"em pixelbones em-calendar-preview em-list em-events-list\">\n\t<div class=\"em-event em-item\" style=\"--default-border:#a1db43;\">\n\t\t<div class=\"em-item-image \">\n\t\t\t\n\t\t\t<img src='https:\/\/kulturwerkstatt-lapalma.com\/wp-content\/uploads\/2026\/02\/Salsa-Kulturwerkstatt-scaled.jpg' alt='Salsa tanzen'\/>\n\t\t\t\n\t\t\t\n\t\t<\/div>\n\t\t<div class=\"em-item-info\">\n\t\t\t<div class=\"em-event-meta em-item-meta\">\n\t\t\t\t<div class=\"em-item-meta-line em-event-date em-event-meta-datetime\">\n\t\t\t\t\t<span class=\"em-icon-calendar em-icon\"><\/span>\n\t\t\t\t\t26. mayo 2026&nbsp;&nbsp;&nbsp;&nbsp;\n\t\t\t\t<\/div>\n\t\t\t\t<div class=\"em-item-meta-line em-event-time em-event-meta-datetime\">\n\t\t\t\t\t<span class=\"em-icon-clock em-icon\"><\/span>\n\t\t\t\t\t19:30 - 21:30\n\t\t\t\t<\/div>\n\t\t\t\t\n\t\t\t\t\n\t\t\t\t<div class=\"em-item-meta-line em-event-location\">\n\t\t\t\t\t<span class=\"em-icon-location em-icon\"><\/span>\n\t\t\t\t\t<a href=\"https:\/\/kulturwerkstatt-lapalma.com\/es\/locations\/kulturwerkstatt-viento-del-norte-puntagorda\/\">Kulturwerkstatt \u201eViento del Norte&quot; Puntagorda<\/a>\n\t\t\t\t<\/div>\n\t\t\t\t\n\t\t\t\t\n\t\t\t\t\n\t\t\t\t\n\t\t\t<\/div>\n\t\t\t<div class=\"em-item-desc\">\n\t\t\t\t\ud83d\udc83 Salsatanzen Lust auf Bewegung, Musik und gute Laune?\u00a0\ud83d\ude0a Komm gern vorbei \u2013 Vorkenntnisse erw\u00fcnscht. \ud83d\udcc5\u00a0M\u00e4rz:\u00a0dienstags, 19:00 Uhr \ud83d\udcc5\u00a0April:\u00a0sonntags, 18:00 Uhr \ud83d\udcc5\u00a0Mai:\u00a0dienstags, 19:30 Uhr \ud83d\udcde [...]\n\t\t\t<\/div>\n\t\t\t<div class=\"em-item-actions input\">\n\t\t\t\t<a class=\"em-item-read-more button\" href=\"https:\/\/kulturwerkstatt-lapalma.com\/es\/events\/salsa-tanzen-3\/\">M\u00e1s informaci\u00f3n<\/a>\n\t\t\t\t\n\t\t\t<\/div>\n\t\t<\/div>\n\t<\/div>\n<\/div>\t\t<\/div><!-- content -->\n\t\n\t<\/div><!-- modal -->\n<\/div>\t\t\t\t\t<div class=\"em pixelbones em-calendar-preview em-modal em-cal-event-content\" data-event-id=\"332\" data-parent=\"em-cal-events-content-1031126676\">\n\t<div class=\"em-modal-popup\">\n\t\t<header>\n\t\t\t<a class=\"em-close-modal\"><\/a><!-- close modal -->\n\t\t\t<div class=\"em-modal-title\">\n\t\t\t\t<a href=\"https:\/\/kulturwerkstatt-lapalma.com\/es\/events\/memorias-de-gaia-ausstellung-la-palma\/\">\ud83c\udfa8 Ausstellung \u201eMemorias de Gaia\u201c \u2013 Acr\u00edlico fluido \/ Pouring Art<\/a>\t\t\t<\/div>\n\t\t<\/header>\n\t\t<div class=\"em-modal-content\">\n\t\t\t<div class=\"em pixelbones em-calendar-preview em-list em-events-list\">\n\t<div class=\"em-event em-item\" style=\"--default-border:#80b538;\">\n\t\t<div class=\"em-item-image \">\n\t\t\t\n\t\t\t<img src='https:\/\/kulturwerkstatt-lapalma.com\/wp-content\/uploads\/2026\/04\/photo_2026-04-22_22-14-09.jpg' alt='\ud83c\udfa8 Ausstellung \u201eMemorias de Gaia\u201c \u2013 Acr\u00edlico fluido \/ Pouring Art'\/>\n\t\t\t\n\t\t\t\n\t\t<\/div>\n\t\t<div class=\"em-item-info\">\n\t\t\t<div class=\"em-event-meta em-item-meta\">\n\t\t\t\t<div class=\"em-item-meta-line em-event-date em-event-meta-datetime\">\n\t\t\t\t\t<span class=\"em-icon-calendar em-icon\"><\/span>\n\t\t\t\t\t27. mayo 2026&nbsp;&nbsp;&nbsp;&nbsp;\n\t\t\t\t<\/div>\n\t\t\t\t<div class=\"em-item-meta-line em-event-time em-event-meta-datetime\">\n\t\t\t\t\t<span class=\"em-icon-clock em-icon\"><\/span>\n\t\t\t\t\t10:00 - 13:30\n\t\t\t\t<\/div>\n\t\t\t\t\n\t\t\t\t\n\t\t\t\t<div class=\"em-item-meta-line em-event-location\">\n\t\t\t\t\t<span class=\"em-icon-location em-icon\"><\/span>\n\t\t\t\t\t<a href=\"https:\/\/kulturwerkstatt-lapalma.com\/es\/locations\/kulturwerkstatt-viento-del-norte-puntagorda\/\">Kulturwerkstatt \u201eViento del Norte&quot; Puntagorda<\/a>\n\t\t\t\t<\/div>\n\t\t\t\t\n\t\t\t\t\n\t\t\t\t\n\t\t\t\t\n\t\t\t<\/div>\n\t\t\t<div class=\"em-item-desc\">\n\t\t\t\t\ud83c\udfa8 Ausstellung \u201eMemorias de Gaia\u201c \u2013 Acr\u00edlico fluido \/ Pouring Art Mit \u201eMemorias de Gaia\u201c pr\u00e4sentiert Raphael Becker eine Ausstellung, die die lebendige Kraft der [...]\n\t\t\t<\/div>\n\t\t\t<div class=\"em-item-actions input\">\n\t\t\t\t<a class=\"em-item-read-more button\" href=\"https:\/\/kulturwerkstatt-lapalma.com\/es\/events\/memorias-de-gaia-ausstellung-la-palma\/\">M\u00e1s informaci\u00f3n<\/a>\n\t\t\t\t\n\t\t\t<\/div>\n\t\t<\/div>\n\t<\/div>\n<\/div>\t\t<\/div><!-- content -->\n\t\n\t<\/div><!-- modal -->\n<\/div>\t\t\t\t\t<div class=\"em pixelbones em-calendar-preview em-modal em-cal-event-content\" data-event-id=\"333\" data-parent=\"em-cal-events-content-1031126676\">\n\t<div class=\"em-modal-popup\">\n\t\t<header>\n\t\t\t<a class=\"em-close-modal\"><\/a><!-- close modal -->\n\t\t\t<div class=\"em-modal-title\">\n\t\t\t\t<a href=\"https:\/\/kulturwerkstatt-lapalma.com\/es\/events\/memorias-de-gaia-ausstellung-la-palma\/\">\ud83c\udfa8 Ausstellung \u201eMemorias de Gaia\u201c \u2013 Acr\u00edlico fluido \/ Pouring Art<\/a>\t\t\t<\/div>\n\t\t<\/header>\n\t\t<div class=\"em-modal-content\">\n\t\t\t<div class=\"em pixelbones em-calendar-preview em-list em-events-list\">\n\t<div class=\"em-event em-item\" style=\"--default-border:#80b538;\">\n\t\t<div class=\"em-item-image \">\n\t\t\t\n\t\t\t<img src='https:\/\/kulturwerkstatt-lapalma.com\/wp-content\/uploads\/2026\/04\/photo_2026-04-22_22-14-09.jpg' alt='\ud83c\udfa8 Ausstellung \u201eMemorias de Gaia\u201c \u2013 Acr\u00edlico fluido \/ Pouring Art'\/>\n\t\t\t\n\t\t\t\n\t\t<\/div>\n\t\t<div class=\"em-item-info\">\n\t\t\t<div class=\"em-event-meta em-item-meta\">\n\t\t\t\t<div class=\"em-item-meta-line em-event-date em-event-meta-datetime\">\n\t\t\t\t\t<span class=\"em-icon-calendar em-icon\"><\/span>\n\t\t\t\t\t29. mayo 2026&nbsp;&nbsp;&nbsp;&nbsp;\n\t\t\t\t<\/div>\n\t\t\t\t<div class=\"em-item-meta-line em-event-time em-event-meta-datetime\">\n\t\t\t\t\t<span class=\"em-icon-clock em-icon\"><\/span>\n\t\t\t\t\t10:00 - 13:30\n\t\t\t\t<\/div>\n\t\t\t\t\n\t\t\t\t\n\t\t\t\t<div class=\"em-item-meta-line em-event-location\">\n\t\t\t\t\t<span class=\"em-icon-location em-icon\"><\/span>\n\t\t\t\t\t<a href=\"https:\/\/kulturwerkstatt-lapalma.com\/es\/locations\/kulturwerkstatt-viento-del-norte-puntagorda\/\">Kulturwerkstatt \u201eViento del Norte&quot; Puntagorda<\/a>\n\t\t\t\t<\/div>\n\t\t\t\t\n\t\t\t\t\n\t\t\t\t\n\t\t\t\t\n\t\t\t<\/div>\n\t\t\t<div class=\"em-item-desc\">\n\t\t\t\t\ud83c\udfa8 Ausstellung \u201eMemorias de Gaia\u201c \u2013 Acr\u00edlico fluido \/ Pouring Art Mit \u201eMemorias de Gaia\u201c pr\u00e4sentiert Raphael Becker eine Ausstellung, die die lebendige Kraft der [...]\n\t\t\t<\/div>\n\t\t\t<div class=\"em-item-actions input\">\n\t\t\t\t<a class=\"em-item-read-more button\" href=\"https:\/\/kulturwerkstatt-lapalma.com\/es\/events\/memorias-de-gaia-ausstellung-la-palma\/\">M\u00e1s informaci\u00f3n<\/a>\n\t\t\t\t\n\t\t\t<\/div>\n\t\t<\/div>\n\t<\/div>\n<\/div>\t\t<\/div><!-- content -->\n\t\n\t<\/div><!-- modal -->\n<\/div>\t\t\t\t\t<div class=\"em pixelbones em-calendar-preview em-modal em-cal-event-content\" data-event-id=\"231\" data-parent=\"em-cal-events-content-1031126676\">\n\t<div class=\"em-modal-popup\">\n\t\t<header>\n\t\t\t<a class=\"em-close-modal\"><\/a><!-- close modal -->\n\t\t\t<div class=\"em-modal-title\">\n\t\t\t\t<a href=\"https:\/\/kulturwerkstatt-lapalma.com\/es\/events\/marcos-mantrasingen-2\/\">Marco's Mantrasingen<\/a>\t\t\t<\/div>\n\t\t<\/header>\n\t\t<div class=\"em-modal-content\">\n\t\t\t<div class=\"em pixelbones em-calendar-preview em-list em-events-list\">\n\t<div class=\"em-event em-item\" style=\"--default-border:#a1db43;\">\n\t\t<div class=\"em-item-image \">\n\t\t\t\n\t\t\t<img src='https:\/\/kulturwerkstatt-lapalma.com\/wp-content\/uploads\/2026\/01\/Kopie-von-Marcos-Mantrasingen.png' alt='Marco's Mantrasingen'\/>\n\t\t\t\n\t\t\t\n\t\t<\/div>\n\t\t<div class=\"em-item-info\">\n\t\t\t<div class=\"em-event-meta em-item-meta\">\n\t\t\t\t<div class=\"em-item-meta-line em-event-date em-event-meta-datetime\">\n\t\t\t\t\t<span class=\"em-icon-calendar em-icon\"><\/span>\n\t\t\t\t\t30. mayo 2026&nbsp;&nbsp;&nbsp;&nbsp;\n\t\t\t\t<\/div>\n\t\t\t\t<div class=\"em-item-meta-line em-event-time em-event-meta-datetime\">\n\t\t\t\t\t<span class=\"em-icon-clock em-icon\"><\/span>\n\t\t\t\t\t11:00 - 13:00\n\t\t\t\t<\/div>\n\t\t\t\t\n\t\t\t\t\n\t\t\t\t<div class=\"em-item-meta-line em-event-location\">\n\t\t\t\t\t<span class=\"em-icon-location em-icon\"><\/span>\n\t\t\t\t\t<a href=\"https:\/\/kulturwerkstatt-lapalma.com\/es\/locations\/kulturwerkstatt-viento-del-norte-puntagorda\/\">Kulturwerkstatt \u201eViento del Norte&quot; Puntagorda<\/a>\n\t\t\t\t<\/div>\n\t\t\t\t\n\t\t\t\t\n\t\t\t\t\n\t\t\t\t\n\t\t\t<\/div>\n\t\t\t<div class=\"em-item-desc\">\n\t\t\t\t\ud83c\udfb6 Einladung zu Marco's Mantrasingen \ud83d\uddd3\ufe0f Wann: 11:00\u201313:00 Uhr \ud83d\udd01 Regelm\u00e4\u00dfig: ab jetzt jeden letzten Samstag im Monat \ud83d\udc9b Beitrag: auf Spendenbasis \ud83d\udccd Wo: Viento [...]\n\t\t\t<\/div>\n\t\t\t<div class=\"em-item-actions input\">\n\t\t\t\t<a class=\"em-item-read-more button\" href=\"https:\/\/kulturwerkstatt-lapalma.com\/es\/events\/marcos-mantrasingen-2\/\">M\u00e1s informaci\u00f3n<\/a>\n\t\t\t\t\n\t\t\t<\/div>\n\t\t<\/div>\n\t<\/div>\n<\/div>\t\t<\/div><!-- content -->\n\t\n\t<\/div><!-- modal -->\n<\/div>\t\t\t\t\t\t\t\t\t\t<div class=\"em pixelbones em-calendar-preview em-modal em-cal-date-content\" data-calendar-date=\"1777248000\" data-parent=\"em-cal-events-content-1031126676\">\n\t<div class=\"em-modal-popup\">\n\t\t<header>\n\t\t\t<a class=\"em-close-modal\"><\/a><!-- close modal -->\n\t\t\t<div class=\"em-modal-title\">\n\t\t\t\tEventos el 27. abril 2026\t\t\t<\/div>\n\t\t<\/header>\n\t\t<div class=\"em-modal-content em pixelbones em-calendar-preview em-list-widget em-events-widget\">\n\t\t\t\t\t\t\t<div class=\"em-item em-event\" style=\"--default-border:#f74cc4;\">\n\t<div class=\"em-item-image \" style=\"max-width:150px\">\n\t\t\n\t\t<img decoding=\"async\" width=\"150\" height=\"150\" src=\"https:\/\/kulturwerkstatt-lapalma.com\/wp-content\/uploads\/2025\/12\/blossom-5356482_640-150x150.jpg\" class=\"attachment-150x150 size-150x150 wp-post-image\" alt=\"Beratungen, Massagen, Behandlungen von Iris\" \/>\n\t\t\n\t\t\n\t<\/div>\n\t<div class=\"em-item-info\">\n\t\t<div class=\"em-item-name\"><a href=\"https:\/\/kulturwerkstatt-lapalma.com\/es\/events\/beratungen-massagen-behandlungen-von-iris\/\">Beratungen, Massagen, Behandlungen von Iris<\/a><\/div>\n\t\t<div class=\"em-item-meta\">\n\t\t\t<div class=\"em-item-meta-line em-event-date em-event-meta-datetime\">\n\t\t\t\t<span class=\"em-icon em-icon-calendar\"><\/span>\n\t\t\t\t<span>27 Abr 26<\/span>\n\t\t\t<\/div>\n\t\t\t<div class=\"em-item-meta-line em-event-location em-event-meta-location\">\n\t\t\t\t<span class=\"em-icon em-icon-location\"><\/span>\n\t\t\t\t<span>Puntagorda<\/span>\n\t\t\t<\/div>\n\t\t<\/div>\n\t<\/div>\n<\/div>\t\t\t\t\t\t\t<div class=\"em-item em-event\" style=\"--default-border:#a1db43;\">\n\t<div class=\"em-item-image \" style=\"max-width:150px\">\n\t\t\n\t\t<img decoding=\"async\" width=\"150\" height=\"150\" src=\"https:\/\/kulturwerkstatt-lapalma.com\/wp-content\/uploads\/2026\/02\/dutch-615650_1280-150x150.jpg\" class=\"attachment-150x150 size-150x150 wp-post-image\" alt=\"Kreistanz mit Friedrich\" \/>\n\t\t\n\t\t\n\t<\/div>\n\t<div class=\"em-item-info\">\n\t\t<div class=\"em-item-name\"><a href=\"https:\/\/kulturwerkstatt-lapalma.com\/es\/events\/kreistanzen-auf-la-palma-montags-1930-uhr-viento-del-norte\/\">Kreistanz mit Friedrich<\/a><\/div>\n\t\t<div class=\"em-item-meta\">\n\t\t\t<div class=\"em-item-meta-line em-event-date em-event-meta-datetime\">\n\t\t\t\t<span class=\"em-icon em-icon-calendar\"><\/span>\n\t\t\t\t<span>27 Abr 26<\/span>\n\t\t\t<\/div>\n\t\t\t<div class=\"em-item-meta-line em-event-location em-event-meta-location\">\n\t\t\t\t<span class=\"em-icon em-icon-location\"><\/span>\n\t\t\t\t<span>Puntagorda<\/span>\n\t\t\t<\/div>\n\t\t<\/div>\n\t<\/div>\n<\/div>\t\t\t\t\t<\/div><!-- content -->\n\t\t\t<\/div><!-- modal -->\n<\/div>\t\t\t\t\t\t\t\t<div class=\"em pixelbones em-calendar-preview em-modal em-cal-date-content\" data-calendar-date=\"1777334400\" data-parent=\"em-cal-events-content-1031126676\">\n\t<div class=\"em-modal-popup\">\n\t\t<header>\n\t\t\t<a class=\"em-close-modal\"><\/a><!-- close modal -->\n\t\t\t<div class=\"em-modal-title\">\n\t\t\t\tEventos el 28. abril 2026\t\t\t<\/div>\n\t\t<\/header>\n\t\t<div class=\"em-modal-content em pixelbones em-calendar-preview em-list-widget em-events-widget\">\n\t\t\t\t\t\t\t<div class=\"em-item em-event\" style=\"--default-border:#260e09;\">\n\t<div class=\"em-item-image \" style=\"max-width:150px\">\n\t\t\n\t\t<img decoding=\"async\" width=\"150\" height=\"150\" src=\"https:\/\/kulturwerkstatt-lapalma.com\/wp-content\/uploads\/2025\/12\/kid-1520705_1280-1-150x150.jpg\" class=\"attachment-150x150 size-150x150 wp-post-image\" alt=\"\ud83d\udcbb Die Computersprechstunde mit Hermes\" \/>\n\t\t\n\t\t\n\t<\/div>\n\t<div class=\"em-item-info\">\n\t\t<div class=\"em-item-name\"><a href=\"https:\/\/kulturwerkstatt-lapalma.com\/es\/events\/computersprechstunde-mit-hermes\/\">\ud83d\udcbb Die Computersprechstunde mit Hermes<\/a><\/div>\n\t\t<div class=\"em-item-meta\">\n\t\t\t<div class=\"em-item-meta-line em-event-date em-event-meta-datetime\">\n\t\t\t\t<span class=\"em-icon em-icon-calendar\"><\/span>\n\t\t\t\t<span>28 Abr 26<\/span>\n\t\t\t<\/div>\n\t\t\t<div class=\"em-item-meta-line em-event-location em-event-meta-location\">\n\t\t\t\t<span class=\"em-icon em-icon-location\"><\/span>\n\t\t\t\t<span>Puntagorda<\/span>\n\t\t\t<\/div>\n\t\t<\/div>\n\t<\/div>\n<\/div>\t\t\t\t\t\t\t<div class=\"em-item em-event\" style=\"--default-border:#ea6bea;\">\n\t<div class=\"em-item-image \" style=\"max-width:150px\">\n\t\t\n\t\t<img decoding=\"async\" width=\"150\" height=\"150\" src=\"https:\/\/kulturwerkstatt-lapalma.com\/wp-content\/uploads\/2026\/02\/Salsa-Kulturwerkstatt-150x150.jpg\" class=\"attachment-150x150 size-150x150 wp-post-image\" alt=\"Salsa tanzen\" \/>\n\t\t\n\t\t\n\t<\/div>\n\t<div class=\"em-item-info\">\n\t\t<div class=\"em-item-name\"><a href=\"https:\/\/kulturwerkstatt-lapalma.com\/es\/events\/salsa-tanzen-2\/\">Salsa tanzen<\/a><\/div>\n\t\t<div class=\"em-item-meta\">\n\t\t\t<div class=\"em-item-meta-line em-event-date em-event-meta-datetime\">\n\t\t\t\t<span class=\"em-icon em-icon-calendar\"><\/span>\n\t\t\t\t<span>28 Abr 26<\/span>\n\t\t\t<\/div>\n\t\t\t<div class=\"em-item-meta-line em-event-location em-event-meta-location\">\n\t\t\t\t<span class=\"em-icon em-icon-location\"><\/span>\n\t\t\t\t<span>Puntagorda<\/span>\n\t\t\t<\/div>\n\t\t<\/div>\n\t<\/div>\n<\/div>\t\t\t\t\t<\/div><!-- content -->\n\t\t\t<\/div><!-- modal -->\n<\/div>\t\t\t\t\t\t\t\t\t\t\t\t\t\t\t\t\t\t\t\t\t\t\t<div class=\"em pixelbones em-calendar-preview em-modal em-cal-date-content\" data-calendar-date=\"1777852800\" data-parent=\"em-cal-events-content-1031126676\">\n\t<div class=\"em-modal-popup\">\n\t\t<header>\n\t\t\t<a class=\"em-close-modal\"><\/a><!-- close modal -->\n\t\t\t<div class=\"em-modal-title\">\n\t\t\t\tEventos el 4. mayo 2026\t\t\t<\/div>\n\t\t<\/header>\n\t\t<div class=\"em-modal-content em pixelbones em-calendar-preview em-list-widget em-events-widget\">\n\t\t\t\t\t\t\t<div class=\"em-item em-event\" style=\"--default-border:#f74cc4;\">\n\t<div class=\"em-item-image \" style=\"max-width:150px\">\n\t\t\n\t\t<img decoding=\"async\" width=\"150\" height=\"150\" src=\"https:\/\/kulturwerkstatt-lapalma.com\/wp-content\/uploads\/2025\/12\/blossom-5356482_640-150x150.jpg\" class=\"attachment-150x150 size-150x150 wp-post-image\" alt=\"Beratungen, Massagen, Behandlungen von Iris\" \/>\n\t\t\n\t\t\n\t<\/div>\n\t<div class=\"em-item-info\">\n\t\t<div class=\"em-item-name\"><a href=\"https:\/\/kulturwerkstatt-lapalma.com\/es\/events\/beratungen-massagen-behandlungen-von-iris\/\">Beratungen, Massagen, Behandlungen von Iris<\/a><\/div>\n\t\t<div class=\"em-item-meta\">\n\t\t\t<div class=\"em-item-meta-line em-event-date em-event-meta-datetime\">\n\t\t\t\t<span class=\"em-icon em-icon-calendar\"><\/span>\n\t\t\t\t<span>4 May 26<\/span>\n\t\t\t<\/div>\n\t\t\t<div class=\"em-item-meta-line em-event-location em-event-meta-location\">\n\t\t\t\t<span class=\"em-icon em-icon-location\"><\/span>\n\t\t\t\t<span>Puntagorda<\/span>\n\t\t\t<\/div>\n\t\t<\/div>\n\t<\/div>\n<\/div>\t\t\t\t\t<\/div><!-- content -->\n\t\t\t<\/div><!-- modal -->\n<\/div>\t\t\t\t\t\t\t\t<div class=\"em pixelbones em-calendar-preview em-modal em-cal-date-content\" data-calendar-date=\"1777939200\" data-parent=\"em-cal-events-content-1031126676\">\n\t<div class=\"em-modal-popup\">\n\t\t<header>\n\t\t\t<a class=\"em-close-modal\"><\/a><!-- close modal -->\n\t\t\t<div class=\"em-modal-title\">\n\t\t\t\tEventos el 5. mayo 2026\t\t\t<\/div>\n\t\t<\/header>\n\t\t<div class=\"em-modal-content em pixelbones em-calendar-preview em-list-widget em-events-widget\">\n\t\t\t\t\t\t\t<div class=\"em-item em-event\" style=\"--default-border:#260e09;\">\n\t<div class=\"em-item-image \" style=\"max-width:150px\">\n\t\t\n\t\t<img decoding=\"async\" width=\"150\" height=\"150\" src=\"https:\/\/kulturwerkstatt-lapalma.com\/wp-content\/uploads\/2025\/12\/kid-1520705_1280-1-150x150.jpg\" class=\"attachment-150x150 size-150x150 wp-post-image\" alt=\"\ud83d\udcbb Die Computersprechstunde mit Hermes\" \/>\n\t\t\n\t\t\n\t<\/div>\n\t<div class=\"em-item-info\">\n\t\t<div class=\"em-item-name\"><a href=\"https:\/\/kulturwerkstatt-lapalma.com\/es\/events\/computersprechstunde-mit-hermes\/\">\ud83d\udcbb Die Computersprechstunde mit Hermes<\/a><\/div>\n\t\t<div class=\"em-item-meta\">\n\t\t\t<div class=\"em-item-meta-line em-event-date em-event-meta-datetime\">\n\t\t\t\t<span class=\"em-icon em-icon-calendar\"><\/span>\n\t\t\t\t<span>5 May 26<\/span>\n\t\t\t<\/div>\n\t\t\t<div class=\"em-item-meta-line em-event-location em-event-meta-location\">\n\t\t\t\t<span class=\"em-icon em-icon-location\"><\/span>\n\t\t\t\t<span>Puntagorda<\/span>\n\t\t\t<\/div>\n\t\t<\/div>\n\t<\/div>\n<\/div>\t\t\t\t\t\t\t<div class=\"em-item em-event\" style=\"--default-border:#a1db43;\">\n\t<div class=\"em-item-image \" style=\"max-width:150px\">\n\t\t\n\t\t<img decoding=\"async\" width=\"150\" height=\"150\" src=\"https:\/\/kulturwerkstatt-lapalma.com\/wp-content\/uploads\/2026\/02\/Salsa-Kulturwerkstatt-150x150.jpg\" class=\"attachment-150x150 size-150x150 wp-post-image\" alt=\"Salsa tanzen\" \/>\n\t\t\n\t\t\n\t<\/div>\n\t<div class=\"em-item-info\">\n\t\t<div class=\"em-item-name\"><a href=\"https:\/\/kulturwerkstatt-lapalma.com\/es\/events\/salsa-tanzen-3\/\">Salsa tanzen<\/a><\/div>\n\t\t<div class=\"em-item-meta\">\n\t\t\t<div class=\"em-item-meta-line em-event-date em-event-meta-datetime\">\n\t\t\t\t<span class=\"em-icon em-icon-calendar\"><\/span>\n\t\t\t\t<span>5 May 26<\/span>\n\t\t\t<\/div>\n\t\t\t<div class=\"em-item-meta-line em-event-location em-event-meta-location\">\n\t\t\t\t<span class=\"em-icon em-icon-location\"><\/span>\n\t\t\t\t<span>Puntagorda<\/span>\n\t\t\t<\/div>\n\t\t<\/div>\n\t<\/div>\n<\/div>\t\t\t\t\t<\/div><!-- content -->\n\t\t\t<\/div><!-- modal -->\n<\/div>\t\t\t\t\t\t\t\t\t\t\t<div class=\"em pixelbones em-calendar-preview em-modal em-cal-date-content\" data-calendar-date=\"1778112000\" data-parent=\"em-cal-events-content-1031126676\">\n\t<div class=\"em-modal-popup\">\n\t\t<header>\n\t\t\t<a class=\"em-close-modal\"><\/a><!-- close modal -->\n\t\t\t<div class=\"em-modal-title\">\n\t\t\t\tEventos el 7. mayo 2026\t\t\t<\/div>\n\t\t<\/header>\n\t\t<div class=\"em-modal-content em pixelbones em-calendar-preview em-list-widget em-events-widget\">\n\t\t\t\t\t\t\t<div class=\"em-item em-event\" style=\"--default-border:#d84375;\">\n\t<div class=\"em-item-image \" style=\"max-width:150px\">\n\t\t\n\t\t<img decoding=\"async\" width=\"150\" height=\"150\" src=\"https:\/\/kulturwerkstatt-lapalma.com\/wp-content\/uploads\/2026\/01\/experimentelles-malen-150x150.jpg\" class=\"attachment-150x150 size-150x150 wp-post-image\" alt=\"\ud83c\udfa8&quot;Mal-Treff&quot;  im Viento del Norte \/ Malen nach Lust und Laune! \ud83c\udfa8\" \/>\n\t\t\n\t\t\n\t<\/div>\n\t<div class=\"em-item-info\">\n\t\t<div class=\"em-item-name\"><a href=\"https:\/\/kulturwerkstatt-lapalma.com\/es\/events\/experimentelles-malen-arunya-mal-treff\/\">\ud83c\udfa8&quot;Mal-Treff&quot;  im Viento del Norte \/ Malen nach Lust und Laune! \ud83c\udfa8<\/a><\/div>\n\t\t<div class=\"em-item-meta\">\n\t\t\t<div class=\"em-item-meta-line em-event-date em-event-meta-datetime\">\n\t\t\t\t<span class=\"em-icon em-icon-calendar\"><\/span>\n\t\t\t\t<span>7 May 26<\/span>\n\t\t\t<\/div>\n\t\t\t<div class=\"em-item-meta-line em-event-location em-event-meta-location\">\n\t\t\t\t<span class=\"em-icon em-icon-location\"><\/span>\n\t\t\t\t<span>Puntagorda<\/span>\n\t\t\t<\/div>\n\t\t<\/div>\n\t<\/div>\n<\/div>\t\t\t\t\t\t\t<div class=\"em-item em-event\" style=\"--default-border:#ea6bea;\">\n\t<div class=\"em-item-image \" style=\"max-width:150px\">\n\t\t\n\t\t<img decoding=\"async\" width=\"150\" height=\"150\" src=\"https:\/\/kulturwerkstatt-lapalma.com\/wp-content\/uploads\/2026\/04\/biodanca-kulturwerkstatt-150x150.jpg\" class=\"attachment-150x150 size-150x150 wp-post-image\" alt=\"\ud83d\udc83 Biodanza mit Bettina-Rebecca\" \/>\n\t\t\n\t\t\n\t<\/div>\n\t<div class=\"em-item-info\">\n\t\t<div class=\"em-item-name\"><a href=\"https:\/\/kulturwerkstatt-lapalma.com\/es\/events\/biodanza-mit-bettina-rebecca-2\/\">\ud83d\udc83 Biodanza mit Bettina-Rebecca<\/a><\/div>\n\t\t<div class=\"em-item-meta\">\n\t\t\t<div class=\"em-item-meta-line em-event-date em-event-meta-datetime\">\n\t\t\t\t<span class=\"em-icon em-icon-calendar\"><\/span>\n\t\t\t\t<span>7 May 26<\/span>\n\t\t\t<\/div>\n\t\t\t<div class=\"em-item-meta-line em-event-location em-event-meta-location\">\n\t\t\t\t<span class=\"em-icon em-icon-location\"><\/span>\n\t\t\t\t<span>Puntagorda<\/span>\n\t\t\t<\/div>\n\t\t<\/div>\n\t<\/div>\n<\/div>\t\t\t\t\t<\/div><!-- content -->\n\t\t\t<\/div><!-- modal -->\n<\/div>\t\t\t\t\t\t\t\t<div class=\"em pixelbones em-calendar-preview em-modal em-cal-date-content\" data-calendar-date=\"1778198400\" data-parent=\"em-cal-events-content-1031126676\">\n\t<div class=\"em-modal-popup\">\n\t\t<header>\n\t\t\t<a class=\"em-close-modal\"><\/a><!-- close modal -->\n\t\t\t<div class=\"em-modal-title\">\n\t\t\t\tEventos el 8. mayo 2026\t\t\t<\/div>\n\t\t<\/header>\n\t\t<div class=\"em-modal-content em pixelbones em-calendar-preview em-list-widget em-events-widget\">\n\t\t\t\t\t\t\t<div class=\"em-item em-event\" style=\"--default-border:#ba3968;\">\n\t<div class=\"em-item-image \" style=\"max-width:150px\">\n\t\t\n\t\t<img decoding=\"async\" width=\"106\" height=\"150\" src=\"https:\/\/kulturwerkstatt-lapalma.com\/wp-content\/uploads\/2026\/03\/Flyer-Marion-Engel-A4-pdf.jpg\" class=\"attachment-150x150 size-150x150 wp-post-image\" alt=\"\ud83d\udc7c \u201eMein Engel und Ich\u201c \u2013 Vortrag von Marion Selzer\" \/>\n\t\t\n\t\t\n\t<\/div>\n\t<div class=\"em-item-info\">\n\t\t<div class=\"em-item-name\"><a href=\"https:\/\/kulturwerkstatt-lapalma.com\/es\/events\/mein-engel-und-ich-vortrag-la-palma\/\">\ud83d\udc7c \u201eMein Engel und Ich\u201c \u2013 Vortrag von Marion Selzer<\/a><\/div>\n\t\t<div class=\"em-item-meta\">\n\t\t\t<div class=\"em-item-meta-line em-event-date em-event-meta-datetime\">\n\t\t\t\t<span class=\"em-icon em-icon-calendar\"><\/span>\n\t\t\t\t<span>8 May 26<\/span>\n\t\t\t<\/div>\n\t\t\t<div class=\"em-item-meta-line em-event-location em-event-meta-location\">\n\t\t\t\t<span class=\"em-icon em-icon-location\"><\/span>\n\t\t\t\t<span><\/span>\n\t\t\t<\/div>\n\t\t<\/div>\n\t<\/div>\n<\/div>\t\t\t\t\t<\/div><!-- content -->\n\t\t\t<\/div><!-- modal -->\n<\/div>\t\t\t\t\t\t\t\t<div class=\"em pixelbones em-calendar-preview em-modal em-cal-date-content\" data-calendar-date=\"1778284800\" data-parent=\"em-cal-events-content-1031126676\">\n\t<div class=\"em-modal-popup\">\n\t\t<header>\n\t\t\t<a class=\"em-close-modal\"><\/a><!-- close modal -->\n\t\t\t<div class=\"em-modal-title\">\n\t\t\t\tEventos el 9. mayo 2026\t\t\t<\/div>\n\t\t<\/header>\n\t\t<div class=\"em-modal-content em pixelbones em-calendar-preview em-list-widget em-events-widget\">\n\t\t\t\t\t\t\t<div class=\"em-item em-event\" style=\"--default-border:#80b538;\">\n\t<div class=\"em-item-image \" style=\"max-width:150px\">\n\t\t\n\t\t<img decoding=\"async\" width=\"150\" height=\"150\" src=\"https:\/\/kulturwerkstatt-lapalma.com\/wp-content\/uploads\/2026\/04\/IMG-20260426-WA0009-150x150.jpg\" class=\"attachment-150x150 size-150x150 wp-post-image\" alt=\"\ud83c\udfb6 Kalish Swing \u2013 Musik f\u00fcr die Herzen\" \/>\n\t\t\n\t\t\n\t<\/div>\n\t<div class=\"em-item-info\">\n\t\t<div class=\"em-item-name\"><a href=\"https:\/\/kulturwerkstatt-lapalma.com\/es\/events\/giulia-kalish-konzert-la-palma\/\">\ud83c\udfb6 Kalish Swing \u2013 Musik f\u00fcr die Herzen<\/a><\/div>\n\t\t<div class=\"em-item-meta\">\n\t\t\t<div class=\"em-item-meta-line em-event-date em-event-meta-datetime\">\n\t\t\t\t<span class=\"em-icon em-icon-calendar\"><\/span>\n\t\t\t\t<span>9 May 26<\/span>\n\t\t\t<\/div>\n\t\t\t<div class=\"em-item-meta-line em-event-location em-event-meta-location\">\n\t\t\t\t<span class=\"em-icon em-icon-location\"><\/span>\n\t\t\t\t<span>Puntagorda<\/span>\n\t\t\t<\/div>\n\t\t<\/div>\n\t<\/div>\n<\/div>\t\t\t\t\t<\/div><!-- content -->\n\t\t\t<\/div><!-- modal -->\n<\/div>\t\t\t\t\t\t\t\t\t\t\t<div class=\"em pixelbones em-calendar-preview em-modal em-cal-date-content\" data-calendar-date=\"1778457600\" data-parent=\"em-cal-events-content-1031126676\">\n\t<div class=\"em-modal-popup\">\n\t\t<header>\n\t\t\t<a class=\"em-close-modal\"><\/a><!-- close modal -->\n\t\t\t<div class=\"em-modal-title\">\n\t\t\t\tEventos el 11. mayo 2026\t\t\t<\/div>\n\t\t<\/header>\n\t\t<div class=\"em-modal-content em pixelbones em-calendar-preview em-list-widget em-events-widget\">\n\t\t\t\t\t\t\t<div class=\"em-item em-event\" style=\"--default-border:#f74cc4;\">\n\t<div class=\"em-item-image \" style=\"max-width:150px\">\n\t\t\n\t\t<img decoding=\"async\" width=\"150\" height=\"150\" src=\"https:\/\/kulturwerkstatt-lapalma.com\/wp-content\/uploads\/2025\/12\/blossom-5356482_640-150x150.jpg\" class=\"attachment-150x150 size-150x150 wp-post-image\" alt=\"Beratungen, Massagen, Behandlungen von Iris\" \/>\n\t\t\n\t\t\n\t<\/div>\n\t<div class=\"em-item-info\">\n\t\t<div class=\"em-item-name\"><a href=\"https:\/\/kulturwerkstatt-lapalma.com\/es\/events\/beratungen-massagen-behandlungen-von-iris\/\">Beratungen, Massagen, Behandlungen von Iris<\/a><\/div>\n\t\t<div class=\"em-item-meta\">\n\t\t\t<div class=\"em-item-meta-line em-event-date em-event-meta-datetime\">\n\t\t\t\t<span class=\"em-icon em-icon-calendar\"><\/span>\n\t\t\t\t<span>11 May 26<\/span>\n\t\t\t<\/div>\n\t\t\t<div class=\"em-item-meta-line em-event-location em-event-meta-location\">\n\t\t\t\t<span class=\"em-icon em-icon-location\"><\/span>\n\t\t\t\t<span>Puntagorda<\/span>\n\t\t\t<\/div>\n\t\t<\/div>\n\t<\/div>\n<\/div>\t\t\t\t\t<\/div><!-- content -->\n\t\t\t<\/div><!-- modal -->\n<\/div>\t\t\t\t\t\t\t\t<div class=\"em pixelbones em-calendar-preview em-modal em-cal-date-content\" data-calendar-date=\"1778544000\" data-parent=\"em-cal-events-content-1031126676\">\n\t<div class=\"em-modal-popup\">\n\t\t<header>\n\t\t\t<a class=\"em-close-modal\"><\/a><!-- close modal -->\n\t\t\t<div class=\"em-modal-title\">\n\t\t\t\tEventos el 12. mayo 2026\t\t\t<\/div>\n\t\t<\/header>\n\t\t<div class=\"em-modal-content em pixelbones em-calendar-preview em-list-widget em-events-widget\">\n\t\t\t\t\t\t\t<div class=\"em-item em-event\" style=\"--default-border:#260e09;\">\n\t<div class=\"em-item-image \" style=\"max-width:150px\">\n\t\t\n\t\t<img decoding=\"async\" width=\"150\" height=\"150\" src=\"https:\/\/kulturwerkstatt-lapalma.com\/wp-content\/uploads\/2025\/12\/kid-1520705_1280-1-150x150.jpg\" class=\"attachment-150x150 size-150x150 wp-post-image\" alt=\"\ud83d\udcbb Die Computersprechstunde mit Hermes\" \/>\n\t\t\n\t\t\n\t<\/div>\n\t<div class=\"em-item-info\">\n\t\t<div class=\"em-item-name\"><a href=\"https:\/\/kulturwerkstatt-lapalma.com\/es\/events\/computersprechstunde-mit-hermes\/\">\ud83d\udcbb Die Computersprechstunde mit Hermes<\/a><\/div>\n\t\t<div class=\"em-item-meta\">\n\t\t\t<div class=\"em-item-meta-line em-event-date em-event-meta-datetime\">\n\t\t\t\t<span class=\"em-icon em-icon-calendar\"><\/span>\n\t\t\t\t<span>12 May 26<\/span>\n\t\t\t<\/div>\n\t\t\t<div class=\"em-item-meta-line em-event-location em-event-meta-location\">\n\t\t\t\t<span class=\"em-icon em-icon-location\"><\/span>\n\t\t\t\t<span>Puntagorda<\/span>\n\t\t\t<\/div>\n\t\t<\/div>\n\t<\/div>\n<\/div>\t\t\t\t\t\t\t<div class=\"em-item em-event\" style=\"--default-border:#a1db43;\">\n\t<div class=\"em-item-image \" style=\"max-width:150px\">\n\t\t\n\t\t<img decoding=\"async\" width=\"150\" height=\"150\" src=\"https:\/\/kulturwerkstatt-lapalma.com\/wp-content\/uploads\/2026\/02\/Salsa-Kulturwerkstatt-150x150.jpg\" class=\"attachment-150x150 size-150x150 wp-post-image\" alt=\"Salsa tanzen\" \/>\n\t\t\n\t\t\n\t<\/div>\n\t<div class=\"em-item-info\">\n\t\t<div class=\"em-item-name\"><a href=\"https:\/\/kulturwerkstatt-lapalma.com\/es\/events\/salsa-tanzen-3\/\">Salsa tanzen<\/a><\/div>\n\t\t<div class=\"em-item-meta\">\n\t\t\t<div class=\"em-item-meta-line em-event-date em-event-meta-datetime\">\n\t\t\t\t<span class=\"em-icon em-icon-calendar\"><\/span>\n\t\t\t\t<span>12 May 26<\/span>\n\t\t\t<\/div>\n\t\t\t<div class=\"em-item-meta-line em-event-location em-event-meta-location\">\n\t\t\t\t<span class=\"em-icon em-icon-location\"><\/span>\n\t\t\t\t<span>Puntagorda<\/span>\n\t\t\t<\/div>\n\t\t<\/div>\n\t<\/div>\n<\/div>\t\t\t\t\t<\/div><!-- content -->\n\t\t\t<\/div><!-- modal -->\n<\/div>\t\t\t\t\t\t\t\t<div class=\"em pixelbones em-calendar-preview em-modal em-cal-date-content\" data-calendar-date=\"1778630400\" data-parent=\"em-cal-events-content-1031126676\">\n\t<div class=\"em-modal-popup\">\n\t\t<header>\n\t\t\t<a class=\"em-close-modal\"><\/a><!-- close modal -->\n\t\t\t<div class=\"em-modal-title\">\n\t\t\t\tEventos el 13. mayo 2026\t\t\t<\/div>\n\t\t<\/header>\n\t\t<div class=\"em-modal-content em pixelbones em-calendar-preview em-list-widget em-events-widget\">\n\t\t\t\t\t\t\t<div class=\"em-item em-event\" style=\"--default-border:#80b538;\">\n\t<div class=\"em-item-image \" style=\"max-width:150px\">\n\t\t\n\t\t<img decoding=\"async\" width=\"150\" height=\"150\" src=\"https:\/\/kulturwerkstatt-lapalma.com\/wp-content\/uploads\/2026\/04\/photo_2026-04-22_22-14-09-150x150.jpg\" class=\"attachment-150x150 size-150x150 wp-post-image\" alt=\"\ud83c\udfa8 Ausstellung \u201eMemorias de Gaia\u201c \u2013 Acr\u00edlico fluido \/ Pouring Art\" \/>\n\t\t\n\t\t\n\t<\/div>\n\t<div class=\"em-item-info\">\n\t\t<div class=\"em-item-name\"><a href=\"https:\/\/kulturwerkstatt-lapalma.com\/es\/events\/memorias-de-gaia-ausstellung-la-palma\/\">\ud83c\udfa8 Ausstellung \u201eMemorias de Gaia\u201c \u2013 Acr\u00edlico fluido \/ Pouring Art<\/a><\/div>\n\t\t<div class=\"em-item-meta\">\n\t\t\t<div class=\"em-item-meta-line em-event-date em-event-meta-datetime\">\n\t\t\t\t<span class=\"em-icon em-icon-calendar\"><\/span>\n\t\t\t\t<span>13 May 26<\/span>\n\t\t\t<\/div>\n\t\t\t<div class=\"em-item-meta-line em-event-location em-event-meta-location\">\n\t\t\t\t<span class=\"em-icon em-icon-location\"><\/span>\n\t\t\t\t<span>Puntagorda<\/span>\n\t\t\t<\/div>\n\t\t<\/div>\n\t<\/div>\n<\/div>\t\t\t\t\t<\/div><!-- content -->\n\t\t\t<\/div><!-- modal -->\n<\/div>\t\t\t\t\t\t\t\t\t\t\t<div class=\"em pixelbones em-calendar-preview em-modal em-cal-date-content\" data-calendar-date=\"1778803200\" data-parent=\"em-cal-events-content-1031126676\">\n\t<div class=\"em-modal-popup\">\n\t\t<header>\n\t\t\t<a class=\"em-close-modal\"><\/a><!-- close modal -->\n\t\t\t<div class=\"em-modal-title\">\n\t\t\t\tEventos el 15. mayo 2026\t\t\t<\/div>\n\t\t<\/header>\n\t\t<div class=\"em-modal-content em pixelbones em-calendar-preview em-list-widget em-events-widget\">\n\t\t\t\t\t\t\t<div class=\"em-item em-event\" style=\"--default-border:#80b538;\">\n\t<div class=\"em-item-image \" style=\"max-width:150px\">\n\t\t\n\t\t<img decoding=\"async\" width=\"150\" height=\"150\" src=\"https:\/\/kulturwerkstatt-lapalma.com\/wp-content\/uploads\/2026\/04\/photo_2026-04-22_22-14-09-150x150.jpg\" class=\"attachment-150x150 size-150x150 wp-post-image\" alt=\"\ud83c\udfa8 Ausstellung \u201eMemorias de Gaia\u201c \u2013 Acr\u00edlico fluido \/ Pouring Art\" \/>\n\t\t\n\t\t\n\t<\/div>\n\t<div class=\"em-item-info\">\n\t\t<div class=\"em-item-name\"><a href=\"https:\/\/kulturwerkstatt-lapalma.com\/es\/events\/memorias-de-gaia-ausstellung-la-palma\/\">\ud83c\udfa8 Ausstellung \u201eMemorias de Gaia\u201c \u2013 Acr\u00edlico fluido \/ Pouring Art<\/a><\/div>\n\t\t<div class=\"em-item-meta\">\n\t\t\t<div class=\"em-item-meta-line em-event-date em-event-meta-datetime\">\n\t\t\t\t<span class=\"em-icon em-icon-calendar\"><\/span>\n\t\t\t\t<span>15 May 26<\/span>\n\t\t\t<\/div>\n\t\t\t<div class=\"em-item-meta-line em-event-location em-event-meta-location\">\n\t\t\t\t<span class=\"em-icon em-icon-location\"><\/span>\n\t\t\t\t<span>Puntagorda<\/span>\n\t\t\t<\/div>\n\t\t<\/div>\n\t<\/div>\n<\/div>\t\t\t\t\t<\/div><!-- content -->\n\t\t\t<\/div><!-- modal -->\n<\/div>\t\t\t\t\t\t\t\t<div class=\"em pixelbones em-calendar-preview em-modal em-cal-date-content\" data-calendar-date=\"1778889600\" data-parent=\"em-cal-events-content-1031126676\">\n\t<div class=\"em-modal-popup\">\n\t\t<header>\n\t\t\t<a class=\"em-close-modal\"><\/a><!-- close modal -->\n\t\t\t<div class=\"em-modal-title\">\n\t\t\t\tEventos el 16. mayo 2026\t\t\t<\/div>\n\t\t<\/header>\n\t\t<div class=\"em-modal-content em pixelbones em-calendar-preview em-list-widget em-events-widget\">\n\t\t\t\t\t\t\t<div class=\"em-item em-event\" style=\"--default-border:#80b538;\">\n\t<div class=\"em-item-image \" style=\"max-width:150px\">\n\t\t\n\t\t<img decoding=\"async\" width=\"150\" height=\"150\" src=\"https:\/\/kulturwerkstatt-lapalma.com\/wp-content\/uploads\/2026\/05\/Victor-Carillo-Cary-Varona-150x150.jpg\" class=\"attachment-150x150 size-150x150 wp-post-image\" alt=\"\ud83c\udfb6 Victor Carillo &amp; Cary Varona &amp; Special Guest Ananda\" \/>\n\t\t\n\t\t\n\t<\/div>\n\t<div class=\"em-item-info\">\n\t\t<div class=\"em-item-name\"><a href=\"https:\/\/kulturwerkstatt-lapalma.com\/es\/events\/victor-carillo-cary-varona-konzert-la-palma\/\">\ud83c\udfb6 Victor Carillo &amp; Cary Varona &amp; Special Guest Ananda<\/a><\/div>\n\t\t<div class=\"em-item-meta\">\n\t\t\t<div class=\"em-item-meta-line em-event-date em-event-meta-datetime\">\n\t\t\t\t<span class=\"em-icon em-icon-calendar\"><\/span>\n\t\t\t\t<span>16 May 26<\/span>\n\t\t\t<\/div>\n\t\t\t<div class=\"em-item-meta-line em-event-location em-event-meta-location\">\n\t\t\t\t<span class=\"em-icon em-icon-location\"><\/span>\n\t\t\t\t<span>Puntagorda<\/span>\n\t\t\t<\/div>\n\t\t<\/div>\n\t<\/div>\n<\/div>\t\t\t\t\t<\/div><!-- content -->\n\t\t\t<\/div><!-- modal -->\n<\/div>\t\t\t\t\t\t\t\t\t\t\t<div class=\"em pixelbones em-calendar-preview em-modal em-cal-date-content\" data-calendar-date=\"1779062400\" data-parent=\"em-cal-events-content-1031126676\">\n\t<div class=\"em-modal-popup\">\n\t\t<header>\n\t\t\t<a class=\"em-close-modal\"><\/a><!-- close modal -->\n\t\t\t<div class=\"em-modal-title\">\n\t\t\t\tEventos el 18. mayo 2026\t\t\t<\/div>\n\t\t<\/header>\n\t\t<div class=\"em-modal-content em pixelbones em-calendar-preview em-list-widget em-events-widget\">\n\t\t\t\t\t\t\t<div class=\"em-item em-event\" style=\"--default-border:#f74cc4;\">\n\t<div class=\"em-item-image \" style=\"max-width:150px\">\n\t\t\n\t\t<img decoding=\"async\" width=\"150\" height=\"150\" src=\"https:\/\/kulturwerkstatt-lapalma.com\/wp-content\/uploads\/2025\/12\/blossom-5356482_640-150x150.jpg\" class=\"attachment-150x150 size-150x150 wp-post-image\" alt=\"Beratungen, Massagen, Behandlungen von Iris\" \/>\n\t\t\n\t\t\n\t<\/div>\n\t<div class=\"em-item-info\">\n\t\t<div class=\"em-item-name\"><a href=\"https:\/\/kulturwerkstatt-lapalma.com\/es\/events\/beratungen-massagen-behandlungen-von-iris\/\">Beratungen, Massagen, Behandlungen von Iris<\/a><\/div>\n\t\t<div class=\"em-item-meta\">\n\t\t\t<div class=\"em-item-meta-line em-event-date em-event-meta-datetime\">\n\t\t\t\t<span class=\"em-icon em-icon-calendar\"><\/span>\n\t\t\t\t<span>18 May 26<\/span>\n\t\t\t<\/div>\n\t\t\t<div class=\"em-item-meta-line em-event-location em-event-meta-location\">\n\t\t\t\t<span class=\"em-icon em-icon-location\"><\/span>\n\t\t\t\t<span>Puntagorda<\/span>\n\t\t\t<\/div>\n\t\t<\/div>\n\t<\/div>\n<\/div>\t\t\t\t\t<\/div><!-- content -->\n\t\t\t<\/div><!-- modal -->\n<\/div>\t\t\t\t\t\t\t\t<div class=\"em pixelbones em-calendar-preview em-modal em-cal-date-content\" data-calendar-date=\"1779148800\" data-parent=\"em-cal-events-content-1031126676\">\n\t<div class=\"em-modal-popup\">\n\t\t<header>\n\t\t\t<a class=\"em-close-modal\"><\/a><!-- close modal -->\n\t\t\t<div class=\"em-modal-title\">\n\t\t\t\tEventos el 19. mayo 2026\t\t\t<\/div>\n\t\t<\/header>\n\t\t<div class=\"em-modal-content em pixelbones em-calendar-preview em-list-widget em-events-widget\">\n\t\t\t\t\t\t\t<div class=\"em-item em-event\" style=\"--default-border:#260e09;\">\n\t<div class=\"em-item-image \" style=\"max-width:150px\">\n\t\t\n\t\t<img decoding=\"async\" width=\"150\" height=\"150\" src=\"https:\/\/kulturwerkstatt-lapalma.com\/wp-content\/uploads\/2025\/12\/kid-1520705_1280-1-150x150.jpg\" class=\"attachment-150x150 size-150x150 wp-post-image\" alt=\"\ud83d\udcbb Die Computersprechstunde mit Hermes\" \/>\n\t\t\n\t\t\n\t<\/div>\n\t<div class=\"em-item-info\">\n\t\t<div class=\"em-item-name\"><a href=\"https:\/\/kulturwerkstatt-lapalma.com\/es\/events\/computersprechstunde-mit-hermes\/\">\ud83d\udcbb Die Computersprechstunde mit Hermes<\/a><\/div>\n\t\t<div class=\"em-item-meta\">\n\t\t\t<div class=\"em-item-meta-line em-event-date em-event-meta-datetime\">\n\t\t\t\t<span class=\"em-icon em-icon-calendar\"><\/span>\n\t\t\t\t<span>19 May 26<\/span>\n\t\t\t<\/div>\n\t\t\t<div class=\"em-item-meta-line em-event-location em-event-meta-location\">\n\t\t\t\t<span class=\"em-icon em-icon-location\"><\/span>\n\t\t\t\t<span>Puntagorda<\/span>\n\t\t\t<\/div>\n\t\t<\/div>\n\t<\/div>\n<\/div>\t\t\t\t\t\t\t<div class=\"em-item em-event\" style=\"--default-border:#a1db43;\">\n\t<div class=\"em-item-image \" style=\"max-width:150px\">\n\t\t\n\t\t<img decoding=\"async\" width=\"150\" height=\"150\" src=\"https:\/\/kulturwerkstatt-lapalma.com\/wp-content\/uploads\/2026\/02\/Salsa-Kulturwerkstatt-150x150.jpg\" class=\"attachment-150x150 size-150x150 wp-post-image\" alt=\"Salsa tanzen\" \/>\n\t\t\n\t\t\n\t<\/div>\n\t<div class=\"em-item-info\">\n\t\t<div class=\"em-item-name\"><a href=\"https:\/\/kulturwerkstatt-lapalma.com\/es\/events\/salsa-tanzen-3\/\">Salsa tanzen<\/a><\/div>\n\t\t<div class=\"em-item-meta\">\n\t\t\t<div class=\"em-item-meta-line em-event-date em-event-meta-datetime\">\n\t\t\t\t<span class=\"em-icon em-icon-calendar\"><\/span>\n\t\t\t\t<span>19 May 26<\/span>\n\t\t\t<\/div>\n\t\t\t<div class=\"em-item-meta-line em-event-location em-event-meta-location\">\n\t\t\t\t<span class=\"em-icon em-icon-location\"><\/span>\n\t\t\t\t<span>Puntagorda<\/span>\n\t\t\t<\/div>\n\t\t<\/div>\n\t<\/div>\n<\/div>\t\t\t\t\t<\/div><!-- content -->\n\t\t\t<\/div><!-- modal -->\n<\/div>\t\t\t\t\t\t\t\t<div class=\"em pixelbones em-calendar-preview em-modal em-cal-date-content\" data-calendar-date=\"1779235200\" data-parent=\"em-cal-events-content-1031126676\">\n\t<div class=\"em-modal-popup\">\n\t\t<header>\n\t\t\t<a class=\"em-close-modal\"><\/a><!-- close modal -->\n\t\t\t<div class=\"em-modal-title\">\n\t\t\t\tEventos el 20. mayo 2026\t\t\t<\/div>\n\t\t<\/header>\n\t\t<div class=\"em-modal-content em pixelbones em-calendar-preview em-list-widget em-events-widget\">\n\t\t\t\t\t\t\t<div class=\"em-item em-event\" style=\"--default-border:#80b538;\">\n\t<div class=\"em-item-image \" style=\"max-width:150px\">\n\t\t\n\t\t<img decoding=\"async\" width=\"150\" height=\"150\" src=\"https:\/\/kulturwerkstatt-lapalma.com\/wp-content\/uploads\/2026\/04\/photo_2026-04-22_22-14-09-150x150.jpg\" class=\"attachment-150x150 size-150x150 wp-post-image\" alt=\"\ud83c\udfa8 Ausstellung \u201eMemorias de Gaia\u201c \u2013 Acr\u00edlico fluido \/ Pouring Art\" \/>\n\t\t\n\t\t\n\t<\/div>\n\t<div class=\"em-item-info\">\n\t\t<div class=\"em-item-name\"><a href=\"https:\/\/kulturwerkstatt-lapalma.com\/es\/events\/memorias-de-gaia-ausstellung-la-palma\/\">\ud83c\udfa8 Ausstellung \u201eMemorias de Gaia\u201c \u2013 Acr\u00edlico fluido \/ Pouring Art<\/a><\/div>\n\t\t<div class=\"em-item-meta\">\n\t\t\t<div class=\"em-item-meta-line em-event-date em-event-meta-datetime\">\n\t\t\t\t<span class=\"em-icon em-icon-calendar\"><\/span>\n\t\t\t\t<span>20 May 26<\/span>\n\t\t\t<\/div>\n\t\t\t<div class=\"em-item-meta-line em-event-location em-event-meta-location\">\n\t\t\t\t<span class=\"em-icon em-icon-location\"><\/span>\n\t\t\t\t<span>Puntagorda<\/span>\n\t\t\t<\/div>\n\t\t<\/div>\n\t<\/div>\n<\/div>\t\t\t\t\t<\/div><!-- content -->\n\t\t\t<\/div><!-- modal -->\n<\/div>\t\t\t\t\t\t\t\t<div class=\"em pixelbones em-calendar-preview em-modal em-cal-date-content\" data-calendar-date=\"1779321600\" data-parent=\"em-cal-events-content-1031126676\">\n\t<div class=\"em-modal-popup\">\n\t\t<header>\n\t\t\t<a class=\"em-close-modal\"><\/a><!-- close modal -->\n\t\t\t<div class=\"em-modal-title\">\n\t\t\t\tEventos el 21. mayo 2026\t\t\t<\/div>\n\t\t<\/header>\n\t\t<div class=\"em-modal-content em pixelbones em-calendar-preview em-list-widget em-events-widget\">\n\t\t\t\t\t\t\t<div class=\"em-item em-event\" style=\"--default-border:#d84375;\">\n\t<div class=\"em-item-image \" style=\"max-width:150px\">\n\t\t\n\t\t<img decoding=\"async\" width=\"150\" height=\"150\" src=\"https:\/\/kulturwerkstatt-lapalma.com\/wp-content\/uploads\/2026\/01\/experimentelles-malen-150x150.jpg\" class=\"attachment-150x150 size-150x150 wp-post-image\" alt=\"\ud83c\udfa8&quot;Mal-Treff&quot;  im Viento del Norte \/ Malen nach Lust und Laune! \ud83c\udfa8\" \/>\n\t\t\n\t\t\n\t<\/div>\n\t<div class=\"em-item-info\">\n\t\t<div class=\"em-item-name\"><a href=\"https:\/\/kulturwerkstatt-lapalma.com\/es\/events\/experimentelles-malen-arunya-mal-treff\/\">\ud83c\udfa8&quot;Mal-Treff&quot;  im Viento del Norte \/ Malen nach Lust und Laune! \ud83c\udfa8<\/a><\/div>\n\t\t<div class=\"em-item-meta\">\n\t\t\t<div class=\"em-item-meta-line em-event-date em-event-meta-datetime\">\n\t\t\t\t<span class=\"em-icon em-icon-calendar\"><\/span>\n\t\t\t\t<span>21 May 26<\/span>\n\t\t\t<\/div>\n\t\t\t<div class=\"em-item-meta-line em-event-location em-event-meta-location\">\n\t\t\t\t<span class=\"em-icon em-icon-location\"><\/span>\n\t\t\t\t<span>Puntagorda<\/span>\n\t\t\t<\/div>\n\t\t<\/div>\n\t<\/div>\n<\/div>\t\t\t\t\t\t\t<div class=\"em-item em-event\" style=\"--default-border:#ea6bea;\">\n\t<div class=\"em-item-image \" style=\"max-width:150px\">\n\t\t\n\t\t<img decoding=\"async\" width=\"150\" height=\"150\" src=\"https:\/\/kulturwerkstatt-lapalma.com\/wp-content\/uploads\/2026\/04\/biodanca-kulturwerkstatt-150x150.jpg\" class=\"attachment-150x150 size-150x150 wp-post-image\" alt=\"\ud83d\udc83 Biodanza mit Bettina-Rebecca\" \/>\n\t\t\n\t\t\n\t<\/div>\n\t<div class=\"em-item-info\">\n\t\t<div class=\"em-item-name\"><a href=\"https:\/\/kulturwerkstatt-lapalma.com\/es\/events\/%f0%9f%92%83-biodanza-mit-bettina-rebecca\/\">\ud83d\udc83 Biodanza mit Bettina-Rebecca<\/a><\/div>\n\t\t<div class=\"em-item-meta\">\n\t\t\t<div class=\"em-item-meta-line em-event-date em-event-meta-datetime\">\n\t\t\t\t<span class=\"em-icon em-icon-calendar\"><\/span>\n\t\t\t\t<span>21 May 26<\/span>\n\t\t\t<\/div>\n\t\t\t<div class=\"em-item-meta-line em-event-location em-event-meta-location\">\n\t\t\t\t<span class=\"em-icon em-icon-location\"><\/span>\n\t\t\t\t<span>Puntagorda<\/span>\n\t\t\t<\/div>\n\t\t<\/div>\n\t<\/div>\n<\/div>\t\t\t\t\t<\/div><!-- content -->\n\t\t\t<\/div><!-- modal -->\n<\/div>\t\t\t\t\t\t\t\t<div class=\"em pixelbones em-calendar-preview em-modal em-cal-date-content\" data-calendar-date=\"1779408000\" data-parent=\"em-cal-events-content-1031126676\">\n\t<div class=\"em-modal-popup\">\n\t\t<header>\n\t\t\t<a class=\"em-close-modal\"><\/a><!-- close modal -->\n\t\t\t<div class=\"em-modal-title\">\n\t\t\t\tEventos el 22. mayo 2026\t\t\t<\/div>\n\t\t<\/header>\n\t\t<div class=\"em-modal-content em pixelbones em-calendar-preview em-list-widget em-events-widget\">\n\t\t\t\t\t\t\t<div class=\"em-item em-event\" style=\"--default-border:#80b538;\">\n\t<div class=\"em-item-image \" style=\"max-width:150px\">\n\t\t\n\t\t<img decoding=\"async\" width=\"150\" height=\"150\" src=\"https:\/\/kulturwerkstatt-lapalma.com\/wp-content\/uploads\/2026\/04\/photo_2026-04-22_22-14-09-150x150.jpg\" class=\"attachment-150x150 size-150x150 wp-post-image\" alt=\"\ud83c\udfa8 Ausstellung \u201eMemorias de Gaia\u201c \u2013 Acr\u00edlico fluido \/ Pouring Art\" \/>\n\t\t\n\t\t\n\t<\/div>\n\t<div class=\"em-item-info\">\n\t\t<div class=\"em-item-name\"><a href=\"https:\/\/kulturwerkstatt-lapalma.com\/es\/events\/memorias-de-gaia-ausstellung-la-palma\/\">\ud83c\udfa8 Ausstellung \u201eMemorias de Gaia\u201c \u2013 Acr\u00edlico fluido \/ Pouring Art<\/a><\/div>\n\t\t<div class=\"em-item-meta\">\n\t\t\t<div class=\"em-item-meta-line em-event-date em-event-meta-datetime\">\n\t\t\t\t<span class=\"em-icon em-icon-calendar\"><\/span>\n\t\t\t\t<span>22 May 26<\/span>\n\t\t\t<\/div>\n\t\t\t<div class=\"em-item-meta-line em-event-location em-event-meta-location\">\n\t\t\t\t<span class=\"em-icon em-icon-location\"><\/span>\n\t\t\t\t<span>Puntagorda<\/span>\n\t\t\t<\/div>\n\t\t<\/div>\n\t<\/div>\n<\/div>\t\t\t\t\t<\/div><!-- content -->\n\t\t\t<\/div><!-- modal -->\n<\/div>\t\t\t\t\t\t\t\t\t\t\t\t\t\t<div class=\"em pixelbones em-calendar-preview em-modal em-cal-date-content\" data-calendar-date=\"1779667200\" data-parent=\"em-cal-events-content-1031126676\">\n\t<div class=\"em-modal-popup\">\n\t\t<header>\n\t\t\t<a class=\"em-close-modal\"><\/a><!-- close modal -->\n\t\t\t<div class=\"em-modal-title\">\n\t\t\t\tEventos el 25. mayo 2026\t\t\t<\/div>\n\t\t<\/header>\n\t\t<div class=\"em-modal-content em pixelbones em-calendar-preview em-list-widget em-events-widget\">\n\t\t\t\t\t\t\t<div class=\"em-item em-event\" style=\"--default-border:#f74cc4;\">\n\t<div class=\"em-item-image \" style=\"max-width:150px\">\n\t\t\n\t\t<img decoding=\"async\" width=\"150\" height=\"150\" src=\"https:\/\/kulturwerkstatt-lapalma.com\/wp-content\/uploads\/2025\/12\/blossom-5356482_640-150x150.jpg\" class=\"attachment-150x150 size-150x150 wp-post-image\" alt=\"Beratungen, Massagen, Behandlungen von Iris\" \/>\n\t\t\n\t\t\n\t<\/div>\n\t<div class=\"em-item-info\">\n\t\t<div class=\"em-item-name\"><a href=\"https:\/\/kulturwerkstatt-lapalma.com\/es\/events\/beratungen-massagen-behandlungen-von-iris\/\">Beratungen, Massagen, Behandlungen von Iris<\/a><\/div>\n\t\t<div class=\"em-item-meta\">\n\t\t\t<div class=\"em-item-meta-line em-event-date em-event-meta-datetime\">\n\t\t\t\t<span class=\"em-icon em-icon-calendar\"><\/span>\n\t\t\t\t<span>25 May 26<\/span>\n\t\t\t<\/div>\n\t\t\t<div class=\"em-item-meta-line em-event-location em-event-meta-location\">\n\t\t\t\t<span class=\"em-icon em-icon-location\"><\/span>\n\t\t\t\t<span>Puntagorda<\/span>\n\t\t\t<\/div>\n\t\t<\/div>\n\t<\/div>\n<\/div>\t\t\t\t\t<\/div><!-- content -->\n\t\t\t<\/div><!-- modal -->\n<\/div>\t\t\t\t\t\t\t\t<div class=\"em pixelbones em-calendar-preview em-modal em-cal-date-content\" data-calendar-date=\"1779753600\" data-parent=\"em-cal-events-content-1031126676\">\n\t<div class=\"em-modal-popup\">\n\t\t<header>\n\t\t\t<a class=\"em-close-modal\"><\/a><!-- close modal -->\n\t\t\t<div class=\"em-modal-title\">\n\t\t\t\tEventos el 26. mayo 2026\t\t\t<\/div>\n\t\t<\/header>\n\t\t<div class=\"em-modal-content em pixelbones em-calendar-preview em-list-widget em-events-widget\">\n\t\t\t\t\t\t\t<div class=\"em-item em-event\" style=\"--default-border:#260e09;\">\n\t<div class=\"em-item-image \" style=\"max-width:150px\">\n\t\t\n\t\t<img decoding=\"async\" width=\"150\" height=\"150\" src=\"https:\/\/kulturwerkstatt-lapalma.com\/wp-content\/uploads\/2025\/12\/kid-1520705_1280-1-150x150.jpg\" class=\"attachment-150x150 size-150x150 wp-post-image\" alt=\"\ud83d\udcbb Die Computersprechstunde mit Hermes\" \/>\n\t\t\n\t\t\n\t<\/div>\n\t<div class=\"em-item-info\">\n\t\t<div class=\"em-item-name\"><a href=\"https:\/\/kulturwerkstatt-lapalma.com\/es\/events\/computersprechstunde-mit-hermes\/\">\ud83d\udcbb Die Computersprechstunde mit Hermes<\/a><\/div>\n\t\t<div class=\"em-item-meta\">\n\t\t\t<div class=\"em-item-meta-line em-event-date em-event-meta-datetime\">\n\t\t\t\t<span class=\"em-icon em-icon-calendar\"><\/span>\n\t\t\t\t<span>26 May 26<\/span>\n\t\t\t<\/div>\n\t\t\t<div class=\"em-item-meta-line em-event-location em-event-meta-location\">\n\t\t\t\t<span class=\"em-icon em-icon-location\"><\/span>\n\t\t\t\t<span>Puntagorda<\/span>\n\t\t\t<\/div>\n\t\t<\/div>\n\t<\/div>\n<\/div>\t\t\t\t\t\t\t<div class=\"em-item em-event\" style=\"--default-border:#a1db43;\">\n\t<div class=\"em-item-image \" style=\"max-width:150px\">\n\t\t\n\t\t<img decoding=\"async\" width=\"150\" height=\"150\" src=\"https:\/\/kulturwerkstatt-lapalma.com\/wp-content\/uploads\/2026\/02\/Salsa-Kulturwerkstatt-150x150.jpg\" class=\"attachment-150x150 size-150x150 wp-post-image\" alt=\"Salsa tanzen\" \/>\n\t\t\n\t\t\n\t<\/div>\n\t<div class=\"em-item-info\">\n\t\t<div class=\"em-item-name\"><a href=\"https:\/\/kulturwerkstatt-lapalma.com\/es\/events\/salsa-tanzen-3\/\">Salsa tanzen<\/a><\/div>\n\t\t<div class=\"em-item-meta\">\n\t\t\t<div class=\"em-item-meta-line em-event-date em-event-meta-datetime\">\n\t\t\t\t<span class=\"em-icon em-icon-calendar\"><\/span>\n\t\t\t\t<span>26 May 26<\/span>\n\t\t\t<\/div>\n\t\t\t<div class=\"em-item-meta-line em-event-location em-event-meta-location\">\n\t\t\t\t<span class=\"em-icon em-icon-location\"><\/span>\n\t\t\t\t<span>Puntagorda<\/span>\n\t\t\t<\/div>\n\t\t<\/div>\n\t<\/div>\n<\/div>\t\t\t\t\t<\/div><!-- content -->\n\t\t\t<\/div><!-- modal -->\n<\/div>\t\t\t\t\t\t\t\t<div class=\"em pixelbones em-calendar-preview em-modal em-cal-date-content\" data-calendar-date=\"1779840000\" data-parent=\"em-cal-events-content-1031126676\">\n\t<div class=\"em-modal-popup\">\n\t\t<header>\n\t\t\t<a class=\"em-close-modal\"><\/a><!-- close modal -->\n\t\t\t<div class=\"em-modal-title\">\n\t\t\t\tEventos el 27. mayo 2026\t\t\t<\/div>\n\t\t<\/header>\n\t\t<div class=\"em-modal-content em pixelbones em-calendar-preview em-list-widget em-events-widget\">\n\t\t\t\t\t\t\t<div class=\"em-item em-event\" style=\"--default-border:#80b538;\">\n\t<div class=\"em-item-image \" style=\"max-width:150px\">\n\t\t\n\t\t<img decoding=\"async\" width=\"150\" height=\"150\" src=\"https:\/\/kulturwerkstatt-lapalma.com\/wp-content\/uploads\/2026\/04\/photo_2026-04-22_22-14-09-150x150.jpg\" class=\"attachment-150x150 size-150x150 wp-post-image\" alt=\"\ud83c\udfa8 Ausstellung \u201eMemorias de Gaia\u201c \u2013 Acr\u00edlico fluido \/ Pouring Art\" \/>\n\t\t\n\t\t\n\t<\/div>\n\t<div class=\"em-item-info\">\n\t\t<div class=\"em-item-name\"><a href=\"https:\/\/kulturwerkstatt-lapalma.com\/es\/events\/memorias-de-gaia-ausstellung-la-palma\/\">\ud83c\udfa8 Ausstellung \u201eMemorias de Gaia\u201c \u2013 Acr\u00edlico fluido \/ Pouring Art<\/a><\/div>\n\t\t<div class=\"em-item-meta\">\n\t\t\t<div class=\"em-item-meta-line em-event-date em-event-meta-datetime\">\n\t\t\t\t<span class=\"em-icon em-icon-calendar\"><\/span>\n\t\t\t\t<span>27 May 26<\/span>\n\t\t\t<\/div>\n\t\t\t<div class=\"em-item-meta-line em-event-location em-event-meta-location\">\n\t\t\t\t<span class=\"em-icon em-icon-location\"><\/span>\n\t\t\t\t<span>Puntagorda<\/span>\n\t\t\t<\/div>\n\t\t<\/div>\n\t<\/div>\n<\/div>\t\t\t\t\t<\/div><!-- content -->\n\t\t\t<\/div><!-- modal -->\n<\/div>\t\t\t\t\t\t\t\t\t\t\t<div class=\"em pixelbones em-calendar-preview em-modal em-cal-date-content\" data-calendar-date=\"1780012800\" data-parent=\"em-cal-events-content-1031126676\">\n\t<div class=\"em-modal-popup\">\n\t\t<header>\n\t\t\t<a class=\"em-close-modal\"><\/a><!-- close modal -->\n\t\t\t<div class=\"em-modal-title\">\n\t\t\t\tEventos el 29. mayo 2026\t\t\t<\/div>\n\t\t<\/header>\n\t\t<div class=\"em-modal-content em pixelbones em-calendar-preview em-list-widget em-events-widget\">\n\t\t\t\t\t\t\t<div class=\"em-item em-event\" style=\"--default-border:#80b538;\">\n\t<div class=\"em-item-image \" style=\"max-width:150px\">\n\t\t\n\t\t<img decoding=\"async\" width=\"150\" height=\"150\" src=\"https:\/\/kulturwerkstatt-lapalma.com\/wp-content\/uploads\/2026\/04\/photo_2026-04-22_22-14-09-150x150.jpg\" class=\"attachment-150x150 size-150x150 wp-post-image\" alt=\"\ud83c\udfa8 Ausstellung \u201eMemorias de Gaia\u201c \u2013 Acr\u00edlico fluido \/ Pouring Art\" \/>\n\t\t\n\t\t\n\t<\/div>\n\t<div class=\"em-item-info\">\n\t\t<div class=\"em-item-name\"><a href=\"https:\/\/kulturwerkstatt-lapalma.com\/es\/events\/memorias-de-gaia-ausstellung-la-palma\/\">\ud83c\udfa8 Ausstellung \u201eMemorias de Gaia\u201c \u2013 Acr\u00edlico fluido \/ Pouring Art<\/a><\/div>\n\t\t<div class=\"em-item-meta\">\n\t\t\t<div class=\"em-item-meta-line em-event-date em-event-meta-datetime\">\n\t\t\t\t<span class=\"em-icon em-icon-calendar\"><\/span>\n\t\t\t\t<span>29 May 26<\/span>\n\t\t\t<\/div>\n\t\t\t<div class=\"em-item-meta-line em-event-location em-event-meta-location\">\n\t\t\t\t<span class=\"em-icon em-icon-location\"><\/span>\n\t\t\t\t<span>Puntagorda<\/span>\n\t\t\t<\/div>\n\t\t<\/div>\n\t<\/div>\n<\/div>\t\t\t\t\t<\/div><!-- content -->\n\t\t\t<\/div><!-- modal -->\n<\/div>\t\t\t\t\t\t\t\t<div class=\"em pixelbones em-calendar-preview em-modal em-cal-date-content\" data-calendar-date=\"1780099200\" data-parent=\"em-cal-events-content-1031126676\">\n\t<div class=\"em-modal-popup\">\n\t\t<header>\n\t\t\t<a class=\"em-close-modal\"><\/a><!-- close modal -->\n\t\t\t<div class=\"em-modal-title\">\n\t\t\t\tEventos el 30. mayo 2026\t\t\t<\/div>\n\t\t<\/header>\n\t\t<div class=\"em-modal-content em pixelbones em-calendar-preview em-list-widget em-events-widget\">\n\t\t\t\t\t\t\t<div class=\"em-item em-event\" style=\"--default-border:#a1db43;\">\n\t<div class=\"em-item-image \" style=\"max-width:150px\">\n\t\t\n\t\t<img decoding=\"async\" width=\"150\" height=\"150\" src=\"https:\/\/kulturwerkstatt-lapalma.com\/wp-content\/uploads\/2026\/01\/Kopie-von-Marcos-Mantrasingen-150x150.png\" class=\"attachment-150x150 size-150x150 wp-post-image\" alt=\"Marco's Mantrasingen\" \/>\n\t\t\n\t\t\n\t<\/div>\n\t<div class=\"em-item-info\">\n\t\t<div class=\"em-item-name\"><a href=\"https:\/\/kulturwerkstatt-lapalma.com\/es\/events\/marcos-mantrasingen-2\/\">Marco's Mantrasingen<\/a><\/div>\n\t\t<div class=\"em-item-meta\">\n\t\t\t<div class=\"em-item-meta-line em-event-date em-event-meta-datetime\">\n\t\t\t\t<span class=\"em-icon em-icon-calendar\"><\/span>\n\t\t\t\t<span>30 May 26<\/span>\n\t\t\t<\/div>\n\t\t\t<div class=\"em-item-meta-line em-event-location em-event-meta-location\">\n\t\t\t\t<span class=\"em-icon em-icon-location\"><\/span>\n\t\t\t\t<span>Puntagorda<\/span>\n\t\t\t<\/div>\n\t\t<\/div>\n\t<\/div>\n<\/div>\t\t\t\t\t<\/div><!-- content -->\n\t\t\t<\/div><!-- modal -->\n<\/div>\t\t\t\t\t\t<\/section><\/div>\n<script>\n\t{\n\t\tlet el = document.getElementById('em-calendar-1031126676').querySelector('.em-cal-body');\n\t\tlet width = el.firstElementChild.getBoundingClientRect().width;\n\t\tif (width > 0) {\n\t\t\tel.style.setProperty('--grid-auto-rows', 'minmax(' + width + 'px, auto)');\n\t\t}\n\t}\n<\/script>\t\t\t<div class=\"em-view-custom-data\" id=\"em-view-custom-data-1031126676\">\r\n\t\t\t\t\t\t\t\t<form class=\"em-view-custom-data-search\" id=\"em-view-custom-data-search-1031126676\">\r\n\t\t\t\t\t\t\t\t\t\t<input type=\"hidden\" name=\"css\" value=\"1\">\r\n\t\t\t\t\t\t\t\t\t\t<input type=\"hidden\" name=\"search_action\" value=\"search_events\">\r\n\t\t\t\t\t\t\t\t\t\t<input type=\"hidden\" name=\"search_advanced_text\" value=\"Erweiterte Suche anzeigen\">\r\n\t\t\t\t\t\t\t\t\t\t<input type=\"hidden\" name=\"search_text_show\" value=\"Erweiterte Suche anzeigen\">\r\n\t\t\t\t\t\t\t\t\t\t<input type=\"hidden\" name=\"search_text_hide\" value=\"Erweiterte Suche verbergen\">\r\n\t\t\t\t\t\t\t\t\t\t<input type=\"hidden\" name=\"search_button\" value=\"Suche\">\r\n\t\t\t\t\t\t\t\t\t\t<input type=\"hidden\" name=\"saved_searches\" value=\"1\">\r\n\t\t\t\t\t\t\t\t\t\t<input type=\"hidden\" name=\"search_advanced_style\" value=\"headings\">\r\n\t\t\t\t\t\t\t\t\t\t<input type=\"hidden\" name=\"search_multiselect_style\" value=\"multidropdown\">\r\n\t\t\t\t\t\t\t\t\t\t<input type=\"hidden\" name=\"sorting\" value=\"1\">\r\n\t\t\t\t\t\t\t\t\t\t<input type=\"hidden\" name=\"search_term_main\" value=\"1\">\r\n\t\t\t\t\t\t\t\t\t\t<input type=\"hidden\" name=\"search_term\" value=\"1\">\r\n\t\t\t\t\t\t\t\t\t\t<input type=\"hidden\" name=\"search_term_label\" value=\"Suche\">\r\n\t\t\t\t\t\t\t\t\t\t<input type=\"hidden\" name=\"search_term_advanced\" value=\"1\">\r\n\t\t\t\t\t\t\t\t\t\t<input type=\"hidden\" name=\"search_term_label_advanced\" value=\"Suche\">\r\n\t\t\t\t\t\t\t\t\t\t<input type=\"hidden\" name=\"search_geo\" value=\"1\">\r\n\t\t\t\t\t\t\t\t\t\t<input type=\"hidden\" name=\"geo_label\" value=\"Nahe ...\">\r\n\t\t\t\t\t\t\t\t\t\t<input type=\"hidden\" name=\"search_geo_advanced\" value=\"0\">\r\n\t\t\t\t\t\t\t\t\t\t<input type=\"hidden\" name=\"geo_label_advanced\" value=\"Nahe ...\">\r\n\t\t\t\t\t\t\t\t\t\t<input type=\"hidden\" name=\"search_geo_units\" value=\"1\">\r\n\t\t\t\t\t\t\t\t\t\t<input type=\"hidden\" name=\"geo_units_label\" value=\"Innerhalb\">\r\n\t\t\t\t\t\t\t\t\t\t<input type=\"hidden\" name=\"geo_distance_values\" value=\"5,10,25,50,100\">\r\n\t\t\t\t\t\t\t\t\t\t<input type=\"hidden\" name=\"search_scope\" value=\"1\">\r\n\t\t\t\t\t\t\t\t\t\t<input type=\"hidden\" name=\"scope_label\" value=\"Daten\">\r\n\t\t\t\t\t\t\t\t\t\t<input type=\"hidden\" name=\"scope_seperator\" value=\"und\">\r\n\t\t\t\t\t\t\t\t\t\t<input type=\"hidden\" name=\"scope_format\" value=\"M j\">\r\n\t\t\t\t\t\t\t\t\t\t<input type=\"hidden\" name=\"search_scope_advanced\" value=\"1\">\r\n\t\t\t\t\t\t\t\t\t\t<input type=\"hidden\" name=\"scope_label_advanced\" value=\"Daten\">\r\n\t\t\t\t\t\t\t\t\t\t<input type=\"hidden\" name=\"scope_seperator_advanced\" value=\"und\">\r\n\t\t\t\t\t\t\t\t\t\t<input type=\"hidden\" name=\"scope_format_advanced\" value=\"M j\">\r\n\t\t\t\t\t\t\t\t\t\t<input type=\"hidden\" name=\"search_eventful_main\" value=\"0\">\r\n\t\t\t\t\t\t\t\t\t\t<input type=\"hidden\" name=\"search_eventful\" value=\"0\">\r\n\t\t\t\t\t\t\t\t\t\t<input type=\"hidden\" name=\"search_eventful_locations_label\" value=\"Eventful Locations?\">\r\n\t\t\t\t\t\t\t\t\t\t<input type=\"hidden\" name=\"search_eventful_locations_tooltip\" value=\"Display only locations with upcoming events.\">\r\n\t\t\t\t\t\t\t\t\t\t<input type=\"hidden\" name=\"search_categories\" value=\"1\">\r\n\t\t\t\t\t\t\t\t\t\t<input type=\"hidden\" name=\"category_label\" value=\"Kategorien\">\r\n\t\t\t\t\t\t\t\t\t\t<input type=\"hidden\" name=\"categories_label\" value=\"Alle Kategorien\">\r\n\t\t\t\t\t\t\t\t\t\t<input type=\"hidden\" name=\"categories_placeholder\" value=\"Suche Kategorien\">\r\n\t\t\t\t\t\t\t\t\t\t<input type=\"hidden\" name=\"categories_clear_text\" value=\"Clear Selected\">\r\n\t\t\t\t\t\t\t\t\t\t<input type=\"hidden\" name=\"categories_count_text\" value=\"%d Selected\">\r\n\t\t\t\t\t\t\t\t\t\t<input type=\"hidden\" name=\"categories_include\" value=\"\">\r\n\t\t\t\t\t\t\t\t\t\t<input type=\"hidden\" name=\"categories_exclude\" value=\"\">\r\n\t\t\t\t\t\t\t\t\t\t<input type=\"hidden\" name=\"search_tags\" value=\"0\">\r\n\t\t\t\t\t\t\t\t\t\t<input type=\"hidden\" name=\"tag_label\" value=\"Schlagw\u00f6rter\">\r\n\t\t\t\t\t\t\t\t\t\t<input type=\"hidden\" name=\"tags_label\" value=\"Alle Schlagworte\">\r\n\t\t\t\t\t\t\t\t\t\t<input type=\"hidden\" name=\"tags_placeholder\" value=\"Suche Schlagw\u00f6rter\">\r\n\t\t\t\t\t\t\t\t\t\t<input type=\"hidden\" name=\"tags_clear_text\" value=\"Clear Selected\">\r\n\t\t\t\t\t\t\t\t\t\t<input type=\"hidden\" name=\"tags_count_text\" value=\"%d Selected\">\r\n\t\t\t\t\t\t\t\t\t\t<input type=\"hidden\" name=\"tags_include\" value=\"\">\r\n\t\t\t\t\t\t\t\t\t\t<input type=\"hidden\" name=\"tags_exclude\" value=\"\">\r\n\t\t\t\t\t\t\t\t\t\t<input type=\"hidden\" name=\"search_countries\" value=\"0\">\r\n\t\t\t\t\t\t\t\t\t\t<input type=\"hidden\" name=\"country_label\" value=\"Land\">\r\n\t\t\t\t\t\t\t\t\t\t<input type=\"hidden\" name=\"countries_label\" value=\"Alle L\u00e4nder\">\r\n\t\t\t\t\t\t\t\t\t\t<input type=\"hidden\" name=\"search_regions\" value=\"0\">\r\n\t\t\t\t\t\t\t\t\t\t<input type=\"hidden\" name=\"region_label\" value=\"Region\">\r\n\t\t\t\t\t\t\t\t\t\t<input type=\"hidden\" name=\"search_states\" value=\"0\">\r\n\t\t\t\t\t\t\t\t\t\t<input type=\"hidden\" name=\"state_label\" value=\"Bundesland\">\r\n\t\t\t\t\t\t\t\t\t\t<input type=\"hidden\" name=\"search_towns\" value=\"0\">\r\n\t\t\t\t\t\t\t\t\t\t<input type=\"hidden\" name=\"town_label\" value=\"Ort\">\r\n\t\t\t\t\t\t\t\t\t\t<input type=\"hidden\" name=\"show_main\" value=\"1\">\r\n\t\t\t\t\t\t\t\t\t\t<input type=\"hidden\" name=\"show_advanced\" value=\"1\">\r\n\t\t\t\t\t\t\t\t\t\t<input type=\"hidden\" name=\"advanced_mode\" value=\"modal\">\r\n\t\t\t\t\t\t\t\t\t\t<input type=\"hidden\" name=\"advanced_hidden\" value=\"1\">\r\n\t\t\t\t\t\t\t\t\t\t<input type=\"hidden\" name=\"advanced_trigger\" value=\"1\">\r\n\t\t\t\t\t\t\t\t\t\t<input type=\"hidden\" name=\"main_classes\" value=\"css-search,em-search-legacy,has-search-term,has-search-geo,has-search-main,has-advanced,advanced-hidden\">\r\n\t\t\t\t\t\t\t\t\t\t<input type=\"hidden\" name=\"css_classes_advanced\" value=\"\">\r\n\t\t\t\t\t\t\t\t\t\t<input type=\"hidden\" name=\"id\" value=\"1031126676\">\r\n\t\t\t\t\t\t\t\t\t\t<input type=\"hidden\" name=\"scope\" value=\"all\">\r\n\t\t\t\t\t\t\t\t\t\t<input type=\"hidden\" name=\"calendar_size\" value=\"\">\r\n\t\t\t\t\t\t\t\t\t\t<input type=\"hidden\" name=\"has_advanced_trigger\" value=\"0\">\r\n\t\t\t\t\t\t\t\t\t<\/form>\r\n\t\t\t\t<form class=\"em-view-custom-data-calendar\" id=\"em-view-custom-data-calendar-1031126676\">\r\n\t\t\t\t\t\t\t\t\t\t\t<input type=\"hidden\" name=\"full\" value=\"1\">\r\n\t\t\t\t\t\t\t\t\t\t\t<input type=\"hidden\" name=\"calendar_month_nav\" value=\"0\">\r\n\t\t\t\t\t\t\t\t\t\t\t<input type=\"hidden\" name=\"id\" value=\"1031126676\">\r\n\t\t\t\t\t\t\t\t\t\t\t<input type=\"hidden\" name=\"scope\" value=\"all\">\r\n\t\t\t\t\t\t\t\t\t\t\t<input type=\"hidden\" name=\"calendar_size\" value=\"\">\r\n\t\t\t\t\t\t\t\t\t\t\t<input type=\"hidden\" name=\"has_advanced_trigger\" value=\"0\">\r\n\t\t\t\t\t\t\t\t\t<\/form>\r\n\t\t\t<\/div>\r\n\t\t<\/div>\r\n\t\t\n<\/div><\/div>\n<\/div><\/div>\n\n<div class=\"et_pb_tab_1 et_pb_tab clearfix et_pb_module et_flex_module\"><div class=\"et_pb_tab_content et_flex_module\">\n<div class=\"et_pb_code_1 et_pb_code et_pb_module\"><div class=\"et_pb_code_inner\"><div class=\"em em-view-container\" id=\"em-view-797325574\" data-view=\"list\">\r\n\t<div class=\"em pixelbones em-list em-events-list\" id=\"em-events-list-797325574\" data-view-id=\"797325574\">\r\n\t<div class=\"em-event em-item \" style=\"--default-border:#f74cc4;\">\n\t<div class=\"em-item-image \">\n\t\t\n\t\t<img src='https:\/\/kulturwerkstatt-lapalma.com\/wp-content\/uploads\/2025\/12\/blossom-5356482_640.jpg' alt='Beratungen, Massagen, Behandlungen von Iris'\/>\n\t\t\n\t\t\n\t<\/div>\n\t<div class=\"em-item-info\">\n\t\t<h3 class=\"em-item-title\"><a href=\"https:\/\/kulturwerkstatt-lapalma.com\/es\/events\/beratungen-massagen-behandlungen-von-iris\/\">Beratungen, Massagen, Behandlungen von Iris<\/a><\/h3>\n\t\t\n\t\t<div class=\"em-event-meta em-item-meta\">\n\t\t\t<div class=\"em-item-meta-line em-event-date em-event-meta-datetime\">\n\t\t\t\t<span class=\"em-icon-calendar em-icon\"><\/span>\n\t\t\t\t4. mayo 2026&nbsp;&nbsp;&nbsp;&nbsp;\n\t\t\t<\/div>\n\t\t\t<div class=\"em-item-meta-line em-event-time em-event-meta-datetime\">\n\t\t\t\t<span class=\"em-icon-clock em-icon\"><\/span>\n\t\t\t\t10:00 - 15:00\n\t\t\t<\/div>\n\t\t\t\n\t\t\t\n\t\t\t<div class=\"em-item-meta-line em-event-location\">\n\t\t\t\t<span class=\"em-icon-location em-icon\"><\/span>\n\t\t\t\t<a href=\"https:\/\/kulturwerkstatt-lapalma.com\/es\/locations\/kulturwerkstatt-viento-del-norte-puntagorda\/\">Kulturwerkstatt \u201eViento del Norte&quot; Puntagorda<\/a>\n\t\t\t<\/div>\n\t\t\t\n\t\t\t\n\t\t\t\n\t\t\t\n\t\t<\/div>\n\t\t<div class=\"em-item-desc\">\n\t\t\tBeratungen, Massagen, Behandlungen von Iris, Heilpraktikerin, jeweils Montag, 10-15 Uhr Kontakt: +34643635653 irisemma09@gmx.de\n\t\t<\/div>\n\t\t<div class=\"em-item-actions input\">\n\t\t\t<a class=\"em-item-read-more button\" href=\"https:\/\/kulturwerkstatt-lapalma.com\/es\/events\/beratungen-massagen-behandlungen-von-iris\/\">M\u00e1s informaci\u00f3n<\/a>\n\t\t\t\n\t\t<\/div>\n\t<\/div>\n<\/div><div class=\"em-event em-item \" style=\"--default-border:#260e09;\">\n\t<div class=\"em-item-image \">\n\t\t\n\t\t<img src='https:\/\/kulturwerkstatt-lapalma.com\/wp-content\/uploads\/2025\/12\/kid-1520705_1280-1.jpg' alt='\ud83d\udcbb Die Computersprechstunde mit Hermes'\/>\n\t\t\n\t\t\n\t<\/div>\n\t<div class=\"em-item-info\">\n\t\t<h3 class=\"em-item-title\"><a href=\"https:\/\/kulturwerkstatt-lapalma.com\/es\/events\/computersprechstunde-mit-hermes\/\">\ud83d\udcbb Die Computersprechstunde mit Hermes<\/a><\/h3>\n\t\t\n\t\t<div class=\"em-event-meta em-item-meta\">\n\t\t\t<div class=\"em-item-meta-line em-event-date em-event-meta-datetime\">\n\t\t\t\t<span class=\"em-icon-calendar em-icon\"><\/span>\n\t\t\t\t5. mayo 2026&nbsp;&nbsp;&nbsp;&nbsp;\n\t\t\t<\/div>\n\t\t\t<div class=\"em-item-meta-line em-event-time em-event-meta-datetime\">\n\t\t\t\t<span class=\"em-icon-clock em-icon\"><\/span>\n\t\t\t\t10:00 - 15:00\n\t\t\t<\/div>\n\t\t\t\n\t\t\t\n\t\t\t<div class=\"em-item-meta-line em-event-location\">\n\t\t\t\t<span class=\"em-icon-location em-icon\"><\/span>\n\t\t\t\t<a href=\"https:\/\/kulturwerkstatt-lapalma.com\/es\/locations\/kulturwerkstatt-viento-del-norte-puntagorda\/\">Kulturwerkstatt \u201eViento del Norte&quot; Puntagorda<\/a>\n\t\t\t<\/div>\n\t\t\t\n\t\t\t\n\t\t\t\n\t\t\t\n\t\t<\/div>\n\t\t<div class=\"em-item-desc\">\n\t\t\t\ud83d\udcbb Die Computersprechstunde Die Computersprechstunde, gegr\u00fcndet von Hermes, unterst\u00fctzt dich bei allen Fragen rund um die digitale Welt. Egal ob akutes Technikproblem oder \u201enur mal [...]\n\t\t<\/div>\n\t\t<div class=\"em-item-actions input\">\n\t\t\t<a class=\"em-item-read-more button\" href=\"https:\/\/kulturwerkstatt-lapalma.com\/es\/events\/computersprechstunde-mit-hermes\/\">M\u00e1s informaci\u00f3n<\/a>\n\t\t\t\n\t\t<\/div>\n\t<\/div>\n<\/div><div class=\"em-event em-item \" style=\"--default-border:#a1db43;\">\n\t<div class=\"em-item-image \">\n\t\t\n\t\t<img src='https:\/\/kulturwerkstatt-lapalma.com\/wp-content\/uploads\/2026\/02\/Salsa-Kulturwerkstatt-scaled.jpg' alt='Salsa tanzen'\/>\n\t\t\n\t\t\n\t<\/div>\n\t<div class=\"em-item-info\">\n\t\t<h3 class=\"em-item-title\"><a href=\"https:\/\/kulturwerkstatt-lapalma.com\/es\/events\/salsa-tanzen-3\/\">Salsa tanzen<\/a><\/h3>\n\t\t\n\t\t<div class=\"em-event-meta em-item-meta\">\n\t\t\t<div class=\"em-item-meta-line em-event-date em-event-meta-datetime\">\n\t\t\t\t<span class=\"em-icon-calendar em-icon\"><\/span>\n\t\t\t\t5. mayo 2026&nbsp;&nbsp;&nbsp;&nbsp;\n\t\t\t<\/div>\n\t\t\t<div class=\"em-item-meta-line em-event-time em-event-meta-datetime\">\n\t\t\t\t<span class=\"em-icon-clock em-icon\"><\/span>\n\t\t\t\t19:30 - 21:30\n\t\t\t<\/div>\n\t\t\t\n\t\t\t\n\t\t\t<div class=\"em-item-meta-line em-event-location\">\n\t\t\t\t<span class=\"em-icon-location em-icon\"><\/span>\n\t\t\t\t<a href=\"https:\/\/kulturwerkstatt-lapalma.com\/es\/locations\/kulturwerkstatt-viento-del-norte-puntagorda\/\">Kulturwerkstatt \u201eViento del Norte&quot; Puntagorda<\/a>\n\t\t\t<\/div>\n\t\t\t\n\t\t\t\n\t\t\t\n\t\t\t\n\t\t<\/div>\n\t\t<div class=\"em-item-desc\">\n\t\t\t\ud83d\udc83 Salsatanzen Lust auf Bewegung, Musik und gute Laune?\u00a0\ud83d\ude0a Komm gern vorbei \u2013 Vorkenntnisse erw\u00fcnscht. \ud83d\udcc5\u00a0M\u00e4rz:\u00a0dienstags, 19:00 Uhr \ud83d\udcc5\u00a0April:\u00a0sonntags, 18:00 Uhr \ud83d\udcc5\u00a0Mai:\u00a0dienstags, 19:30 Uhr \ud83d\udcde [...]\n\t\t<\/div>\n\t\t<div class=\"em-item-actions input\">\n\t\t\t<a class=\"em-item-read-more button\" href=\"https:\/\/kulturwerkstatt-lapalma.com\/es\/events\/salsa-tanzen-3\/\">M\u00e1s informaci\u00f3n<\/a>\n\t\t\t\n\t\t<\/div>\n\t<\/div>\n<\/div><div class=\"em-event em-item \" style=\"--default-border:#d84375;\">\n\t<div class=\"em-item-image \">\n\t\t\n\t\t<img src='https:\/\/kulturwerkstatt-lapalma.com\/wp-content\/uploads\/2026\/01\/experimentelles-malen.jpg' alt='\ud83c\udfa8&quot;Mal-Treff&quot;  im Viento del Norte \/ Malen nach Lust und Laune! \ud83c\udfa8'\/>\n\t\t\n\t\t\n\t<\/div>\n\t<div class=\"em-item-info\">\n\t\t<h3 class=\"em-item-title\"><a href=\"https:\/\/kulturwerkstatt-lapalma.com\/es\/events\/experimentelles-malen-arunya-mal-treff\/\">\ud83c\udfa8&quot;Mal-Treff&quot;  im Viento del Norte \/ Malen nach Lust und Laune! \ud83c\udfa8<\/a><\/h3>\n\t\t\n\t\t<div class=\"em-event-meta em-item-meta\">\n\t\t\t<div class=\"em-item-meta-line em-event-date em-event-meta-datetime\">\n\t\t\t\t<span class=\"em-icon-calendar em-icon\"><\/span>\n\t\t\t\t7. mayo 2026&nbsp;&nbsp;&nbsp;&nbsp;\n\t\t\t<\/div>\n\t\t\t<div class=\"em-item-meta-line em-event-time em-event-meta-datetime\">\n\t\t\t\t<span class=\"em-icon-clock em-icon\"><\/span>\n\t\t\t\t10:00 - 13:00\n\t\t\t<\/div>\n\t\t\t\n\t\t\t\n\t\t\t<div class=\"em-item-meta-line em-event-location\">\n\t\t\t\t<span class=\"em-icon-location em-icon\"><\/span>\n\t\t\t\t<a href=\"https:\/\/kulturwerkstatt-lapalma.com\/es\/locations\/kulturwerkstatt-viento-del-norte-puntagorda\/\">Kulturwerkstatt \u201eViento del Norte&quot; Puntagorda<\/a>\n\t\t\t<\/div>\n\t\t\t\n\t\t\t\n\t\t\t\n\t\t\t\n\t\t<\/div>\n\t\t<div class=\"em-item-desc\">\n\t\t\t\ud83c\udfa8 Experimentelles Malen mit Arunya Der \u201eMal-Treff\u201c ist f\u00fcr all diejenigen gedacht, die sich eine entspannte Nische im Alltag w\u00fcnschen, die \u201eimmer schon mal malen\u201c [...]\n\t\t<\/div>\n\t\t<div class=\"em-item-actions input\">\n\t\t\t<a class=\"em-item-read-more button\" href=\"https:\/\/kulturwerkstatt-lapalma.com\/es\/events\/experimentelles-malen-arunya-mal-treff\/\">M\u00e1s informaci\u00f3n<\/a>\n\t\t\t\n\t\t<\/div>\n\t<\/div>\n<\/div><div class=\"em-event em-item \" style=\"--default-border:#ea6bea;\">\n\t<div class=\"em-item-image \">\n\t\t\n\t\t<img src='https:\/\/kulturwerkstatt-lapalma.com\/wp-content\/uploads\/2026\/04\/biodanca-kulturwerkstatt.jpg' alt='\ud83d\udc83 Biodanza mit Bettina-Rebecca'\/>\n\t\t\n\t\t\n\t<\/div>\n\t<div class=\"em-item-info\">\n\t\t<h3 class=\"em-item-title\"><a href=\"https:\/\/kulturwerkstatt-lapalma.com\/es\/events\/biodanza-mit-bettina-rebecca-2\/\">\ud83d\udc83 Biodanza mit Bettina-Rebecca<\/a><\/h3>\n\t\t\n\t\t<div class=\"em-event-meta em-item-meta\">\n\t\t\t<div class=\"em-item-meta-line em-event-date em-event-meta-datetime\">\n\t\t\t\t<span class=\"em-icon-calendar em-icon\"><\/span>\n\t\t\t\t7. mayo 2026&nbsp;&nbsp;&nbsp;&nbsp;\n\t\t\t<\/div>\n\t\t\t<div class=\"em-item-meta-line em-event-time em-event-meta-datetime\">\n\t\t\t\t<span class=\"em-icon-clock em-icon\"><\/span>\n\t\t\t\t18:00 - 20:00\n\t\t\t<\/div>\n\t\t\t\n\t\t\t\n\t\t\t<div class=\"em-item-meta-line em-event-location\">\n\t\t\t\t<span class=\"em-icon-location em-icon\"><\/span>\n\t\t\t\t<a href=\"https:\/\/kulturwerkstatt-lapalma.com\/es\/locations\/kulturwerkstatt-viento-del-norte-puntagorda\/\">Kulturwerkstatt \u201eViento del Norte&quot; Puntagorda<\/a>\n\t\t\t<\/div>\n\t\t\t\n\t\t\t\n\t\t\t\n\t\t\t\n\t\t<\/div>\n\t\t<div class=\"em-item-desc\">\n\t\t\t\ud83c\udf3a Biodanza ist ein System der menschlichen Integration und Pers\u00f6nlichkeitsentfaltung, das Musik aus aller Welt, Bewegung und Begegnungen in der Gruppe nutzt, um aus Erfahrungen [...]\n\t\t<\/div>\n\t\t<div class=\"em-item-actions input\">\n\t\t\t<a class=\"em-item-read-more button\" href=\"https:\/\/kulturwerkstatt-lapalma.com\/es\/events\/biodanza-mit-bettina-rebecca-2\/\">M\u00e1s informaci\u00f3n<\/a>\n\t\t\t\n\t\t<\/div>\n\t<\/div>\n<\/div><div class=\"em-event em-item \" style=\"--default-border:#ba3968;\">\n\t<div class=\"em-item-image \">\n\t\t\n\t\t<img src='https:\/\/kulturwerkstatt-lapalma.com\/wp-content\/uploads\/2026\/03\/Flyer-Marion-Engel-A4-pdf.jpg' alt='\ud83d\udc7c \u201eMein Engel und Ich\u201c \u2013 Vortrag von Marion Selzer'\/>\n\t\t\n\t\t\n\t<\/div>\n\t<div class=\"em-item-info\">\n\t\t<h3 class=\"em-item-title\"><a href=\"https:\/\/kulturwerkstatt-lapalma.com\/es\/events\/mein-engel-und-ich-vortrag-la-palma\/\">\ud83d\udc7c \u201eMein Engel und Ich\u201c \u2013 Vortrag von Marion Selzer<\/a><\/h3>\n\t\t\n\t\t<div class=\"em-event-meta em-item-meta\">\n\t\t\t<div class=\"em-item-meta-line em-event-date em-event-meta-datetime\">\n\t\t\t\t<span class=\"em-icon-calendar em-icon\"><\/span>\n\t\t\t\t8. mayo 2026&nbsp;&nbsp;&nbsp;&nbsp;\n\t\t\t<\/div>\n\t\t\t<div class=\"em-item-meta-line em-event-time em-event-meta-datetime\">\n\t\t\t\t<span class=\"em-icon-clock em-icon\"><\/span>\n\t\t\t\t18:00 - 20:00\n\t\t\t<\/div>\n\t\t\t\n\t\t\t\n\t\t\t\n\t\t\t\n\t\t\t<div class=\"em-item-meta-line em-item-taxonomy em-event-categories\">\n\t\t\t\t<span class=\"em-icon-category em-icon\"><\/span>\n\t\t\t\t<div>\t<ul class=\"event-categories\">\r\n\t\t\t\t\t<li><a href=\"https:\/\/kulturwerkstatt-lapalma.com\/es\/events\/categories\/vortrag\/\">Vortrag<\/a><\/li>\r\n\t\t\t<\/ul>\r\n\t<\/div>\n\t\t\t<\/div>\n\t\t\t\n\t\t\t\n\t\t<\/div>\n\t\t<div class=\"em-item-desc\">\n\t\t\t\ud83d\udc7c \u201eMein Engel und Ich\u201c \u2013 Vortrag von Marion Selzer Aus anthroposophischer Sicht hat jeder Mensch einen pers\u00f6nlichen Engel, einen Schutzengel, der uns durch unser [...]\n\t\t<\/div>\n\t\t<div class=\"em-item-actions input\">\n\t\t\t<a class=\"em-item-read-more button\" href=\"https:\/\/kulturwerkstatt-lapalma.com\/es\/events\/mein-engel-und-ich-vortrag-la-palma\/\">M\u00e1s informaci\u00f3n<\/a>\n\t\t\t\n\t\t<\/div>\n\t<\/div>\n<\/div><div class=\"em-event em-item \" style=\"--default-border:#80b538;\">\n\t<div class=\"em-item-image \">\n\t\t\n\t\t<img src='https:\/\/kulturwerkstatt-lapalma.com\/wp-content\/uploads\/2026\/04\/IMG-20260426-WA0009.jpg' alt='\ud83c\udfb6 Kalish Swing \u2013 Musik f\u00fcr die Herzen'\/>\n\t\t\n\t\t\n\t<\/div>\n\t<div class=\"em-item-info\">\n\t\t<h3 class=\"em-item-title\"><a href=\"https:\/\/kulturwerkstatt-lapalma.com\/es\/events\/giulia-kalish-konzert-la-palma\/\">\ud83c\udfb6 Kalish Swing \u2013 Musik f\u00fcr die Herzen<\/a><\/h3>\n\t\t\n\t\t<div class=\"em-event-meta em-item-meta\">\n\t\t\t<div class=\"em-item-meta-line em-event-date em-event-meta-datetime\">\n\t\t\t\t<span class=\"em-icon-calendar em-icon\"><\/span>\n\t\t\t\t9. mayo 2026&nbsp;&nbsp;&nbsp;&nbsp;\n\t\t\t<\/div>\n\t\t\t<div class=\"em-item-meta-line em-event-time em-event-meta-datetime\">\n\t\t\t\t<span class=\"em-icon-clock em-icon\"><\/span>\n\t\t\t\t18:00 - 19:30\n\t\t\t<\/div>\n\t\t\t\n\t\t\t\n\t\t\t<div class=\"em-item-meta-line em-event-location\">\n\t\t\t\t<span class=\"em-icon-location em-icon\"><\/span>\n\t\t\t\t<a href=\"https:\/\/kulturwerkstatt-lapalma.com\/es\/locations\/kulturwerkstatt-viento-del-norte-puntagorda\/\">Kulturwerkstatt \u201eViento del Norte&quot; Puntagorda<\/a>\n\t\t\t<\/div>\n\t\t\t\n\t\t\t\n\t\t\t\n\t\t\t<div class=\"em-item-meta-line em-item-taxonomy em-event-categories\">\n\t\t\t\t<span class=\"em-icon-category em-icon\"><\/span>\n\t\t\t\t<div>\t<ul class=\"event-categories\">\r\n\t\t\t\t\t<li><a href=\"https:\/\/kulturwerkstatt-lapalma.com\/es\/events\/categories\/konzert\/\">Konzert<\/a><\/li>\r\n\t\t\t\t\t<li><a href=\"https:\/\/kulturwerkstatt-lapalma.com\/es\/events\/categories\/musik\/\">Musik<\/a><\/li>\r\n\t\t\t<\/ul>\r\n\t<\/div>\n\t\t\t<\/div>\n\t\t\t\n\t\t\t\n\t\t<\/div>\n\t\t<div class=\"em-item-desc\">\n\t\t\t\ud83c\udfb6 Kalish Swing \u2013 Musik f\u00fcr die Herzen Giulia Kalish l\u00e4dt zu einem intimen Konzertabend ein, der von Stimme, Ukulele und viel Herz getragen wird. [...]\n\t\t<\/div>\n\t\t<div class=\"em-item-actions input\">\n\t\t\t<a class=\"em-item-read-more button\" href=\"https:\/\/kulturwerkstatt-lapalma.com\/es\/events\/giulia-kalish-konzert-la-palma\/\">M\u00e1s informaci\u00f3n<\/a>\n\t\t\t\n\t\t<\/div>\n\t<\/div>\n<\/div><div class=\"em-event em-item \" style=\"--default-border:#f74cc4;\">\n\t<div class=\"em-item-image \">\n\t\t\n\t\t<img src='https:\/\/kulturwerkstatt-lapalma.com\/wp-content\/uploads\/2025\/12\/blossom-5356482_640.jpg' alt='Beratungen, Massagen, Behandlungen von Iris'\/>\n\t\t\n\t\t\n\t<\/div>\n\t<div class=\"em-item-info\">\n\t\t<h3 class=\"em-item-title\"><a href=\"https:\/\/kulturwerkstatt-lapalma.com\/es\/events\/beratungen-massagen-behandlungen-von-iris\/\">Beratungen, Massagen, Behandlungen von Iris<\/a><\/h3>\n\t\t\n\t\t<div class=\"em-event-meta em-item-meta\">\n\t\t\t<div class=\"em-item-meta-line em-event-date em-event-meta-datetime\">\n\t\t\t\t<span class=\"em-icon-calendar em-icon\"><\/span>\n\t\t\t\t11. mayo 2026&nbsp;&nbsp;&nbsp;&nbsp;\n\t\t\t<\/div>\n\t\t\t<div class=\"em-item-meta-line em-event-time em-event-meta-datetime\">\n\t\t\t\t<span class=\"em-icon-clock em-icon\"><\/span>\n\t\t\t\t10:00 - 15:00\n\t\t\t<\/div>\n\t\t\t\n\t\t\t\n\t\t\t<div class=\"em-item-meta-line em-event-location\">\n\t\t\t\t<span class=\"em-icon-location em-icon\"><\/span>\n\t\t\t\t<a href=\"https:\/\/kulturwerkstatt-lapalma.com\/es\/locations\/kulturwerkstatt-viento-del-norte-puntagorda\/\">Kulturwerkstatt \u201eViento del Norte&quot; Puntagorda<\/a>\n\t\t\t<\/div>\n\t\t\t\n\t\t\t\n\t\t\t\n\t\t\t\n\t\t<\/div>\n\t\t<div class=\"em-item-desc\">\n\t\t\tBeratungen, Massagen, Behandlungen von Iris, Heilpraktikerin, jeweils Montag, 10-15 Uhr Kontakt: +34643635653 irisemma09@gmx.de\n\t\t<\/div>\n\t\t<div class=\"em-item-actions input\">\n\t\t\t<a class=\"em-item-read-more button\" href=\"https:\/\/kulturwerkstatt-lapalma.com\/es\/events\/beratungen-massagen-behandlungen-von-iris\/\">M\u00e1s informaci\u00f3n<\/a>\n\t\t\t\n\t\t<\/div>\n\t<\/div>\n<\/div><div class=\"em-event em-item \" style=\"--default-border:#260e09;\">\n\t<div class=\"em-item-image \">\n\t\t\n\t\t<img src='https:\/\/kulturwerkstatt-lapalma.com\/wp-content\/uploads\/2025\/12\/kid-1520705_1280-1.jpg' alt='\ud83d\udcbb Die Computersprechstunde mit Hermes'\/>\n\t\t\n\t\t\n\t<\/div>\n\t<div class=\"em-item-info\">\n\t\t<h3 class=\"em-item-title\"><a href=\"https:\/\/kulturwerkstatt-lapalma.com\/es\/events\/computersprechstunde-mit-hermes\/\">\ud83d\udcbb Die Computersprechstunde mit Hermes<\/a><\/h3>\n\t\t\n\t\t<div class=\"em-event-meta em-item-meta\">\n\t\t\t<div class=\"em-item-meta-line em-event-date em-event-meta-datetime\">\n\t\t\t\t<span class=\"em-icon-calendar em-icon\"><\/span>\n\t\t\t\t12. mayo 2026&nbsp;&nbsp;&nbsp;&nbsp;\n\t\t\t<\/div>\n\t\t\t<div class=\"em-item-meta-line em-event-time em-event-meta-datetime\">\n\t\t\t\t<span class=\"em-icon-clock em-icon\"><\/span>\n\t\t\t\t10:00 - 15:00\n\t\t\t<\/div>\n\t\t\t\n\t\t\t\n\t\t\t<div class=\"em-item-meta-line em-event-location\">\n\t\t\t\t<span class=\"em-icon-location em-icon\"><\/span>\n\t\t\t\t<a href=\"https:\/\/kulturwerkstatt-lapalma.com\/es\/locations\/kulturwerkstatt-viento-del-norte-puntagorda\/\">Kulturwerkstatt \u201eViento del Norte&quot; Puntagorda<\/a>\n\t\t\t<\/div>\n\t\t\t\n\t\t\t\n\t\t\t\n\t\t\t\n\t\t<\/div>\n\t\t<div class=\"em-item-desc\">\n\t\t\t\ud83d\udcbb Die Computersprechstunde Die Computersprechstunde, gegr\u00fcndet von Hermes, unterst\u00fctzt dich bei allen Fragen rund um die digitale Welt. Egal ob akutes Technikproblem oder \u201enur mal [...]\n\t\t<\/div>\n\t\t<div class=\"em-item-actions input\">\n\t\t\t<a class=\"em-item-read-more button\" href=\"https:\/\/kulturwerkstatt-lapalma.com\/es\/events\/computersprechstunde-mit-hermes\/\">M\u00e1s informaci\u00f3n<\/a>\n\t\t\t\n\t\t<\/div>\n\t<\/div>\n<\/div><div class=\"em-event em-item \" style=\"--default-border:#a1db43;\">\n\t<div class=\"em-item-image \">\n\t\t\n\t\t<img src='https:\/\/kulturwerkstatt-lapalma.com\/wp-content\/uploads\/2026\/02\/Salsa-Kulturwerkstatt-scaled.jpg' alt='Salsa tanzen'\/>\n\t\t\n\t\t\n\t<\/div>\n\t<div class=\"em-item-info\">\n\t\t<h3 class=\"em-item-title\"><a href=\"https:\/\/kulturwerkstatt-lapalma.com\/es\/events\/salsa-tanzen-3\/\">Salsa tanzen<\/a><\/h3>\n\t\t\n\t\t<div class=\"em-event-meta em-item-meta\">\n\t\t\t<div class=\"em-item-meta-line em-event-date em-event-meta-datetime\">\n\t\t\t\t<span class=\"em-icon-calendar em-icon\"><\/span>\n\t\t\t\t12. mayo 2026&nbsp;&nbsp;&nbsp;&nbsp;\n\t\t\t<\/div>\n\t\t\t<div class=\"em-item-meta-line em-event-time em-event-meta-datetime\">\n\t\t\t\t<span class=\"em-icon-clock em-icon\"><\/span>\n\t\t\t\t19:30 - 21:30\n\t\t\t<\/div>\n\t\t\t\n\t\t\t\n\t\t\t<div class=\"em-item-meta-line em-event-location\">\n\t\t\t\t<span class=\"em-icon-location em-icon\"><\/span>\n\t\t\t\t<a href=\"https:\/\/kulturwerkstatt-lapalma.com\/es\/locations\/kulturwerkstatt-viento-del-norte-puntagorda\/\">Kulturwerkstatt \u201eViento del Norte&quot; Puntagorda<\/a>\n\t\t\t<\/div>\n\t\t\t\n\t\t\t\n\t\t\t\n\t\t\t\n\t\t<\/div>\n\t\t<div class=\"em-item-desc\">\n\t\t\t\ud83d\udc83 Salsatanzen Lust auf Bewegung, Musik und gute Laune?\u00a0\ud83d\ude0a Komm gern vorbei \u2013 Vorkenntnisse erw\u00fcnscht. \ud83d\udcc5\u00a0M\u00e4rz:\u00a0dienstags, 19:00 Uhr \ud83d\udcc5\u00a0April:\u00a0sonntags, 18:00 Uhr \ud83d\udcc5\u00a0Mai:\u00a0dienstags, 19:30 Uhr \ud83d\udcde [...]\n\t\t<\/div>\n\t\t<div class=\"em-item-actions input\">\n\t\t\t<a class=\"em-item-read-more button\" href=\"https:\/\/kulturwerkstatt-lapalma.com\/es\/events\/salsa-tanzen-3\/\">M\u00e1s informaci\u00f3n<\/a>\n\t\t\t\n\t\t<\/div>\n\t<\/div>\n<\/div><div class=\"em-pagination em-ajax\" data-em-ajax=\"id=797325574&amp;scope=future&amp;action=search_events\"> <span class=\"page-numbers current\">1<\/span><span class=\"not-current second-half\"> <a class=\"page-numbers\" href=\"\/es\/wp-json\/wp\/v2\/pages\/177?pno=2\" title=\"2\">2<\/a>  <a class=\"page-numbers\" href=\"\/es\/wp-json\/wp\/v2\/pages\/177?pno=3\" title=\"3\">3<\/a>  <a class=\"page-numbers\" href=\"\/es\/wp-json\/wp\/v2\/pages\/177?pno=4\" title=\"4\">4<\/a>  <a class=\"page-numbers\" href=\"\/es\/wp-json\/wp\/v2\/pages\/177?pno=5\" title=\"5\">5<\/a> <\/span> <a class=\"page-numbers\" href=\"\/es\/wp-json\/wp\/v2\/pages\/177?pno=6\" title=\"6\">6<\/a>  <a class=\"page-numbers\" href=\"\/es\/wp-json\/wp\/v2\/pages\/177?pno=7\" title=\"7\">7<\/a>  <a class=\"next page-numbers\" href=\"\/es\/wp-json\/wp\/v2\/pages\/177?pno=2\" title=\"2\">&gt;<\/a>  <\/div>\t<\/div>\r\n<\/div>]\n<\/div><\/div>\n<\/div><\/div>\n\n<div class=\"et_pb_tab_2 et_pb_tab clearfix et_pb_module et_flex_module\"><div class=\"et_pb_tab_content et_flex_module\">\n<div class=\"et_pb_code_2 et_pb_code et_pb_module\"><div class=\"et_pb_code_inner\"><div class=\"em em-view-container\" id=\"em-view-1690060451\" data-view=\"grid\" style=\"--view-grid-width : 250px\">\r\n\t<div class=\"em pixelbones em-list em-events-list em-grid em-events-grid\" id=\"em-events-grid-1690060451\" data-view-id=\"1690060451\">\r\n\t<div class=\"em-event em-item\" data-href=\"https:\/\/kulturwerkstatt-lapalma.com\/es\/events\/beratungen-massagen-behandlungen-von-iris\/\" style=\"--default-border:#f74cc4;\">\n\t<div class=\"em-item-image \">\n\t\t<div class=\"em-item-image-wrapper\">\n\t\t\t\n\t\t\t<img src='https:\/\/kulturwerkstatt-lapalma.com\/wp-content\/uploads\/2025\/12\/blossom-5356482_640.jpg' alt='Beratungen, Massagen, Behandlungen von Iris'\/>\n\t\t\t\n\t\t\t\n\t\t<\/div>\n\t<\/div>\n\t<div class=\"em-item-info\">\n\t\t<h3 class=\"em-item-title\"><a href=\"https:\/\/kulturwerkstatt-lapalma.com\/es\/events\/beratungen-massagen-behandlungen-von-iris\/\">Beratungen, Massagen, Behandlungen von Iris<\/a><\/h3>\n\t\t<div class=\"em-event-meta em-item-meta\">\n\t\t\t<div class=\"em-item-meta-line em-event-date em-event-meta-datetime\">\n\t\t\t\t<span class=\"em-icon-calendar em-icon\"><\/span>\n\t\t\t\t4. mayo 2026\n\t\t\t<\/div>\n\t\t\t<div class=\"em-item-meta-line em-event-time em-event-meta-datetime\">\n\t\t\t\t<span class=\"em-icon-clock em-icon\"><\/span>\n\t\t\t\t10:00 - 15:00\n\t\t\t<\/div>\n\t\t\t\n\t\t\t\n\t\t\t<div class=\"em-item-meta-line em-event-location\">\n\t\t\t\t<span class=\"em-icon-location em-icon\"><\/span>\n\t\t\t\t<a href=\"https:\/\/kulturwerkstatt-lapalma.com\/es\/locations\/kulturwerkstatt-viento-del-norte-puntagorda\/\">Kulturwerkstatt \u201eViento del Norte&quot; Puntagorda<\/a>\n\t\t\t<\/div>\n\t\t\t\n\t\t\t\n\t\t<\/div>\n\t<\/div>\n<\/div><div class=\"em-event em-item\" data-href=\"https:\/\/kulturwerkstatt-lapalma.com\/es\/events\/computersprechstunde-mit-hermes\/\" style=\"--default-border:#260e09;\">\n\t<div class=\"em-item-image \">\n\t\t<div class=\"em-item-image-wrapper\">\n\t\t\t\n\t\t\t<img src='https:\/\/kulturwerkstatt-lapalma.com\/wp-content\/uploads\/2025\/12\/kid-1520705_1280-1.jpg' alt='\ud83d\udcbb Die Computersprechstunde mit Hermes'\/>\n\t\t\t\n\t\t\t\n\t\t<\/div>\n\t<\/div>\n\t<div class=\"em-item-info\">\n\t\t<h3 class=\"em-item-title\"><a href=\"https:\/\/kulturwerkstatt-lapalma.com\/es\/events\/computersprechstunde-mit-hermes\/\">\ud83d\udcbb Die Computersprechstunde mit Hermes<\/a><\/h3>\n\t\t<div class=\"em-event-meta em-item-meta\">\n\t\t\t<div class=\"em-item-meta-line em-event-date em-event-meta-datetime\">\n\t\t\t\t<span class=\"em-icon-calendar em-icon\"><\/span>\n\t\t\t\t5. mayo 2026\n\t\t\t<\/div>\n\t\t\t<div class=\"em-item-meta-line em-event-time em-event-meta-datetime\">\n\t\t\t\t<span class=\"em-icon-clock em-icon\"><\/span>\n\t\t\t\t10:00 - 15:00\n\t\t\t<\/div>\n\t\t\t\n\t\t\t\n\t\t\t<div class=\"em-item-meta-line em-event-location\">\n\t\t\t\t<span class=\"em-icon-location em-icon\"><\/span>\n\t\t\t\t<a href=\"https:\/\/kulturwerkstatt-lapalma.com\/es\/locations\/kulturwerkstatt-viento-del-norte-puntagorda\/\">Kulturwerkstatt \u201eViento del Norte&quot; Puntagorda<\/a>\n\t\t\t<\/div>\n\t\t\t\n\t\t\t\n\t\t<\/div>\n\t<\/div>\n<\/div><div class=\"em-event em-item\" data-href=\"https:\/\/kulturwerkstatt-lapalma.com\/es\/events\/salsa-tanzen-3\/\" style=\"--default-border:#a1db43;\">\n\t<div class=\"em-item-image \">\n\t\t<div class=\"em-item-image-wrapper\">\n\t\t\t\n\t\t\t<img src='https:\/\/kulturwerkstatt-lapalma.com\/wp-content\/uploads\/2026\/02\/Salsa-Kulturwerkstatt-scaled.jpg' alt='Salsa tanzen'\/>\n\t\t\t\n\t\t\t\n\t\t<\/div>\n\t<\/div>\n\t<div class=\"em-item-info\">\n\t\t<h3 class=\"em-item-title\"><a href=\"https:\/\/kulturwerkstatt-lapalma.com\/es\/events\/salsa-tanzen-3\/\">Salsa tanzen<\/a><\/h3>\n\t\t<div class=\"em-event-meta em-item-meta\">\n\t\t\t<div class=\"em-item-meta-line em-event-date em-event-meta-datetime\">\n\t\t\t\t<span class=\"em-icon-calendar em-icon\"><\/span>\n\t\t\t\t5. mayo 2026\n\t\t\t<\/div>\n\t\t\t<div class=\"em-item-meta-line em-event-time em-event-meta-datetime\">\n\t\t\t\t<span class=\"em-icon-clock em-icon\"><\/span>\n\t\t\t\t19:30 - 21:30\n\t\t\t<\/div>\n\t\t\t\n\t\t\t\n\t\t\t<div class=\"em-item-meta-line em-event-location\">\n\t\t\t\t<span class=\"em-icon-location em-icon\"><\/span>\n\t\t\t\t<a href=\"https:\/\/kulturwerkstatt-lapalma.com\/es\/locations\/kulturwerkstatt-viento-del-norte-puntagorda\/\">Kulturwerkstatt \u201eViento del Norte&quot; Puntagorda<\/a>\n\t\t\t<\/div>\n\t\t\t\n\t\t\t\n\t\t<\/div>\n\t<\/div>\n<\/div><div class=\"em-event em-item\" data-href=\"https:\/\/kulturwerkstatt-lapalma.com\/es\/events\/experimentelles-malen-arunya-mal-treff\/\" style=\"--default-border:#d84375;\">\n\t<div class=\"em-item-image \">\n\t\t<div class=\"em-item-image-wrapper\">\n\t\t\t\n\t\t\t<img src='https:\/\/kulturwerkstatt-lapalma.com\/wp-content\/uploads\/2026\/01\/experimentelles-malen.jpg' alt='\ud83c\udfa8&quot;Mal-Treff&quot;  im Viento del Norte \/ Malen nach Lust und Laune! \ud83c\udfa8'\/>\n\t\t\t\n\t\t\t\n\t\t<\/div>\n\t<\/div>\n\t<div class=\"em-item-info\">\n\t\t<h3 class=\"em-item-title\"><a href=\"https:\/\/kulturwerkstatt-lapalma.com\/es\/events\/experimentelles-malen-arunya-mal-treff\/\">\ud83c\udfa8&quot;Mal-Treff&quot;  im Viento del Norte \/ Malen nach Lust und Laune! \ud83c\udfa8<\/a><\/h3>\n\t\t<div class=\"em-event-meta em-item-meta\">\n\t\t\t<div class=\"em-item-meta-line em-event-date em-event-meta-datetime\">\n\t\t\t\t<span class=\"em-icon-calendar em-icon\"><\/span>\n\t\t\t\t7. mayo 2026\n\t\t\t<\/div>\n\t\t\t<div class=\"em-item-meta-line em-event-time em-event-meta-datetime\">\n\t\t\t\t<span class=\"em-icon-clock em-icon\"><\/span>\n\t\t\t\t10:00 - 13:00\n\t\t\t<\/div>\n\t\t\t\n\t\t\t\n\t\t\t<div class=\"em-item-meta-line em-event-location\">\n\t\t\t\t<span class=\"em-icon-location em-icon\"><\/span>\n\t\t\t\t<a href=\"https:\/\/kulturwerkstatt-lapalma.com\/es\/locations\/kulturwerkstatt-viento-del-norte-puntagorda\/\">Kulturwerkstatt \u201eViento del Norte&quot; Puntagorda<\/a>\n\t\t\t<\/div>\n\t\t\t\n\t\t\t\n\t\t<\/div>\n\t<\/div>\n<\/div><div class=\"em-event em-item\" data-href=\"https:\/\/kulturwerkstatt-lapalma.com\/es\/events\/biodanza-mit-bettina-rebecca-2\/\" style=\"--default-border:#ea6bea;\">\n\t<div class=\"em-item-image \">\n\t\t<div class=\"em-item-image-wrapper\">\n\t\t\t\n\t\t\t<img src='https:\/\/kulturwerkstatt-lapalma.com\/wp-content\/uploads\/2026\/04\/biodanca-kulturwerkstatt.jpg' alt='\ud83d\udc83 Biodanza mit Bettina-Rebecca'\/>\n\t\t\t\n\t\t\t\n\t\t<\/div>\n\t<\/div>\n\t<div class=\"em-item-info\">\n\t\t<h3 class=\"em-item-title\"><a href=\"https:\/\/kulturwerkstatt-lapalma.com\/es\/events\/biodanza-mit-bettina-rebecca-2\/\">\ud83d\udc83 Biodanza mit Bettina-Rebecca<\/a><\/h3>\n\t\t<div class=\"em-event-meta em-item-meta\">\n\t\t\t<div class=\"em-item-meta-line em-event-date em-event-meta-datetime\">\n\t\t\t\t<span class=\"em-icon-calendar em-icon\"><\/span>\n\t\t\t\t7. mayo 2026\n\t\t\t<\/div>\n\t\t\t<div class=\"em-item-meta-line em-event-time em-event-meta-datetime\">\n\t\t\t\t<span class=\"em-icon-clock em-icon\"><\/span>\n\t\t\t\t18:00 - 20:00\n\t\t\t<\/div>\n\t\t\t\n\t\t\t\n\t\t\t<div class=\"em-item-meta-line em-event-location\">\n\t\t\t\t<span class=\"em-icon-location em-icon\"><\/span>\n\t\t\t\t<a href=\"https:\/\/kulturwerkstatt-lapalma.com\/es\/locations\/kulturwerkstatt-viento-del-norte-puntagorda\/\">Kulturwerkstatt \u201eViento del Norte&quot; Puntagorda<\/a>\n\t\t\t<\/div>\n\t\t\t\n\t\t\t\n\t\t<\/div>\n\t<\/div>\n<\/div><div class=\"em-event em-item\" data-href=\"https:\/\/kulturwerkstatt-lapalma.com\/es\/events\/mein-engel-und-ich-vortrag-la-palma\/\" style=\"--default-border:#ba3968;\">\n\t<div class=\"em-item-image \">\n\t\t<div class=\"em-item-image-wrapper\">\n\t\t\t\n\t\t\t<img src='https:\/\/kulturwerkstatt-lapalma.com\/wp-content\/uploads\/2026\/03\/Flyer-Marion-Engel-A4-pdf.jpg' alt='\ud83d\udc7c \u201eMein Engel und Ich\u201c \u2013 Vortrag von Marion Selzer'\/>\n\t\t\t\n\t\t\t\n\t\t<\/div>\n\t<\/div>\n\t<div class=\"em-item-info\">\n\t\t<h3 class=\"em-item-title\"><a href=\"https:\/\/kulturwerkstatt-lapalma.com\/es\/events\/mein-engel-und-ich-vortrag-la-palma\/\">\ud83d\udc7c \u201eMein Engel und Ich\u201c \u2013 Vortrag von Marion Selzer<\/a><\/h3>\n\t\t<div class=\"em-event-meta em-item-meta\">\n\t\t\t<div class=\"em-item-meta-line em-event-date em-event-meta-datetime\">\n\t\t\t\t<span class=\"em-icon-calendar em-icon\"><\/span>\n\t\t\t\t8. mayo 2026\n\t\t\t<\/div>\n\t\t\t<div class=\"em-item-meta-line em-event-time em-event-meta-datetime\">\n\t\t\t\t<span class=\"em-icon-clock em-icon\"><\/span>\n\t\t\t\t18:00 - 20:00\n\t\t\t<\/div>\n\t\t\t\n\t\t\t\n\t\t\t\n\t\t<\/div>\n\t<\/div>\n<\/div><div class=\"em-event em-item\" data-href=\"https:\/\/kulturwerkstatt-lapalma.com\/es\/events\/giulia-kalish-konzert-la-palma\/\" style=\"--default-border:#80b538;\">\n\t<div class=\"em-item-image \">\n\t\t<div class=\"em-item-image-wrapper\">\n\t\t\t\n\t\t\t<img src='https:\/\/kulturwerkstatt-lapalma.com\/wp-content\/uploads\/2026\/04\/IMG-20260426-WA0009.jpg' alt='\ud83c\udfb6 Kalish Swing \u2013 Musik f\u00fcr die Herzen'\/>\n\t\t\t\n\t\t\t\n\t\t<\/div>\n\t<\/div>\n\t<div class=\"em-item-info\">\n\t\t<h3 class=\"em-item-title\"><a href=\"https:\/\/kulturwerkstatt-lapalma.com\/es\/events\/giulia-kalish-konzert-la-palma\/\">\ud83c\udfb6 Kalish Swing \u2013 Musik f\u00fcr die Herzen<\/a><\/h3>\n\t\t<div class=\"em-event-meta em-item-meta\">\n\t\t\t<div class=\"em-item-meta-line em-event-date em-event-meta-datetime\">\n\t\t\t\t<span class=\"em-icon-calendar em-icon\"><\/span>\n\t\t\t\t9. mayo 2026\n\t\t\t<\/div>\n\t\t\t<div class=\"em-item-meta-line em-event-time em-event-meta-datetime\">\n\t\t\t\t<span class=\"em-icon-clock em-icon\"><\/span>\n\t\t\t\t18:00 - 19:30\n\t\t\t<\/div>\n\t\t\t\n\t\t\t\n\t\t\t<div class=\"em-item-meta-line em-event-location\">\n\t\t\t\t<span class=\"em-icon-location em-icon\"><\/span>\n\t\t\t\t<a href=\"https:\/\/kulturwerkstatt-lapalma.com\/es\/locations\/kulturwerkstatt-viento-del-norte-puntagorda\/\">Kulturwerkstatt \u201eViento del Norte&quot; Puntagorda<\/a>\n\t\t\t<\/div>\n\t\t\t\n\t\t\t\n\t\t<\/div>\n\t<\/div>\n<\/div><div class=\"em-event em-item\" data-href=\"https:\/\/kulturwerkstatt-lapalma.com\/es\/events\/beratungen-massagen-behandlungen-von-iris\/\" style=\"--default-border:#f74cc4;\">\n\t<div class=\"em-item-image \">\n\t\t<div class=\"em-item-image-wrapper\">\n\t\t\t\n\t\t\t<img src='https:\/\/kulturwerkstatt-lapalma.com\/wp-content\/uploads\/2025\/12\/blossom-5356482_640.jpg' alt='Beratungen, Massagen, Behandlungen von Iris'\/>\n\t\t\t\n\t\t\t\n\t\t<\/div>\n\t<\/div>\n\t<div class=\"em-item-info\">\n\t\t<h3 class=\"em-item-title\"><a href=\"https:\/\/kulturwerkstatt-lapalma.com\/es\/events\/beratungen-massagen-behandlungen-von-iris\/\">Beratungen, Massagen, Behandlungen von Iris<\/a><\/h3>\n\t\t<div class=\"em-event-meta em-item-meta\">\n\t\t\t<div class=\"em-item-meta-line em-event-date em-event-meta-datetime\">\n\t\t\t\t<span class=\"em-icon-calendar em-icon\"><\/span>\n\t\t\t\t11. mayo 2026\n\t\t\t<\/div>\n\t\t\t<div class=\"em-item-meta-line em-event-time em-event-meta-datetime\">\n\t\t\t\t<span class=\"em-icon-clock em-icon\"><\/span>\n\t\t\t\t10:00 - 15:00\n\t\t\t<\/div>\n\t\t\t\n\t\t\t\n\t\t\t<div class=\"em-item-meta-line em-event-location\">\n\t\t\t\t<span class=\"em-icon-location em-icon\"><\/span>\n\t\t\t\t<a href=\"https:\/\/kulturwerkstatt-lapalma.com\/es\/locations\/kulturwerkstatt-viento-del-norte-puntagorda\/\">Kulturwerkstatt \u201eViento del Norte&quot; Puntagorda<\/a>\n\t\t\t<\/div>\n\t\t\t\n\t\t\t\n\t\t<\/div>\n\t<\/div>\n<\/div><div class=\"em-event em-item\" data-href=\"https:\/\/kulturwerkstatt-lapalma.com\/es\/events\/computersprechstunde-mit-hermes\/\" style=\"--default-border:#260e09;\">\n\t<div class=\"em-item-image \">\n\t\t<div class=\"em-item-image-wrapper\">\n\t\t\t\n\t\t\t<img src='https:\/\/kulturwerkstatt-lapalma.com\/wp-content\/uploads\/2025\/12\/kid-1520705_1280-1.jpg' alt='\ud83d\udcbb Die Computersprechstunde mit Hermes'\/>\n\t\t\t\n\t\t\t\n\t\t<\/div>\n\t<\/div>\n\t<div class=\"em-item-info\">\n\t\t<h3 class=\"em-item-title\"><a href=\"https:\/\/kulturwerkstatt-lapalma.com\/es\/events\/computersprechstunde-mit-hermes\/\">\ud83d\udcbb Die Computersprechstunde mit Hermes<\/a><\/h3>\n\t\t<div class=\"em-event-meta em-item-meta\">\n\t\t\t<div class=\"em-item-meta-line em-event-date em-event-meta-datetime\">\n\t\t\t\t<span class=\"em-icon-calendar em-icon\"><\/span>\n\t\t\t\t12. mayo 2026\n\t\t\t<\/div>\n\t\t\t<div class=\"em-item-meta-line em-event-time em-event-meta-datetime\">\n\t\t\t\t<span class=\"em-icon-clock em-icon\"><\/span>\n\t\t\t\t10:00 - 15:00\n\t\t\t<\/div>\n\t\t\t\n\t\t\t\n\t\t\t<div class=\"em-item-meta-line em-event-location\">\n\t\t\t\t<span class=\"em-icon-location em-icon\"><\/span>\n\t\t\t\t<a href=\"https:\/\/kulturwerkstatt-lapalma.com\/es\/locations\/kulturwerkstatt-viento-del-norte-puntagorda\/\">Kulturwerkstatt \u201eViento del Norte&quot; Puntagorda<\/a>\n\t\t\t<\/div>\n\t\t\t\n\t\t\t\n\t\t<\/div>\n\t<\/div>\n<\/div><div class=\"em-event em-item\" data-href=\"https:\/\/kulturwerkstatt-lapalma.com\/es\/events\/salsa-tanzen-3\/\" style=\"--default-border:#a1db43;\">\n\t<div class=\"em-item-image \">\n\t\t<div class=\"em-item-image-wrapper\">\n\t\t\t\n\t\t\t<img src='https:\/\/kulturwerkstatt-lapalma.com\/wp-content\/uploads\/2026\/02\/Salsa-Kulturwerkstatt-scaled.jpg' alt='Salsa tanzen'\/>\n\t\t\t\n\t\t\t\n\t\t<\/div>\n\t<\/div>\n\t<div class=\"em-item-info\">\n\t\t<h3 class=\"em-item-title\"><a href=\"https:\/\/kulturwerkstatt-lapalma.com\/es\/events\/salsa-tanzen-3\/\">Salsa tanzen<\/a><\/h3>\n\t\t<div class=\"em-event-meta em-item-meta\">\n\t\t\t<div class=\"em-item-meta-line em-event-date em-event-meta-datetime\">\n\t\t\t\t<span class=\"em-icon-calendar em-icon\"><\/span>\n\t\t\t\t12. mayo 2026\n\t\t\t<\/div>\n\t\t\t<div class=\"em-item-meta-line em-event-time em-event-meta-datetime\">\n\t\t\t\t<span class=\"em-icon-clock em-icon\"><\/span>\n\t\t\t\t19:30 - 21:30\n\t\t\t<\/div>\n\t\t\t\n\t\t\t\n\t\t\t<div class=\"em-item-meta-line em-event-location\">\n\t\t\t\t<span class=\"em-icon-location em-icon\"><\/span>\n\t\t\t\t<a href=\"https:\/\/kulturwerkstatt-lapalma.com\/es\/locations\/kulturwerkstatt-viento-del-norte-puntagorda\/\">Kulturwerkstatt \u201eViento del Norte&quot; Puntagorda<\/a>\n\t\t\t<\/div>\n\t\t\t\n\t\t\t\n\t\t<\/div>\n\t<\/div>\n<\/div><div class=\"em-event em-item\" data-href=\"https:\/\/kulturwerkstatt-lapalma.com\/es\/events\/memorias-de-gaia-ausstellung-la-palma\/\" style=\"--default-border:#80b538;\">\n\t<div class=\"em-item-image \">\n\t\t<div class=\"em-item-image-wrapper\">\n\t\t\t\n\t\t\t<img src='https:\/\/kulturwerkstatt-lapalma.com\/wp-content\/uploads\/2026\/04\/photo_2026-04-22_22-14-09.jpg' alt='\ud83c\udfa8 Ausstellung \u201eMemorias de Gaia\u201c \u2013 Acr\u00edlico fluido \/ Pouring Art'\/>\n\t\t\t\n\t\t\t\n\t\t<\/div>\n\t<\/div>\n\t<div class=\"em-item-info\">\n\t\t<h3 class=\"em-item-title\"><a href=\"https:\/\/kulturwerkstatt-lapalma.com\/es\/events\/memorias-de-gaia-ausstellung-la-palma\/\">\ud83c\udfa8 Ausstellung \u201eMemorias de Gaia\u201c \u2013 Acr\u00edlico fluido \/ Pouring Art<\/a><\/h3>\n\t\t<div class=\"em-event-meta em-item-meta\">\n\t\t\t<div class=\"em-item-meta-line em-event-date em-event-meta-datetime\">\n\t\t\t\t<span class=\"em-icon-calendar em-icon\"><\/span>\n\t\t\t\t13. mayo 2026\n\t\t\t<\/div>\n\t\t\t<div class=\"em-item-meta-line em-event-time em-event-meta-datetime\">\n\t\t\t\t<span class=\"em-icon-clock em-icon\"><\/span>\n\t\t\t\t10:00 - 13:30\n\t\t\t<\/div>\n\t\t\t\n\t\t\t\n\t\t\t<div class=\"em-item-meta-line em-event-location\">\n\t\t\t\t<span class=\"em-icon-location em-icon\"><\/span>\n\t\t\t\t<a href=\"https:\/\/kulturwerkstatt-lapalma.com\/es\/locations\/kulturwerkstatt-viento-del-norte-puntagorda\/\">Kulturwerkstatt \u201eViento del Norte&quot; Puntagorda<\/a>\n\t\t\t<\/div>\n\t\t\t\n\t\t\t\n\t\t<\/div>\n\t<\/div>\n<\/div><div class=\"em-event em-item\" data-href=\"https:\/\/kulturwerkstatt-lapalma.com\/es\/events\/memorias-de-gaia-ausstellung-la-palma\/\" style=\"--default-border:#80b538;\">\n\t<div class=\"em-item-image \">\n\t\t<div class=\"em-item-image-wrapper\">\n\t\t\t\n\t\t\t<img src='https:\/\/kulturwerkstatt-lapalma.com\/wp-content\/uploads\/2026\/04\/photo_2026-04-22_22-14-09.jpg' alt='\ud83c\udfa8 Ausstellung \u201eMemorias de Gaia\u201c \u2013 Acr\u00edlico fluido \/ Pouring Art'\/>\n\t\t\t\n\t\t\t\n\t\t<\/div>\n\t<\/div>\n\t<div class=\"em-item-info\">\n\t\t<h3 class=\"em-item-title\"><a href=\"https:\/\/kulturwerkstatt-lapalma.com\/es\/events\/memorias-de-gaia-ausstellung-la-palma\/\">\ud83c\udfa8 Ausstellung \u201eMemorias de Gaia\u201c \u2013 Acr\u00edlico fluido \/ Pouring Art<\/a><\/h3>\n\t\t<div class=\"em-event-meta em-item-meta\">\n\t\t\t<div class=\"em-item-meta-line em-event-date em-event-meta-datetime\">\n\t\t\t\t<span class=\"em-icon-calendar em-icon\"><\/span>\n\t\t\t\t15. mayo 2026\n\t\t\t<\/div>\n\t\t\t<div class=\"em-item-meta-line em-event-time em-event-meta-datetime\">\n\t\t\t\t<span class=\"em-icon-clock em-icon\"><\/span>\n\t\t\t\t10:00 - 13:30\n\t\t\t<\/div>\n\t\t\t\n\t\t\t\n\t\t\t<div class=\"em-item-meta-line em-event-location\">\n\t\t\t\t<span class=\"em-icon-location em-icon\"><\/span>\n\t\t\t\t<a href=\"https:\/\/kulturwerkstatt-lapalma.com\/es\/locations\/kulturwerkstatt-viento-del-norte-puntagorda\/\">Kulturwerkstatt \u201eViento del Norte&quot; Puntagorda<\/a>\n\t\t\t<\/div>\n\t\t\t\n\t\t\t\n\t\t<\/div>\n\t<\/div>\n<\/div><div class=\"em-pagination em-ajax\" data-em-ajax=\"id=1690060451&amp;limit=12&amp;scope=future&amp;action=search_events\"> <span class=\"page-numbers current\">1<\/span> <a class=\"page-numbers\" href=\"\/es\/wp-json\/wp\/v2\/pages\/177?pno=2\" title=\"2\">2<\/a>  <a class=\"page-numbers\" href=\"\/es\/wp-json\/wp\/v2\/pages\/177?pno=3\" title=\"3\">3<\/a>  <a class=\"page-numbers\" href=\"\/es\/wp-json\/wp\/v2\/pages\/177?pno=4\" title=\"4\">4<\/a>  <a class=\"page-numbers\" href=\"\/es\/wp-json\/wp\/v2\/pages\/177?pno=5\" title=\"5\">5<\/a>  <a class=\"page-numbers\" href=\"\/es\/wp-json\/wp\/v2\/pages\/177?pno=6\" title=\"6\">6<\/a>  <a class=\"next page-numbers\" href=\"\/es\/wp-json\/wp\/v2\/pages\/177?pno=2\" title=\"2\">&gt;<\/a>  <\/div>\t<\/div>\r\n<\/div>\n\n<\/div><\/div>\n<\/div><\/div>\n<\/div><\/div>\n<\/div>\n<\/div>\n\n<div class=\"et_pb_row_2 et_pb_row et_flex_row\">\n<div class=\"et_pb_column_2 et_pb_column et-last-child et_flex_column et_pb_css_mix_blend_mode_passthrough et_flex_column_24_24 et_flex_column_24_24_tablet et_flex_column_24_24_phone et_flex_column_24_24_ultraWide\">\n<div class=\"et_pb_tabs_1 et_pb_tabs et_pb_module\"><ul class=\"et_pb_tabs_controls clearfix\"><li class=\"et_pb_tab_nav_item_3 et_pb_tab_nav_item et_pb_tab_3 et_pb_tab_active\"><a class=\"et_pb_tab_nav_item_link\" href=\"#\">Rasteransicht<\/a><\/li><li class=\"et_pb_tab_nav_item_4 et_pb_tab_nav_item et_pb_tab_4\"><a class=\"et_pb_tab_nav_item_link\" href=\"#\">Kalenderansicht<\/a><\/li><\/ul><div class=\"et_pb_all_tabs\">\n<div class=\"et_pb_tab_3 et_pb_tab clearfix et_pb_active_content et_pb_module et_flex_module\"><div class=\"et_pb_tab_content et_flex_module\">\n<div class=\"et_pb_code_3 et_pb_code et_pb_module\"><div class=\"et_pb_code_inner\"><div class=\"em em-view-container\" id=\"em-view-1672135673\" data-view=\"grid\" style=\"--view-grid-width : 250px\">\r\n\t<div class=\"em pixelbones em-list em-events-list em-grid em-events-grid\" id=\"em-events-grid-1672135673\" data-view-id=\"1672135673\">\r\n\t<div class=\"em-event em-item\" data-href=\"https:\/\/kulturwerkstatt-lapalma.com\/es\/events\/beratungen-massagen-behandlungen-von-iris\/\" style=\"--default-border:#f74cc4;\">\n\t<div class=\"em-item-image \">\n\t\t<div class=\"em-item-image-wrapper\">\n\t\t\t\n\t\t\t<img src='https:\/\/kulturwerkstatt-lapalma.com\/wp-content\/uploads\/2025\/12\/blossom-5356482_640.jpg' alt='Beratungen, Massagen, Behandlungen von Iris'\/>\n\t\t\t\n\t\t\t\n\t\t<\/div>\n\t<\/div>\n\t<div class=\"em-item-info\">\n\t\t<h3 class=\"em-item-title\"><a href=\"https:\/\/kulturwerkstatt-lapalma.com\/es\/events\/beratungen-massagen-behandlungen-von-iris\/\">Beratungen, Massagen, Behandlungen von Iris<\/a><\/h3>\n\t\t<div class=\"em-event-meta em-item-meta\">\n\t\t\t<div class=\"em-item-meta-line em-event-date em-event-meta-datetime\">\n\t\t\t\t<span class=\"em-icon-calendar em-icon\"><\/span>\n\t\t\t\t4. mayo 2026\n\t\t\t<\/div>\n\t\t\t<div class=\"em-item-meta-line em-event-time em-event-meta-datetime\">\n\t\t\t\t<span class=\"em-icon-clock em-icon\"><\/span>\n\t\t\t\t10:00 - 15:00\n\t\t\t<\/div>\n\t\t\t\n\t\t\t\n\t\t\t<div class=\"em-item-meta-line em-event-location\">\n\t\t\t\t<span class=\"em-icon-location em-icon\"><\/span>\n\t\t\t\t<a href=\"https:\/\/kulturwerkstatt-lapalma.com\/es\/locations\/kulturwerkstatt-viento-del-norte-puntagorda\/\">Kulturwerkstatt \u201eViento del Norte&quot; Puntagorda<\/a>\n\t\t\t<\/div>\n\t\t\t\n\t\t\t\n\t\t<\/div>\n\t<\/div>\n<\/div><div class=\"em-event em-item\" data-href=\"https:\/\/kulturwerkstatt-lapalma.com\/es\/events\/computersprechstunde-mit-hermes\/\" style=\"--default-border:#260e09;\">\n\t<div class=\"em-item-image \">\n\t\t<div class=\"em-item-image-wrapper\">\n\t\t\t\n\t\t\t<img src='https:\/\/kulturwerkstatt-lapalma.com\/wp-content\/uploads\/2025\/12\/kid-1520705_1280-1.jpg' alt='\ud83d\udcbb Die Computersprechstunde mit Hermes'\/>\n\t\t\t\n\t\t\t\n\t\t<\/div>\n\t<\/div>\n\t<div class=\"em-item-info\">\n\t\t<h3 class=\"em-item-title\"><a href=\"https:\/\/kulturwerkstatt-lapalma.com\/es\/events\/computersprechstunde-mit-hermes\/\">\ud83d\udcbb Die Computersprechstunde mit Hermes<\/a><\/h3>\n\t\t<div class=\"em-event-meta em-item-meta\">\n\t\t\t<div class=\"em-item-meta-line em-event-date em-event-meta-datetime\">\n\t\t\t\t<span class=\"em-icon-calendar em-icon\"><\/span>\n\t\t\t\t5. mayo 2026\n\t\t\t<\/div>\n\t\t\t<div class=\"em-item-meta-line em-event-time em-event-meta-datetime\">\n\t\t\t\t<span class=\"em-icon-clock em-icon\"><\/span>\n\t\t\t\t10:00 - 15:00\n\t\t\t<\/div>\n\t\t\t\n\t\t\t\n\t\t\t<div class=\"em-item-meta-line em-event-location\">\n\t\t\t\t<span class=\"em-icon-location em-icon\"><\/span>\n\t\t\t\t<a href=\"https:\/\/kulturwerkstatt-lapalma.com\/es\/locations\/kulturwerkstatt-viento-del-norte-puntagorda\/\">Kulturwerkstatt \u201eViento del Norte&quot; Puntagorda<\/a>\n\t\t\t<\/div>\n\t\t\t\n\t\t\t\n\t\t<\/div>\n\t<\/div>\n<\/div><div class=\"em-event em-item\" data-href=\"https:\/\/kulturwerkstatt-lapalma.com\/es\/events\/salsa-tanzen-3\/\" style=\"--default-border:#a1db43;\">\n\t<div class=\"em-item-image \">\n\t\t<div class=\"em-item-image-wrapper\">\n\t\t\t\n\t\t\t<img src='https:\/\/kulturwerkstatt-lapalma.com\/wp-content\/uploads\/2026\/02\/Salsa-Kulturwerkstatt-scaled.jpg' alt='Salsa tanzen'\/>\n\t\t\t\n\t\t\t\n\t\t<\/div>\n\t<\/div>\n\t<div class=\"em-item-info\">\n\t\t<h3 class=\"em-item-title\"><a href=\"https:\/\/kulturwerkstatt-lapalma.com\/es\/events\/salsa-tanzen-3\/\">Salsa tanzen<\/a><\/h3>\n\t\t<div class=\"em-event-meta em-item-meta\">\n\t\t\t<div class=\"em-item-meta-line em-event-date em-event-meta-datetime\">\n\t\t\t\t<span class=\"em-icon-calendar em-icon\"><\/span>\n\t\t\t\t5. mayo 2026\n\t\t\t<\/div>\n\t\t\t<div class=\"em-item-meta-line em-event-time em-event-meta-datetime\">\n\t\t\t\t<span class=\"em-icon-clock em-icon\"><\/span>\n\t\t\t\t19:30 - 21:30\n\t\t\t<\/div>\n\t\t\t\n\t\t\t\n\t\t\t<div class=\"em-item-meta-line em-event-location\">\n\t\t\t\t<span class=\"em-icon-location em-icon\"><\/span>\n\t\t\t\t<a href=\"https:\/\/kulturwerkstatt-lapalma.com\/es\/locations\/kulturwerkstatt-viento-del-norte-puntagorda\/\">Kulturwerkstatt \u201eViento del Norte&quot; Puntagorda<\/a>\n\t\t\t<\/div>\n\t\t\t\n\t\t\t\n\t\t<\/div>\n\t<\/div>\n<\/div><div class=\"em-event em-item\" data-href=\"https:\/\/kulturwerkstatt-lapalma.com\/es\/events\/experimentelles-malen-arunya-mal-treff\/\" style=\"--default-border:#d84375;\">\n\t<div class=\"em-item-image \">\n\t\t<div class=\"em-item-image-wrapper\">\n\t\t\t\n\t\t\t<img src='https:\/\/kulturwerkstatt-lapalma.com\/wp-content\/uploads\/2026\/01\/experimentelles-malen.jpg' alt='\ud83c\udfa8&quot;Mal-Treff&quot;  im Viento del Norte \/ Malen nach Lust und Laune! \ud83c\udfa8'\/>\n\t\t\t\n\t\t\t\n\t\t<\/div>\n\t<\/div>\n\t<div class=\"em-item-info\">\n\t\t<h3 class=\"em-item-title\"><a href=\"https:\/\/kulturwerkstatt-lapalma.com\/es\/events\/experimentelles-malen-arunya-mal-treff\/\">\ud83c\udfa8&quot;Mal-Treff&quot;  im Viento del Norte \/ Malen nach Lust und Laune! \ud83c\udfa8<\/a><\/h3>\n\t\t<div class=\"em-event-meta em-item-meta\">\n\t\t\t<div class=\"em-item-meta-line em-event-date em-event-meta-datetime\">\n\t\t\t\t<span class=\"em-icon-calendar em-icon\"><\/span>\n\t\t\t\t7. mayo 2026\n\t\t\t<\/div>\n\t\t\t<div class=\"em-item-meta-line em-event-time em-event-meta-datetime\">\n\t\t\t\t<span class=\"em-icon-clock em-icon\"><\/span>\n\t\t\t\t10:00 - 13:00\n\t\t\t<\/div>\n\t\t\t\n\t\t\t\n\t\t\t<div class=\"em-item-meta-line em-event-location\">\n\t\t\t\t<span class=\"em-icon-location em-icon\"><\/span>\n\t\t\t\t<a href=\"https:\/\/kulturwerkstatt-lapalma.com\/es\/locations\/kulturwerkstatt-viento-del-norte-puntagorda\/\">Kulturwerkstatt \u201eViento del Norte&quot; Puntagorda<\/a>\n\t\t\t<\/div>\n\t\t\t\n\t\t\t\n\t\t<\/div>\n\t<\/div>\n<\/div><div class=\"em-event em-item\" data-href=\"https:\/\/kulturwerkstatt-lapalma.com\/es\/events\/biodanza-mit-bettina-rebecca-2\/\" style=\"--default-border:#ea6bea;\">\n\t<div class=\"em-item-image \">\n\t\t<div class=\"em-item-image-wrapper\">\n\t\t\t\n\t\t\t<img src='https:\/\/kulturwerkstatt-lapalma.com\/wp-content\/uploads\/2026\/04\/biodanca-kulturwerkstatt.jpg' alt='\ud83d\udc83 Biodanza mit Bettina-Rebecca'\/>\n\t\t\t\n\t\t\t\n\t\t<\/div>\n\t<\/div>\n\t<div class=\"em-item-info\">\n\t\t<h3 class=\"em-item-title\"><a href=\"https:\/\/kulturwerkstatt-lapalma.com\/es\/events\/biodanza-mit-bettina-rebecca-2\/\">\ud83d\udc83 Biodanza mit Bettina-Rebecca<\/a><\/h3>\n\t\t<div class=\"em-event-meta em-item-meta\">\n\t\t\t<div class=\"em-item-meta-line em-event-date em-event-meta-datetime\">\n\t\t\t\t<span class=\"em-icon-calendar em-icon\"><\/span>\n\t\t\t\t7. mayo 2026\n\t\t\t<\/div>\n\t\t\t<div class=\"em-item-meta-line em-event-time em-event-meta-datetime\">\n\t\t\t\t<span class=\"em-icon-clock em-icon\"><\/span>\n\t\t\t\t18:00 - 20:00\n\t\t\t<\/div>\n\t\t\t\n\t\t\t\n\t\t\t<div class=\"em-item-meta-line em-event-location\">\n\t\t\t\t<span class=\"em-icon-location em-icon\"><\/span>\n\t\t\t\t<a href=\"https:\/\/kulturwerkstatt-lapalma.com\/es\/locations\/kulturwerkstatt-viento-del-norte-puntagorda\/\">Kulturwerkstatt \u201eViento del Norte&quot; Puntagorda<\/a>\n\t\t\t<\/div>\n\t\t\t\n\t\t\t\n\t\t<\/div>\n\t<\/div>\n<\/div><div class=\"em-event em-item\" data-href=\"https:\/\/kulturwerkstatt-lapalma.com\/es\/events\/mein-engel-und-ich-vortrag-la-palma\/\" style=\"--default-border:#ba3968;\">\n\t<div class=\"em-item-image \">\n\t\t<div class=\"em-item-image-wrapper\">\n\t\t\t\n\t\t\t<img src='https:\/\/kulturwerkstatt-lapalma.com\/wp-content\/uploads\/2026\/03\/Flyer-Marion-Engel-A4-pdf.jpg' alt='\ud83d\udc7c \u201eMein Engel und Ich\u201c \u2013 Vortrag von Marion Selzer'\/>\n\t\t\t\n\t\t\t\n\t\t<\/div>\n\t<\/div>\n\t<div class=\"em-item-info\">\n\t\t<h3 class=\"em-item-title\"><a href=\"https:\/\/kulturwerkstatt-lapalma.com\/es\/events\/mein-engel-und-ich-vortrag-la-palma\/\">\ud83d\udc7c \u201eMein Engel und Ich\u201c \u2013 Vortrag von Marion Selzer<\/a><\/h3>\n\t\t<div class=\"em-event-meta em-item-meta\">\n\t\t\t<div class=\"em-item-meta-line em-event-date em-event-meta-datetime\">\n\t\t\t\t<span class=\"em-icon-calendar em-icon\"><\/span>\n\t\t\t\t8. mayo 2026\n\t\t\t<\/div>\n\t\t\t<div class=\"em-item-meta-line em-event-time em-event-meta-datetime\">\n\t\t\t\t<span class=\"em-icon-clock em-icon\"><\/span>\n\t\t\t\t18:00 - 20:00\n\t\t\t<\/div>\n\t\t\t\n\t\t\t\n\t\t\t\n\t\t<\/div>\n\t<\/div>\n<\/div><div class=\"em-pagination em-ajax\" data-em-ajax=\"id=1672135673&amp;limit=6&amp;scope=future&amp;action=search_events\"> <span class=\"page-numbers current\">1<\/span><span class=\"not-current second-half\"> <a class=\"page-numbers\" href=\"\/es\/wp-json\/wp\/v2\/pages\/177?pno=2\" title=\"2\">2<\/a>  <a class=\"page-numbers\" href=\"\/es\/wp-json\/wp\/v2\/pages\/177?pno=3\" title=\"3\">3<\/a>  <a class=\"page-numbers\" href=\"\/es\/wp-json\/wp\/v2\/pages\/177?pno=4\" title=\"4\">4<\/a>  <a class=\"page-numbers\" href=\"\/es\/wp-json\/wp\/v2\/pages\/177?pno=5\" title=\"5\">5<\/a>  <a class=\"page-numbers\" href=\"\/es\/wp-json\/wp\/v2\/pages\/177?pno=6\" title=\"6\">6<\/a>  <a class=\"page-numbers\" href=\"\/es\/wp-json\/wp\/v2\/pages\/177?pno=7\" title=\"7\">7<\/a>  <a class=\"page-numbers\" href=\"\/es\/wp-json\/wp\/v2\/pages\/177?pno=8\" title=\"8\">8<\/a>  <a class=\"page-numbers\" href=\"\/es\/wp-json\/wp\/v2\/pages\/177?pno=9\" title=\"9\">9<\/a> <\/span> <a class=\"page-numbers\" href=\"\/es\/wp-json\/wp\/v2\/pages\/177?pno=10\" title=\"10\">10<\/a>  <a class=\"page-numbers\" href=\"\/es\/wp-json\/wp\/v2\/pages\/177?pno=11\" title=\"11\">11<\/a>  <a class=\"next page-numbers\" href=\"\/es\/wp-json\/wp\/v2\/pages\/177?pno=2\" title=\"2\">&gt;<\/a>  <\/div>\t<\/div>\r\n<\/div>\n\n\n<\/div><\/div>\n<\/div><\/div>\n\n<div class=\"et_pb_tab_4 et_pb_tab clearfix et_pb_module et_flex_module\"><div class=\"et_pb_tab_content et_flex_module\">\n<div class=\"et_pb_code_4 et_pb_code et_pb_module\"><div class=\"et_pb_code_inner\">\t\t<div class=\"em em-view-container\" id=\"em-view-780645223\" data-view=\"calendar\">\r\n\t\t\t<div class=\"em pixelbones em-calendar preview-modal responsive-dateclick-modal size-small this-month\" data-scope=\"all\" data-preview-tooltips-trigger=\"\" id=\"em-calendar-780645223\" data-view-id=\"780645223\" data-view-type=\"calendar\" data-month=\"05\" data-year=\"2026\" data-timezone=\"\">\n\t<section class=\"em-cal-nav em-cal-nav-normal\">\n\t\t\t<div class=\"month input\">\n\t\t\t\t\tmayo 2026\t\t\t<\/div>\n\t\t\t<div class=\"month-nav input\">\n\t\t<a class=\"em-calnav em-calnav-prev\" href=\"\/es\/wp-json\/wp\/v2\/pages\/177?mo=4&yr=2026\" data-disabled=\"0\" >\n\t\t\t<svg viewBox=\"0 0 15 15\" xmlns=\"http:\/\/www.w3.org\/2000\/svg\"><path d=\"M10 14L3 7.5L10 1\" stroke=\"#555\" stroke-linecap=\"square\"><\/path><\/svg>\n\t\t<\/a>\n\t\t\t\t\t<a href=\"\" class=\"em-calnav-today button button-secondary size-large size-medium is-today\" >\n\t\t\t\tHoy\t\t\t<\/a>\n\t\t\t\t<a class=\"em-calnav em-calnav-next\" href=\"\/es\/wp-json\/wp\/v2\/pages\/177?mo=6&yr=2026\" data-disabled=\"0\" >\n\t\t\t<svg viewBox=\"0 0 15 15\" xmlns=\"http:\/\/www.w3.org\/2000\/svg\"><path d=\"M5 14L12 7.5L5 1\" stroke=\"#555\" stroke-linecap=\"square\"><\/path><\/svg>\n\t\t<\/a>\n\t<\/div>\n\t<\/section><section class=\"em-cal-head em-cal-week-days em-cal-days size-large\">\n\t\t\t<div class=\"em-cal-day em-cal-col-0\">Lun<\/div>\n\t\t\t\t<div class=\"em-cal-day em-cal-col-1\">Mar<\/div>\n\t\t\t\t<div class=\"em-cal-day em-cal-col-2\">Mi\u00e9<\/div>\n\t\t\t\t<div class=\"em-cal-day em-cal-col-3\">Jue<\/div>\n\t\t\t\t<div class=\"em-cal-day em-cal-col-4\">Vie<\/div>\n\t\t\t\t<div class=\"em-cal-day em-cal-col-5\">S\u00e1b<\/div>\n\t\t\t\t<div class=\"em-cal-day em-cal-col-6\">Dom<\/div>\n\t\t<\/section>\n<section class=\"em-cal-head em-cal-week-days em-cal-days size-small size-medium\">\n\t\t\t<div class=\"em-cal-day em-cal-col-0\">L<\/div>\n\t\t\t\t<div class=\"em-cal-day em-cal-col-1\">M<\/div>\n\t\t\t\t<div class=\"em-cal-day em-cal-col-2\">M<\/div>\n\t\t\t\t<div class=\"em-cal-day em-cal-col-3\">J<\/div>\n\t\t\t\t<div class=\"em-cal-day em-cal-col-4\">V<\/div>\n\t\t\t\t<div class=\"em-cal-day em-cal-col-5\">S<\/div>\n\t\t\t\t<div class=\"em-cal-day em-cal-col-6\">D<\/div>\n\t\t<\/section><section class=\"em-cal-body em-cal-days event-style-pill even-aspect\">\n\t\t\t<div class=\"eventful eventful-pre em-cal-day em-cal-col-1\">\n\t\t\t\t\t\t\t<div class=\"em-cal-day-date colored\" data-date=\"2026-04-27\" data-timestamp=\"1777248000\" >\n\t\t\t\t\t<a href=\"https:\/\/kulturwerkstatt-lapalma.com\/es\/events\/2026-04-27\/\" title=\"\">27<\/a>\n\t\t\t\t\t\t\t\t\t<\/div>\n\t\t\t\t\t\t\t\t\t\t<div class=\"em-cal-event\" style=\"--event-background-color:#f74cc4;;--event-border-color:#f74cc4;;--event-color:#fff;\" data-event-url=\"https:\/\/kulturwerkstatt-lapalma.com\/es\/events\/beratungen-massagen-behandlungen-von-iris\/\" data-event-id=\"132\">\n\t\t\t\t\t\t\t<div>10:00 AM - <a href=\"https:\/\/kulturwerkstatt-lapalma.com\/es\/events\/beratungen-massagen-behandlungen-von-iris\/\">Beratungen, Massagen, Behandlungen von Iris<\/a><\/div>\n\t\t\t\t\t\t<\/div>\n\t\t\t\t\t\t\t\t\t\t\t\t<div class=\"em-cal-event\" style=\"--event-background-color:#a1db43;;--event-border-color:#a1db43;;--event-color:#fff;\" data-event-url=\"https:\/\/kulturwerkstatt-lapalma.com\/es\/events\/kreistanzen-auf-la-palma-montags-1930-uhr-viento-del-norte\/\" data-event-id=\"274\">\n\t\t\t\t\t\t\t<div>7:30 PM - <a href=\"https:\/\/kulturwerkstatt-lapalma.com\/es\/events\/kreistanzen-auf-la-palma-montags-1930-uhr-viento-del-norte\/\">Kreistanz mit Friedrich<\/a><\/div>\n\t\t\t\t\t\t<\/div>\n\t\t\t\t\t\t\t\t\t\t\t<span class=\"date-day-colors\" data-colors=\"[&quot;#f74cc4&quot;,&quot;#a1db43&quot;]\"><\/span>\n\t\t\t\t\t\t\t\t\t\t\t\t\n\t\t\t\t\t<\/div>\n\t\t\t\t<div class=\"eventful eventful-pre em-cal-day em-cal-col-2\">\n\t\t\t\t\t\t\t<div class=\"em-cal-day-date colored\" data-date=\"2026-04-28\" data-timestamp=\"1777334400\" >\n\t\t\t\t\t<a href=\"https:\/\/kulturwerkstatt-lapalma.com\/es\/events\/2026-04-28\/\" title=\"\">28<\/a>\n\t\t\t\t\t\t\t\t\t<\/div>\n\t\t\t\t\t\t\t\t\t\t<div class=\"em-cal-event\" style=\"--event-background-color:#260e09;;--event-border-color:#260e09;;--event-color:#fff;\" data-event-url=\"https:\/\/kulturwerkstatt-lapalma.com\/es\/events\/computersprechstunde-mit-hermes\/\" data-event-id=\"82\">\n\t\t\t\t\t\t\t<div>10:00 AM - <a href=\"https:\/\/kulturwerkstatt-lapalma.com\/es\/events\/computersprechstunde-mit-hermes\/\">\ud83d\udcbb Die Computersprechstunde mit Hermes<\/a><\/div>\n\t\t\t\t\t\t<\/div>\n\t\t\t\t\t\t\t\t\t\t\t\t<div class=\"em-cal-event\" style=\"--event-background-color:#ea6bea;;--event-border-color:#ea6bea;;--event-color:#fff;\" data-event-url=\"https:\/\/kulturwerkstatt-lapalma.com\/es\/events\/salsa-tanzen-2\/\" data-event-id=\"324\">\n\t\t\t\t\t\t\t<div>7:30 PM - <a href=\"https:\/\/kulturwerkstatt-lapalma.com\/es\/events\/salsa-tanzen-2\/\">Salsa tanzen<\/a><\/div>\n\t\t\t\t\t\t<\/div>\n\t\t\t\t\t\t\t\t\t\t\t<span class=\"date-day-colors\" data-colors=\"[&quot;#260e09&quot;,&quot;#ea6bea&quot;]\"><\/span>\n\t\t\t\t\t\t\t\t\t\t\t\t\n\t\t\t\t\t<\/div>\n\t\t\t\t<div class=\"eventless-pre em-cal-day em-cal-col-3\">\n\t\t\t\t\t\t\t<div class=\"em-cal-day-date\">\n\t\t\t\t\t<span>29<\/span>\n\t\t\t\t<\/div>\n\t\t\t\t\t<\/div>\n\t\t\t\t<div class=\"eventless-pre em-cal-day em-cal-col-4\">\n\t\t\t\t\t\t\t<div class=\"em-cal-day-date\">\n\t\t\t\t\t<span>30<\/span>\n\t\t\t\t<\/div>\n\t\t\t\t\t<\/div>\n\t\t\t\t<div class=\"eventless em-cal-day em-cal-col-5\">\n\t\t\t\t\t\t\t<div class=\"em-cal-day-date\">\n\t\t\t\t\t<span>1<\/span>\n\t\t\t\t<\/div>\n\t\t\t\t\t<\/div>\n\t\t\t\t<div class=\"eventless-today em-cal-day em-cal-col-6\">\n\t\t\t\t\t\t\t<div class=\"em-cal-day-date\">\n\t\t\t\t\t<span>2<\/span>\n\t\t\t\t<\/div>\n\t\t\t\t\t<\/div>\n\t\t\t\t<div class=\"eventless em-cal-day em-cal-col-7\">\n\t\t\t\t\t\t\t<div class=\"em-cal-day-date\">\n\t\t\t\t\t<span>3<\/span>\n\t\t\t\t<\/div>\n\t\t\t\t\t<\/div>\n\t\t\t\t<div class=\"eventful eventful em-cal-day em-cal-col-1\">\n\t\t\t\t\t\t\t<div class=\"em-cal-day-date colored\" data-date=\"2026-05-04\" data-timestamp=\"1777852800\" >\n\t\t\t\t\t<a href=\"https:\/\/kulturwerkstatt-lapalma.com\/es\/events\/beratungen-massagen-behandlungen-von-iris\/\" title=\"\">4<\/a>\n\t\t\t\t\t\t\t\t\t<\/div>\n\t\t\t\t\t\t\t\t\t\t<div class=\"em-cal-event\" style=\"--event-background-color:#f74cc4;;--event-border-color:#f74cc4;;--event-color:#fff;\" data-event-url=\"https:\/\/kulturwerkstatt-lapalma.com\/es\/events\/beratungen-massagen-behandlungen-von-iris\/\" data-event-id=\"133\">\n\t\t\t\t\t\t\t<div>10:00 AM - <a href=\"https:\/\/kulturwerkstatt-lapalma.com\/es\/events\/beratungen-massagen-behandlungen-von-iris\/\">Beratungen, Massagen, Behandlungen von Iris<\/a><\/div>\n\t\t\t\t\t\t<\/div>\n\t\t\t\t\t\t\t\t\t\t\t<span class=\"date-day-colors\" data-colors=\"[&quot;#f74cc4&quot;]\"><\/span>\n\t\t\t\t\t\t\t\t\t\t\t\t\n\t\t\t\t\t<\/div>\n\t\t\t\t<div class=\"eventful eventful em-cal-day em-cal-col-2\">\n\t\t\t\t\t\t\t<div class=\"em-cal-day-date colored\" data-date=\"2026-05-05\" data-timestamp=\"1777939200\" >\n\t\t\t\t\t<a href=\"https:\/\/kulturwerkstatt-lapalma.com\/es\/events\/2026-05-05\/\" title=\"\">5<\/a>\n\t\t\t\t\t\t\t\t\t<\/div>\n\t\t\t\t\t\t\t\t\t\t<div class=\"em-cal-event\" style=\"--event-background-color:#260e09;;--event-border-color:#260e09;;--event-color:#fff;\" data-event-url=\"https:\/\/kulturwerkstatt-lapalma.com\/es\/events\/computersprechstunde-mit-hermes\/\" data-event-id=\"83\">\n\t\t\t\t\t\t\t<div>10:00 AM - <a href=\"https:\/\/kulturwerkstatt-lapalma.com\/es\/events\/computersprechstunde-mit-hermes\/\">\ud83d\udcbb Die Computersprechstunde mit Hermes<\/a><\/div>\n\t\t\t\t\t\t<\/div>\n\t\t\t\t\t\t\t\t\t\t\t\t<div class=\"em-cal-event\" style=\"--event-background-color:#a1db43;;--event-border-color:#a1db43;;--event-color:#fff;\" data-event-url=\"https:\/\/kulturwerkstatt-lapalma.com\/es\/events\/salsa-tanzen-3\/\" data-event-id=\"287\">\n\t\t\t\t\t\t\t<div>7:30 PM - <a href=\"https:\/\/kulturwerkstatt-lapalma.com\/es\/events\/salsa-tanzen-3\/\">Salsa tanzen<\/a><\/div>\n\t\t\t\t\t\t<\/div>\n\t\t\t\t\t\t\t\t\t\t\t<span class=\"date-day-colors\" data-colors=\"[&quot;#260e09&quot;,&quot;#a1db43&quot;]\"><\/span>\n\t\t\t\t\t\t\t\t\t\t\t\t\n\t\t\t\t\t<\/div>\n\t\t\t\t<div class=\"eventless em-cal-day em-cal-col-3\">\n\t\t\t\t\t\t\t<div class=\"em-cal-day-date\">\n\t\t\t\t\t<span>6<\/span>\n\t\t\t\t<\/div>\n\t\t\t\t\t<\/div>\n\t\t\t\t<div class=\"eventful eventful em-cal-day em-cal-col-4\">\n\t\t\t\t\t\t\t<div class=\"em-cal-day-date colored\" data-date=\"2026-05-07\" data-timestamp=\"1778112000\" >\n\t\t\t\t\t<a href=\"https:\/\/kulturwerkstatt-lapalma.com\/es\/events\/2026-05-07\/\" title=\"\">7<\/a>\n\t\t\t\t\t\t\t\t\t<\/div>\n\t\t\t\t\t\t\t\t\t\t<div class=\"em-cal-event\" style=\"--event-background-color:#d84375;;--event-border-color:#d84375;;--event-color:#fff;\" data-event-url=\"https:\/\/kulturwerkstatt-lapalma.com\/es\/events\/experimentelles-malen-arunya-mal-treff\/\" data-event-id=\"318\">\n\t\t\t\t\t\t\t<div>10:00 AM - <a href=\"https:\/\/kulturwerkstatt-lapalma.com\/es\/events\/experimentelles-malen-arunya-mal-treff\/\">\ud83c\udfa8&quot;Mal-Treff&quot;  im Viento del Norte \/ Malen nach Lust und Laune! \ud83c\udfa8<\/a><\/div>\n\t\t\t\t\t\t<\/div>\n\t\t\t\t\t\t\t\t\t\t\t\t<div class=\"em-cal-event\" style=\"--event-background-color:#ea6bea;;--event-border-color:#ea6bea;;--event-color:#fff;\" data-event-url=\"https:\/\/kulturwerkstatt-lapalma.com\/es\/events\/biodanza-mit-bettina-rebecca-2\/\" data-event-id=\"342\">\n\t\t\t\t\t\t\t<div>6:00 PM - <a href=\"https:\/\/kulturwerkstatt-lapalma.com\/es\/events\/biodanza-mit-bettina-rebecca-2\/\">\ud83d\udc83 Biodanza mit Bettina-Rebecca<\/a><\/div>\n\t\t\t\t\t\t<\/div>\n\t\t\t\t\t\t\t\t\t\t\t<span class=\"date-day-colors\" data-colors=\"[&quot;#d84375&quot;,&quot;#ea6bea&quot;]\"><\/span>\n\t\t\t\t\t\t\t\t\t\t\t\t\n\t\t\t\t\t<\/div>\n\t\t\t\t<div class=\"eventful eventful em-cal-day em-cal-col-5\">\n\t\t\t\t\t\t\t<div class=\"em-cal-day-date colored\" data-date=\"2026-05-08\" data-timestamp=\"1778198400\" >\n\t\t\t\t\t<a href=\"https:\/\/kulturwerkstatt-lapalma.com\/es\/events\/mein-engel-und-ich-vortrag-la-palma\/\" title=\"\">8<\/a>\n\t\t\t\t\t\t\t\t\t<\/div>\n\t\t\t\t\t\t\t\t\t\t<div class=\"em-cal-event\" style=\"--event-background-color:#ba3968;;--event-border-color:#ba3968;;--event-color:#fff;\" data-event-url=\"https:\/\/kulturwerkstatt-lapalma.com\/es\/events\/mein-engel-und-ich-vortrag-la-palma\/\" data-event-id=\"313\">\n\t\t\t\t\t\t\t<div>6:00 PM - <a href=\"https:\/\/kulturwerkstatt-lapalma.com\/es\/events\/mein-engel-und-ich-vortrag-la-palma\/\">\ud83d\udc7c \u201eMein Engel und Ich\u201c \u2013 Vortrag von Marion Selzer<\/a><\/div>\n\t\t\t\t\t\t<\/div>\n\t\t\t\t\t\t\t\t\t\t\t<span class=\"date-day-colors\" data-colors=\"[&quot;#ba3968&quot;]\"><\/span>\n\t\t\t\t\t\t\t\t\t\t\t\t\n\t\t\t\t\t<\/div>\n\t\t\t\t<div class=\"eventful eventful em-cal-day em-cal-col-6\">\n\t\t\t\t\t\t\t<div class=\"em-cal-day-date colored\" data-date=\"2026-05-09\" data-timestamp=\"1778284800\" >\n\t\t\t\t\t<a href=\"https:\/\/kulturwerkstatt-lapalma.com\/es\/events\/giulia-kalish-konzert-la-palma\/\" title=\"\">9<\/a>\n\t\t\t\t\t\t\t\t\t<\/div>\n\t\t\t\t\t\t\t\t\t\t<div class=\"em-cal-event\" style=\"--event-background-color:#80b538;;--event-border-color:#80b538;;--event-color:#fff;\" data-event-url=\"https:\/\/kulturwerkstatt-lapalma.com\/es\/events\/giulia-kalish-konzert-la-palma\/\" data-event-id=\"340\">\n\t\t\t\t\t\t\t<div>6:00 PM - <a href=\"https:\/\/kulturwerkstatt-lapalma.com\/es\/events\/giulia-kalish-konzert-la-palma\/\">\ud83c\udfb6 Kalish Swing \u2013 Musik f\u00fcr die Herzen<\/a><\/div>\n\t\t\t\t\t\t<\/div>\n\t\t\t\t\t\t\t\t\t\t\t<span class=\"date-day-colors\" data-colors=\"[&quot;#80b538&quot;]\"><\/span>\n\t\t\t\t\t\t\t\t\t\t\t\t\n\t\t\t\t\t<\/div>\n\t\t\t\t<div class=\"eventless em-cal-day em-cal-col-7\">\n\t\t\t\t\t\t\t<div class=\"em-cal-day-date\">\n\t\t\t\t\t<span>10<\/span>\n\t\t\t\t<\/div>\n\t\t\t\t\t<\/div>\n\t\t\t\t<div class=\"eventful eventful em-cal-day em-cal-col-1\">\n\t\t\t\t\t\t\t<div class=\"em-cal-day-date colored\" data-date=\"2026-05-11\" data-timestamp=\"1778457600\" >\n\t\t\t\t\t<a href=\"https:\/\/kulturwerkstatt-lapalma.com\/es\/events\/beratungen-massagen-behandlungen-von-iris\/\" title=\"\">11<\/a>\n\t\t\t\t\t\t\t\t\t<\/div>\n\t\t\t\t\t\t\t\t\t\t<div class=\"em-cal-event\" style=\"--event-background-color:#f74cc4;;--event-border-color:#f74cc4;;--event-color:#fff;\" data-event-url=\"https:\/\/kulturwerkstatt-lapalma.com\/es\/events\/beratungen-massagen-behandlungen-von-iris\/\" data-event-id=\"134\">\n\t\t\t\t\t\t\t<div>10:00 AM - <a href=\"https:\/\/kulturwerkstatt-lapalma.com\/es\/events\/beratungen-massagen-behandlungen-von-iris\/\">Beratungen, Massagen, Behandlungen von Iris<\/a><\/div>\n\t\t\t\t\t\t<\/div>\n\t\t\t\t\t\t\t\t\t\t\t<span class=\"date-day-colors\" data-colors=\"[&quot;#f74cc4&quot;]\"><\/span>\n\t\t\t\t\t\t\t\t\t\t\t\t\n\t\t\t\t\t<\/div>\n\t\t\t\t<div class=\"eventful eventful em-cal-day em-cal-col-2\">\n\t\t\t\t\t\t\t<div class=\"em-cal-day-date colored\" data-date=\"2026-05-12\" data-timestamp=\"1778544000\" >\n\t\t\t\t\t<a href=\"https:\/\/kulturwerkstatt-lapalma.com\/es\/events\/2026-05-12\/\" title=\"\">12<\/a>\n\t\t\t\t\t\t\t\t\t<\/div>\n\t\t\t\t\t\t\t\t\t\t<div class=\"em-cal-event\" style=\"--event-background-color:#260e09;;--event-border-color:#260e09;;--event-color:#fff;\" data-event-url=\"https:\/\/kulturwerkstatt-lapalma.com\/es\/events\/computersprechstunde-mit-hermes\/\" data-event-id=\"84\">\n\t\t\t\t\t\t\t<div>10:00 AM - <a href=\"https:\/\/kulturwerkstatt-lapalma.com\/es\/events\/computersprechstunde-mit-hermes\/\">\ud83d\udcbb Die Computersprechstunde mit Hermes<\/a><\/div>\n\t\t\t\t\t\t<\/div>\n\t\t\t\t\t\t\t\t\t\t\t\t<div class=\"em-cal-event\" style=\"--event-background-color:#a1db43;;--event-border-color:#a1db43;;--event-color:#fff;\" data-event-url=\"https:\/\/kulturwerkstatt-lapalma.com\/es\/events\/salsa-tanzen-3\/\" data-event-id=\"288\">\n\t\t\t\t\t\t\t<div>7:30 PM - <a href=\"https:\/\/kulturwerkstatt-lapalma.com\/es\/events\/salsa-tanzen-3\/\">Salsa tanzen<\/a><\/div>\n\t\t\t\t\t\t<\/div>\n\t\t\t\t\t\t\t\t\t\t\t<span class=\"date-day-colors\" data-colors=\"[&quot;#260e09&quot;,&quot;#a1db43&quot;]\"><\/span>\n\t\t\t\t\t\t\t\t\t\t\t\t\n\t\t\t\t\t<\/div>\n\t\t\t\t<div class=\"eventful eventful em-cal-day em-cal-col-3\">\n\t\t\t\t\t\t\t<div class=\"em-cal-day-date colored\" data-date=\"2026-05-13\" data-timestamp=\"1778630400\" >\n\t\t\t\t\t<a href=\"https:\/\/kulturwerkstatt-lapalma.com\/es\/events\/memorias-de-gaia-ausstellung-la-palma\/\" title=\"\">13<\/a>\n\t\t\t\t\t\t\t\t\t<\/div>\n\t\t\t\t\t\t\t\t\t\t<div class=\"em-cal-event\" style=\"--event-background-color:#80b538;;--event-border-color:#80b538;;--event-color:#fff;\" data-event-url=\"https:\/\/kulturwerkstatt-lapalma.com\/es\/events\/memorias-de-gaia-ausstellung-la-palma\/\" data-event-id=\"328\">\n\t\t\t\t\t\t\t<div>10:00 AM - <a href=\"https:\/\/kulturwerkstatt-lapalma.com\/es\/events\/memorias-de-gaia-ausstellung-la-palma\/\">\ud83c\udfa8 Ausstellung \u201eMemorias de Gaia\u201c \u2013 Acr\u00edlico fluido \/ Pouring Art<\/a><\/div>\n\t\t\t\t\t\t<\/div>\n\t\t\t\t\t\t\t\t\t\t\t<span class=\"date-day-colors\" data-colors=\"[&quot;#80b538&quot;]\"><\/span>\n\t\t\t\t\t\t\t\t\t\t\t\t\n\t\t\t\t\t<\/div>\n\t\t\t\t<div class=\"eventless em-cal-day em-cal-col-4\">\n\t\t\t\t\t\t\t<div class=\"em-cal-day-date\">\n\t\t\t\t\t<span>14<\/span>\n\t\t\t\t<\/div>\n\t\t\t\t\t<\/div>\n\t\t\t\t<div class=\"eventful eventful em-cal-day em-cal-col-5\">\n\t\t\t\t\t\t\t<div class=\"em-cal-day-date colored\" data-date=\"2026-05-15\" data-timestamp=\"1778803200\" >\n\t\t\t\t\t<a href=\"https:\/\/kulturwerkstatt-lapalma.com\/es\/events\/memorias-de-gaia-ausstellung-la-palma\/\" title=\"\">15<\/a>\n\t\t\t\t\t\t\t\t\t<\/div>\n\t\t\t\t\t\t\t\t\t\t<div class=\"em-cal-event\" style=\"--event-background-color:#80b538;;--event-border-color:#80b538;;--event-color:#fff;\" data-event-url=\"https:\/\/kulturwerkstatt-lapalma.com\/es\/events\/memorias-de-gaia-ausstellung-la-palma\/\" data-event-id=\"329\">\n\t\t\t\t\t\t\t<div>10:00 AM - <a href=\"https:\/\/kulturwerkstatt-lapalma.com\/es\/events\/memorias-de-gaia-ausstellung-la-palma\/\">\ud83c\udfa8 Ausstellung \u201eMemorias de Gaia\u201c \u2013 Acr\u00edlico fluido \/ Pouring Art<\/a><\/div>\n\t\t\t\t\t\t<\/div>\n\t\t\t\t\t\t\t\t\t\t\t<span class=\"date-day-colors\" data-colors=\"[&quot;#80b538&quot;]\"><\/span>\n\t\t\t\t\t\t\t\t\t\t\t\t\n\t\t\t\t\t<\/div>\n\t\t\t\t<div class=\"eventful eventful em-cal-day em-cal-col-6\">\n\t\t\t\t\t\t\t<div class=\"em-cal-day-date colored\" data-date=\"2026-05-16\" data-timestamp=\"1778889600\" >\n\t\t\t\t\t<a href=\"https:\/\/kulturwerkstatt-lapalma.com\/es\/events\/victor-carillo-cary-varona-konzert-la-palma\/\" title=\"\">16<\/a>\n\t\t\t\t\t\t\t\t\t<\/div>\n\t\t\t\t\t\t\t\t\t\t<div class=\"em-cal-event\" style=\"--event-background-color:#80b538;;--event-border-color:#80b538;;--event-color:#fff;\" data-event-url=\"https:\/\/kulturwerkstatt-lapalma.com\/es\/events\/victor-carillo-cary-varona-konzert-la-palma\/\" data-event-id=\"372\">\n\t\t\t\t\t\t\t<div>6:00 PM - <a href=\"https:\/\/kulturwerkstatt-lapalma.com\/es\/events\/victor-carillo-cary-varona-konzert-la-palma\/\">\ud83c\udfb6 Victor Carillo &amp; Cary Varona &amp; Special Guest Ananda<\/a><\/div>\n\t\t\t\t\t\t<\/div>\n\t\t\t\t\t\t\t\t\t\t\t<span class=\"date-day-colors\" data-colors=\"[&quot;#80b538&quot;]\"><\/span>\n\t\t\t\t\t\t\t\t\t\t\t\t\n\t\t\t\t\t<\/div>\n\t\t\t\t<div class=\"eventless em-cal-day em-cal-col-7\">\n\t\t\t\t\t\t\t<div class=\"em-cal-day-date\">\n\t\t\t\t\t<span>17<\/span>\n\t\t\t\t<\/div>\n\t\t\t\t\t<\/div>\n\t\t\t\t<div class=\"eventful eventful em-cal-day em-cal-col-1\">\n\t\t\t\t\t\t\t<div class=\"em-cal-day-date colored\" data-date=\"2026-05-18\" data-timestamp=\"1779062400\" >\n\t\t\t\t\t<a href=\"https:\/\/kulturwerkstatt-lapalma.com\/es\/events\/beratungen-massagen-behandlungen-von-iris\/\" title=\"\">18<\/a>\n\t\t\t\t\t\t\t\t\t<\/div>\n\t\t\t\t\t\t\t\t\t\t<div class=\"em-cal-event\" style=\"--event-background-color:#f74cc4;;--event-border-color:#f74cc4;;--event-color:#fff;\" data-event-url=\"https:\/\/kulturwerkstatt-lapalma.com\/es\/events\/beratungen-massagen-behandlungen-von-iris\/\" data-event-id=\"135\">\n\t\t\t\t\t\t\t<div>10:00 AM - <a href=\"https:\/\/kulturwerkstatt-lapalma.com\/es\/events\/beratungen-massagen-behandlungen-von-iris\/\">Beratungen, Massagen, Behandlungen von Iris<\/a><\/div>\n\t\t\t\t\t\t<\/div>\n\t\t\t\t\t\t\t\t\t\t\t<span class=\"date-day-colors\" data-colors=\"[&quot;#f74cc4&quot;]\"><\/span>\n\t\t\t\t\t\t\t\t\t\t\t\t\n\t\t\t\t\t<\/div>\n\t\t\t\t<div class=\"eventful eventful em-cal-day em-cal-col-2\">\n\t\t\t\t\t\t\t<div class=\"em-cal-day-date colored\" data-date=\"2026-05-19\" data-timestamp=\"1779148800\" >\n\t\t\t\t\t<a href=\"https:\/\/kulturwerkstatt-lapalma.com\/es\/events\/2026-05-19\/\" title=\"\">19<\/a>\n\t\t\t\t\t\t\t\t\t<\/div>\n\t\t\t\t\t\t\t\t\t\t<div class=\"em-cal-event\" style=\"--event-background-color:#260e09;;--event-border-color:#260e09;;--event-color:#fff;\" data-event-url=\"https:\/\/kulturwerkstatt-lapalma.com\/es\/events\/computersprechstunde-mit-hermes\/\" data-event-id=\"85\">\n\t\t\t\t\t\t\t<div>10:00 AM - <a href=\"https:\/\/kulturwerkstatt-lapalma.com\/es\/events\/computersprechstunde-mit-hermes\/\">\ud83d\udcbb Die Computersprechstunde mit Hermes<\/a><\/div>\n\t\t\t\t\t\t<\/div>\n\t\t\t\t\t\t\t\t\t\t\t\t<div class=\"em-cal-event\" style=\"--event-background-color:#a1db43;;--event-border-color:#a1db43;;--event-color:#fff;\" data-event-url=\"https:\/\/kulturwerkstatt-lapalma.com\/es\/events\/salsa-tanzen-3\/\" data-event-id=\"289\">\n\t\t\t\t\t\t\t<div>7:30 PM - <a href=\"https:\/\/kulturwerkstatt-lapalma.com\/es\/events\/salsa-tanzen-3\/\">Salsa tanzen<\/a><\/div>\n\t\t\t\t\t\t<\/div>\n\t\t\t\t\t\t\t\t\t\t\t<span class=\"date-day-colors\" data-colors=\"[&quot;#260e09&quot;,&quot;#a1db43&quot;]\"><\/span>\n\t\t\t\t\t\t\t\t\t\t\t\t\n\t\t\t\t\t<\/div>\n\t\t\t\t<div class=\"eventful eventful em-cal-day em-cal-col-3\">\n\t\t\t\t\t\t\t<div class=\"em-cal-day-date colored\" data-date=\"2026-05-20\" data-timestamp=\"1779235200\" >\n\t\t\t\t\t<a href=\"https:\/\/kulturwerkstatt-lapalma.com\/es\/events\/memorias-de-gaia-ausstellung-la-palma\/\" title=\"\">20<\/a>\n\t\t\t\t\t\t\t\t\t<\/div>\n\t\t\t\t\t\t\t\t\t\t<div class=\"em-cal-event\" style=\"--event-background-color:#80b538;;--event-border-color:#80b538;;--event-color:#fff;\" data-event-url=\"https:\/\/kulturwerkstatt-lapalma.com\/es\/events\/memorias-de-gaia-ausstellung-la-palma\/\" data-event-id=\"330\">\n\t\t\t\t\t\t\t<div>10:00 AM - <a href=\"https:\/\/kulturwerkstatt-lapalma.com\/es\/events\/memorias-de-gaia-ausstellung-la-palma\/\">\ud83c\udfa8 Ausstellung \u201eMemorias de Gaia\u201c \u2013 Acr\u00edlico fluido \/ Pouring Art<\/a><\/div>\n\t\t\t\t\t\t<\/div>\n\t\t\t\t\t\t\t\t\t\t\t<span class=\"date-day-colors\" data-colors=\"[&quot;#80b538&quot;]\"><\/span>\n\t\t\t\t\t\t\t\t\t\t\t\t\n\t\t\t\t\t<\/div>\n\t\t\t\t<div class=\"eventful eventful em-cal-day em-cal-col-4\">\n\t\t\t\t\t\t\t<div class=\"em-cal-day-date colored\" data-date=\"2026-05-21\" data-timestamp=\"1779321600\" >\n\t\t\t\t\t<a href=\"https:\/\/kulturwerkstatt-lapalma.com\/es\/events\/2026-05-21\/\" title=\"\">21<\/a>\n\t\t\t\t\t\t\t\t\t<\/div>\n\t\t\t\t\t\t\t\t\t\t<div class=\"em-cal-event\" style=\"--event-background-color:#d84375;;--event-border-color:#d84375;;--event-color:#fff;\" data-event-url=\"https:\/\/kulturwerkstatt-lapalma.com\/es\/events\/experimentelles-malen-arunya-mal-treff\/\" data-event-id=\"319\">\n\t\t\t\t\t\t\t<div>10:00 AM - <a href=\"https:\/\/kulturwerkstatt-lapalma.com\/es\/events\/experimentelles-malen-arunya-mal-treff\/\">\ud83c\udfa8&quot;Mal-Treff&quot;  im Viento del Norte \/ Malen nach Lust und Laune! \ud83c\udfa8<\/a><\/div>\n\t\t\t\t\t\t<\/div>\n\t\t\t\t\t\t\t\t\t\t\t\t<div class=\"em-cal-event\" style=\"--event-background-color:#ea6bea;;--event-border-color:#ea6bea;;--event-color:#fff;\" data-event-url=\"https:\/\/kulturwerkstatt-lapalma.com\/es\/events\/%f0%9f%92%83-biodanza-mit-bettina-rebecca\/\" data-event-id=\"364\">\n\t\t\t\t\t\t\t<div>6:00 PM - <a href=\"https:\/\/kulturwerkstatt-lapalma.com\/es\/events\/%f0%9f%92%83-biodanza-mit-bettina-rebecca\/\">\ud83d\udc83 Biodanza mit Bettina-Rebecca<\/a><\/div>\n\t\t\t\t\t\t<\/div>\n\t\t\t\t\t\t\t\t\t\t\t<span class=\"date-day-colors\" data-colors=\"[&quot;#d84375&quot;,&quot;#ea6bea&quot;]\"><\/span>\n\t\t\t\t\t\t\t\t\t\t\t\t\n\t\t\t\t\t<\/div>\n\t\t\t\t<div class=\"eventful eventful em-cal-day em-cal-col-5\">\n\t\t\t\t\t\t\t<div class=\"em-cal-day-date colored\" data-date=\"2026-05-22\" data-timestamp=\"1779408000\" >\n\t\t\t\t\t<a href=\"https:\/\/kulturwerkstatt-lapalma.com\/es\/events\/memorias-de-gaia-ausstellung-la-palma\/\" title=\"\">22<\/a>\n\t\t\t\t\t\t\t\t\t<\/div>\n\t\t\t\t\t\t\t\t\t\t<div class=\"em-cal-event\" style=\"--event-background-color:#80b538;;--event-border-color:#80b538;;--event-color:#fff;\" data-event-url=\"https:\/\/kulturwerkstatt-lapalma.com\/es\/events\/memorias-de-gaia-ausstellung-la-palma\/\" data-event-id=\"331\">\n\t\t\t\t\t\t\t<div>10:00 AM - <a href=\"https:\/\/kulturwerkstatt-lapalma.com\/es\/events\/memorias-de-gaia-ausstellung-la-palma\/\">\ud83c\udfa8 Ausstellung \u201eMemorias de Gaia\u201c \u2013 Acr\u00edlico fluido \/ Pouring Art<\/a><\/div>\n\t\t\t\t\t\t<\/div>\n\t\t\t\t\t\t\t\t\t\t\t<span class=\"date-day-colors\" data-colors=\"[&quot;#80b538&quot;]\"><\/span>\n\t\t\t\t\t\t\t\t\t\t\t\t\n\t\t\t\t\t<\/div>\n\t\t\t\t<div class=\"eventless em-cal-day em-cal-col-6\">\n\t\t\t\t\t\t\t<div class=\"em-cal-day-date\">\n\t\t\t\t\t<span>23<\/span>\n\t\t\t\t<\/div>\n\t\t\t\t\t<\/div>\n\t\t\t\t<div class=\"eventless em-cal-day em-cal-col-7\">\n\t\t\t\t\t\t\t<div class=\"em-cal-day-date\">\n\t\t\t\t\t<span>24<\/span>\n\t\t\t\t<\/div>\n\t\t\t\t\t<\/div>\n\t\t\t\t<div class=\"eventful eventful em-cal-day em-cal-col-1\">\n\t\t\t\t\t\t\t<div class=\"em-cal-day-date colored\" data-date=\"2026-05-25\" data-timestamp=\"1779667200\" >\n\t\t\t\t\t<a href=\"https:\/\/kulturwerkstatt-lapalma.com\/es\/events\/beratungen-massagen-behandlungen-von-iris\/\" title=\"\">25<\/a>\n\t\t\t\t\t\t\t\t\t<\/div>\n\t\t\t\t\t\t\t\t\t\t<div class=\"em-cal-event\" style=\"--event-background-color:#f74cc4;;--event-border-color:#f74cc4;;--event-color:#fff;\" data-event-url=\"https:\/\/kulturwerkstatt-lapalma.com\/es\/events\/beratungen-massagen-behandlungen-von-iris\/\" data-event-id=\"136\">\n\t\t\t\t\t\t\t<div>10:00 AM - <a href=\"https:\/\/kulturwerkstatt-lapalma.com\/es\/events\/beratungen-massagen-behandlungen-von-iris\/\">Beratungen, Massagen, Behandlungen von Iris<\/a><\/div>\n\t\t\t\t\t\t<\/div>\n\t\t\t\t\t\t\t\t\t\t\t<span class=\"date-day-colors\" data-colors=\"[&quot;#f74cc4&quot;]\"><\/span>\n\t\t\t\t\t\t\t\t\t\t\t\t\n\t\t\t\t\t<\/div>\n\t\t\t\t<div class=\"eventful eventful em-cal-day em-cal-col-2\">\n\t\t\t\t\t\t\t<div class=\"em-cal-day-date colored\" data-date=\"2026-05-26\" data-timestamp=\"1779753600\" >\n\t\t\t\t\t<a href=\"https:\/\/kulturwerkstatt-lapalma.com\/es\/events\/2026-05-26\/\" title=\"\">26<\/a>\n\t\t\t\t\t\t\t\t\t<\/div>\n\t\t\t\t\t\t\t\t\t\t<div class=\"em-cal-event\" style=\"--event-background-color:#260e09;;--event-border-color:#260e09;;--event-color:#fff;\" data-event-url=\"https:\/\/kulturwerkstatt-lapalma.com\/es\/events\/computersprechstunde-mit-hermes\/\" data-event-id=\"86\">\n\t\t\t\t\t\t\t<div>10:00 AM - <a href=\"https:\/\/kulturwerkstatt-lapalma.com\/es\/events\/computersprechstunde-mit-hermes\/\">\ud83d\udcbb Die Computersprechstunde mit Hermes<\/a><\/div>\n\t\t\t\t\t\t<\/div>\n\t\t\t\t\t\t\t\t\t\t\t\t<div class=\"em-cal-event\" style=\"--event-background-color:#a1db43;;--event-border-color:#a1db43;;--event-color:#fff;\" data-event-url=\"https:\/\/kulturwerkstatt-lapalma.com\/es\/events\/salsa-tanzen-3\/\" data-event-id=\"290\">\n\t\t\t\t\t\t\t<div>7:30 PM - <a href=\"https:\/\/kulturwerkstatt-lapalma.com\/es\/events\/salsa-tanzen-3\/\">Salsa tanzen<\/a><\/div>\n\t\t\t\t\t\t<\/div>\n\t\t\t\t\t\t\t\t\t\t\t<span class=\"date-day-colors\" data-colors=\"[&quot;#260e09&quot;,&quot;#a1db43&quot;]\"><\/span>\n\t\t\t\t\t\t\t\t\t\t\t\t\n\t\t\t\t\t<\/div>\n\t\t\t\t<div class=\"eventful eventful em-cal-day em-cal-col-3\">\n\t\t\t\t\t\t\t<div class=\"em-cal-day-date colored\" data-date=\"2026-05-27\" data-timestamp=\"1779840000\" >\n\t\t\t\t\t<a href=\"https:\/\/kulturwerkstatt-lapalma.com\/es\/events\/memorias-de-gaia-ausstellung-la-palma\/\" title=\"\">27<\/a>\n\t\t\t\t\t\t\t\t\t<\/div>\n\t\t\t\t\t\t\t\t\t\t<div class=\"em-cal-event\" style=\"--event-background-color:#80b538;;--event-border-color:#80b538;;--event-color:#fff;\" data-event-url=\"https:\/\/kulturwerkstatt-lapalma.com\/es\/events\/memorias-de-gaia-ausstellung-la-palma\/\" data-event-id=\"332\">\n\t\t\t\t\t\t\t<div>10:00 AM - <a href=\"https:\/\/kulturwerkstatt-lapalma.com\/es\/events\/memorias-de-gaia-ausstellung-la-palma\/\">\ud83c\udfa8 Ausstellung \u201eMemorias de Gaia\u201c \u2013 Acr\u00edlico fluido \/ Pouring Art<\/a><\/div>\n\t\t\t\t\t\t<\/div>\n\t\t\t\t\t\t\t\t\t\t\t<span class=\"date-day-colors\" data-colors=\"[&quot;#80b538&quot;]\"><\/span>\n\t\t\t\t\t\t\t\t\t\t\t\t\n\t\t\t\t\t<\/div>\n\t\t\t\t<div class=\"eventless em-cal-day em-cal-col-4\">\n\t\t\t\t\t\t\t<div class=\"em-cal-day-date\">\n\t\t\t\t\t<span>28<\/span>\n\t\t\t\t<\/div>\n\t\t\t\t\t<\/div>\n\t\t\t\t<div class=\"eventful eventful em-cal-day em-cal-col-5\">\n\t\t\t\t\t\t\t<div class=\"em-cal-day-date colored\" data-date=\"2026-05-29\" data-timestamp=\"1780012800\" >\n\t\t\t\t\t<a href=\"https:\/\/kulturwerkstatt-lapalma.com\/es\/events\/memorias-de-gaia-ausstellung-la-palma\/\" title=\"\">29<\/a>\n\t\t\t\t\t\t\t\t\t<\/div>\n\t\t\t\t\t\t\t\t\t\t<div class=\"em-cal-event\" style=\"--event-background-color:#80b538;;--event-border-color:#80b538;;--event-color:#fff;\" data-event-url=\"https:\/\/kulturwerkstatt-lapalma.com\/es\/events\/memorias-de-gaia-ausstellung-la-palma\/\" data-event-id=\"333\">\n\t\t\t\t\t\t\t<div>10:00 AM - <a href=\"https:\/\/kulturwerkstatt-lapalma.com\/es\/events\/memorias-de-gaia-ausstellung-la-palma\/\">\ud83c\udfa8 Ausstellung \u201eMemorias de Gaia\u201c \u2013 Acr\u00edlico fluido \/ Pouring Art<\/a><\/div>\n\t\t\t\t\t\t<\/div>\n\t\t\t\t\t\t\t\t\t\t\t<span class=\"date-day-colors\" data-colors=\"[&quot;#80b538&quot;]\"><\/span>\n\t\t\t\t\t\t\t\t\t\t\t\t\n\t\t\t\t\t<\/div>\n\t\t\t\t<div class=\"eventful eventful em-cal-day em-cal-col-6\">\n\t\t\t\t\t\t\t<div class=\"em-cal-day-date colored\" data-date=\"2026-05-30\" data-timestamp=\"1780099200\" >\n\t\t\t\t\t<a href=\"https:\/\/kulturwerkstatt-lapalma.com\/es\/events\/marcos-mantrasingen-2\/\" title=\"\">30<\/a>\n\t\t\t\t\t\t\t\t\t<\/div>\n\t\t\t\t\t\t\t\t\t\t<div class=\"em-cal-event\" style=\"--event-background-color:#a1db43;;--event-border-color:#a1db43;;--event-color:#fff;\" data-event-url=\"https:\/\/kulturwerkstatt-lapalma.com\/es\/events\/marcos-mantrasingen-2\/\" data-event-id=\"231\">\n\t\t\t\t\t\t\t<div>11:00 AM - <a href=\"https:\/\/kulturwerkstatt-lapalma.com\/es\/events\/marcos-mantrasingen-2\/\">Marco's Mantrasingen<\/a><\/div>\n\t\t\t\t\t\t<\/div>\n\t\t\t\t\t\t\t\t\t\t\t<span class=\"date-day-colors\" data-colors=\"[&quot;#a1db43&quot;]\"><\/span>\n\t\t\t\t\t\t\t\t\t\t\t\t\n\t\t\t\t\t<\/div>\n\t\t\t\t<div class=\"eventless em-cal-day em-cal-col-7\">\n\t\t\t\t\t\t\t<div class=\"em-cal-day-date\">\n\t\t\t\t\t<span>31<\/span>\n\t\t\t\t<\/div>\n\t\t\t\t\t<\/div>\n\t\t<\/section><section class=\"em-cal-events-content\" id=\"em-cal-events-content-780645223\">\n\t\t\t\t\t\t\t\t<div class=\"em pixelbones em-calendar-preview em-modal em-cal-event-content\" data-event-id=\"132\" data-parent=\"em-cal-events-content-780645223\">\n\t<div class=\"em-modal-popup\">\n\t\t<header>\n\t\t\t<a class=\"em-close-modal\"><\/a><!-- close modal -->\n\t\t\t<div class=\"em-modal-title\">\n\t\t\t\t<a href=\"https:\/\/kulturwerkstatt-lapalma.com\/es\/events\/beratungen-massagen-behandlungen-von-iris\/\">Beratungen, Massagen, Behandlungen von Iris<\/a>\t\t\t<\/div>\n\t\t<\/header>\n\t\t<div class=\"em-modal-content\">\n\t\t\t<div class=\"em pixelbones em-calendar-preview em-list em-events-list\">\n\t<div class=\"em-event em-item\" style=\"--default-border:#f74cc4;\">\n\t\t<div class=\"em-item-image \">\n\t\t\t\n\t\t\t<img src='https:\/\/kulturwerkstatt-lapalma.com\/wp-content\/uploads\/2025\/12\/blossom-5356482_640.jpg' alt='Beratungen, Massagen, Behandlungen von Iris'\/>\n\t\t\t\n\t\t\t\n\t\t<\/div>\n\t\t<div class=\"em-item-info\">\n\t\t\t<div class=\"em-event-meta em-item-meta\">\n\t\t\t\t<div class=\"em-item-meta-line em-event-date em-event-meta-datetime\">\n\t\t\t\t\t<span class=\"em-icon-calendar em-icon\"><\/span>\n\t\t\t\t\t27. abril 2026&nbsp;&nbsp;&nbsp;&nbsp;\n\t\t\t\t<\/div>\n\t\t\t\t<div class=\"em-item-meta-line em-event-time em-event-meta-datetime\">\n\t\t\t\t\t<span class=\"em-icon-clock em-icon\"><\/span>\n\t\t\t\t\t10:00 - 15:00\n\t\t\t\t<\/div>\n\t\t\t\t\n\t\t\t\t\n\t\t\t\t<div class=\"em-item-meta-line em-event-location\">\n\t\t\t\t\t<span class=\"em-icon-location em-icon\"><\/span>\n\t\t\t\t\t<a href=\"https:\/\/kulturwerkstatt-lapalma.com\/es\/locations\/kulturwerkstatt-viento-del-norte-puntagorda\/\">Kulturwerkstatt \u201eViento del Norte&quot; Puntagorda<\/a>\n\t\t\t\t<\/div>\n\t\t\t\t\n\t\t\t\t\n\t\t\t\t\n\t\t\t\t\n\t\t\t<\/div>\n\t\t\t<div class=\"em-item-desc\">\n\t\t\t\tBeratungen, Massagen, Behandlungen von Iris, Heilpraktikerin, jeweils Montag, 10-15 Uhr Kontakt: +34643635653 irisemma09@gmx.de\n\t\t\t<\/div>\n\t\t\t<div class=\"em-item-actions input\">\n\t\t\t\t<a class=\"em-item-read-more button\" href=\"https:\/\/kulturwerkstatt-lapalma.com\/es\/events\/beratungen-massagen-behandlungen-von-iris\/\">M\u00e1s informaci\u00f3n<\/a>\n\t\t\t\t\n\t\t\t<\/div>\n\t\t<\/div>\n\t<\/div>\n<\/div>\t\t<\/div><!-- content -->\n\t\n\t<\/div><!-- modal -->\n<\/div>\t\t\t\t\t<div class=\"em pixelbones em-calendar-preview em-modal em-cal-event-content\" data-event-id=\"274\" data-parent=\"em-cal-events-content-780645223\">\n\t<div class=\"em-modal-popup\">\n\t\t<header>\n\t\t\t<a class=\"em-close-modal\"><\/a><!-- close modal -->\n\t\t\t<div class=\"em-modal-title\">\n\t\t\t\t<a href=\"https:\/\/kulturwerkstatt-lapalma.com\/es\/events\/kreistanzen-auf-la-palma-montags-1930-uhr-viento-del-norte\/\">Kreistanz mit Friedrich<\/a>\t\t\t<\/div>\n\t\t<\/header>\n\t\t<div class=\"em-modal-content\">\n\t\t\t<div class=\"em pixelbones em-calendar-preview em-list em-events-list\">\n\t<div class=\"em-event em-item\" style=\"--default-border:#a1db43;\">\n\t\t<div class=\"em-item-image \">\n\t\t\t\n\t\t\t<img src='https:\/\/kulturwerkstatt-lapalma.com\/wp-content\/uploads\/2026\/02\/dutch-615650_1280.jpg' alt='Kreistanz mit Friedrich'\/>\n\t\t\t\n\t\t\t\n\t\t<\/div>\n\t\t<div class=\"em-item-info\">\n\t\t\t<div class=\"em-event-meta em-item-meta\">\n\t\t\t\t<div class=\"em-item-meta-line em-event-date em-event-meta-datetime\">\n\t\t\t\t\t<span class=\"em-icon-calendar em-icon\"><\/span>\n\t\t\t\t\t27. abril 2026&nbsp;&nbsp;&nbsp;&nbsp;\n\t\t\t\t<\/div>\n\t\t\t\t<div class=\"em-item-meta-line em-event-time em-event-meta-datetime\">\n\t\t\t\t\t<span class=\"em-icon-clock em-icon\"><\/span>\n\t\t\t\t\t19:30 - 21:00\n\t\t\t\t<\/div>\n\t\t\t\t\n\t\t\t\t\n\t\t\t\t<div class=\"em-item-meta-line em-event-location\">\n\t\t\t\t\t<span class=\"em-icon-location em-icon\"><\/span>\n\t\t\t\t\t<a href=\"https:\/\/kulturwerkstatt-lapalma.com\/es\/locations\/kulturwerkstatt-viento-del-norte-puntagorda\/\">Kulturwerkstatt \u201eViento del Norte&quot; Puntagorda<\/a>\n\t\t\t\t<\/div>\n\t\t\t\t\n\t\t\t\t\n\t\t\t\t\n\t\t\t\t\n\t\t\t<\/div>\n\t\t\t<div class=\"em-item-desc\">\n\t\t\t\t\ud83c\udf00 Kreistanzen Lust auf gemeinsames Tanzen in der Gruppe \u2013 ruhig, verbindend und ohne Leistungsdruck? \u2728 Beim Kreistanzen z\u00e4hlt das Miteinander: einfache Schritte, gute Musik [...]\n\t\t\t<\/div>\n\t\t\t<div class=\"em-item-actions input\">\n\t\t\t\t<a class=\"em-item-read-more button\" href=\"https:\/\/kulturwerkstatt-lapalma.com\/es\/events\/kreistanzen-auf-la-palma-montags-1930-uhr-viento-del-norte\/\">M\u00e1s informaci\u00f3n<\/a>\n\t\t\t\t\n\t\t\t<\/div>\n\t\t<\/div>\n\t<\/div>\n<\/div>\t\t<\/div><!-- content -->\n\t\n\t<\/div><!-- modal -->\n<\/div>\t\t\t\t\t<div class=\"em pixelbones em-calendar-preview em-modal em-cal-event-content\" data-event-id=\"82\" data-parent=\"em-cal-events-content-780645223\">\n\t<div class=\"em-modal-popup\">\n\t\t<header>\n\t\t\t<a class=\"em-close-modal\"><\/a><!-- close modal -->\n\t\t\t<div class=\"em-modal-title\">\n\t\t\t\t<a href=\"https:\/\/kulturwerkstatt-lapalma.com\/es\/events\/computersprechstunde-mit-hermes\/\">\ud83d\udcbb Die Computersprechstunde mit Hermes<\/a>\t\t\t<\/div>\n\t\t<\/header>\n\t\t<div class=\"em-modal-content\">\n\t\t\t<div class=\"em pixelbones em-calendar-preview em-list em-events-list\">\n\t<div class=\"em-event em-item\" style=\"--default-border:#260e09;\">\n\t\t<div class=\"em-item-image \">\n\t\t\t\n\t\t\t<img src='https:\/\/kulturwerkstatt-lapalma.com\/wp-content\/uploads\/2025\/12\/kid-1520705_1280-1.jpg' alt='\ud83d\udcbb Die Computersprechstunde mit Hermes'\/>\n\t\t\t\n\t\t\t\n\t\t<\/div>\n\t\t<div class=\"em-item-info\">\n\t\t\t<div class=\"em-event-meta em-item-meta\">\n\t\t\t\t<div class=\"em-item-meta-line em-event-date em-event-meta-datetime\">\n\t\t\t\t\t<span class=\"em-icon-calendar em-icon\"><\/span>\n\t\t\t\t\t28. abril 2026&nbsp;&nbsp;&nbsp;&nbsp;\n\t\t\t\t<\/div>\n\t\t\t\t<div class=\"em-item-meta-line em-event-time em-event-meta-datetime\">\n\t\t\t\t\t<span class=\"em-icon-clock em-icon\"><\/span>\n\t\t\t\t\t10:00 - 15:00\n\t\t\t\t<\/div>\n\t\t\t\t\n\t\t\t\t\n\t\t\t\t<div class=\"em-item-meta-line em-event-location\">\n\t\t\t\t\t<span class=\"em-icon-location em-icon\"><\/span>\n\t\t\t\t\t<a href=\"https:\/\/kulturwerkstatt-lapalma.com\/es\/locations\/kulturwerkstatt-viento-del-norte-puntagorda\/\">Kulturwerkstatt \u201eViento del Norte&quot; Puntagorda<\/a>\n\t\t\t\t<\/div>\n\t\t\t\t\n\t\t\t\t\n\t\t\t\t\n\t\t\t\t\n\t\t\t<\/div>\n\t\t\t<div class=\"em-item-desc\">\n\t\t\t\t\ud83d\udcbb Die Computersprechstunde Die Computersprechstunde, gegr\u00fcndet von Hermes, unterst\u00fctzt dich bei allen Fragen rund um die digitale Welt. Egal ob akutes Technikproblem oder \u201enur mal [...]\n\t\t\t<\/div>\n\t\t\t<div class=\"em-item-actions input\">\n\t\t\t\t<a class=\"em-item-read-more button\" href=\"https:\/\/kulturwerkstatt-lapalma.com\/es\/events\/computersprechstunde-mit-hermes\/\">M\u00e1s informaci\u00f3n<\/a>\n\t\t\t\t\n\t\t\t<\/div>\n\t\t<\/div>\n\t<\/div>\n<\/div>\t\t<\/div><!-- content -->\n\t\n\t<\/div><!-- modal -->\n<\/div>\t\t\t\t\t<div class=\"em pixelbones em-calendar-preview em-modal em-cal-event-content\" data-event-id=\"324\" data-parent=\"em-cal-events-content-780645223\">\n\t<div class=\"em-modal-popup\">\n\t\t<header>\n\t\t\t<a class=\"em-close-modal\"><\/a><!-- close modal -->\n\t\t\t<div class=\"em-modal-title\">\n\t\t\t\t<a href=\"https:\/\/kulturwerkstatt-lapalma.com\/es\/events\/salsa-tanzen-2\/\">Salsa tanzen<\/a>\t\t\t<\/div>\n\t\t<\/header>\n\t\t<div class=\"em-modal-content\">\n\t\t\t<div class=\"em pixelbones em-calendar-preview em-list em-events-list\">\n\t<div class=\"em-event em-item\" style=\"--default-border:#ea6bea;\">\n\t\t<div class=\"em-item-image \">\n\t\t\t\n\t\t\t<img src='https:\/\/kulturwerkstatt-lapalma.com\/wp-content\/uploads\/2026\/02\/Salsa-Kulturwerkstatt-scaled.jpg' alt='Salsa tanzen'\/>\n\t\t\t\n\t\t\t\n\t\t<\/div>\n\t\t<div class=\"em-item-info\">\n\t\t\t<div class=\"em-event-meta em-item-meta\">\n\t\t\t\t<div class=\"em-item-meta-line em-event-date em-event-meta-datetime\">\n\t\t\t\t\t<span class=\"em-icon-calendar em-icon\"><\/span>\n\t\t\t\t\t28. abril 2026&nbsp;&nbsp;&nbsp;&nbsp;\n\t\t\t\t<\/div>\n\t\t\t\t<div class=\"em-item-meta-line em-event-time em-event-meta-datetime\">\n\t\t\t\t\t<span class=\"em-icon-clock em-icon\"><\/span>\n\t\t\t\t\t19:30 - 21:30\n\t\t\t\t<\/div>\n\t\t\t\t\n\t\t\t\t\n\t\t\t\t<div class=\"em-item-meta-line em-event-location\">\n\t\t\t\t\t<span class=\"em-icon-location em-icon\"><\/span>\n\t\t\t\t\t<a href=\"https:\/\/kulturwerkstatt-lapalma.com\/es\/locations\/kulturwerkstatt-viento-del-norte-puntagorda\/\">Kulturwerkstatt \u201eViento del Norte&quot; Puntagorda<\/a>\n\t\t\t\t<\/div>\n\t\t\t\t\n\t\t\t\t\n\t\t\t\t\n\t\t\t\t\n\t\t\t<\/div>\n\t\t\t<div class=\"em-item-desc\">\n\t\t\t\t\ud83d\udc83 Salsatanzen Lust auf Bewegung, Musik und gute Laune?\u00a0\ud83d\ude0a Komm gern vorbei \u2013 Vorkenntnisse erw\u00fcnscht. \ud83d\udcc5 April: dienstags, 19:30 Uhr \ud83d\udcc5\u00a0Mai:\u00a0dienstags, 19:30 Uhr \ud83d\udcde Info: [...]\n\t\t\t<\/div>\n\t\t\t<div class=\"em-item-actions input\">\n\t\t\t\t<a class=\"em-item-read-more button\" href=\"https:\/\/kulturwerkstatt-lapalma.com\/es\/events\/salsa-tanzen-2\/\">M\u00e1s informaci\u00f3n<\/a>\n\t\t\t\t\n\t\t\t<\/div>\n\t\t<\/div>\n\t<\/div>\n<\/div>\t\t<\/div><!-- content -->\n\t\n\t<\/div><!-- modal -->\n<\/div>\t\t\t\t\t<div class=\"em pixelbones em-calendar-preview em-modal em-cal-event-content\" data-event-id=\"133\" data-parent=\"em-cal-events-content-780645223\">\n\t<div class=\"em-modal-popup\">\n\t\t<header>\n\t\t\t<a class=\"em-close-modal\"><\/a><!-- close modal -->\n\t\t\t<div class=\"em-modal-title\">\n\t\t\t\t<a href=\"https:\/\/kulturwerkstatt-lapalma.com\/es\/events\/beratungen-massagen-behandlungen-von-iris\/\">Beratungen, Massagen, Behandlungen von Iris<\/a>\t\t\t<\/div>\n\t\t<\/header>\n\t\t<div class=\"em-modal-content\">\n\t\t\t<div class=\"em pixelbones em-calendar-preview em-list em-events-list\">\n\t<div class=\"em-event em-item\" style=\"--default-border:#f74cc4;\">\n\t\t<div class=\"em-item-image \">\n\t\t\t\n\t\t\t<img src='https:\/\/kulturwerkstatt-lapalma.com\/wp-content\/uploads\/2025\/12\/blossom-5356482_640.jpg' alt='Beratungen, Massagen, Behandlungen von Iris'\/>\n\t\t\t\n\t\t\t\n\t\t<\/div>\n\t\t<div class=\"em-item-info\">\n\t\t\t<div class=\"em-event-meta em-item-meta\">\n\t\t\t\t<div class=\"em-item-meta-line em-event-date em-event-meta-datetime\">\n\t\t\t\t\t<span class=\"em-icon-calendar em-icon\"><\/span>\n\t\t\t\t\t4. mayo 2026&nbsp;&nbsp;&nbsp;&nbsp;\n\t\t\t\t<\/div>\n\t\t\t\t<div class=\"em-item-meta-line em-event-time em-event-meta-datetime\">\n\t\t\t\t\t<span class=\"em-icon-clock em-icon\"><\/span>\n\t\t\t\t\t10:00 - 15:00\n\t\t\t\t<\/div>\n\t\t\t\t\n\t\t\t\t\n\t\t\t\t<div class=\"em-item-meta-line em-event-location\">\n\t\t\t\t\t<span class=\"em-icon-location em-icon\"><\/span>\n\t\t\t\t\t<a href=\"https:\/\/kulturwerkstatt-lapalma.com\/es\/locations\/kulturwerkstatt-viento-del-norte-puntagorda\/\">Kulturwerkstatt \u201eViento del Norte&quot; Puntagorda<\/a>\n\t\t\t\t<\/div>\n\t\t\t\t\n\t\t\t\t\n\t\t\t\t\n\t\t\t\t\n\t\t\t<\/div>\n\t\t\t<div class=\"em-item-desc\">\n\t\t\t\tBeratungen, Massagen, Behandlungen von Iris, Heilpraktikerin, jeweils Montag, 10-15 Uhr Kontakt: +34643635653 irisemma09@gmx.de\n\t\t\t<\/div>\n\t\t\t<div class=\"em-item-actions input\">\n\t\t\t\t<a class=\"em-item-read-more button\" href=\"https:\/\/kulturwerkstatt-lapalma.com\/es\/events\/beratungen-massagen-behandlungen-von-iris\/\">M\u00e1s informaci\u00f3n<\/a>\n\t\t\t\t\n\t\t\t<\/div>\n\t\t<\/div>\n\t<\/div>\n<\/div>\t\t<\/div><!-- content -->\n\t\n\t<\/div><!-- modal -->\n<\/div>\t\t\t\t\t<div class=\"em pixelbones em-calendar-preview em-modal em-cal-event-content\" data-event-id=\"83\" data-parent=\"em-cal-events-content-780645223\">\n\t<div class=\"em-modal-popup\">\n\t\t<header>\n\t\t\t<a class=\"em-close-modal\"><\/a><!-- close modal -->\n\t\t\t<div class=\"em-modal-title\">\n\t\t\t\t<a href=\"https:\/\/kulturwerkstatt-lapalma.com\/es\/events\/computersprechstunde-mit-hermes\/\">\ud83d\udcbb Die Computersprechstunde mit Hermes<\/a>\t\t\t<\/div>\n\t\t<\/header>\n\t\t<div class=\"em-modal-content\">\n\t\t\t<div class=\"em pixelbones em-calendar-preview em-list em-events-list\">\n\t<div class=\"em-event em-item\" style=\"--default-border:#260e09;\">\n\t\t<div class=\"em-item-image \">\n\t\t\t\n\t\t\t<img src='https:\/\/kulturwerkstatt-lapalma.com\/wp-content\/uploads\/2025\/12\/kid-1520705_1280-1.jpg' alt='\ud83d\udcbb Die Computersprechstunde mit Hermes'\/>\n\t\t\t\n\t\t\t\n\t\t<\/div>\n\t\t<div class=\"em-item-info\">\n\t\t\t<div class=\"em-event-meta em-item-meta\">\n\t\t\t\t<div class=\"em-item-meta-line em-event-date em-event-meta-datetime\">\n\t\t\t\t\t<span class=\"em-icon-calendar em-icon\"><\/span>\n\t\t\t\t\t5. mayo 2026&nbsp;&nbsp;&nbsp;&nbsp;\n\t\t\t\t<\/div>\n\t\t\t\t<div class=\"em-item-meta-line em-event-time em-event-meta-datetime\">\n\t\t\t\t\t<span class=\"em-icon-clock em-icon\"><\/span>\n\t\t\t\t\t10:00 - 15:00\n\t\t\t\t<\/div>\n\t\t\t\t\n\t\t\t\t\n\t\t\t\t<div class=\"em-item-meta-line em-event-location\">\n\t\t\t\t\t<span class=\"em-icon-location em-icon\"><\/span>\n\t\t\t\t\t<a href=\"https:\/\/kulturwerkstatt-lapalma.com\/es\/locations\/kulturwerkstatt-viento-del-norte-puntagorda\/\">Kulturwerkstatt \u201eViento del Norte&quot; Puntagorda<\/a>\n\t\t\t\t<\/div>\n\t\t\t\t\n\t\t\t\t\n\t\t\t\t\n\t\t\t\t\n\t\t\t<\/div>\n\t\t\t<div class=\"em-item-desc\">\n\t\t\t\t\ud83d\udcbb Die Computersprechstunde Die Computersprechstunde, gegr\u00fcndet von Hermes, unterst\u00fctzt dich bei allen Fragen rund um die digitale Welt. Egal ob akutes Technikproblem oder \u201enur mal [...]\n\t\t\t<\/div>\n\t\t\t<div class=\"em-item-actions input\">\n\t\t\t\t<a class=\"em-item-read-more button\" href=\"https:\/\/kulturwerkstatt-lapalma.com\/es\/events\/computersprechstunde-mit-hermes\/\">M\u00e1s informaci\u00f3n<\/a>\n\t\t\t\t\n\t\t\t<\/div>\n\t\t<\/div>\n\t<\/div>\n<\/div>\t\t<\/div><!-- content -->\n\t\n\t<\/div><!-- modal -->\n<\/div>\t\t\t\t\t<div class=\"em pixelbones em-calendar-preview em-modal em-cal-event-content\" data-event-id=\"287\" data-parent=\"em-cal-events-content-780645223\">\n\t<div class=\"em-modal-popup\">\n\t\t<header>\n\t\t\t<a class=\"em-close-modal\"><\/a><!-- close modal -->\n\t\t\t<div class=\"em-modal-title\">\n\t\t\t\t<a href=\"https:\/\/kulturwerkstatt-lapalma.com\/es\/events\/salsa-tanzen-3\/\">Salsa tanzen<\/a>\t\t\t<\/div>\n\t\t<\/header>\n\t\t<div class=\"em-modal-content\">\n\t\t\t<div class=\"em pixelbones em-calendar-preview em-list em-events-list\">\n\t<div class=\"em-event em-item\" style=\"--default-border:#a1db43;\">\n\t\t<div class=\"em-item-image \">\n\t\t\t\n\t\t\t<img src='https:\/\/kulturwerkstatt-lapalma.com\/wp-content\/uploads\/2026\/02\/Salsa-Kulturwerkstatt-scaled.jpg' alt='Salsa tanzen'\/>\n\t\t\t\n\t\t\t\n\t\t<\/div>\n\t\t<div class=\"em-item-info\">\n\t\t\t<div class=\"em-event-meta em-item-meta\">\n\t\t\t\t<div class=\"em-item-meta-line em-event-date em-event-meta-datetime\">\n\t\t\t\t\t<span class=\"em-icon-calendar em-icon\"><\/span>\n\t\t\t\t\t5. mayo 2026&nbsp;&nbsp;&nbsp;&nbsp;\n\t\t\t\t<\/div>\n\t\t\t\t<div class=\"em-item-meta-line em-event-time em-event-meta-datetime\">\n\t\t\t\t\t<span class=\"em-icon-clock em-icon\"><\/span>\n\t\t\t\t\t19:30 - 21:30\n\t\t\t\t<\/div>\n\t\t\t\t\n\t\t\t\t\n\t\t\t\t<div class=\"em-item-meta-line em-event-location\">\n\t\t\t\t\t<span class=\"em-icon-location em-icon\"><\/span>\n\t\t\t\t\t<a href=\"https:\/\/kulturwerkstatt-lapalma.com\/es\/locations\/kulturwerkstatt-viento-del-norte-puntagorda\/\">Kulturwerkstatt \u201eViento del Norte&quot; Puntagorda<\/a>\n\t\t\t\t<\/div>\n\t\t\t\t\n\t\t\t\t\n\t\t\t\t\n\t\t\t\t\n\t\t\t<\/div>\n\t\t\t<div class=\"em-item-desc\">\n\t\t\t\t\ud83d\udc83 Salsatanzen Lust auf Bewegung, Musik und gute Laune?\u00a0\ud83d\ude0a Komm gern vorbei \u2013 Vorkenntnisse erw\u00fcnscht. \ud83d\udcc5\u00a0M\u00e4rz:\u00a0dienstags, 19:00 Uhr \ud83d\udcc5\u00a0April:\u00a0sonntags, 18:00 Uhr \ud83d\udcc5\u00a0Mai:\u00a0dienstags, 19:30 Uhr \ud83d\udcde [...]\n\t\t\t<\/div>\n\t\t\t<div class=\"em-item-actions input\">\n\t\t\t\t<a class=\"em-item-read-more button\" href=\"https:\/\/kulturwerkstatt-lapalma.com\/es\/events\/salsa-tanzen-3\/\">M\u00e1s informaci\u00f3n<\/a>\n\t\t\t\t\n\t\t\t<\/div>\n\t\t<\/div>\n\t<\/div>\n<\/div>\t\t<\/div><!-- content -->\n\t\n\t<\/div><!-- modal -->\n<\/div>\t\t\t\t\t<div class=\"em pixelbones em-calendar-preview em-modal em-cal-event-content\" data-event-id=\"318\" data-parent=\"em-cal-events-content-780645223\">\n\t<div class=\"em-modal-popup\">\n\t\t<header>\n\t\t\t<a class=\"em-close-modal\"><\/a><!-- close modal -->\n\t\t\t<div class=\"em-modal-title\">\n\t\t\t\t<a href=\"https:\/\/kulturwerkstatt-lapalma.com\/es\/events\/experimentelles-malen-arunya-mal-treff\/\">\ud83c\udfa8&quot;Mal-Treff&quot;  im Viento del Norte \/ Malen nach Lust und Laune! \ud83c\udfa8<\/a>\t\t\t<\/div>\n\t\t<\/header>\n\t\t<div class=\"em-modal-content\">\n\t\t\t<div class=\"em pixelbones em-calendar-preview em-list em-events-list\">\n\t<div class=\"em-event em-item\" style=\"--default-border:#d84375;\">\n\t\t<div class=\"em-item-image \">\n\t\t\t\n\t\t\t<img src='https:\/\/kulturwerkstatt-lapalma.com\/wp-content\/uploads\/2026\/01\/experimentelles-malen.jpg' alt='\ud83c\udfa8&quot;Mal-Treff&quot;  im Viento del Norte \/ Malen nach Lust und Laune! \ud83c\udfa8'\/>\n\t\t\t\n\t\t\t\n\t\t<\/div>\n\t\t<div class=\"em-item-info\">\n\t\t\t<div class=\"em-event-meta em-item-meta\">\n\t\t\t\t<div class=\"em-item-meta-line em-event-date em-event-meta-datetime\">\n\t\t\t\t\t<span class=\"em-icon-calendar em-icon\"><\/span>\n\t\t\t\t\t7. mayo 2026&nbsp;&nbsp;&nbsp;&nbsp;\n\t\t\t\t<\/div>\n\t\t\t\t<div class=\"em-item-meta-line em-event-time em-event-meta-datetime\">\n\t\t\t\t\t<span class=\"em-icon-clock em-icon\"><\/span>\n\t\t\t\t\t10:00 - 13:00\n\t\t\t\t<\/div>\n\t\t\t\t\n\t\t\t\t\n\t\t\t\t<div class=\"em-item-meta-line em-event-location\">\n\t\t\t\t\t<span class=\"em-icon-location em-icon\"><\/span>\n\t\t\t\t\t<a href=\"https:\/\/kulturwerkstatt-lapalma.com\/es\/locations\/kulturwerkstatt-viento-del-norte-puntagorda\/\">Kulturwerkstatt \u201eViento del Norte&quot; Puntagorda<\/a>\n\t\t\t\t<\/div>\n\t\t\t\t\n\t\t\t\t\n\t\t\t\t\n\t\t\t\t\n\t\t\t<\/div>\n\t\t\t<div class=\"em-item-desc\">\n\t\t\t\t\ud83c\udfa8 Experimentelles Malen mit Arunya Der \u201eMal-Treff\u201c ist f\u00fcr all diejenigen gedacht, die sich eine entspannte Nische im Alltag w\u00fcnschen, die \u201eimmer schon mal malen\u201c [...]\n\t\t\t<\/div>\n\t\t\t<div class=\"em-item-actions input\">\n\t\t\t\t<a class=\"em-item-read-more button\" href=\"https:\/\/kulturwerkstatt-lapalma.com\/es\/events\/experimentelles-malen-arunya-mal-treff\/\">M\u00e1s informaci\u00f3n<\/a>\n\t\t\t\t\n\t\t\t<\/div>\n\t\t<\/div>\n\t<\/div>\n<\/div>\t\t<\/div><!-- content -->\n\t\n\t<\/div><!-- modal -->\n<\/div>\t\t\t\t\t<div class=\"em pixelbones em-calendar-preview em-modal em-cal-event-content\" data-event-id=\"342\" data-parent=\"em-cal-events-content-780645223\">\n\t<div class=\"em-modal-popup\">\n\t\t<header>\n\t\t\t<a class=\"em-close-modal\"><\/a><!-- close modal -->\n\t\t\t<div class=\"em-modal-title\">\n\t\t\t\t<a href=\"https:\/\/kulturwerkstatt-lapalma.com\/es\/events\/biodanza-mit-bettina-rebecca-2\/\">\ud83d\udc83 Biodanza mit Bettina-Rebecca<\/a>\t\t\t<\/div>\n\t\t<\/header>\n\t\t<div class=\"em-modal-content\">\n\t\t\t<div class=\"em pixelbones em-calendar-preview em-list em-events-list\">\n\t<div class=\"em-event em-item\" style=\"--default-border:#ea6bea;\">\n\t\t<div class=\"em-item-image \">\n\t\t\t\n\t\t\t<img src='https:\/\/kulturwerkstatt-lapalma.com\/wp-content\/uploads\/2026\/04\/biodanca-kulturwerkstatt.jpg' alt='\ud83d\udc83 Biodanza mit Bettina-Rebecca'\/>\n\t\t\t\n\t\t\t\n\t\t<\/div>\n\t\t<div class=\"em-item-info\">\n\t\t\t<div class=\"em-event-meta em-item-meta\">\n\t\t\t\t<div class=\"em-item-meta-line em-event-date em-event-meta-datetime\">\n\t\t\t\t\t<span class=\"em-icon-calendar em-icon\"><\/span>\n\t\t\t\t\t7. mayo 2026&nbsp;&nbsp;&nbsp;&nbsp;\n\t\t\t\t<\/div>\n\t\t\t\t<div class=\"em-item-meta-line em-event-time em-event-meta-datetime\">\n\t\t\t\t\t<span class=\"em-icon-clock em-icon\"><\/span>\n\t\t\t\t\t18:00 - 20:00\n\t\t\t\t<\/div>\n\t\t\t\t\n\t\t\t\t\n\t\t\t\t<div class=\"em-item-meta-line em-event-location\">\n\t\t\t\t\t<span class=\"em-icon-location em-icon\"><\/span>\n\t\t\t\t\t<a href=\"https:\/\/kulturwerkstatt-lapalma.com\/es\/locations\/kulturwerkstatt-viento-del-norte-puntagorda\/\">Kulturwerkstatt \u201eViento del Norte&quot; Puntagorda<\/a>\n\t\t\t\t<\/div>\n\t\t\t\t\n\t\t\t\t\n\t\t\t\t\n\t\t\t\t\n\t\t\t<\/div>\n\t\t\t<div class=\"em-item-desc\">\n\t\t\t\t\ud83c\udf3a Biodanza ist ein System der menschlichen Integration und Pers\u00f6nlichkeitsentfaltung, das Musik aus aller Welt, Bewegung und Begegnungen in der Gruppe nutzt, um aus Erfahrungen [...]\n\t\t\t<\/div>\n\t\t\t<div class=\"em-item-actions input\">\n\t\t\t\t<a class=\"em-item-read-more button\" href=\"https:\/\/kulturwerkstatt-lapalma.com\/es\/events\/biodanza-mit-bettina-rebecca-2\/\">M\u00e1s informaci\u00f3n<\/a>\n\t\t\t\t\n\t\t\t<\/div>\n\t\t<\/div>\n\t<\/div>\n<\/div>\t\t<\/div><!-- content -->\n\t\n\t<\/div><!-- modal -->\n<\/div>\t\t\t\t\t<div class=\"em pixelbones em-calendar-preview em-modal em-cal-event-content\" data-event-id=\"313\" data-parent=\"em-cal-events-content-780645223\">\n\t<div class=\"em-modal-popup\">\n\t\t<header>\n\t\t\t<a class=\"em-close-modal\"><\/a><!-- close modal -->\n\t\t\t<div class=\"em-modal-title\">\n\t\t\t\t<a href=\"https:\/\/kulturwerkstatt-lapalma.com\/es\/events\/mein-engel-und-ich-vortrag-la-palma\/\">\ud83d\udc7c \u201eMein Engel und Ich\u201c \u2013 Vortrag von Marion Selzer<\/a>\t\t\t<\/div>\n\t\t<\/header>\n\t\t<div class=\"em-modal-content\">\n\t\t\t<div class=\"em pixelbones em-calendar-preview em-list em-events-list\">\n\t<div class=\"em-event em-item\" style=\"--default-border:#ba3968;\">\n\t\t<div class=\"em-item-image \">\n\t\t\t\n\t\t\t<img src='https:\/\/kulturwerkstatt-lapalma.com\/wp-content\/uploads\/2026\/03\/Flyer-Marion-Engel-A4-pdf.jpg' alt='\ud83d\udc7c \u201eMein Engel und Ich\u201c \u2013 Vortrag von Marion Selzer'\/>\n\t\t\t\n\t\t\t\n\t\t<\/div>\n\t\t<div class=\"em-item-info\">\n\t\t\t<div class=\"em-event-meta em-item-meta\">\n\t\t\t\t<div class=\"em-item-meta-line em-event-date em-event-meta-datetime\">\n\t\t\t\t\t<span class=\"em-icon-calendar em-icon\"><\/span>\n\t\t\t\t\t8. mayo 2026&nbsp;&nbsp;&nbsp;&nbsp;\n\t\t\t\t<\/div>\n\t\t\t\t<div class=\"em-item-meta-line em-event-time em-event-meta-datetime\">\n\t\t\t\t\t<span class=\"em-icon-clock em-icon\"><\/span>\n\t\t\t\t\t18:00 - 20:00\n\t\t\t\t<\/div>\n\t\t\t\t\n\t\t\t\t\n\t\t\t\t\n\t\t\t\t\n\t\t\t\t<div class=\"em-item-meta-line em-item-taxonomy em-event-categories\">\n\t\t\t\t\t<span class=\"em-icon-category em-icon\"><\/span>\n\t\t\t\t\t<div>\t<ul class=\"event-categories\">\r\n\t\t\t\t\t<li><a href=\"https:\/\/kulturwerkstatt-lapalma.com\/es\/events\/categories\/vortrag\/\">Vortrag<\/a><\/li>\r\n\t\t\t<\/ul>\r\n\t<\/div>\n\t\t\t\t<\/div>\n\t\t\t\t\n\t\t\t\t\n\t\t\t<\/div>\n\t\t\t<div class=\"em-item-desc\">\n\t\t\t\t\ud83d\udc7c \u201eMein Engel und Ich\u201c \u2013 Vortrag von Marion Selzer Aus anthroposophischer Sicht hat jeder Mensch einen pers\u00f6nlichen Engel, einen Schutzengel, der uns durch unser [...]\n\t\t\t<\/div>\n\t\t\t<div class=\"em-item-actions input\">\n\t\t\t\t<a class=\"em-item-read-more button\" href=\"https:\/\/kulturwerkstatt-lapalma.com\/es\/events\/mein-engel-und-ich-vortrag-la-palma\/\">M\u00e1s informaci\u00f3n<\/a>\n\t\t\t\t\n\t\t\t<\/div>\n\t\t<\/div>\n\t<\/div>\n<\/div>\t\t<\/div><!-- content -->\n\t\n\t<\/div><!-- modal -->\n<\/div>\t\t\t\t\t<div class=\"em pixelbones em-calendar-preview em-modal em-cal-event-content\" data-event-id=\"340\" data-parent=\"em-cal-events-content-780645223\">\n\t<div class=\"em-modal-popup\">\n\t\t<header>\n\t\t\t<a class=\"em-close-modal\"><\/a><!-- close modal -->\n\t\t\t<div class=\"em-modal-title\">\n\t\t\t\t<a href=\"https:\/\/kulturwerkstatt-lapalma.com\/es\/events\/giulia-kalish-konzert-la-palma\/\">\ud83c\udfb6 Kalish Swing \u2013 Musik f\u00fcr die Herzen<\/a>\t\t\t<\/div>\n\t\t<\/header>\n\t\t<div class=\"em-modal-content\">\n\t\t\t<div class=\"em pixelbones em-calendar-preview em-list em-events-list\">\n\t<div class=\"em-event em-item\" style=\"--default-border:#80b538;\">\n\t\t<div class=\"em-item-image \">\n\t\t\t\n\t\t\t<img src='https:\/\/kulturwerkstatt-lapalma.com\/wp-content\/uploads\/2026\/04\/IMG-20260426-WA0009.jpg' alt='\ud83c\udfb6 Kalish Swing \u2013 Musik f\u00fcr die Herzen'\/>\n\t\t\t\n\t\t\t\n\t\t<\/div>\n\t\t<div class=\"em-item-info\">\n\t\t\t<div class=\"em-event-meta em-item-meta\">\n\t\t\t\t<div class=\"em-item-meta-line em-event-date em-event-meta-datetime\">\n\t\t\t\t\t<span class=\"em-icon-calendar em-icon\"><\/span>\n\t\t\t\t\t9. mayo 2026&nbsp;&nbsp;&nbsp;&nbsp;\n\t\t\t\t<\/div>\n\t\t\t\t<div class=\"em-item-meta-line em-event-time em-event-meta-datetime\">\n\t\t\t\t\t<span class=\"em-icon-clock em-icon\"><\/span>\n\t\t\t\t\t18:00 - 19:30\n\t\t\t\t<\/div>\n\t\t\t\t\n\t\t\t\t\n\t\t\t\t<div class=\"em-item-meta-line em-event-location\">\n\t\t\t\t\t<span class=\"em-icon-location em-icon\"><\/span>\n\t\t\t\t\t<a href=\"https:\/\/kulturwerkstatt-lapalma.com\/es\/locations\/kulturwerkstatt-viento-del-norte-puntagorda\/\">Kulturwerkstatt \u201eViento del Norte&quot; Puntagorda<\/a>\n\t\t\t\t<\/div>\n\t\t\t\t\n\t\t\t\t\n\t\t\t\t\n\t\t\t\t<div class=\"em-item-meta-line em-item-taxonomy em-event-categories\">\n\t\t\t\t\t<span class=\"em-icon-category em-icon\"><\/span>\n\t\t\t\t\t<div>\t<ul class=\"event-categories\">\r\n\t\t\t\t\t<li><a href=\"https:\/\/kulturwerkstatt-lapalma.com\/es\/events\/categories\/konzert\/\">Konzert<\/a><\/li>\r\n\t\t\t\t\t<li><a href=\"https:\/\/kulturwerkstatt-lapalma.com\/es\/events\/categories\/musik\/\">Musik<\/a><\/li>\r\n\t\t\t<\/ul>\r\n\t<\/div>\n\t\t\t\t<\/div>\n\t\t\t\t\n\t\t\t\t\n\t\t\t<\/div>\n\t\t\t<div class=\"em-item-desc\">\n\t\t\t\t\ud83c\udfb6 Kalish Swing \u2013 Musik f\u00fcr die Herzen Giulia Kalish l\u00e4dt zu einem intimen Konzertabend ein, der von Stimme, Ukulele und viel Herz getragen wird. [...]\n\t\t\t<\/div>\n\t\t\t<div class=\"em-item-actions input\">\n\t\t\t\t<a class=\"em-item-read-more button\" href=\"https:\/\/kulturwerkstatt-lapalma.com\/es\/events\/giulia-kalish-konzert-la-palma\/\">M\u00e1s informaci\u00f3n<\/a>\n\t\t\t\t\n\t\t\t<\/div>\n\t\t<\/div>\n\t<\/div>\n<\/div>\t\t<\/div><!-- content -->\n\t\n\t<\/div><!-- modal -->\n<\/div>\t\t\t\t\t<div class=\"em pixelbones em-calendar-preview em-modal em-cal-event-content\" data-event-id=\"134\" data-parent=\"em-cal-events-content-780645223\">\n\t<div class=\"em-modal-popup\">\n\t\t<header>\n\t\t\t<a class=\"em-close-modal\"><\/a><!-- close modal -->\n\t\t\t<div class=\"em-modal-title\">\n\t\t\t\t<a href=\"https:\/\/kulturwerkstatt-lapalma.com\/es\/events\/beratungen-massagen-behandlungen-von-iris\/\">Beratungen, Massagen, Behandlungen von Iris<\/a>\t\t\t<\/div>\n\t\t<\/header>\n\t\t<div class=\"em-modal-content\">\n\t\t\t<div class=\"em pixelbones em-calendar-preview em-list em-events-list\">\n\t<div class=\"em-event em-item\" style=\"--default-border:#f74cc4;\">\n\t\t<div class=\"em-item-image \">\n\t\t\t\n\t\t\t<img src='https:\/\/kulturwerkstatt-lapalma.com\/wp-content\/uploads\/2025\/12\/blossom-5356482_640.jpg' alt='Beratungen, Massagen, Behandlungen von Iris'\/>\n\t\t\t\n\t\t\t\n\t\t<\/div>\n\t\t<div class=\"em-item-info\">\n\t\t\t<div class=\"em-event-meta em-item-meta\">\n\t\t\t\t<div class=\"em-item-meta-line em-event-date em-event-meta-datetime\">\n\t\t\t\t\t<span class=\"em-icon-calendar em-icon\"><\/span>\n\t\t\t\t\t11. mayo 2026&nbsp;&nbsp;&nbsp;&nbsp;\n\t\t\t\t<\/div>\n\t\t\t\t<div class=\"em-item-meta-line em-event-time em-event-meta-datetime\">\n\t\t\t\t\t<span class=\"em-icon-clock em-icon\"><\/span>\n\t\t\t\t\t10:00 - 15:00\n\t\t\t\t<\/div>\n\t\t\t\t\n\t\t\t\t\n\t\t\t\t<div class=\"em-item-meta-line em-event-location\">\n\t\t\t\t\t<span class=\"em-icon-location em-icon\"><\/span>\n\t\t\t\t\t<a href=\"https:\/\/kulturwerkstatt-lapalma.com\/es\/locations\/kulturwerkstatt-viento-del-norte-puntagorda\/\">Kulturwerkstatt \u201eViento del Norte&quot; Puntagorda<\/a>\n\t\t\t\t<\/div>\n\t\t\t\t\n\t\t\t\t\n\t\t\t\t\n\t\t\t\t\n\t\t\t<\/div>\n\t\t\t<div class=\"em-item-desc\">\n\t\t\t\tBeratungen, Massagen, Behandlungen von Iris, Heilpraktikerin, jeweils Montag, 10-15 Uhr Kontakt: +34643635653 irisemma09@gmx.de\n\t\t\t<\/div>\n\t\t\t<div class=\"em-item-actions input\">\n\t\t\t\t<a class=\"em-item-read-more button\" href=\"https:\/\/kulturwerkstatt-lapalma.com\/es\/events\/beratungen-massagen-behandlungen-von-iris\/\">M\u00e1s informaci\u00f3n<\/a>\n\t\t\t\t\n\t\t\t<\/div>\n\t\t<\/div>\n\t<\/div>\n<\/div>\t\t<\/div><!-- content -->\n\t\n\t<\/div><!-- modal -->\n<\/div>\t\t\t\t\t<div class=\"em pixelbones em-calendar-preview em-modal em-cal-event-content\" data-event-id=\"84\" data-parent=\"em-cal-events-content-780645223\">\n\t<div class=\"em-modal-popup\">\n\t\t<header>\n\t\t\t<a class=\"em-close-modal\"><\/a><!-- close modal -->\n\t\t\t<div class=\"em-modal-title\">\n\t\t\t\t<a href=\"https:\/\/kulturwerkstatt-lapalma.com\/es\/events\/computersprechstunde-mit-hermes\/\">\ud83d\udcbb Die Computersprechstunde mit Hermes<\/a>\t\t\t<\/div>\n\t\t<\/header>\n\t\t<div class=\"em-modal-content\">\n\t\t\t<div class=\"em pixelbones em-calendar-preview em-list em-events-list\">\n\t<div class=\"em-event em-item\" style=\"--default-border:#260e09;\">\n\t\t<div class=\"em-item-image \">\n\t\t\t\n\t\t\t<img src='https:\/\/kulturwerkstatt-lapalma.com\/wp-content\/uploads\/2025\/12\/kid-1520705_1280-1.jpg' alt='\ud83d\udcbb Die Computersprechstunde mit Hermes'\/>\n\t\t\t\n\t\t\t\n\t\t<\/div>\n\t\t<div class=\"em-item-info\">\n\t\t\t<div class=\"em-event-meta em-item-meta\">\n\t\t\t\t<div class=\"em-item-meta-line em-event-date em-event-meta-datetime\">\n\t\t\t\t\t<span class=\"em-icon-calendar em-icon\"><\/span>\n\t\t\t\t\t12. mayo 2026&nbsp;&nbsp;&nbsp;&nbsp;\n\t\t\t\t<\/div>\n\t\t\t\t<div class=\"em-item-meta-line em-event-time em-event-meta-datetime\">\n\t\t\t\t\t<span class=\"em-icon-clock em-icon\"><\/span>\n\t\t\t\t\t10:00 - 15:00\n\t\t\t\t<\/div>\n\t\t\t\t\n\t\t\t\t\n\t\t\t\t<div class=\"em-item-meta-line em-event-location\">\n\t\t\t\t\t<span class=\"em-icon-location em-icon\"><\/span>\n\t\t\t\t\t<a href=\"https:\/\/kulturwerkstatt-lapalma.com\/es\/locations\/kulturwerkstatt-viento-del-norte-puntagorda\/\">Kulturwerkstatt \u201eViento del Norte&quot; Puntagorda<\/a>\n\t\t\t\t<\/div>\n\t\t\t\t\n\t\t\t\t\n\t\t\t\t\n\t\t\t\t\n\t\t\t<\/div>\n\t\t\t<div class=\"em-item-desc\">\n\t\t\t\t\ud83d\udcbb Die Computersprechstunde Die Computersprechstunde, gegr\u00fcndet von Hermes, unterst\u00fctzt dich bei allen Fragen rund um die digitale Welt. Egal ob akutes Technikproblem oder \u201enur mal [...]\n\t\t\t<\/div>\n\t\t\t<div class=\"em-item-actions input\">\n\t\t\t\t<a class=\"em-item-read-more button\" href=\"https:\/\/kulturwerkstatt-lapalma.com\/es\/events\/computersprechstunde-mit-hermes\/\">M\u00e1s informaci\u00f3n<\/a>\n\t\t\t\t\n\t\t\t<\/div>\n\t\t<\/div>\n\t<\/div>\n<\/div>\t\t<\/div><!-- content -->\n\t\n\t<\/div><!-- modal -->\n<\/div>\t\t\t\t\t<div class=\"em pixelbones em-calendar-preview em-modal em-cal-event-content\" data-event-id=\"288\" data-parent=\"em-cal-events-content-780645223\">\n\t<div class=\"em-modal-popup\">\n\t\t<header>\n\t\t\t<a class=\"em-close-modal\"><\/a><!-- close modal -->\n\t\t\t<div class=\"em-modal-title\">\n\t\t\t\t<a href=\"https:\/\/kulturwerkstatt-lapalma.com\/es\/events\/salsa-tanzen-3\/\">Salsa tanzen<\/a>\t\t\t<\/div>\n\t\t<\/header>\n\t\t<div class=\"em-modal-content\">\n\t\t\t<div class=\"em pixelbones em-calendar-preview em-list em-events-list\">\n\t<div class=\"em-event em-item\" style=\"--default-border:#a1db43;\">\n\t\t<div class=\"em-item-image \">\n\t\t\t\n\t\t\t<img src='https:\/\/kulturwerkstatt-lapalma.com\/wp-content\/uploads\/2026\/02\/Salsa-Kulturwerkstatt-scaled.jpg' alt='Salsa tanzen'\/>\n\t\t\t\n\t\t\t\n\t\t<\/div>\n\t\t<div class=\"em-item-info\">\n\t\t\t<div class=\"em-event-meta em-item-meta\">\n\t\t\t\t<div class=\"em-item-meta-line em-event-date em-event-meta-datetime\">\n\t\t\t\t\t<span class=\"em-icon-calendar em-icon\"><\/span>\n\t\t\t\t\t12. mayo 2026&nbsp;&nbsp;&nbsp;&nbsp;\n\t\t\t\t<\/div>\n\t\t\t\t<div class=\"em-item-meta-line em-event-time em-event-meta-datetime\">\n\t\t\t\t\t<span class=\"em-icon-clock em-icon\"><\/span>\n\t\t\t\t\t19:30 - 21:30\n\t\t\t\t<\/div>\n\t\t\t\t\n\t\t\t\t\n\t\t\t\t<div class=\"em-item-meta-line em-event-location\">\n\t\t\t\t\t<span class=\"em-icon-location em-icon\"><\/span>\n\t\t\t\t\t<a href=\"https:\/\/kulturwerkstatt-lapalma.com\/es\/locations\/kulturwerkstatt-viento-del-norte-puntagorda\/\">Kulturwerkstatt \u201eViento del Norte&quot; Puntagorda<\/a>\n\t\t\t\t<\/div>\n\t\t\t\t\n\t\t\t\t\n\t\t\t\t\n\t\t\t\t\n\t\t\t<\/div>\n\t\t\t<div class=\"em-item-desc\">\n\t\t\t\t\ud83d\udc83 Salsatanzen Lust auf Bewegung, Musik und gute Laune?\u00a0\ud83d\ude0a Komm gern vorbei \u2013 Vorkenntnisse erw\u00fcnscht. \ud83d\udcc5\u00a0M\u00e4rz:\u00a0dienstags, 19:00 Uhr \ud83d\udcc5\u00a0April:\u00a0sonntags, 18:00 Uhr \ud83d\udcc5\u00a0Mai:\u00a0dienstags, 19:30 Uhr \ud83d\udcde [...]\n\t\t\t<\/div>\n\t\t\t<div class=\"em-item-actions input\">\n\t\t\t\t<a class=\"em-item-read-more button\" href=\"https:\/\/kulturwerkstatt-lapalma.com\/es\/events\/salsa-tanzen-3\/\">M\u00e1s informaci\u00f3n<\/a>\n\t\t\t\t\n\t\t\t<\/div>\n\t\t<\/div>\n\t<\/div>\n<\/div>\t\t<\/div><!-- content -->\n\t\n\t<\/div><!-- modal -->\n<\/div>\t\t\t\t\t<div class=\"em pixelbones em-calendar-preview em-modal em-cal-event-content\" data-event-id=\"328\" data-parent=\"em-cal-events-content-780645223\">\n\t<div class=\"em-modal-popup\">\n\t\t<header>\n\t\t\t<a class=\"em-close-modal\"><\/a><!-- close modal -->\n\t\t\t<div class=\"em-modal-title\">\n\t\t\t\t<a href=\"https:\/\/kulturwerkstatt-lapalma.com\/es\/events\/memorias-de-gaia-ausstellung-la-palma\/\">\ud83c\udfa8 Ausstellung \u201eMemorias de Gaia\u201c \u2013 Acr\u00edlico fluido \/ Pouring Art<\/a>\t\t\t<\/div>\n\t\t<\/header>\n\t\t<div class=\"em-modal-content\">\n\t\t\t<div class=\"em pixelbones em-calendar-preview em-list em-events-list\">\n\t<div class=\"em-event em-item\" style=\"--default-border:#80b538;\">\n\t\t<div class=\"em-item-image \">\n\t\t\t\n\t\t\t<img src='https:\/\/kulturwerkstatt-lapalma.com\/wp-content\/uploads\/2026\/04\/photo_2026-04-22_22-14-09.jpg' alt='\ud83c\udfa8 Ausstellung \u201eMemorias de Gaia\u201c \u2013 Acr\u00edlico fluido \/ Pouring Art'\/>\n\t\t\t\n\t\t\t\n\t\t<\/div>\n\t\t<div class=\"em-item-info\">\n\t\t\t<div class=\"em-event-meta em-item-meta\">\n\t\t\t\t<div class=\"em-item-meta-line em-event-date em-event-meta-datetime\">\n\t\t\t\t\t<span class=\"em-icon-calendar em-icon\"><\/span>\n\t\t\t\t\t13. mayo 2026&nbsp;&nbsp;&nbsp;&nbsp;\n\t\t\t\t<\/div>\n\t\t\t\t<div class=\"em-item-meta-line em-event-time em-event-meta-datetime\">\n\t\t\t\t\t<span class=\"em-icon-clock em-icon\"><\/span>\n\t\t\t\t\t10:00 - 13:30\n\t\t\t\t<\/div>\n\t\t\t\t\n\t\t\t\t\n\t\t\t\t<div class=\"em-item-meta-line em-event-location\">\n\t\t\t\t\t<span class=\"em-icon-location em-icon\"><\/span>\n\t\t\t\t\t<a href=\"https:\/\/kulturwerkstatt-lapalma.com\/es\/locations\/kulturwerkstatt-viento-del-norte-puntagorda\/\">Kulturwerkstatt \u201eViento del Norte&quot; Puntagorda<\/a>\n\t\t\t\t<\/div>\n\t\t\t\t\n\t\t\t\t\n\t\t\t\t\n\t\t\t\t\n\t\t\t<\/div>\n\t\t\t<div class=\"em-item-desc\">\n\t\t\t\t\ud83c\udfa8 Ausstellung \u201eMemorias de Gaia\u201c \u2013 Acr\u00edlico fluido \/ Pouring Art Mit \u201eMemorias de Gaia\u201c pr\u00e4sentiert Raphael Becker eine Ausstellung, die die lebendige Kraft der [...]\n\t\t\t<\/div>\n\t\t\t<div class=\"em-item-actions input\">\n\t\t\t\t<a class=\"em-item-read-more button\" href=\"https:\/\/kulturwerkstatt-lapalma.com\/es\/events\/memorias-de-gaia-ausstellung-la-palma\/\">M\u00e1s informaci\u00f3n<\/a>\n\t\t\t\t\n\t\t\t<\/div>\n\t\t<\/div>\n\t<\/div>\n<\/div>\t\t<\/div><!-- content -->\n\t\n\t<\/div><!-- modal -->\n<\/div>\t\t\t\t\t<div class=\"em pixelbones em-calendar-preview em-modal em-cal-event-content\" data-event-id=\"329\" data-parent=\"em-cal-events-content-780645223\">\n\t<div class=\"em-modal-popup\">\n\t\t<header>\n\t\t\t<a class=\"em-close-modal\"><\/a><!-- close modal -->\n\t\t\t<div class=\"em-modal-title\">\n\t\t\t\t<a href=\"https:\/\/kulturwerkstatt-lapalma.com\/es\/events\/memorias-de-gaia-ausstellung-la-palma\/\">\ud83c\udfa8 Ausstellung \u201eMemorias de Gaia\u201c \u2013 Acr\u00edlico fluido \/ Pouring Art<\/a>\t\t\t<\/div>\n\t\t<\/header>\n\t\t<div class=\"em-modal-content\">\n\t\t\t<div class=\"em pixelbones em-calendar-preview em-list em-events-list\">\n\t<div class=\"em-event em-item\" style=\"--default-border:#80b538;\">\n\t\t<div class=\"em-item-image \">\n\t\t\t\n\t\t\t<img src='https:\/\/kulturwerkstatt-lapalma.com\/wp-content\/uploads\/2026\/04\/photo_2026-04-22_22-14-09.jpg' alt='\ud83c\udfa8 Ausstellung \u201eMemorias de Gaia\u201c \u2013 Acr\u00edlico fluido \/ Pouring Art'\/>\n\t\t\t\n\t\t\t\n\t\t<\/div>\n\t\t<div class=\"em-item-info\">\n\t\t\t<div class=\"em-event-meta em-item-meta\">\n\t\t\t\t<div class=\"em-item-meta-line em-event-date em-event-meta-datetime\">\n\t\t\t\t\t<span class=\"em-icon-calendar em-icon\"><\/span>\n\t\t\t\t\t15. mayo 2026&nbsp;&nbsp;&nbsp;&nbsp;\n\t\t\t\t<\/div>\n\t\t\t\t<div class=\"em-item-meta-line em-event-time em-event-meta-datetime\">\n\t\t\t\t\t<span class=\"em-icon-clock em-icon\"><\/span>\n\t\t\t\t\t10:00 - 13:30\n\t\t\t\t<\/div>\n\t\t\t\t\n\t\t\t\t\n\t\t\t\t<div class=\"em-item-meta-line em-event-location\">\n\t\t\t\t\t<span class=\"em-icon-location em-icon\"><\/span>\n\t\t\t\t\t<a href=\"https:\/\/kulturwerkstatt-lapalma.com\/es\/locations\/kulturwerkstatt-viento-del-norte-puntagorda\/\">Kulturwerkstatt \u201eViento del Norte&quot; Puntagorda<\/a>\n\t\t\t\t<\/div>\n\t\t\t\t\n\t\t\t\t\n\t\t\t\t\n\t\t\t\t\n\t\t\t<\/div>\n\t\t\t<div class=\"em-item-desc\">\n\t\t\t\t\ud83c\udfa8 Ausstellung \u201eMemorias de Gaia\u201c \u2013 Acr\u00edlico fluido \/ Pouring Art Mit \u201eMemorias de Gaia\u201c pr\u00e4sentiert Raphael Becker eine Ausstellung, die die lebendige Kraft der [...]\n\t\t\t<\/div>\n\t\t\t<div class=\"em-item-actions input\">\n\t\t\t\t<a class=\"em-item-read-more button\" href=\"https:\/\/kulturwerkstatt-lapalma.com\/es\/events\/memorias-de-gaia-ausstellung-la-palma\/\">M\u00e1s informaci\u00f3n<\/a>\n\t\t\t\t\n\t\t\t<\/div>\n\t\t<\/div>\n\t<\/div>\n<\/div>\t\t<\/div><!-- content -->\n\t\n\t<\/div><!-- modal -->\n<\/div>\t\t\t\t\t<div class=\"em pixelbones em-calendar-preview em-modal em-cal-event-content\" data-event-id=\"372\" data-parent=\"em-cal-events-content-780645223\">\n\t<div class=\"em-modal-popup\">\n\t\t<header>\n\t\t\t<a class=\"em-close-modal\"><\/a><!-- close modal -->\n\t\t\t<div class=\"em-modal-title\">\n\t\t\t\t<a href=\"https:\/\/kulturwerkstatt-lapalma.com\/es\/events\/victor-carillo-cary-varona-konzert-la-palma\/\">\ud83c\udfb6 Victor Carillo &amp; Cary Varona &amp; Special Guest Ananda<\/a>\t\t\t<\/div>\n\t\t<\/header>\n\t\t<div class=\"em-modal-content\">\n\t\t\t<div class=\"em pixelbones em-calendar-preview em-list em-events-list\">\n\t<div class=\"em-event em-item\" style=\"--default-border:#80b538;\">\n\t\t<div class=\"em-item-image \">\n\t\t\t\n\t\t\t<img src='https:\/\/kulturwerkstatt-lapalma.com\/wp-content\/uploads\/2026\/05\/Victor-Carillo-Cary-Varona.jpg' alt='\ud83c\udfb6 Victor Carillo &amp; Cary Varona &amp; Special Guest Ananda'\/>\n\t\t\t\n\t\t\t\n\t\t<\/div>\n\t\t<div class=\"em-item-info\">\n\t\t\t<div class=\"em-event-meta em-item-meta\">\n\t\t\t\t<div class=\"em-item-meta-line em-event-date em-event-meta-datetime\">\n\t\t\t\t\t<span class=\"em-icon-calendar em-icon\"><\/span>\n\t\t\t\t\t16. mayo 2026&nbsp;&nbsp;&nbsp;&nbsp;\n\t\t\t\t<\/div>\n\t\t\t\t<div class=\"em-item-meta-line em-event-time em-event-meta-datetime\">\n\t\t\t\t\t<span class=\"em-icon-clock em-icon\"><\/span>\n\t\t\t\t\t18:00 - 20:00\n\t\t\t\t<\/div>\n\t\t\t\t\n\t\t\t\t\n\t\t\t\t<div class=\"em-item-meta-line em-event-location\">\n\t\t\t\t\t<span class=\"em-icon-location em-icon\"><\/span>\n\t\t\t\t\t<a href=\"https:\/\/kulturwerkstatt-lapalma.com\/es\/locations\/kulturwerkstatt-viento-del-norte-puntagorda\/\">Kulturwerkstatt \u201eViento del Norte&quot; Puntagorda<\/a>\n\t\t\t\t<\/div>\n\t\t\t\t\n\t\t\t\t\n\t\t\t\t\n\t\t\t\t<div class=\"em-item-meta-line em-item-taxonomy em-event-categories\">\n\t\t\t\t\t<span class=\"em-icon-category em-icon\"><\/span>\n\t\t\t\t\t<div>\t<ul class=\"event-categories\">\r\n\t\t\t\t\t<li><a href=\"https:\/\/kulturwerkstatt-lapalma.com\/es\/events\/categories\/konzert\/\">Konzert<\/a><\/li>\r\n\t\t\t\t\t<li><a href=\"https:\/\/kulturwerkstatt-lapalma.com\/es\/events\/categories\/musik\/\">Musik<\/a><\/li>\r\n\t\t\t<\/ul>\r\n\t<\/div>\n\t\t\t\t<\/div>\n\t\t\t\t\n\t\t\t\t\n\t\t\t<\/div>\n\t\t\t<div class=\"em-item-desc\">\n\t\t\t\tEin besonderer Konzertabend im Viento del Norte: Victor Carillo und Cary Varona bringen gemeinsam mit Special Guest Ananda die klangvolle Welt afroandiner und lateinamerikanischer Musik [...]\n\t\t\t<\/div>\n\t\t\t<div class=\"em-item-actions input\">\n\t\t\t\t<a class=\"em-item-read-more button\" href=\"https:\/\/kulturwerkstatt-lapalma.com\/es\/events\/victor-carillo-cary-varona-konzert-la-palma\/\">M\u00e1s informaci\u00f3n<\/a>\n\t\t\t\t\n\t\t\t<\/div>\n\t\t<\/div>\n\t<\/div>\n<\/div>\t\t<\/div><!-- content -->\n\t\n\t<\/div><!-- modal -->\n<\/div>\t\t\t\t\t<div class=\"em pixelbones em-calendar-preview em-modal em-cal-event-content\" data-event-id=\"135\" data-parent=\"em-cal-events-content-780645223\">\n\t<div class=\"em-modal-popup\">\n\t\t<header>\n\t\t\t<a class=\"em-close-modal\"><\/a><!-- close modal -->\n\t\t\t<div class=\"em-modal-title\">\n\t\t\t\t<a href=\"https:\/\/kulturwerkstatt-lapalma.com\/es\/events\/beratungen-massagen-behandlungen-von-iris\/\">Beratungen, Massagen, Behandlungen von Iris<\/a>\t\t\t<\/div>\n\t\t<\/header>\n\t\t<div class=\"em-modal-content\">\n\t\t\t<div class=\"em pixelbones em-calendar-preview em-list em-events-list\">\n\t<div class=\"em-event em-item\" style=\"--default-border:#f74cc4;\">\n\t\t<div class=\"em-item-image \">\n\t\t\t\n\t\t\t<img src='https:\/\/kulturwerkstatt-lapalma.com\/wp-content\/uploads\/2025\/12\/blossom-5356482_640.jpg' alt='Beratungen, Massagen, Behandlungen von Iris'\/>\n\t\t\t\n\t\t\t\n\t\t<\/div>\n\t\t<div class=\"em-item-info\">\n\t\t\t<div class=\"em-event-meta em-item-meta\">\n\t\t\t\t<div class=\"em-item-meta-line em-event-date em-event-meta-datetime\">\n\t\t\t\t\t<span class=\"em-icon-calendar em-icon\"><\/span>\n\t\t\t\t\t18. mayo 2026&nbsp;&nbsp;&nbsp;&nbsp;\n\t\t\t\t<\/div>\n\t\t\t\t<div class=\"em-item-meta-line em-event-time em-event-meta-datetime\">\n\t\t\t\t\t<span class=\"em-icon-clock em-icon\"><\/span>\n\t\t\t\t\t10:00 - 15:00\n\t\t\t\t<\/div>\n\t\t\t\t\n\t\t\t\t\n\t\t\t\t<div class=\"em-item-meta-line em-event-location\">\n\t\t\t\t\t<span class=\"em-icon-location em-icon\"><\/span>\n\t\t\t\t\t<a href=\"https:\/\/kulturwerkstatt-lapalma.com\/es\/locations\/kulturwerkstatt-viento-del-norte-puntagorda\/\">Kulturwerkstatt \u201eViento del Norte&quot; Puntagorda<\/a>\n\t\t\t\t<\/div>\n\t\t\t\t\n\t\t\t\t\n\t\t\t\t\n\t\t\t\t\n\t\t\t<\/div>\n\t\t\t<div class=\"em-item-desc\">\n\t\t\t\tBeratungen, Massagen, Behandlungen von Iris, Heilpraktikerin, jeweils Montag, 10-15 Uhr Kontakt: +34643635653 irisemma09@gmx.de\n\t\t\t<\/div>\n\t\t\t<div class=\"em-item-actions input\">\n\t\t\t\t<a class=\"em-item-read-more button\" href=\"https:\/\/kulturwerkstatt-lapalma.com\/es\/events\/beratungen-massagen-behandlungen-von-iris\/\">M\u00e1s informaci\u00f3n<\/a>\n\t\t\t\t\n\t\t\t<\/div>\n\t\t<\/div>\n\t<\/div>\n<\/div>\t\t<\/div><!-- content -->\n\t\n\t<\/div><!-- modal -->\n<\/div>\t\t\t\t\t<div class=\"em pixelbones em-calendar-preview em-modal em-cal-event-content\" data-event-id=\"85\" data-parent=\"em-cal-events-content-780645223\">\n\t<div class=\"em-modal-popup\">\n\t\t<header>\n\t\t\t<a class=\"em-close-modal\"><\/a><!-- close modal -->\n\t\t\t<div class=\"em-modal-title\">\n\t\t\t\t<a href=\"https:\/\/kulturwerkstatt-lapalma.com\/es\/events\/computersprechstunde-mit-hermes\/\">\ud83d\udcbb Die Computersprechstunde mit Hermes<\/a>\t\t\t<\/div>\n\t\t<\/header>\n\t\t<div class=\"em-modal-content\">\n\t\t\t<div class=\"em pixelbones em-calendar-preview em-list em-events-list\">\n\t<div class=\"em-event em-item\" style=\"--default-border:#260e09;\">\n\t\t<div class=\"em-item-image \">\n\t\t\t\n\t\t\t<img src='https:\/\/kulturwerkstatt-lapalma.com\/wp-content\/uploads\/2025\/12\/kid-1520705_1280-1.jpg' alt='\ud83d\udcbb Die Computersprechstunde mit Hermes'\/>\n\t\t\t\n\t\t\t\n\t\t<\/div>\n\t\t<div class=\"em-item-info\">\n\t\t\t<div class=\"em-event-meta em-item-meta\">\n\t\t\t\t<div class=\"em-item-meta-line em-event-date em-event-meta-datetime\">\n\t\t\t\t\t<span class=\"em-icon-calendar em-icon\"><\/span>\n\t\t\t\t\t19. mayo 2026&nbsp;&nbsp;&nbsp;&nbsp;\n\t\t\t\t<\/div>\n\t\t\t\t<div class=\"em-item-meta-line em-event-time em-event-meta-datetime\">\n\t\t\t\t\t<span class=\"em-icon-clock em-icon\"><\/span>\n\t\t\t\t\t10:00 - 15:00\n\t\t\t\t<\/div>\n\t\t\t\t\n\t\t\t\t\n\t\t\t\t<div class=\"em-item-meta-line em-event-location\">\n\t\t\t\t\t<span class=\"em-icon-location em-icon\"><\/span>\n\t\t\t\t\t<a href=\"https:\/\/kulturwerkstatt-lapalma.com\/es\/locations\/kulturwerkstatt-viento-del-norte-puntagorda\/\">Kulturwerkstatt \u201eViento del Norte&quot; Puntagorda<\/a>\n\t\t\t\t<\/div>\n\t\t\t\t\n\t\t\t\t\n\t\t\t\t\n\t\t\t\t\n\t\t\t<\/div>\n\t\t\t<div class=\"em-item-desc\">\n\t\t\t\t\ud83d\udcbb Die Computersprechstunde Die Computersprechstunde, gegr\u00fcndet von Hermes, unterst\u00fctzt dich bei allen Fragen rund um die digitale Welt. Egal ob akutes Technikproblem oder \u201enur mal [...]\n\t\t\t<\/div>\n\t\t\t<div class=\"em-item-actions input\">\n\t\t\t\t<a class=\"em-item-read-more button\" href=\"https:\/\/kulturwerkstatt-lapalma.com\/es\/events\/computersprechstunde-mit-hermes\/\">M\u00e1s informaci\u00f3n<\/a>\n\t\t\t\t\n\t\t\t<\/div>\n\t\t<\/div>\n\t<\/div>\n<\/div>\t\t<\/div><!-- content -->\n\t\n\t<\/div><!-- modal -->\n<\/div>\t\t\t\t\t<div class=\"em pixelbones em-calendar-preview em-modal em-cal-event-content\" data-event-id=\"289\" data-parent=\"em-cal-events-content-780645223\">\n\t<div class=\"em-modal-popup\">\n\t\t<header>\n\t\t\t<a class=\"em-close-modal\"><\/a><!-- close modal -->\n\t\t\t<div class=\"em-modal-title\">\n\t\t\t\t<a href=\"https:\/\/kulturwerkstatt-lapalma.com\/es\/events\/salsa-tanzen-3\/\">Salsa tanzen<\/a>\t\t\t<\/div>\n\t\t<\/header>\n\t\t<div class=\"em-modal-content\">\n\t\t\t<div class=\"em pixelbones em-calendar-preview em-list em-events-list\">\n\t<div class=\"em-event em-item\" style=\"--default-border:#a1db43;\">\n\t\t<div class=\"em-item-image \">\n\t\t\t\n\t\t\t<img src='https:\/\/kulturwerkstatt-lapalma.com\/wp-content\/uploads\/2026\/02\/Salsa-Kulturwerkstatt-scaled.jpg' alt='Salsa tanzen'\/>\n\t\t\t\n\t\t\t\n\t\t<\/div>\n\t\t<div class=\"em-item-info\">\n\t\t\t<div class=\"em-event-meta em-item-meta\">\n\t\t\t\t<div class=\"em-item-meta-line em-event-date em-event-meta-datetime\">\n\t\t\t\t\t<span class=\"em-icon-calendar em-icon\"><\/span>\n\t\t\t\t\t19. mayo 2026&nbsp;&nbsp;&nbsp;&nbsp;\n\t\t\t\t<\/div>\n\t\t\t\t<div class=\"em-item-meta-line em-event-time em-event-meta-datetime\">\n\t\t\t\t\t<span class=\"em-icon-clock em-icon\"><\/span>\n\t\t\t\t\t19:30 - 21:30\n\t\t\t\t<\/div>\n\t\t\t\t\n\t\t\t\t\n\t\t\t\t<div class=\"em-item-meta-line em-event-location\">\n\t\t\t\t\t<span class=\"em-icon-location em-icon\"><\/span>\n\t\t\t\t\t<a href=\"https:\/\/kulturwerkstatt-lapalma.com\/es\/locations\/kulturwerkstatt-viento-del-norte-puntagorda\/\">Kulturwerkstatt \u201eViento del Norte&quot; Puntagorda<\/a>\n\t\t\t\t<\/div>\n\t\t\t\t\n\t\t\t\t\n\t\t\t\t\n\t\t\t\t\n\t\t\t<\/div>\n\t\t\t<div class=\"em-item-desc\">\n\t\t\t\t\ud83d\udc83 Salsatanzen Lust auf Bewegung, Musik und gute Laune?\u00a0\ud83d\ude0a Komm gern vorbei \u2013 Vorkenntnisse erw\u00fcnscht. \ud83d\udcc5\u00a0M\u00e4rz:\u00a0dienstags, 19:00 Uhr \ud83d\udcc5\u00a0April:\u00a0sonntags, 18:00 Uhr \ud83d\udcc5\u00a0Mai:\u00a0dienstags, 19:30 Uhr \ud83d\udcde [...]\n\t\t\t<\/div>\n\t\t\t<div class=\"em-item-actions input\">\n\t\t\t\t<a class=\"em-item-read-more button\" href=\"https:\/\/kulturwerkstatt-lapalma.com\/es\/events\/salsa-tanzen-3\/\">M\u00e1s informaci\u00f3n<\/a>\n\t\t\t\t\n\t\t\t<\/div>\n\t\t<\/div>\n\t<\/div>\n<\/div>\t\t<\/div><!-- content -->\n\t\n\t<\/div><!-- modal -->\n<\/div>\t\t\t\t\t<div class=\"em pixelbones em-calendar-preview em-modal em-cal-event-content\" data-event-id=\"330\" data-parent=\"em-cal-events-content-780645223\">\n\t<div class=\"em-modal-popup\">\n\t\t<header>\n\t\t\t<a class=\"em-close-modal\"><\/a><!-- close modal -->\n\t\t\t<div class=\"em-modal-title\">\n\t\t\t\t<a href=\"https:\/\/kulturwerkstatt-lapalma.com\/es\/events\/memorias-de-gaia-ausstellung-la-palma\/\">\ud83c\udfa8 Ausstellung \u201eMemorias de Gaia\u201c \u2013 Acr\u00edlico fluido \/ Pouring Art<\/a>\t\t\t<\/div>\n\t\t<\/header>\n\t\t<div class=\"em-modal-content\">\n\t\t\t<div class=\"em pixelbones em-calendar-preview em-list em-events-list\">\n\t<div class=\"em-event em-item\" style=\"--default-border:#80b538;\">\n\t\t<div class=\"em-item-image \">\n\t\t\t\n\t\t\t<img src='https:\/\/kulturwerkstatt-lapalma.com\/wp-content\/uploads\/2026\/04\/photo_2026-04-22_22-14-09.jpg' alt='\ud83c\udfa8 Ausstellung \u201eMemorias de Gaia\u201c \u2013 Acr\u00edlico fluido \/ Pouring Art'\/>\n\t\t\t\n\t\t\t\n\t\t<\/div>\n\t\t<div class=\"em-item-info\">\n\t\t\t<div class=\"em-event-meta em-item-meta\">\n\t\t\t\t<div class=\"em-item-meta-line em-event-date em-event-meta-datetime\">\n\t\t\t\t\t<span class=\"em-icon-calendar em-icon\"><\/span>\n\t\t\t\t\t20. mayo 2026&nbsp;&nbsp;&nbsp;&nbsp;\n\t\t\t\t<\/div>\n\t\t\t\t<div class=\"em-item-meta-line em-event-time em-event-meta-datetime\">\n\t\t\t\t\t<span class=\"em-icon-clock em-icon\"><\/span>\n\t\t\t\t\t10:00 - 13:30\n\t\t\t\t<\/div>\n\t\t\t\t\n\t\t\t\t\n\t\t\t\t<div class=\"em-item-meta-line em-event-location\">\n\t\t\t\t\t<span class=\"em-icon-location em-icon\"><\/span>\n\t\t\t\t\t<a href=\"https:\/\/kulturwerkstatt-lapalma.com\/es\/locations\/kulturwerkstatt-viento-del-norte-puntagorda\/\">Kulturwerkstatt \u201eViento del Norte&quot; Puntagorda<\/a>\n\t\t\t\t<\/div>\n\t\t\t\t\n\t\t\t\t\n\t\t\t\t\n\t\t\t\t\n\t\t\t<\/div>\n\t\t\t<div class=\"em-item-desc\">\n\t\t\t\t\ud83c\udfa8 Ausstellung \u201eMemorias de Gaia\u201c \u2013 Acr\u00edlico fluido \/ Pouring Art Mit \u201eMemorias de Gaia\u201c pr\u00e4sentiert Raphael Becker eine Ausstellung, die die lebendige Kraft der [...]\n\t\t\t<\/div>\n\t\t\t<div class=\"em-item-actions input\">\n\t\t\t\t<a class=\"em-item-read-more button\" href=\"https:\/\/kulturwerkstatt-lapalma.com\/es\/events\/memorias-de-gaia-ausstellung-la-palma\/\">M\u00e1s informaci\u00f3n<\/a>\n\t\t\t\t\n\t\t\t<\/div>\n\t\t<\/div>\n\t<\/div>\n<\/div>\t\t<\/div><!-- content -->\n\t\n\t<\/div><!-- modal -->\n<\/div>\t\t\t\t\t<div class=\"em pixelbones em-calendar-preview em-modal em-cal-event-content\" data-event-id=\"319\" data-parent=\"em-cal-events-content-780645223\">\n\t<div class=\"em-modal-popup\">\n\t\t<header>\n\t\t\t<a class=\"em-close-modal\"><\/a><!-- close modal -->\n\t\t\t<div class=\"em-modal-title\">\n\t\t\t\t<a href=\"https:\/\/kulturwerkstatt-lapalma.com\/es\/events\/experimentelles-malen-arunya-mal-treff\/\">\ud83c\udfa8&quot;Mal-Treff&quot;  im Viento del Norte \/ Malen nach Lust und Laune! \ud83c\udfa8<\/a>\t\t\t<\/div>\n\t\t<\/header>\n\t\t<div class=\"em-modal-content\">\n\t\t\t<div class=\"em pixelbones em-calendar-preview em-list em-events-list\">\n\t<div class=\"em-event em-item\" style=\"--default-border:#d84375;\">\n\t\t<div class=\"em-item-image \">\n\t\t\t\n\t\t\t<img src='https:\/\/kulturwerkstatt-lapalma.com\/wp-content\/uploads\/2026\/01\/experimentelles-malen.jpg' alt='\ud83c\udfa8&quot;Mal-Treff&quot;  im Viento del Norte \/ Malen nach Lust und Laune! \ud83c\udfa8'\/>\n\t\t\t\n\t\t\t\n\t\t<\/div>\n\t\t<div class=\"em-item-info\">\n\t\t\t<div class=\"em-event-meta em-item-meta\">\n\t\t\t\t<div class=\"em-item-meta-line em-event-date em-event-meta-datetime\">\n\t\t\t\t\t<span class=\"em-icon-calendar em-icon\"><\/span>\n\t\t\t\t\t21. mayo 2026&nbsp;&nbsp;&nbsp;&nbsp;\n\t\t\t\t<\/div>\n\t\t\t\t<div class=\"em-item-meta-line em-event-time em-event-meta-datetime\">\n\t\t\t\t\t<span class=\"em-icon-clock em-icon\"><\/span>\n\t\t\t\t\t10:00 - 13:00\n\t\t\t\t<\/div>\n\t\t\t\t\n\t\t\t\t\n\t\t\t\t<div class=\"em-item-meta-line em-event-location\">\n\t\t\t\t\t<span class=\"em-icon-location em-icon\"><\/span>\n\t\t\t\t\t<a href=\"https:\/\/kulturwerkstatt-lapalma.com\/es\/locations\/kulturwerkstatt-viento-del-norte-puntagorda\/\">Kulturwerkstatt \u201eViento del Norte&quot; Puntagorda<\/a>\n\t\t\t\t<\/div>\n\t\t\t\t\n\t\t\t\t\n\t\t\t\t\n\t\t\t\t\n\t\t\t<\/div>\n\t\t\t<div class=\"em-item-desc\">\n\t\t\t\t\ud83c\udfa8 Experimentelles Malen mit Arunya Der \u201eMal-Treff\u201c ist f\u00fcr all diejenigen gedacht, die sich eine entspannte Nische im Alltag w\u00fcnschen, die \u201eimmer schon mal malen\u201c [...]\n\t\t\t<\/div>\n\t\t\t<div class=\"em-item-actions input\">\n\t\t\t\t<a class=\"em-item-read-more button\" href=\"https:\/\/kulturwerkstatt-lapalma.com\/es\/events\/experimentelles-malen-arunya-mal-treff\/\">M\u00e1s informaci\u00f3n<\/a>\n\t\t\t\t\n\t\t\t<\/div>\n\t\t<\/div>\n\t<\/div>\n<\/div>\t\t<\/div><!-- content -->\n\t\n\t<\/div><!-- modal -->\n<\/div>\t\t\t\t\t<div class=\"em pixelbones em-calendar-preview em-modal em-cal-event-content\" data-event-id=\"364\" data-parent=\"em-cal-events-content-780645223\">\n\t<div class=\"em-modal-popup\">\n\t\t<header>\n\t\t\t<a class=\"em-close-modal\"><\/a><!-- close modal -->\n\t\t\t<div class=\"em-modal-title\">\n\t\t\t\t<a href=\"https:\/\/kulturwerkstatt-lapalma.com\/es\/events\/%f0%9f%92%83-biodanza-mit-bettina-rebecca\/\">\ud83d\udc83 Biodanza mit Bettina-Rebecca<\/a>\t\t\t<\/div>\n\t\t<\/header>\n\t\t<div class=\"em-modal-content\">\n\t\t\t<div class=\"em pixelbones em-calendar-preview em-list em-events-list\">\n\t<div class=\"em-event em-item\" style=\"--default-border:#ea6bea;\">\n\t\t<div class=\"em-item-image \">\n\t\t\t\n\t\t\t<img src='https:\/\/kulturwerkstatt-lapalma.com\/wp-content\/uploads\/2026\/04\/biodanca-kulturwerkstatt.jpg' alt='\ud83d\udc83 Biodanza mit Bettina-Rebecca'\/>\n\t\t\t\n\t\t\t\n\t\t<\/div>\n\t\t<div class=\"em-item-info\">\n\t\t\t<div class=\"em-event-meta em-item-meta\">\n\t\t\t\t<div class=\"em-item-meta-line em-event-date em-event-meta-datetime\">\n\t\t\t\t\t<span class=\"em-icon-calendar em-icon\"><\/span>\n\t\t\t\t\t21. mayo 2026&nbsp;&nbsp;&nbsp;&nbsp;\n\t\t\t\t<\/div>\n\t\t\t\t<div class=\"em-item-meta-line em-event-time em-event-meta-datetime\">\n\t\t\t\t\t<span class=\"em-icon-clock em-icon\"><\/span>\n\t\t\t\t\t18:00 - 20:00\n\t\t\t\t<\/div>\n\t\t\t\t\n\t\t\t\t\n\t\t\t\t<div class=\"em-item-meta-line em-event-location\">\n\t\t\t\t\t<span class=\"em-icon-location em-icon\"><\/span>\n\t\t\t\t\t<a href=\"https:\/\/kulturwerkstatt-lapalma.com\/es\/locations\/kulturwerkstatt-viento-del-norte-puntagorda\/\">Kulturwerkstatt \u201eViento del Norte&quot; Puntagorda<\/a>\n\t\t\t\t<\/div>\n\t\t\t\t\n\t\t\t\t\n\t\t\t\t\n\t\t\t\t\n\t\t\t<\/div>\n\t\t\t<div class=\"em-item-desc\">\n\t\t\t\t\ud83c\udf3a Biodanza ist ein System der menschlichen Integration und Pers\u00f6nlichkeitsentfaltung, das Musik aus aller Welt, Bewegung und Begegnungen in der Gruppe nutzt, um aus Erfahrungen [...]\n\t\t\t<\/div>\n\t\t\t<div class=\"em-item-actions input\">\n\t\t\t\t<a class=\"em-item-read-more button\" href=\"https:\/\/kulturwerkstatt-lapalma.com\/es\/events\/%f0%9f%92%83-biodanza-mit-bettina-rebecca\/\">M\u00e1s informaci\u00f3n<\/a>\n\t\t\t\t\n\t\t\t<\/div>\n\t\t<\/div>\n\t<\/div>\n<\/div>\t\t<\/div><!-- content -->\n\t\n\t<\/div><!-- modal -->\n<\/div>\t\t\t\t\t<div class=\"em pixelbones em-calendar-preview em-modal em-cal-event-content\" data-event-id=\"331\" data-parent=\"em-cal-events-content-780645223\">\n\t<div class=\"em-modal-popup\">\n\t\t<header>\n\t\t\t<a class=\"em-close-modal\"><\/a><!-- close modal -->\n\t\t\t<div class=\"em-modal-title\">\n\t\t\t\t<a href=\"https:\/\/kulturwerkstatt-lapalma.com\/es\/events\/memorias-de-gaia-ausstellung-la-palma\/\">\ud83c\udfa8 Ausstellung \u201eMemorias de Gaia\u201c \u2013 Acr\u00edlico fluido \/ Pouring Art<\/a>\t\t\t<\/div>\n\t\t<\/header>\n\t\t<div class=\"em-modal-content\">\n\t\t\t<div class=\"em pixelbones em-calendar-preview em-list em-events-list\">\n\t<div class=\"em-event em-item\" style=\"--default-border:#80b538;\">\n\t\t<div class=\"em-item-image \">\n\t\t\t\n\t\t\t<img src='https:\/\/kulturwerkstatt-lapalma.com\/wp-content\/uploads\/2026\/04\/photo_2026-04-22_22-14-09.jpg' alt='\ud83c\udfa8 Ausstellung \u201eMemorias de Gaia\u201c \u2013 Acr\u00edlico fluido \/ Pouring Art'\/>\n\t\t\t\n\t\t\t\n\t\t<\/div>\n\t\t<div class=\"em-item-info\">\n\t\t\t<div class=\"em-event-meta em-item-meta\">\n\t\t\t\t<div class=\"em-item-meta-line em-event-date em-event-meta-datetime\">\n\t\t\t\t\t<span class=\"em-icon-calendar em-icon\"><\/span>\n\t\t\t\t\t22. mayo 2026&nbsp;&nbsp;&nbsp;&nbsp;\n\t\t\t\t<\/div>\n\t\t\t\t<div class=\"em-item-meta-line em-event-time em-event-meta-datetime\">\n\t\t\t\t\t<span class=\"em-icon-clock em-icon\"><\/span>\n\t\t\t\t\t10:00 - 13:30\n\t\t\t\t<\/div>\n\t\t\t\t\n\t\t\t\t\n\t\t\t\t<div class=\"em-item-meta-line em-event-location\">\n\t\t\t\t\t<span class=\"em-icon-location em-icon\"><\/span>\n\t\t\t\t\t<a href=\"https:\/\/kulturwerkstatt-lapalma.com\/es\/locations\/kulturwerkstatt-viento-del-norte-puntagorda\/\">Kulturwerkstatt \u201eViento del Norte&quot; Puntagorda<\/a>\n\t\t\t\t<\/div>\n\t\t\t\t\n\t\t\t\t\n\t\t\t\t\n\t\t\t\t\n\t\t\t<\/div>\n\t\t\t<div class=\"em-item-desc\">\n\t\t\t\t\ud83c\udfa8 Ausstellung \u201eMemorias de Gaia\u201c \u2013 Acr\u00edlico fluido \/ Pouring Art Mit \u201eMemorias de Gaia\u201c pr\u00e4sentiert Raphael Becker eine Ausstellung, die die lebendige Kraft der [...]\n\t\t\t<\/div>\n\t\t\t<div class=\"em-item-actions input\">\n\t\t\t\t<a class=\"em-item-read-more button\" href=\"https:\/\/kulturwerkstatt-lapalma.com\/es\/events\/memorias-de-gaia-ausstellung-la-palma\/\">M\u00e1s informaci\u00f3n<\/a>\n\t\t\t\t\n\t\t\t<\/div>\n\t\t<\/div>\n\t<\/div>\n<\/div>\t\t<\/div><!-- content -->\n\t\n\t<\/div><!-- modal -->\n<\/div>\t\t\t\t\t<div class=\"em pixelbones em-calendar-preview em-modal em-cal-event-content\" data-event-id=\"136\" data-parent=\"em-cal-events-content-780645223\">\n\t<div class=\"em-modal-popup\">\n\t\t<header>\n\t\t\t<a class=\"em-close-modal\"><\/a><!-- close modal -->\n\t\t\t<div class=\"em-modal-title\">\n\t\t\t\t<a href=\"https:\/\/kulturwerkstatt-lapalma.com\/es\/events\/beratungen-massagen-behandlungen-von-iris\/\">Beratungen, Massagen, Behandlungen von Iris<\/a>\t\t\t<\/div>\n\t\t<\/header>\n\t\t<div class=\"em-modal-content\">\n\t\t\t<div class=\"em pixelbones em-calendar-preview em-list em-events-list\">\n\t<div class=\"em-event em-item\" style=\"--default-border:#f74cc4;\">\n\t\t<div class=\"em-item-image \">\n\t\t\t\n\t\t\t<img src='https:\/\/kulturwerkstatt-lapalma.com\/wp-content\/uploads\/2025\/12\/blossom-5356482_640.jpg' alt='Beratungen, Massagen, Behandlungen von Iris'\/>\n\t\t\t\n\t\t\t\n\t\t<\/div>\n\t\t<div class=\"em-item-info\">\n\t\t\t<div class=\"em-event-meta em-item-meta\">\n\t\t\t\t<div class=\"em-item-meta-line em-event-date em-event-meta-datetime\">\n\t\t\t\t\t<span class=\"em-icon-calendar em-icon\"><\/span>\n\t\t\t\t\t25. mayo 2026&nbsp;&nbsp;&nbsp;&nbsp;\n\t\t\t\t<\/div>\n\t\t\t\t<div class=\"em-item-meta-line em-event-time em-event-meta-datetime\">\n\t\t\t\t\t<span class=\"em-icon-clock em-icon\"><\/span>\n\t\t\t\t\t10:00 - 15:00\n\t\t\t\t<\/div>\n\t\t\t\t\n\t\t\t\t\n\t\t\t\t<div class=\"em-item-meta-line em-event-location\">\n\t\t\t\t\t<span class=\"em-icon-location em-icon\"><\/span>\n\t\t\t\t\t<a href=\"https:\/\/kulturwerkstatt-lapalma.com\/es\/locations\/kulturwerkstatt-viento-del-norte-puntagorda\/\">Kulturwerkstatt \u201eViento del Norte&quot; Puntagorda<\/a>\n\t\t\t\t<\/div>\n\t\t\t\t\n\t\t\t\t\n\t\t\t\t\n\t\t\t\t\n\t\t\t<\/div>\n\t\t\t<div class=\"em-item-desc\">\n\t\t\t\tBeratungen, Massagen, Behandlungen von Iris, Heilpraktikerin, jeweils Montag, 10-15 Uhr Kontakt: +34643635653 irisemma09@gmx.de\n\t\t\t<\/div>\n\t\t\t<div class=\"em-item-actions input\">\n\t\t\t\t<a class=\"em-item-read-more button\" href=\"https:\/\/kulturwerkstatt-lapalma.com\/es\/events\/beratungen-massagen-behandlungen-von-iris\/\">M\u00e1s informaci\u00f3n<\/a>\n\t\t\t\t\n\t\t\t<\/div>\n\t\t<\/div>\n\t<\/div>\n<\/div>\t\t<\/div><!-- content -->\n\t\n\t<\/div><!-- modal -->\n<\/div>\t\t\t\t\t<div class=\"em pixelbones em-calendar-preview em-modal em-cal-event-content\" data-event-id=\"86\" data-parent=\"em-cal-events-content-780645223\">\n\t<div class=\"em-modal-popup\">\n\t\t<header>\n\t\t\t<a class=\"em-close-modal\"><\/a><!-- close modal -->\n\t\t\t<div class=\"em-modal-title\">\n\t\t\t\t<a href=\"https:\/\/kulturwerkstatt-lapalma.com\/es\/events\/computersprechstunde-mit-hermes\/\">\ud83d\udcbb Die Computersprechstunde mit Hermes<\/a>\t\t\t<\/div>\n\t\t<\/header>\n\t\t<div class=\"em-modal-content\">\n\t\t\t<div class=\"em pixelbones em-calendar-preview em-list em-events-list\">\n\t<div class=\"em-event em-item\" style=\"--default-border:#260e09;\">\n\t\t<div class=\"em-item-image \">\n\t\t\t\n\t\t\t<img src='https:\/\/kulturwerkstatt-lapalma.com\/wp-content\/uploads\/2025\/12\/kid-1520705_1280-1.jpg' alt='\ud83d\udcbb Die Computersprechstunde mit Hermes'\/>\n\t\t\t\n\t\t\t\n\t\t<\/div>\n\t\t<div class=\"em-item-info\">\n\t\t\t<div class=\"em-event-meta em-item-meta\">\n\t\t\t\t<div class=\"em-item-meta-line em-event-date em-event-meta-datetime\">\n\t\t\t\t\t<span class=\"em-icon-calendar em-icon\"><\/span>\n\t\t\t\t\t26. mayo 2026&nbsp;&nbsp;&nbsp;&nbsp;\n\t\t\t\t<\/div>\n\t\t\t\t<div class=\"em-item-meta-line em-event-time em-event-meta-datetime\">\n\t\t\t\t\t<span class=\"em-icon-clock em-icon\"><\/span>\n\t\t\t\t\t10:00 - 15:00\n\t\t\t\t<\/div>\n\t\t\t\t\n\t\t\t\t\n\t\t\t\t<div class=\"em-item-meta-line em-event-location\">\n\t\t\t\t\t<span class=\"em-icon-location em-icon\"><\/span>\n\t\t\t\t\t<a href=\"https:\/\/kulturwerkstatt-lapalma.com\/es\/locations\/kulturwerkstatt-viento-del-norte-puntagorda\/\">Kulturwerkstatt \u201eViento del Norte&quot; Puntagorda<\/a>\n\t\t\t\t<\/div>\n\t\t\t\t\n\t\t\t\t\n\t\t\t\t\n\t\t\t\t\n\t\t\t<\/div>\n\t\t\t<div class=\"em-item-desc\">\n\t\t\t\t\ud83d\udcbb Die Computersprechstunde Die Computersprechstunde, gegr\u00fcndet von Hermes, unterst\u00fctzt dich bei allen Fragen rund um die digitale Welt. Egal ob akutes Technikproblem oder \u201enur mal [...]\n\t\t\t<\/div>\n\t\t\t<div class=\"em-item-actions input\">\n\t\t\t\t<a class=\"em-item-read-more button\" href=\"https:\/\/kulturwerkstatt-lapalma.com\/es\/events\/computersprechstunde-mit-hermes\/\">M\u00e1s informaci\u00f3n<\/a>\n\t\t\t\t\n\t\t\t<\/div>\n\t\t<\/div>\n\t<\/div>\n<\/div>\t\t<\/div><!-- content -->\n\t\n\t<\/div><!-- modal -->\n<\/div>\t\t\t\t\t<div class=\"em pixelbones em-calendar-preview em-modal em-cal-event-content\" data-event-id=\"290\" data-parent=\"em-cal-events-content-780645223\">\n\t<div class=\"em-modal-popup\">\n\t\t<header>\n\t\t\t<a class=\"em-close-modal\"><\/a><!-- close modal -->\n\t\t\t<div class=\"em-modal-title\">\n\t\t\t\t<a href=\"https:\/\/kulturwerkstatt-lapalma.com\/es\/events\/salsa-tanzen-3\/\">Salsa tanzen<\/a>\t\t\t<\/div>\n\t\t<\/header>\n\t\t<div class=\"em-modal-content\">\n\t\t\t<div class=\"em pixelbones em-calendar-preview em-list em-events-list\">\n\t<div class=\"em-event em-item\" style=\"--default-border:#a1db43;\">\n\t\t<div class=\"em-item-image \">\n\t\t\t\n\t\t\t<img src='https:\/\/kulturwerkstatt-lapalma.com\/wp-content\/uploads\/2026\/02\/Salsa-Kulturwerkstatt-scaled.jpg' alt='Salsa tanzen'\/>\n\t\t\t\n\t\t\t\n\t\t<\/div>\n\t\t<div class=\"em-item-info\">\n\t\t\t<div class=\"em-event-meta em-item-meta\">\n\t\t\t\t<div class=\"em-item-meta-line em-event-date em-event-meta-datetime\">\n\t\t\t\t\t<span class=\"em-icon-calendar em-icon\"><\/span>\n\t\t\t\t\t26. mayo 2026&nbsp;&nbsp;&nbsp;&nbsp;\n\t\t\t\t<\/div>\n\t\t\t\t<div class=\"em-item-meta-line em-event-time em-event-meta-datetime\">\n\t\t\t\t\t<span class=\"em-icon-clock em-icon\"><\/span>\n\t\t\t\t\t19:30 - 21:30\n\t\t\t\t<\/div>\n\t\t\t\t\n\t\t\t\t\n\t\t\t\t<div class=\"em-item-meta-line em-event-location\">\n\t\t\t\t\t<span class=\"em-icon-location em-icon\"><\/span>\n\t\t\t\t\t<a href=\"https:\/\/kulturwerkstatt-lapalma.com\/es\/locations\/kulturwerkstatt-viento-del-norte-puntagorda\/\">Kulturwerkstatt \u201eViento del Norte&quot; Puntagorda<\/a>\n\t\t\t\t<\/div>\n\t\t\t\t\n\t\t\t\t\n\t\t\t\t\n\t\t\t\t\n\t\t\t<\/div>\n\t\t\t<div class=\"em-item-desc\">\n\t\t\t\t\ud83d\udc83 Salsatanzen Lust auf Bewegung, Musik und gute Laune?\u00a0\ud83d\ude0a Komm gern vorbei \u2013 Vorkenntnisse erw\u00fcnscht. \ud83d\udcc5\u00a0M\u00e4rz:\u00a0dienstags, 19:00 Uhr \ud83d\udcc5\u00a0April:\u00a0sonntags, 18:00 Uhr \ud83d\udcc5\u00a0Mai:\u00a0dienstags, 19:30 Uhr \ud83d\udcde [...]\n\t\t\t<\/div>\n\t\t\t<div class=\"em-item-actions input\">\n\t\t\t\t<a class=\"em-item-read-more button\" href=\"https:\/\/kulturwerkstatt-lapalma.com\/es\/events\/salsa-tanzen-3\/\">M\u00e1s informaci\u00f3n<\/a>\n\t\t\t\t\n\t\t\t<\/div>\n\t\t<\/div>\n\t<\/div>\n<\/div>\t\t<\/div><!-- content -->\n\t\n\t<\/div><!-- modal -->\n<\/div>\t\t\t\t\t<div class=\"em pixelbones em-calendar-preview em-modal em-cal-event-content\" data-event-id=\"332\" data-parent=\"em-cal-events-content-780645223\">\n\t<div class=\"em-modal-popup\">\n\t\t<header>\n\t\t\t<a class=\"em-close-modal\"><\/a><!-- close modal -->\n\t\t\t<div class=\"em-modal-title\">\n\t\t\t\t<a href=\"https:\/\/kulturwerkstatt-lapalma.com\/es\/events\/memorias-de-gaia-ausstellung-la-palma\/\">\ud83c\udfa8 Ausstellung \u201eMemorias de Gaia\u201c \u2013 Acr\u00edlico fluido \/ Pouring Art<\/a>\t\t\t<\/div>\n\t\t<\/header>\n\t\t<div class=\"em-modal-content\">\n\t\t\t<div class=\"em pixelbones em-calendar-preview em-list em-events-list\">\n\t<div class=\"em-event em-item\" style=\"--default-border:#80b538;\">\n\t\t<div class=\"em-item-image \">\n\t\t\t\n\t\t\t<img src='https:\/\/kulturwerkstatt-lapalma.com\/wp-content\/uploads\/2026\/04\/photo_2026-04-22_22-14-09.jpg' alt='\ud83c\udfa8 Ausstellung \u201eMemorias de Gaia\u201c \u2013 Acr\u00edlico fluido \/ Pouring Art'\/>\n\t\t\t\n\t\t\t\n\t\t<\/div>\n\t\t<div class=\"em-item-info\">\n\t\t\t<div class=\"em-event-meta em-item-meta\">\n\t\t\t\t<div class=\"em-item-meta-line em-event-date em-event-meta-datetime\">\n\t\t\t\t\t<span class=\"em-icon-calendar em-icon\"><\/span>\n\t\t\t\t\t27. mayo 2026&nbsp;&nbsp;&nbsp;&nbsp;\n\t\t\t\t<\/div>\n\t\t\t\t<div class=\"em-item-meta-line em-event-time em-event-meta-datetime\">\n\t\t\t\t\t<span class=\"em-icon-clock em-icon\"><\/span>\n\t\t\t\t\t10:00 - 13:30\n\t\t\t\t<\/div>\n\t\t\t\t\n\t\t\t\t\n\t\t\t\t<div class=\"em-item-meta-line em-event-location\">\n\t\t\t\t\t<span class=\"em-icon-location em-icon\"><\/span>\n\t\t\t\t\t<a href=\"https:\/\/kulturwerkstatt-lapalma.com\/es\/locations\/kulturwerkstatt-viento-del-norte-puntagorda\/\">Kulturwerkstatt \u201eViento del Norte&quot; Puntagorda<\/a>\n\t\t\t\t<\/div>\n\t\t\t\t\n\t\t\t\t\n\t\t\t\t\n\t\t\t\t\n\t\t\t<\/div>\n\t\t\t<div class=\"em-item-desc\">\n\t\t\t\t\ud83c\udfa8 Ausstellung \u201eMemorias de Gaia\u201c \u2013 Acr\u00edlico fluido \/ Pouring Art Mit \u201eMemorias de Gaia\u201c pr\u00e4sentiert Raphael Becker eine Ausstellung, die die lebendige Kraft der [...]\n\t\t\t<\/div>\n\t\t\t<div class=\"em-item-actions input\">\n\t\t\t\t<a class=\"em-item-read-more button\" href=\"https:\/\/kulturwerkstatt-lapalma.com\/es\/events\/memorias-de-gaia-ausstellung-la-palma\/\">M\u00e1s informaci\u00f3n<\/a>\n\t\t\t\t\n\t\t\t<\/div>\n\t\t<\/div>\n\t<\/div>\n<\/div>\t\t<\/div><!-- content -->\n\t\n\t<\/div><!-- modal -->\n<\/div>\t\t\t\t\t<div class=\"em pixelbones em-calendar-preview em-modal em-cal-event-content\" data-event-id=\"333\" data-parent=\"em-cal-events-content-780645223\">\n\t<div class=\"em-modal-popup\">\n\t\t<header>\n\t\t\t<a class=\"em-close-modal\"><\/a><!-- close modal -->\n\t\t\t<div class=\"em-modal-title\">\n\t\t\t\t<a href=\"https:\/\/kulturwerkstatt-lapalma.com\/es\/events\/memorias-de-gaia-ausstellung-la-palma\/\">\ud83c\udfa8 Ausstellung \u201eMemorias de Gaia\u201c \u2013 Acr\u00edlico fluido \/ Pouring Art<\/a>\t\t\t<\/div>\n\t\t<\/header>\n\t\t<div class=\"em-modal-content\">\n\t\t\t<div class=\"em pixelbones em-calendar-preview em-list em-events-list\">\n\t<div class=\"em-event em-item\" style=\"--default-border:#80b538;\">\n\t\t<div class=\"em-item-image \">\n\t\t\t\n\t\t\t<img src='https:\/\/kulturwerkstatt-lapalma.com\/wp-content\/uploads\/2026\/04\/photo_2026-04-22_22-14-09.jpg' alt='\ud83c\udfa8 Ausstellung \u201eMemorias de Gaia\u201c \u2013 Acr\u00edlico fluido \/ Pouring Art'\/>\n\t\t\t\n\t\t\t\n\t\t<\/div>\n\t\t<div class=\"em-item-info\">\n\t\t\t<div class=\"em-event-meta em-item-meta\">\n\t\t\t\t<div class=\"em-item-meta-line em-event-date em-event-meta-datetime\">\n\t\t\t\t\t<span class=\"em-icon-calendar em-icon\"><\/span>\n\t\t\t\t\t29. mayo 2026&nbsp;&nbsp;&nbsp;&nbsp;\n\t\t\t\t<\/div>\n\t\t\t\t<div class=\"em-item-meta-line em-event-time em-event-meta-datetime\">\n\t\t\t\t\t<span class=\"em-icon-clock em-icon\"><\/span>\n\t\t\t\t\t10:00 - 13:30\n\t\t\t\t<\/div>\n\t\t\t\t\n\t\t\t\t\n\t\t\t\t<div class=\"em-item-meta-line em-event-location\">\n\t\t\t\t\t<span class=\"em-icon-location em-icon\"><\/span>\n\t\t\t\t\t<a href=\"https:\/\/kulturwerkstatt-lapalma.com\/es\/locations\/kulturwerkstatt-viento-del-norte-puntagorda\/\">Kulturwerkstatt \u201eViento del Norte&quot; Puntagorda<\/a>\n\t\t\t\t<\/div>\n\t\t\t\t\n\t\t\t\t\n\t\t\t\t\n\t\t\t\t\n\t\t\t<\/div>\n\t\t\t<div class=\"em-item-desc\">\n\t\t\t\t\ud83c\udfa8 Ausstellung \u201eMemorias de Gaia\u201c \u2013 Acr\u00edlico fluido \/ Pouring Art Mit \u201eMemorias de Gaia\u201c pr\u00e4sentiert Raphael Becker eine Ausstellung, die die lebendige Kraft der [...]\n\t\t\t<\/div>\n\t\t\t<div class=\"em-item-actions input\">\n\t\t\t\t<a class=\"em-item-read-more button\" href=\"https:\/\/kulturwerkstatt-lapalma.com\/es\/events\/memorias-de-gaia-ausstellung-la-palma\/\">M\u00e1s informaci\u00f3n<\/a>\n\t\t\t\t\n\t\t\t<\/div>\n\t\t<\/div>\n\t<\/div>\n<\/div>\t\t<\/div><!-- content -->\n\t\n\t<\/div><!-- modal -->\n<\/div>\t\t\t\t\t<div class=\"em pixelbones em-calendar-preview em-modal em-cal-event-content\" data-event-id=\"231\" data-parent=\"em-cal-events-content-780645223\">\n\t<div class=\"em-modal-popup\">\n\t\t<header>\n\t\t\t<a class=\"em-close-modal\"><\/a><!-- close modal -->\n\t\t\t<div class=\"em-modal-title\">\n\t\t\t\t<a href=\"https:\/\/kulturwerkstatt-lapalma.com\/es\/events\/marcos-mantrasingen-2\/\">Marco's Mantrasingen<\/a>\t\t\t<\/div>\n\t\t<\/header>\n\t\t<div class=\"em-modal-content\">\n\t\t\t<div class=\"em pixelbones em-calendar-preview em-list em-events-list\">\n\t<div class=\"em-event em-item\" style=\"--default-border:#a1db43;\">\n\t\t<div class=\"em-item-image \">\n\t\t\t\n\t\t\t<img src='https:\/\/kulturwerkstatt-lapalma.com\/wp-content\/uploads\/2026\/01\/Kopie-von-Marcos-Mantrasingen.png' alt='Marco's Mantrasingen'\/>\n\t\t\t\n\t\t\t\n\t\t<\/div>\n\t\t<div class=\"em-item-info\">\n\t\t\t<div class=\"em-event-meta em-item-meta\">\n\t\t\t\t<div class=\"em-item-meta-line em-event-date em-event-meta-datetime\">\n\t\t\t\t\t<span class=\"em-icon-calendar em-icon\"><\/span>\n\t\t\t\t\t30. mayo 2026&nbsp;&nbsp;&nbsp;&nbsp;\n\t\t\t\t<\/div>\n\t\t\t\t<div class=\"em-item-meta-line em-event-time em-event-meta-datetime\">\n\t\t\t\t\t<span class=\"em-icon-clock em-icon\"><\/span>\n\t\t\t\t\t11:00 - 13:00\n\t\t\t\t<\/div>\n\t\t\t\t\n\t\t\t\t\n\t\t\t\t<div class=\"em-item-meta-line em-event-location\">\n\t\t\t\t\t<span class=\"em-icon-location em-icon\"><\/span>\n\t\t\t\t\t<a href=\"https:\/\/kulturwerkstatt-lapalma.com\/es\/locations\/kulturwerkstatt-viento-del-norte-puntagorda\/\">Kulturwerkstatt \u201eViento del Norte&quot; Puntagorda<\/a>\n\t\t\t\t<\/div>\n\t\t\t\t\n\t\t\t\t\n\t\t\t\t\n\t\t\t\t\n\t\t\t<\/div>\n\t\t\t<div class=\"em-item-desc\">\n\t\t\t\t\ud83c\udfb6 Einladung zu Marco's Mantrasingen \ud83d\uddd3\ufe0f Wann: 11:00\u201313:00 Uhr \ud83d\udd01 Regelm\u00e4\u00dfig: ab jetzt jeden letzten Samstag im Monat \ud83d\udc9b Beitrag: auf Spendenbasis \ud83d\udccd Wo: Viento [...]\n\t\t\t<\/div>\n\t\t\t<div class=\"em-item-actions input\">\n\t\t\t\t<a class=\"em-item-read-more button\" href=\"https:\/\/kulturwerkstatt-lapalma.com\/es\/events\/marcos-mantrasingen-2\/\">M\u00e1s informaci\u00f3n<\/a>\n\t\t\t\t\n\t\t\t<\/div>\n\t\t<\/div>\n\t<\/div>\n<\/div>\t\t<\/div><!-- content -->\n\t\n\t<\/div><!-- modal -->\n<\/div>\t\t\t\t\t\t\t\t\t\t<div class=\"em pixelbones em-calendar-preview em-modal em-cal-date-content\" data-calendar-date=\"1777248000\" data-parent=\"em-cal-events-content-780645223\">\n\t<div class=\"em-modal-popup\">\n\t\t<header>\n\t\t\t<a class=\"em-close-modal\"><\/a><!-- close modal -->\n\t\t\t<div class=\"em-modal-title\">\n\t\t\t\tEventos el 27. abril 2026\t\t\t<\/div>\n\t\t<\/header>\n\t\t<div class=\"em-modal-content em pixelbones em-calendar-preview em-list-widget em-events-widget\">\n\t\t\t\t\t\t\t<div class=\"em-item em-event\" style=\"--default-border:#f74cc4;\">\n\t<div class=\"em-item-image \" style=\"max-width:150px\">\n\t\t\n\t\t<img decoding=\"async\" width=\"150\" height=\"150\" src=\"https:\/\/kulturwerkstatt-lapalma.com\/wp-content\/uploads\/2025\/12\/blossom-5356482_640-150x150.jpg\" class=\"attachment-150x150 size-150x150 wp-post-image\" alt=\"Beratungen, Massagen, Behandlungen von Iris\" \/>\n\t\t\n\t\t\n\t<\/div>\n\t<div class=\"em-item-info\">\n\t\t<div class=\"em-item-name\"><a href=\"https:\/\/kulturwerkstatt-lapalma.com\/es\/events\/beratungen-massagen-behandlungen-von-iris\/\">Beratungen, Massagen, Behandlungen von Iris<\/a><\/div>\n\t\t<div class=\"em-item-meta\">\n\t\t\t<div class=\"em-item-meta-line em-event-date em-event-meta-datetime\">\n\t\t\t\t<span class=\"em-icon em-icon-calendar\"><\/span>\n\t\t\t\t<span>27 Abr 26<\/span>\n\t\t\t<\/div>\n\t\t\t<div class=\"em-item-meta-line em-event-location em-event-meta-location\">\n\t\t\t\t<span class=\"em-icon em-icon-location\"><\/span>\n\t\t\t\t<span>Puntagorda<\/span>\n\t\t\t<\/div>\n\t\t<\/div>\n\t<\/div>\n<\/div>\t\t\t\t\t\t\t<div class=\"em-item em-event\" style=\"--default-border:#a1db43;\">\n\t<div class=\"em-item-image \" style=\"max-width:150px\">\n\t\t\n\t\t<img decoding=\"async\" width=\"150\" height=\"150\" src=\"https:\/\/kulturwerkstatt-lapalma.com\/wp-content\/uploads\/2026\/02\/dutch-615650_1280-150x150.jpg\" class=\"attachment-150x150 size-150x150 wp-post-image\" alt=\"Kreistanz mit Friedrich\" \/>\n\t\t\n\t\t\n\t<\/div>\n\t<div class=\"em-item-info\">\n\t\t<div class=\"em-item-name\"><a href=\"https:\/\/kulturwerkstatt-lapalma.com\/es\/events\/kreistanzen-auf-la-palma-montags-1930-uhr-viento-del-norte\/\">Kreistanz mit Friedrich<\/a><\/div>\n\t\t<div class=\"em-item-meta\">\n\t\t\t<div class=\"em-item-meta-line em-event-date em-event-meta-datetime\">\n\t\t\t\t<span class=\"em-icon em-icon-calendar\"><\/span>\n\t\t\t\t<span>27 Abr 26<\/span>\n\t\t\t<\/div>\n\t\t\t<div class=\"em-item-meta-line em-event-location em-event-meta-location\">\n\t\t\t\t<span class=\"em-icon em-icon-location\"><\/span>\n\t\t\t\t<span>Puntagorda<\/span>\n\t\t\t<\/div>\n\t\t<\/div>\n\t<\/div>\n<\/div>\t\t\t\t\t<\/div><!-- content -->\n\t\t\t<\/div><!-- modal -->\n<\/div>\t\t\t\t\t\t\t\t<div class=\"em pixelbones em-calendar-preview em-modal em-cal-date-content\" data-calendar-date=\"1777334400\" data-parent=\"em-cal-events-content-780645223\">\n\t<div class=\"em-modal-popup\">\n\t\t<header>\n\t\t\t<a class=\"em-close-modal\"><\/a><!-- close modal -->\n\t\t\t<div class=\"em-modal-title\">\n\t\t\t\tEventos el 28. abril 2026\t\t\t<\/div>\n\t\t<\/header>\n\t\t<div class=\"em-modal-content em pixelbones em-calendar-preview em-list-widget em-events-widget\">\n\t\t\t\t\t\t\t<div class=\"em-item em-event\" style=\"--default-border:#260e09;\">\n\t<div class=\"em-item-image \" style=\"max-width:150px\">\n\t\t\n\t\t<img decoding=\"async\" width=\"150\" height=\"150\" src=\"https:\/\/kulturwerkstatt-lapalma.com\/wp-content\/uploads\/2025\/12\/kid-1520705_1280-1-150x150.jpg\" class=\"attachment-150x150 size-150x150 wp-post-image\" alt=\"\ud83d\udcbb Die Computersprechstunde mit Hermes\" \/>\n\t\t\n\t\t\n\t<\/div>\n\t<div class=\"em-item-info\">\n\t\t<div class=\"em-item-name\"><a href=\"https:\/\/kulturwerkstatt-lapalma.com\/es\/events\/computersprechstunde-mit-hermes\/\">\ud83d\udcbb Die Computersprechstunde mit Hermes<\/a><\/div>\n\t\t<div class=\"em-item-meta\">\n\t\t\t<div class=\"em-item-meta-line em-event-date em-event-meta-datetime\">\n\t\t\t\t<span class=\"em-icon em-icon-calendar\"><\/span>\n\t\t\t\t<span>28 Abr 26<\/span>\n\t\t\t<\/div>\n\t\t\t<div class=\"em-item-meta-line em-event-location em-event-meta-location\">\n\t\t\t\t<span class=\"em-icon em-icon-location\"><\/span>\n\t\t\t\t<span>Puntagorda<\/span>\n\t\t\t<\/div>\n\t\t<\/div>\n\t<\/div>\n<\/div>\t\t\t\t\t\t\t<div class=\"em-item em-event\" style=\"--default-border:#ea6bea;\">\n\t<div class=\"em-item-image \" style=\"max-width:150px\">\n\t\t\n\t\t<img decoding=\"async\" width=\"150\" height=\"150\" src=\"https:\/\/kulturwerkstatt-lapalma.com\/wp-content\/uploads\/2026\/02\/Salsa-Kulturwerkstatt-150x150.jpg\" class=\"attachment-150x150 size-150x150 wp-post-image\" alt=\"Salsa tanzen\" \/>\n\t\t\n\t\t\n\t<\/div>\n\t<div class=\"em-item-info\">\n\t\t<div class=\"em-item-name\"><a href=\"https:\/\/kulturwerkstatt-lapalma.com\/es\/events\/salsa-tanzen-2\/\">Salsa tanzen<\/a><\/div>\n\t\t<div class=\"em-item-meta\">\n\t\t\t<div class=\"em-item-meta-line em-event-date em-event-meta-datetime\">\n\t\t\t\t<span class=\"em-icon em-icon-calendar\"><\/span>\n\t\t\t\t<span>28 Abr 26<\/span>\n\t\t\t<\/div>\n\t\t\t<div class=\"em-item-meta-line em-event-location em-event-meta-location\">\n\t\t\t\t<span class=\"em-icon em-icon-location\"><\/span>\n\t\t\t\t<span>Puntagorda<\/span>\n\t\t\t<\/div>\n\t\t<\/div>\n\t<\/div>\n<\/div>\t\t\t\t\t<\/div><!-- content -->\n\t\t\t<\/div><!-- modal -->\n<\/div>\t\t\t\t\t\t\t\t\t\t\t\t\t\t\t\t\t\t\t\t\t\t\t<div class=\"em pixelbones em-calendar-preview em-modal em-cal-date-content\" data-calendar-date=\"1777852800\" data-parent=\"em-cal-events-content-780645223\">\n\t<div class=\"em-modal-popup\">\n\t\t<header>\n\t\t\t<a class=\"em-close-modal\"><\/a><!-- close modal -->\n\t\t\t<div class=\"em-modal-title\">\n\t\t\t\tEventos el 4. mayo 2026\t\t\t<\/div>\n\t\t<\/header>\n\t\t<div class=\"em-modal-content em pixelbones em-calendar-preview em-list-widget em-events-widget\">\n\t\t\t\t\t\t\t<div class=\"em-item em-event\" style=\"--default-border:#f74cc4;\">\n\t<div class=\"em-item-image \" style=\"max-width:150px\">\n\t\t\n\t\t<img decoding=\"async\" width=\"150\" height=\"150\" src=\"https:\/\/kulturwerkstatt-lapalma.com\/wp-content\/uploads\/2025\/12\/blossom-5356482_640-150x150.jpg\" class=\"attachment-150x150 size-150x150 wp-post-image\" alt=\"Beratungen, Massagen, Behandlungen von Iris\" \/>\n\t\t\n\t\t\n\t<\/div>\n\t<div class=\"em-item-info\">\n\t\t<div class=\"em-item-name\"><a href=\"https:\/\/kulturwerkstatt-lapalma.com\/es\/events\/beratungen-massagen-behandlungen-von-iris\/\">Beratungen, Massagen, Behandlungen von Iris<\/a><\/div>\n\t\t<div class=\"em-item-meta\">\n\t\t\t<div class=\"em-item-meta-line em-event-date em-event-meta-datetime\">\n\t\t\t\t<span class=\"em-icon em-icon-calendar\"><\/span>\n\t\t\t\t<span>4 May 26<\/span>\n\t\t\t<\/div>\n\t\t\t<div class=\"em-item-meta-line em-event-location em-event-meta-location\">\n\t\t\t\t<span class=\"em-icon em-icon-location\"><\/span>\n\t\t\t\t<span>Puntagorda<\/span>\n\t\t\t<\/div>\n\t\t<\/div>\n\t<\/div>\n<\/div>\t\t\t\t\t<\/div><!-- content -->\n\t\t\t<\/div><!-- modal -->\n<\/div>\t\t\t\t\t\t\t\t<div class=\"em pixelbones em-calendar-preview em-modal em-cal-date-content\" data-calendar-date=\"1777939200\" data-parent=\"em-cal-events-content-780645223\">\n\t<div class=\"em-modal-popup\">\n\t\t<header>\n\t\t\t<a class=\"em-close-modal\"><\/a><!-- close modal -->\n\t\t\t<div class=\"em-modal-title\">\n\t\t\t\tEventos el 5. mayo 2026\t\t\t<\/div>\n\t\t<\/header>\n\t\t<div class=\"em-modal-content em pixelbones em-calendar-preview em-list-widget em-events-widget\">\n\t\t\t\t\t\t\t<div class=\"em-item em-event\" style=\"--default-border:#260e09;\">\n\t<div class=\"em-item-image \" style=\"max-width:150px\">\n\t\t\n\t\t<img decoding=\"async\" width=\"150\" height=\"150\" src=\"https:\/\/kulturwerkstatt-lapalma.com\/wp-content\/uploads\/2025\/12\/kid-1520705_1280-1-150x150.jpg\" class=\"attachment-150x150 size-150x150 wp-post-image\" alt=\"\ud83d\udcbb Die Computersprechstunde mit Hermes\" \/>\n\t\t\n\t\t\n\t<\/div>\n\t<div class=\"em-item-info\">\n\t\t<div class=\"em-item-name\"><a href=\"https:\/\/kulturwerkstatt-lapalma.com\/es\/events\/computersprechstunde-mit-hermes\/\">\ud83d\udcbb Die Computersprechstunde mit Hermes<\/a><\/div>\n\t\t<div class=\"em-item-meta\">\n\t\t\t<div class=\"em-item-meta-line em-event-date em-event-meta-datetime\">\n\t\t\t\t<span class=\"em-icon em-icon-calendar\"><\/span>\n\t\t\t\t<span>5 May 26<\/span>\n\t\t\t<\/div>\n\t\t\t<div class=\"em-item-meta-line em-event-location em-event-meta-location\">\n\t\t\t\t<span class=\"em-icon em-icon-location\"><\/span>\n\t\t\t\t<span>Puntagorda<\/span>\n\t\t\t<\/div>\n\t\t<\/div>\n\t<\/div>\n<\/div>\t\t\t\t\t\t\t<div class=\"em-item em-event\" style=\"--default-border:#a1db43;\">\n\t<div class=\"em-item-image \" style=\"max-width:150px\">\n\t\t\n\t\t<img decoding=\"async\" width=\"150\" height=\"150\" src=\"https:\/\/kulturwerkstatt-lapalma.com\/wp-content\/uploads\/2026\/02\/Salsa-Kulturwerkstatt-150x150.jpg\" class=\"attachment-150x150 size-150x150 wp-post-image\" alt=\"Salsa tanzen\" \/>\n\t\t\n\t\t\n\t<\/div>\n\t<div class=\"em-item-info\">\n\t\t<div class=\"em-item-name\"><a href=\"https:\/\/kulturwerkstatt-lapalma.com\/es\/events\/salsa-tanzen-3\/\">Salsa tanzen<\/a><\/div>\n\t\t<div class=\"em-item-meta\">\n\t\t\t<div class=\"em-item-meta-line em-event-date em-event-meta-datetime\">\n\t\t\t\t<span class=\"em-icon em-icon-calendar\"><\/span>\n\t\t\t\t<span>5 May 26<\/span>\n\t\t\t<\/div>\n\t\t\t<div class=\"em-item-meta-line em-event-location em-event-meta-location\">\n\t\t\t\t<span class=\"em-icon em-icon-location\"><\/span>\n\t\t\t\t<span>Puntagorda<\/span>\n\t\t\t<\/div>\n\t\t<\/div>\n\t<\/div>\n<\/div>\t\t\t\t\t<\/div><!-- content -->\n\t\t\t<\/div><!-- modal -->\n<\/div>\t\t\t\t\t\t\t\t\t\t\t<div class=\"em pixelbones em-calendar-preview em-modal em-cal-date-content\" data-calendar-date=\"1778112000\" data-parent=\"em-cal-events-content-780645223\">\n\t<div class=\"em-modal-popup\">\n\t\t<header>\n\t\t\t<a class=\"em-close-modal\"><\/a><!-- close modal -->\n\t\t\t<div class=\"em-modal-title\">\n\t\t\t\tEventos el 7. mayo 2026\t\t\t<\/div>\n\t\t<\/header>\n\t\t<div class=\"em-modal-content em pixelbones em-calendar-preview em-list-widget em-events-widget\">\n\t\t\t\t\t\t\t<div class=\"em-item em-event\" style=\"--default-border:#d84375;\">\n\t<div class=\"em-item-image \" style=\"max-width:150px\">\n\t\t\n\t\t<img decoding=\"async\" width=\"150\" height=\"150\" src=\"https:\/\/kulturwerkstatt-lapalma.com\/wp-content\/uploads\/2026\/01\/experimentelles-malen-150x150.jpg\" class=\"attachment-150x150 size-150x150 wp-post-image\" alt=\"\ud83c\udfa8&quot;Mal-Treff&quot;  im Viento del Norte \/ Malen nach Lust und Laune! \ud83c\udfa8\" \/>\n\t\t\n\t\t\n\t<\/div>\n\t<div class=\"em-item-info\">\n\t\t<div class=\"em-item-name\"><a href=\"https:\/\/kulturwerkstatt-lapalma.com\/es\/events\/experimentelles-malen-arunya-mal-treff\/\">\ud83c\udfa8&quot;Mal-Treff&quot;  im Viento del Norte \/ Malen nach Lust und Laune! \ud83c\udfa8<\/a><\/div>\n\t\t<div class=\"em-item-meta\">\n\t\t\t<div class=\"em-item-meta-line em-event-date em-event-meta-datetime\">\n\t\t\t\t<span class=\"em-icon em-icon-calendar\"><\/span>\n\t\t\t\t<span>7 May 26<\/span>\n\t\t\t<\/div>\n\t\t\t<div class=\"em-item-meta-line em-event-location em-event-meta-location\">\n\t\t\t\t<span class=\"em-icon em-icon-location\"><\/span>\n\t\t\t\t<span>Puntagorda<\/span>\n\t\t\t<\/div>\n\t\t<\/div>\n\t<\/div>\n<\/div>\t\t\t\t\t\t\t<div class=\"em-item em-event\" style=\"--default-border:#ea6bea;\">\n\t<div class=\"em-item-image \" style=\"max-width:150px\">\n\t\t\n\t\t<img decoding=\"async\" width=\"150\" height=\"150\" src=\"https:\/\/kulturwerkstatt-lapalma.com\/wp-content\/uploads\/2026\/04\/biodanca-kulturwerkstatt-150x150.jpg\" class=\"attachment-150x150 size-150x150 wp-post-image\" alt=\"\ud83d\udc83 Biodanza mit Bettina-Rebecca\" \/>\n\t\t\n\t\t\n\t<\/div>\n\t<div class=\"em-item-info\">\n\t\t<div class=\"em-item-name\"><a href=\"https:\/\/kulturwerkstatt-lapalma.com\/es\/events\/biodanza-mit-bettina-rebecca-2\/\">\ud83d\udc83 Biodanza mit Bettina-Rebecca<\/a><\/div>\n\t\t<div class=\"em-item-meta\">\n\t\t\t<div class=\"em-item-meta-line em-event-date em-event-meta-datetime\">\n\t\t\t\t<span class=\"em-icon em-icon-calendar\"><\/span>\n\t\t\t\t<span>7 May 26<\/span>\n\t\t\t<\/div>\n\t\t\t<div class=\"em-item-meta-line em-event-location em-event-meta-location\">\n\t\t\t\t<span class=\"em-icon em-icon-location\"><\/span>\n\t\t\t\t<span>Puntagorda<\/span>\n\t\t\t<\/div>\n\t\t<\/div>\n\t<\/div>\n<\/div>\t\t\t\t\t<\/div><!-- content -->\n\t\t\t<\/div><!-- modal -->\n<\/div>\t\t\t\t\t\t\t\t<div class=\"em pixelbones em-calendar-preview em-modal em-cal-date-content\" data-calendar-date=\"1778198400\" data-parent=\"em-cal-events-content-780645223\">\n\t<div class=\"em-modal-popup\">\n\t\t<header>\n\t\t\t<a class=\"em-close-modal\"><\/a><!-- close modal -->\n\t\t\t<div class=\"em-modal-title\">\n\t\t\t\tEventos el 8. mayo 2026\t\t\t<\/div>\n\t\t<\/header>\n\t\t<div class=\"em-modal-content em pixelbones em-calendar-preview em-list-widget em-events-widget\">\n\t\t\t\t\t\t\t<div class=\"em-item em-event\" style=\"--default-border:#ba3968;\">\n\t<div class=\"em-item-image \" style=\"max-width:150px\">\n\t\t\n\t\t<img decoding=\"async\" width=\"106\" height=\"150\" src=\"https:\/\/kulturwerkstatt-lapalma.com\/wp-content\/uploads\/2026\/03\/Flyer-Marion-Engel-A4-pdf.jpg\" class=\"attachment-150x150 size-150x150 wp-post-image\" alt=\"\ud83d\udc7c \u201eMein Engel und Ich\u201c \u2013 Vortrag von Marion Selzer\" \/>\n\t\t\n\t\t\n\t<\/div>\n\t<div class=\"em-item-info\">\n\t\t<div class=\"em-item-name\"><a href=\"https:\/\/kulturwerkstatt-lapalma.com\/es\/events\/mein-engel-und-ich-vortrag-la-palma\/\">\ud83d\udc7c \u201eMein Engel und Ich\u201c \u2013 Vortrag von Marion Selzer<\/a><\/div>\n\t\t<div class=\"em-item-meta\">\n\t\t\t<div class=\"em-item-meta-line em-event-date em-event-meta-datetime\">\n\t\t\t\t<span class=\"em-icon em-icon-calendar\"><\/span>\n\t\t\t\t<span>8 May 26<\/span>\n\t\t\t<\/div>\n\t\t\t<div class=\"em-item-meta-line em-event-location em-event-meta-location\">\n\t\t\t\t<span class=\"em-icon em-icon-location\"><\/span>\n\t\t\t\t<span><\/span>\n\t\t\t<\/div>\n\t\t<\/div>\n\t<\/div>\n<\/div>\t\t\t\t\t<\/div><!-- content -->\n\t\t\t<\/div><!-- modal -->\n<\/div>\t\t\t\t\t\t\t\t<div class=\"em pixelbones em-calendar-preview em-modal em-cal-date-content\" data-calendar-date=\"1778284800\" data-parent=\"em-cal-events-content-780645223\">\n\t<div class=\"em-modal-popup\">\n\t\t<header>\n\t\t\t<a class=\"em-close-modal\"><\/a><!-- close modal -->\n\t\t\t<div class=\"em-modal-title\">\n\t\t\t\tEventos el 9. mayo 2026\t\t\t<\/div>\n\t\t<\/header>\n\t\t<div class=\"em-modal-content em pixelbones em-calendar-preview em-list-widget em-events-widget\">\n\t\t\t\t\t\t\t<div class=\"em-item em-event\" style=\"--default-border:#80b538;\">\n\t<div class=\"em-item-image \" style=\"max-width:150px\">\n\t\t\n\t\t<img decoding=\"async\" width=\"150\" height=\"150\" src=\"https:\/\/kulturwerkstatt-lapalma.com\/wp-content\/uploads\/2026\/04\/IMG-20260426-WA0009-150x150.jpg\" class=\"attachment-150x150 size-150x150 wp-post-image\" alt=\"\ud83c\udfb6 Kalish Swing \u2013 Musik f\u00fcr die Herzen\" \/>\n\t\t\n\t\t\n\t<\/div>\n\t<div class=\"em-item-info\">\n\t\t<div class=\"em-item-name\"><a href=\"https:\/\/kulturwerkstatt-lapalma.com\/es\/events\/giulia-kalish-konzert-la-palma\/\">\ud83c\udfb6 Kalish Swing \u2013 Musik f\u00fcr die Herzen<\/a><\/div>\n\t\t<div class=\"em-item-meta\">\n\t\t\t<div class=\"em-item-meta-line em-event-date em-event-meta-datetime\">\n\t\t\t\t<span class=\"em-icon em-icon-calendar\"><\/span>\n\t\t\t\t<span>9 May 26<\/span>\n\t\t\t<\/div>\n\t\t\t<div class=\"em-item-meta-line em-event-location em-event-meta-location\">\n\t\t\t\t<span class=\"em-icon em-icon-location\"><\/span>\n\t\t\t\t<span>Puntagorda<\/span>\n\t\t\t<\/div>\n\t\t<\/div>\n\t<\/div>\n<\/div>\t\t\t\t\t<\/div><!-- content -->\n\t\t\t<\/div><!-- modal -->\n<\/div>\t\t\t\t\t\t\t\t\t\t\t<div class=\"em pixelbones em-calendar-preview em-modal em-cal-date-content\" data-calendar-date=\"1778457600\" data-parent=\"em-cal-events-content-780645223\">\n\t<div class=\"em-modal-popup\">\n\t\t<header>\n\t\t\t<a class=\"em-close-modal\"><\/a><!-- close modal -->\n\t\t\t<div class=\"em-modal-title\">\n\t\t\t\tEventos el 11. mayo 2026\t\t\t<\/div>\n\t\t<\/header>\n\t\t<div class=\"em-modal-content em pixelbones em-calendar-preview em-list-widget em-events-widget\">\n\t\t\t\t\t\t\t<div class=\"em-item em-event\" style=\"--default-border:#f74cc4;\">\n\t<div class=\"em-item-image \" style=\"max-width:150px\">\n\t\t\n\t\t<img decoding=\"async\" width=\"150\" height=\"150\" src=\"https:\/\/kulturwerkstatt-lapalma.com\/wp-content\/uploads\/2025\/12\/blossom-5356482_640-150x150.jpg\" class=\"attachment-150x150 size-150x150 wp-post-image\" alt=\"Beratungen, Massagen, Behandlungen von Iris\" \/>\n\t\t\n\t\t\n\t<\/div>\n\t<div class=\"em-item-info\">\n\t\t<div class=\"em-item-name\"><a href=\"https:\/\/kulturwerkstatt-lapalma.com\/es\/events\/beratungen-massagen-behandlungen-von-iris\/\">Beratungen, Massagen, Behandlungen von Iris<\/a><\/div>\n\t\t<div class=\"em-item-meta\">\n\t\t\t<div class=\"em-item-meta-line em-event-date em-event-meta-datetime\">\n\t\t\t\t<span class=\"em-icon em-icon-calendar\"><\/span>\n\t\t\t\t<span>11 May 26<\/span>\n\t\t\t<\/div>\n\t\t\t<div class=\"em-item-meta-line em-event-location em-event-meta-location\">\n\t\t\t\t<span class=\"em-icon em-icon-location\"><\/span>\n\t\t\t\t<span>Puntagorda<\/span>\n\t\t\t<\/div>\n\t\t<\/div>\n\t<\/div>\n<\/div>\t\t\t\t\t<\/div><!-- content -->\n\t\t\t<\/div><!-- modal -->\n<\/div>\t\t\t\t\t\t\t\t<div class=\"em pixelbones em-calendar-preview em-modal em-cal-date-content\" data-calendar-date=\"1778544000\" data-parent=\"em-cal-events-content-780645223\">\n\t<div class=\"em-modal-popup\">\n\t\t<header>\n\t\t\t<a class=\"em-close-modal\"><\/a><!-- close modal -->\n\t\t\t<div class=\"em-modal-title\">\n\t\t\t\tEventos el 12. mayo 2026\t\t\t<\/div>\n\t\t<\/header>\n\t\t<div class=\"em-modal-content em pixelbones em-calendar-preview em-list-widget em-events-widget\">\n\t\t\t\t\t\t\t<div class=\"em-item em-event\" style=\"--default-border:#260e09;\">\n\t<div class=\"em-item-image \" style=\"max-width:150px\">\n\t\t\n\t\t<img decoding=\"async\" width=\"150\" height=\"150\" src=\"https:\/\/kulturwerkstatt-lapalma.com\/wp-content\/uploads\/2025\/12\/kid-1520705_1280-1-150x150.jpg\" class=\"attachment-150x150 size-150x150 wp-post-image\" alt=\"\ud83d\udcbb Die Computersprechstunde mit Hermes\" \/>\n\t\t\n\t\t\n\t<\/div>\n\t<div class=\"em-item-info\">\n\t\t<div class=\"em-item-name\"><a href=\"https:\/\/kulturwerkstatt-lapalma.com\/es\/events\/computersprechstunde-mit-hermes\/\">\ud83d\udcbb Die Computersprechstunde mit Hermes<\/a><\/div>\n\t\t<div class=\"em-item-meta\">\n\t\t\t<div class=\"em-item-meta-line em-event-date em-event-meta-datetime\">\n\t\t\t\t<span class=\"em-icon em-icon-calendar\"><\/span>\n\t\t\t\t<span>12 May 26<\/span>\n\t\t\t<\/div>\n\t\t\t<div class=\"em-item-meta-line em-event-location em-event-meta-location\">\n\t\t\t\t<span class=\"em-icon em-icon-location\"><\/span>\n\t\t\t\t<span>Puntagorda<\/span>\n\t\t\t<\/div>\n\t\t<\/div>\n\t<\/div>\n<\/div>\t\t\t\t\t\t\t<div class=\"em-item em-event\" style=\"--default-border:#a1db43;\">\n\t<div class=\"em-item-image \" style=\"max-width:150px\">\n\t\t\n\t\t<img decoding=\"async\" width=\"150\" height=\"150\" src=\"https:\/\/kulturwerkstatt-lapalma.com\/wp-content\/uploads\/2026\/02\/Salsa-Kulturwerkstatt-150x150.jpg\" class=\"attachment-150x150 size-150x150 wp-post-image\" alt=\"Salsa tanzen\" \/>\n\t\t\n\t\t\n\t<\/div>\n\t<div class=\"em-item-info\">\n\t\t<div class=\"em-item-name\"><a href=\"https:\/\/kulturwerkstatt-lapalma.com\/es\/events\/salsa-tanzen-3\/\">Salsa tanzen<\/a><\/div>\n\t\t<div class=\"em-item-meta\">\n\t\t\t<div class=\"em-item-meta-line em-event-date em-event-meta-datetime\">\n\t\t\t\t<span class=\"em-icon em-icon-calendar\"><\/span>\n\t\t\t\t<span>12 May 26<\/span>\n\t\t\t<\/div>\n\t\t\t<div class=\"em-item-meta-line em-event-location em-event-meta-location\">\n\t\t\t\t<span class=\"em-icon em-icon-location\"><\/span>\n\t\t\t\t<span>Puntagorda<\/span>\n\t\t\t<\/div>\n\t\t<\/div>\n\t<\/div>\n<\/div>\t\t\t\t\t<\/div><!-- content -->\n\t\t\t<\/div><!-- modal -->\n<\/div>\t\t\t\t\t\t\t\t<div class=\"em pixelbones em-calendar-preview em-modal em-cal-date-content\" data-calendar-date=\"1778630400\" data-parent=\"em-cal-events-content-780645223\">\n\t<div class=\"em-modal-popup\">\n\t\t<header>\n\t\t\t<a class=\"em-close-modal\"><\/a><!-- close modal -->\n\t\t\t<div class=\"em-modal-title\">\n\t\t\t\tEventos el 13. mayo 2026\t\t\t<\/div>\n\t\t<\/header>\n\t\t<div class=\"em-modal-content em pixelbones em-calendar-preview em-list-widget em-events-widget\">\n\t\t\t\t\t\t\t<div class=\"em-item em-event\" style=\"--default-border:#80b538;\">\n\t<div class=\"em-item-image \" style=\"max-width:150px\">\n\t\t\n\t\t<img decoding=\"async\" width=\"150\" height=\"150\" src=\"https:\/\/kulturwerkstatt-lapalma.com\/wp-content\/uploads\/2026\/04\/photo_2026-04-22_22-14-09-150x150.jpg\" class=\"attachment-150x150 size-150x150 wp-post-image\" alt=\"\ud83c\udfa8 Ausstellung \u201eMemorias de Gaia\u201c \u2013 Acr\u00edlico fluido \/ Pouring Art\" \/>\n\t\t\n\t\t\n\t<\/div>\n\t<div class=\"em-item-info\">\n\t\t<div class=\"em-item-name\"><a href=\"https:\/\/kulturwerkstatt-lapalma.com\/es\/events\/memorias-de-gaia-ausstellung-la-palma\/\">\ud83c\udfa8 Ausstellung \u201eMemorias de Gaia\u201c \u2013 Acr\u00edlico fluido \/ Pouring Art<\/a><\/div>\n\t\t<div class=\"em-item-meta\">\n\t\t\t<div class=\"em-item-meta-line em-event-date em-event-meta-datetime\">\n\t\t\t\t<span class=\"em-icon em-icon-calendar\"><\/span>\n\t\t\t\t<span>13 May 26<\/span>\n\t\t\t<\/div>\n\t\t\t<div class=\"em-item-meta-line em-event-location em-event-meta-location\">\n\t\t\t\t<span class=\"em-icon em-icon-location\"><\/span>\n\t\t\t\t<span>Puntagorda<\/span>\n\t\t\t<\/div>\n\t\t<\/div>\n\t<\/div>\n<\/div>\t\t\t\t\t<\/div><!-- content -->\n\t\t\t<\/div><!-- modal -->\n<\/div>\t\t\t\t\t\t\t\t\t\t\t<div class=\"em pixelbones em-calendar-preview em-modal em-cal-date-content\" data-calendar-date=\"1778803200\" data-parent=\"em-cal-events-content-780645223\">\n\t<div class=\"em-modal-popup\">\n\t\t<header>\n\t\t\t<a class=\"em-close-modal\"><\/a><!-- close modal -->\n\t\t\t<div class=\"em-modal-title\">\n\t\t\t\tEventos el 15. mayo 2026\t\t\t<\/div>\n\t\t<\/header>\n\t\t<div class=\"em-modal-content em pixelbones em-calendar-preview em-list-widget em-events-widget\">\n\t\t\t\t\t\t\t<div class=\"em-item em-event\" style=\"--default-border:#80b538;\">\n\t<div class=\"em-item-image \" style=\"max-width:150px\">\n\t\t\n\t\t<img decoding=\"async\" width=\"150\" height=\"150\" src=\"https:\/\/kulturwerkstatt-lapalma.com\/wp-content\/uploads\/2026\/04\/photo_2026-04-22_22-14-09-150x150.jpg\" class=\"attachment-150x150 size-150x150 wp-post-image\" alt=\"\ud83c\udfa8 Ausstellung \u201eMemorias de Gaia\u201c \u2013 Acr\u00edlico fluido \/ Pouring Art\" \/>\n\t\t\n\t\t\n\t<\/div>\n\t<div class=\"em-item-info\">\n\t\t<div class=\"em-item-name\"><a href=\"https:\/\/kulturwerkstatt-lapalma.com\/es\/events\/memorias-de-gaia-ausstellung-la-palma\/\">\ud83c\udfa8 Ausstellung \u201eMemorias de Gaia\u201c \u2013 Acr\u00edlico fluido \/ Pouring Art<\/a><\/div>\n\t\t<div class=\"em-item-meta\">\n\t\t\t<div class=\"em-item-meta-line em-event-date em-event-meta-datetime\">\n\t\t\t\t<span class=\"em-icon em-icon-calendar\"><\/span>\n\t\t\t\t<span>15 May 26<\/span>\n\t\t\t<\/div>\n\t\t\t<div class=\"em-item-meta-line em-event-location em-event-meta-location\">\n\t\t\t\t<span class=\"em-icon em-icon-location\"><\/span>\n\t\t\t\t<span>Puntagorda<\/span>\n\t\t\t<\/div>\n\t\t<\/div>\n\t<\/div>\n<\/div>\t\t\t\t\t<\/div><!-- content -->\n\t\t\t<\/div><!-- modal -->\n<\/div>\t\t\t\t\t\t\t\t<div class=\"em pixelbones em-calendar-preview em-modal em-cal-date-content\" data-calendar-date=\"1778889600\" data-parent=\"em-cal-events-content-780645223\">\n\t<div class=\"em-modal-popup\">\n\t\t<header>\n\t\t\t<a class=\"em-close-modal\"><\/a><!-- close modal -->\n\t\t\t<div class=\"em-modal-title\">\n\t\t\t\tEventos el 16. mayo 2026\t\t\t<\/div>\n\t\t<\/header>\n\t\t<div class=\"em-modal-content em pixelbones em-calendar-preview em-list-widget em-events-widget\">\n\t\t\t\t\t\t\t<div class=\"em-item em-event\" style=\"--default-border:#80b538;\">\n\t<div class=\"em-item-image \" style=\"max-width:150px\">\n\t\t\n\t\t<img decoding=\"async\" width=\"150\" height=\"150\" src=\"https:\/\/kulturwerkstatt-lapalma.com\/wp-content\/uploads\/2026\/05\/Victor-Carillo-Cary-Varona-150x150.jpg\" class=\"attachment-150x150 size-150x150 wp-post-image\" alt=\"\ud83c\udfb6 Victor Carillo &amp; Cary Varona &amp; Special Guest Ananda\" \/>\n\t\t\n\t\t\n\t<\/div>\n\t<div class=\"em-item-info\">\n\t\t<div class=\"em-item-name\"><a href=\"https:\/\/kulturwerkstatt-lapalma.com\/es\/events\/victor-carillo-cary-varona-konzert-la-palma\/\">\ud83c\udfb6 Victor Carillo &amp; Cary Varona &amp; Special Guest Ananda<\/a><\/div>\n\t\t<div class=\"em-item-meta\">\n\t\t\t<div class=\"em-item-meta-line em-event-date em-event-meta-datetime\">\n\t\t\t\t<span class=\"em-icon em-icon-calendar\"><\/span>\n\t\t\t\t<span>16 May 26<\/span>\n\t\t\t<\/div>\n\t\t\t<div class=\"em-item-meta-line em-event-location em-event-meta-location\">\n\t\t\t\t<span class=\"em-icon em-icon-location\"><\/span>\n\t\t\t\t<span>Puntagorda<\/span>\n\t\t\t<\/div>\n\t\t<\/div>\n\t<\/div>\n<\/div>\t\t\t\t\t<\/div><!-- content -->\n\t\t\t<\/div><!-- modal -->\n<\/div>\t\t\t\t\t\t\t\t\t\t\t<div class=\"em pixelbones em-calendar-preview em-modal em-cal-date-content\" data-calendar-date=\"1779062400\" data-parent=\"em-cal-events-content-780645223\">\n\t<div class=\"em-modal-popup\">\n\t\t<header>\n\t\t\t<a class=\"em-close-modal\"><\/a><!-- close modal -->\n\t\t\t<div class=\"em-modal-title\">\n\t\t\t\tEventos el 18. mayo 2026\t\t\t<\/div>\n\t\t<\/header>\n\t\t<div class=\"em-modal-content em pixelbones em-calendar-preview em-list-widget em-events-widget\">\n\t\t\t\t\t\t\t<div class=\"em-item em-event\" style=\"--default-border:#f74cc4;\">\n\t<div class=\"em-item-image \" style=\"max-width:150px\">\n\t\t\n\t\t<img decoding=\"async\" width=\"150\" height=\"150\" src=\"https:\/\/kulturwerkstatt-lapalma.com\/wp-content\/uploads\/2025\/12\/blossom-5356482_640-150x150.jpg\" class=\"attachment-150x150 size-150x150 wp-post-image\" alt=\"Beratungen, Massagen, Behandlungen von Iris\" \/>\n\t\t\n\t\t\n\t<\/div>\n\t<div class=\"em-item-info\">\n\t\t<div class=\"em-item-name\"><a href=\"https:\/\/kulturwerkstatt-lapalma.com\/es\/events\/beratungen-massagen-behandlungen-von-iris\/\">Beratungen, Massagen, Behandlungen von Iris<\/a><\/div>\n\t\t<div class=\"em-item-meta\">\n\t\t\t<div class=\"em-item-meta-line em-event-date em-event-meta-datetime\">\n\t\t\t\t<span class=\"em-icon em-icon-calendar\"><\/span>\n\t\t\t\t<span>18 May 26<\/span>\n\t\t\t<\/div>\n\t\t\t<div class=\"em-item-meta-line em-event-location em-event-meta-location\">\n\t\t\t\t<span class=\"em-icon em-icon-location\"><\/span>\n\t\t\t\t<span>Puntagorda<\/span>\n\t\t\t<\/div>\n\t\t<\/div>\n\t<\/div>\n<\/div>\t\t\t\t\t<\/div><!-- content -->\n\t\t\t<\/div><!-- modal -->\n<\/div>\t\t\t\t\t\t\t\t<div class=\"em pixelbones em-calendar-preview em-modal em-cal-date-content\" data-calendar-date=\"1779148800\" data-parent=\"em-cal-events-content-780645223\">\n\t<div class=\"em-modal-popup\">\n\t\t<header>\n\t\t\t<a class=\"em-close-modal\"><\/a><!-- close modal -->\n\t\t\t<div class=\"em-modal-title\">\n\t\t\t\tEventos el 19. mayo 2026\t\t\t<\/div>\n\t\t<\/header>\n\t\t<div class=\"em-modal-content em pixelbones em-calendar-preview em-list-widget em-events-widget\">\n\t\t\t\t\t\t\t<div class=\"em-item em-event\" style=\"--default-border:#260e09;\">\n\t<div class=\"em-item-image \" style=\"max-width:150px\">\n\t\t\n\t\t<img decoding=\"async\" width=\"150\" height=\"150\" src=\"https:\/\/kulturwerkstatt-lapalma.com\/wp-content\/uploads\/2025\/12\/kid-1520705_1280-1-150x150.jpg\" class=\"attachment-150x150 size-150x150 wp-post-image\" alt=\"\ud83d\udcbb Die Computersprechstunde mit Hermes\" \/>\n\t\t\n\t\t\n\t<\/div>\n\t<div class=\"em-item-info\">\n\t\t<div class=\"em-item-name\"><a href=\"https:\/\/kulturwerkstatt-lapalma.com\/es\/events\/computersprechstunde-mit-hermes\/\">\ud83d\udcbb Die Computersprechstunde mit Hermes<\/a><\/div>\n\t\t<div class=\"em-item-meta\">\n\t\t\t<div class=\"em-item-meta-line em-event-date em-event-meta-datetime\">\n\t\t\t\t<span class=\"em-icon em-icon-calendar\"><\/span>\n\t\t\t\t<span>19 May 26<\/span>\n\t\t\t<\/div>\n\t\t\t<div class=\"em-item-meta-line em-event-location em-event-meta-location\">\n\t\t\t\t<span class=\"em-icon em-icon-location\"><\/span>\n\t\t\t\t<span>Puntagorda<\/span>\n\t\t\t<\/div>\n\t\t<\/div>\n\t<\/div>\n<\/div>\t\t\t\t\t\t\t<div class=\"em-item em-event\" style=\"--default-border:#a1db43;\">\n\t<div class=\"em-item-image \" style=\"max-width:150px\">\n\t\t\n\t\t<img decoding=\"async\" width=\"150\" height=\"150\" src=\"https:\/\/kulturwerkstatt-lapalma.com\/wp-content\/uploads\/2026\/02\/Salsa-Kulturwerkstatt-150x150.jpg\" class=\"attachment-150x150 size-150x150 wp-post-image\" alt=\"Salsa tanzen\" \/>\n\t\t\n\t\t\n\t<\/div>\n\t<div class=\"em-item-info\">\n\t\t<div class=\"em-item-name\"><a href=\"https:\/\/kulturwerkstatt-lapalma.com\/es\/events\/salsa-tanzen-3\/\">Salsa tanzen<\/a><\/div>\n\t\t<div class=\"em-item-meta\">\n\t\t\t<div class=\"em-item-meta-line em-event-date em-event-meta-datetime\">\n\t\t\t\t<span class=\"em-icon em-icon-calendar\"><\/span>\n\t\t\t\t<span>19 May 26<\/span>\n\t\t\t<\/div>\n\t\t\t<div class=\"em-item-meta-line em-event-location em-event-meta-location\">\n\t\t\t\t<span class=\"em-icon em-icon-location\"><\/span>\n\t\t\t\t<span>Puntagorda<\/span>\n\t\t\t<\/div>\n\t\t<\/div>\n\t<\/div>\n<\/div>\t\t\t\t\t<\/div><!-- content -->\n\t\t\t<\/div><!-- modal -->\n<\/div>\t\t\t\t\t\t\t\t<div class=\"em pixelbones em-calendar-preview em-modal em-cal-date-content\" data-calendar-date=\"1779235200\" data-parent=\"em-cal-events-content-780645223\">\n\t<div class=\"em-modal-popup\">\n\t\t<header>\n\t\t\t<a class=\"em-close-modal\"><\/a><!-- close modal -->\n\t\t\t<div class=\"em-modal-title\">\n\t\t\t\tEventos el 20. mayo 2026\t\t\t<\/div>\n\t\t<\/header>\n\t\t<div class=\"em-modal-content em pixelbones em-calendar-preview em-list-widget em-events-widget\">\n\t\t\t\t\t\t\t<div class=\"em-item em-event\" style=\"--default-border:#80b538;\">\n\t<div class=\"em-item-image \" style=\"max-width:150px\">\n\t\t\n\t\t<img decoding=\"async\" width=\"150\" height=\"150\" src=\"https:\/\/kulturwerkstatt-lapalma.com\/wp-content\/uploads\/2026\/04\/photo_2026-04-22_22-14-09-150x150.jpg\" class=\"attachment-150x150 size-150x150 wp-post-image\" alt=\"\ud83c\udfa8 Ausstellung \u201eMemorias de Gaia\u201c \u2013 Acr\u00edlico fluido \/ Pouring Art\" \/>\n\t\t\n\t\t\n\t<\/div>\n\t<div class=\"em-item-info\">\n\t\t<div class=\"em-item-name\"><a href=\"https:\/\/kulturwerkstatt-lapalma.com\/es\/events\/memorias-de-gaia-ausstellung-la-palma\/\">\ud83c\udfa8 Ausstellung \u201eMemorias de Gaia\u201c \u2013 Acr\u00edlico fluido \/ Pouring Art<\/a><\/div>\n\t\t<div class=\"em-item-meta\">\n\t\t\t<div class=\"em-item-meta-line em-event-date em-event-meta-datetime\">\n\t\t\t\t<span class=\"em-icon em-icon-calendar\"><\/span>\n\t\t\t\t<span>20 May 26<\/span>\n\t\t\t<\/div>\n\t\t\t<div class=\"em-item-meta-line em-event-location em-event-meta-location\">\n\t\t\t\t<span class=\"em-icon em-icon-location\"><\/span>\n\t\t\t\t<span>Puntagorda<\/span>\n\t\t\t<\/div>\n\t\t<\/div>\n\t<\/div>\n<\/div>\t\t\t\t\t<\/div><!-- content -->\n\t\t\t<\/div><!-- modal -->\n<\/div>\t\t\t\t\t\t\t\t<div class=\"em pixelbones em-calendar-preview em-modal em-cal-date-content\" data-calendar-date=\"1779321600\" data-parent=\"em-cal-events-content-780645223\">\n\t<div class=\"em-modal-popup\">\n\t\t<header>\n\t\t\t<a class=\"em-close-modal\"><\/a><!-- close modal -->\n\t\t\t<div class=\"em-modal-title\">\n\t\t\t\tEventos el 21. mayo 2026\t\t\t<\/div>\n\t\t<\/header>\n\t\t<div class=\"em-modal-content em pixelbones em-calendar-preview em-list-widget em-events-widget\">\n\t\t\t\t\t\t\t<div class=\"em-item em-event\" style=\"--default-border:#d84375;\">\n\t<div class=\"em-item-image \" style=\"max-width:150px\">\n\t\t\n\t\t<img decoding=\"async\" width=\"150\" height=\"150\" src=\"https:\/\/kulturwerkstatt-lapalma.com\/wp-content\/uploads\/2026\/01\/experimentelles-malen-150x150.jpg\" class=\"attachment-150x150 size-150x150 wp-post-image\" alt=\"\ud83c\udfa8&quot;Mal-Treff&quot;  im Viento del Norte \/ Malen nach Lust und Laune! \ud83c\udfa8\" \/>\n\t\t\n\t\t\n\t<\/div>\n\t<div class=\"em-item-info\">\n\t\t<div class=\"em-item-name\"><a href=\"https:\/\/kulturwerkstatt-lapalma.com\/es\/events\/experimentelles-malen-arunya-mal-treff\/\">\ud83c\udfa8&quot;Mal-Treff&quot;  im Viento del Norte \/ Malen nach Lust und Laune! \ud83c\udfa8<\/a><\/div>\n\t\t<div class=\"em-item-meta\">\n\t\t\t<div class=\"em-item-meta-line em-event-date em-event-meta-datetime\">\n\t\t\t\t<span class=\"em-icon em-icon-calendar\"><\/span>\n\t\t\t\t<span>21 May 26<\/span>\n\t\t\t<\/div>\n\t\t\t<div class=\"em-item-meta-line em-event-location em-event-meta-location\">\n\t\t\t\t<span class=\"em-icon em-icon-location\"><\/span>\n\t\t\t\t<span>Puntagorda<\/span>\n\t\t\t<\/div>\n\t\t<\/div>\n\t<\/div>\n<\/div>\t\t\t\t\t\t\t<div class=\"em-item em-event\" style=\"--default-border:#ea6bea;\">\n\t<div class=\"em-item-image \" style=\"max-width:150px\">\n\t\t\n\t\t<img decoding=\"async\" width=\"150\" height=\"150\" src=\"https:\/\/kulturwerkstatt-lapalma.com\/wp-content\/uploads\/2026\/04\/biodanca-kulturwerkstatt-150x150.jpg\" class=\"attachment-150x150 size-150x150 wp-post-image\" alt=\"\ud83d\udc83 Biodanza mit Bettina-Rebecca\" \/>\n\t\t\n\t\t\n\t<\/div>\n\t<div class=\"em-item-info\">\n\t\t<div class=\"em-item-name\"><a href=\"https:\/\/kulturwerkstatt-lapalma.com\/es\/events\/%f0%9f%92%83-biodanza-mit-bettina-rebecca\/\">\ud83d\udc83 Biodanza mit Bettina-Rebecca<\/a><\/div>\n\t\t<div class=\"em-item-meta\">\n\t\t\t<div class=\"em-item-meta-line em-event-date em-event-meta-datetime\">\n\t\t\t\t<span class=\"em-icon em-icon-calendar\"><\/span>\n\t\t\t\t<span>21 May 26<\/span>\n\t\t\t<\/div>\n\t\t\t<div class=\"em-item-meta-line em-event-location em-event-meta-location\">\n\t\t\t\t<span class=\"em-icon em-icon-location\"><\/span>\n\t\t\t\t<span>Puntagorda<\/span>\n\t\t\t<\/div>\n\t\t<\/div>\n\t<\/div>\n<\/div>\t\t\t\t\t<\/div><!-- content -->\n\t\t\t<\/div><!-- modal -->\n<\/div>\t\t\t\t\t\t\t\t<div class=\"em pixelbones em-calendar-preview em-modal em-cal-date-content\" data-calendar-date=\"1779408000\" data-parent=\"em-cal-events-content-780645223\">\n\t<div class=\"em-modal-popup\">\n\t\t<header>\n\t\t\t<a class=\"em-close-modal\"><\/a><!-- close modal -->\n\t\t\t<div class=\"em-modal-title\">\n\t\t\t\tEventos el 22. mayo 2026\t\t\t<\/div>\n\t\t<\/header>\n\t\t<div class=\"em-modal-content em pixelbones em-calendar-preview em-list-widget em-events-widget\">\n\t\t\t\t\t\t\t<div class=\"em-item em-event\" style=\"--default-border:#80b538;\">\n\t<div class=\"em-item-image \" style=\"max-width:150px\">\n\t\t\n\t\t<img decoding=\"async\" width=\"150\" height=\"150\" src=\"https:\/\/kulturwerkstatt-lapalma.com\/wp-content\/uploads\/2026\/04\/photo_2026-04-22_22-14-09-150x150.jpg\" class=\"attachment-150x150 size-150x150 wp-post-image\" alt=\"\ud83c\udfa8 Ausstellung \u201eMemorias de Gaia\u201c \u2013 Acr\u00edlico fluido \/ Pouring Art\" \/>\n\t\t\n\t\t\n\t<\/div>\n\t<div class=\"em-item-info\">\n\t\t<div class=\"em-item-name\"><a href=\"https:\/\/kulturwerkstatt-lapalma.com\/es\/events\/memorias-de-gaia-ausstellung-la-palma\/\">\ud83c\udfa8 Ausstellung \u201eMemorias de Gaia\u201c \u2013 Acr\u00edlico fluido \/ Pouring Art<\/a><\/div>\n\t\t<div class=\"em-item-meta\">\n\t\t\t<div class=\"em-item-meta-line em-event-date em-event-meta-datetime\">\n\t\t\t\t<span class=\"em-icon em-icon-calendar\"><\/span>\n\t\t\t\t<span>22 May 26<\/span>\n\t\t\t<\/div>\n\t\t\t<div class=\"em-item-meta-line em-event-location em-event-meta-location\">\n\t\t\t\t<span class=\"em-icon em-icon-location\"><\/span>\n\t\t\t\t<span>Puntagorda<\/span>\n\t\t\t<\/div>\n\t\t<\/div>\n\t<\/div>\n<\/div>\t\t\t\t\t<\/div><!-- content -->\n\t\t\t<\/div><!-- modal -->\n<\/div>\t\t\t\t\t\t\t\t\t\t\t\t\t\t<div class=\"em pixelbones em-calendar-preview em-modal em-cal-date-content\" data-calendar-date=\"1779667200\" data-parent=\"em-cal-events-content-780645223\">\n\t<div class=\"em-modal-popup\">\n\t\t<header>\n\t\t\t<a class=\"em-close-modal\"><\/a><!-- close modal -->\n\t\t\t<div class=\"em-modal-title\">\n\t\t\t\tEventos el 25. mayo 2026\t\t\t<\/div>\n\t\t<\/header>\n\t\t<div class=\"em-modal-content em pixelbones em-calendar-preview em-list-widget em-events-widget\">\n\t\t\t\t\t\t\t<div class=\"em-item em-event\" style=\"--default-border:#f74cc4;\">\n\t<div class=\"em-item-image \" style=\"max-width:150px\">\n\t\t\n\t\t<img decoding=\"async\" width=\"150\" height=\"150\" src=\"https:\/\/kulturwerkstatt-lapalma.com\/wp-content\/uploads\/2025\/12\/blossom-5356482_640-150x150.jpg\" class=\"attachment-150x150 size-150x150 wp-post-image\" alt=\"Beratungen, Massagen, Behandlungen von Iris\" \/>\n\t\t\n\t\t\n\t<\/div>\n\t<div class=\"em-item-info\">\n\t\t<div class=\"em-item-name\"><a href=\"https:\/\/kulturwerkstatt-lapalma.com\/es\/events\/beratungen-massagen-behandlungen-von-iris\/\">Beratungen, Massagen, Behandlungen von Iris<\/a><\/div>\n\t\t<div class=\"em-item-meta\">\n\t\t\t<div class=\"em-item-meta-line em-event-date em-event-meta-datetime\">\n\t\t\t\t<span class=\"em-icon em-icon-calendar\"><\/span>\n\t\t\t\t<span>25 May 26<\/span>\n\t\t\t<\/div>\n\t\t\t<div class=\"em-item-meta-line em-event-location em-event-meta-location\">\n\t\t\t\t<span class=\"em-icon em-icon-location\"><\/span>\n\t\t\t\t<span>Puntagorda<\/span>\n\t\t\t<\/div>\n\t\t<\/div>\n\t<\/div>\n<\/div>\t\t\t\t\t<\/div><!-- content -->\n\t\t\t<\/div><!-- modal -->\n<\/div>\t\t\t\t\t\t\t\t<div class=\"em pixelbones em-calendar-preview em-modal em-cal-date-content\" data-calendar-date=\"1779753600\" data-parent=\"em-cal-events-content-780645223\">\n\t<div class=\"em-modal-popup\">\n\t\t<header>\n\t\t\t<a class=\"em-close-modal\"><\/a><!-- close modal -->\n\t\t\t<div class=\"em-modal-title\">\n\t\t\t\tEventos el 26. mayo 2026\t\t\t<\/div>\n\t\t<\/header>\n\t\t<div class=\"em-modal-content em pixelbones em-calendar-preview em-list-widget em-events-widget\">\n\t\t\t\t\t\t\t<div class=\"em-item em-event\" style=\"--default-border:#260e09;\">\n\t<div class=\"em-item-image \" style=\"max-width:150px\">\n\t\t\n\t\t<img decoding=\"async\" width=\"150\" height=\"150\" src=\"https:\/\/kulturwerkstatt-lapalma.com\/wp-content\/uploads\/2025\/12\/kid-1520705_1280-1-150x150.jpg\" class=\"attachment-150x150 size-150x150 wp-post-image\" alt=\"\ud83d\udcbb Die Computersprechstunde mit Hermes\" \/>\n\t\t\n\t\t\n\t<\/div>\n\t<div class=\"em-item-info\">\n\t\t<div class=\"em-item-name\"><a href=\"https:\/\/kulturwerkstatt-lapalma.com\/es\/events\/computersprechstunde-mit-hermes\/\">\ud83d\udcbb Die Computersprechstunde mit Hermes<\/a><\/div>\n\t\t<div class=\"em-item-meta\">\n\t\t\t<div class=\"em-item-meta-line em-event-date em-event-meta-datetime\">\n\t\t\t\t<span class=\"em-icon em-icon-calendar\"><\/span>\n\t\t\t\t<span>26 May 26<\/span>\n\t\t\t<\/div>\n\t\t\t<div class=\"em-item-meta-line em-event-location em-event-meta-location\">\n\t\t\t\t<span class=\"em-icon em-icon-location\"><\/span>\n\t\t\t\t<span>Puntagorda<\/span>\n\t\t\t<\/div>\n\t\t<\/div>\n\t<\/div>\n<\/div>\t\t\t\t\t\t\t<div class=\"em-item em-event\" style=\"--default-border:#a1db43;\">\n\t<div class=\"em-item-image \" style=\"max-width:150px\">\n\t\t\n\t\t<img decoding=\"async\" width=\"150\" height=\"150\" src=\"https:\/\/kulturwerkstatt-lapalma.com\/wp-content\/uploads\/2026\/02\/Salsa-Kulturwerkstatt-150x150.jpg\" class=\"attachment-150x150 size-150x150 wp-post-image\" alt=\"Salsa tanzen\" \/>\n\t\t\n\t\t\n\t<\/div>\n\t<div class=\"em-item-info\">\n\t\t<div class=\"em-item-name\"><a href=\"https:\/\/kulturwerkstatt-lapalma.com\/es\/events\/salsa-tanzen-3\/\">Salsa tanzen<\/a><\/div>\n\t\t<div class=\"em-item-meta\">\n\t\t\t<div class=\"em-item-meta-line em-event-date em-event-meta-datetime\">\n\t\t\t\t<span class=\"em-icon em-icon-calendar\"><\/span>\n\t\t\t\t<span>26 May 26<\/span>\n\t\t\t<\/div>\n\t\t\t<div class=\"em-item-meta-line em-event-location em-event-meta-location\">\n\t\t\t\t<span class=\"em-icon em-icon-location\"><\/span>\n\t\t\t\t<span>Puntagorda<\/span>\n\t\t\t<\/div>\n\t\t<\/div>\n\t<\/div>\n<\/div>\t\t\t\t\t<\/div><!-- content -->\n\t\t\t<\/div><!-- modal -->\n<\/div>\t\t\t\t\t\t\t\t<div class=\"em pixelbones em-calendar-preview em-modal em-cal-date-content\" data-calendar-date=\"1779840000\" data-parent=\"em-cal-events-content-780645223\">\n\t<div class=\"em-modal-popup\">\n\t\t<header>\n\t\t\t<a class=\"em-close-modal\"><\/a><!-- close modal -->\n\t\t\t<div class=\"em-modal-title\">\n\t\t\t\tEventos el 27. mayo 2026\t\t\t<\/div>\n\t\t<\/header>\n\t\t<div class=\"em-modal-content em pixelbones em-calendar-preview em-list-widget em-events-widget\">\n\t\t\t\t\t\t\t<div class=\"em-item em-event\" style=\"--default-border:#80b538;\">\n\t<div class=\"em-item-image \" style=\"max-width:150px\">\n\t\t\n\t\t<img decoding=\"async\" width=\"150\" height=\"150\" src=\"https:\/\/kulturwerkstatt-lapalma.com\/wp-content\/uploads\/2026\/04\/photo_2026-04-22_22-14-09-150x150.jpg\" class=\"attachment-150x150 size-150x150 wp-post-image\" alt=\"\ud83c\udfa8 Ausstellung \u201eMemorias de Gaia\u201c \u2013 Acr\u00edlico fluido \/ Pouring Art\" \/>\n\t\t\n\t\t\n\t<\/div>\n\t<div class=\"em-item-info\">\n\t\t<div class=\"em-item-name\"><a href=\"https:\/\/kulturwerkstatt-lapalma.com\/es\/events\/memorias-de-gaia-ausstellung-la-palma\/\">\ud83c\udfa8 Ausstellung \u201eMemorias de Gaia\u201c \u2013 Acr\u00edlico fluido \/ Pouring Art<\/a><\/div>\n\t\t<div class=\"em-item-meta\">\n\t\t\t<div class=\"em-item-meta-line em-event-date em-event-meta-datetime\">\n\t\t\t\t<span class=\"em-icon em-icon-calendar\"><\/span>\n\t\t\t\t<span>27 May 26<\/span>\n\t\t\t<\/div>\n\t\t\t<div class=\"em-item-meta-line em-event-location em-event-meta-location\">\n\t\t\t\t<span class=\"em-icon em-icon-location\"><\/span>\n\t\t\t\t<span>Puntagorda<\/span>\n\t\t\t<\/div>\n\t\t<\/div>\n\t<\/div>\n<\/div>\t\t\t\t\t<\/div><!-- content -->\n\t\t\t<\/div><!-- modal -->\n<\/div>\t\t\t\t\t\t\t\t\t\t\t<div class=\"em pixelbones em-calendar-preview em-modal em-cal-date-content\" data-calendar-date=\"1780012800\" data-parent=\"em-cal-events-content-780645223\">\n\t<div class=\"em-modal-popup\">\n\t\t<header>\n\t\t\t<a class=\"em-close-modal\"><\/a><!-- close modal -->\n\t\t\t<div class=\"em-modal-title\">\n\t\t\t\tEventos el 29. mayo 2026\t\t\t<\/div>\n\t\t<\/header>\n\t\t<div class=\"em-modal-content em pixelbones em-calendar-preview em-list-widget em-events-widget\">\n\t\t\t\t\t\t\t<div class=\"em-item em-event\" style=\"--default-border:#80b538;\">\n\t<div class=\"em-item-image \" style=\"max-width:150px\">\n\t\t\n\t\t<img decoding=\"async\" width=\"150\" height=\"150\" src=\"https:\/\/kulturwerkstatt-lapalma.com\/wp-content\/uploads\/2026\/04\/photo_2026-04-22_22-14-09-150x150.jpg\" class=\"attachment-150x150 size-150x150 wp-post-image\" alt=\"\ud83c\udfa8 Ausstellung \u201eMemorias de Gaia\u201c \u2013 Acr\u00edlico fluido \/ Pouring Art\" \/>\n\t\t\n\t\t\n\t<\/div>\n\t<div class=\"em-item-info\">\n\t\t<div class=\"em-item-name\"><a href=\"https:\/\/kulturwerkstatt-lapalma.com\/es\/events\/memorias-de-gaia-ausstellung-la-palma\/\">\ud83c\udfa8 Ausstellung \u201eMemorias de Gaia\u201c \u2013 Acr\u00edlico fluido \/ Pouring Art<\/a><\/div>\n\t\t<div class=\"em-item-meta\">\n\t\t\t<div class=\"em-item-meta-line em-event-date em-event-meta-datetime\">\n\t\t\t\t<span class=\"em-icon em-icon-calendar\"><\/span>\n\t\t\t\t<span>29 May 26<\/span>\n\t\t\t<\/div>\n\t\t\t<div class=\"em-item-meta-line em-event-location em-event-meta-location\">\n\t\t\t\t<span class=\"em-icon em-icon-location\"><\/span>\n\t\t\t\t<span>Puntagorda<\/span>\n\t\t\t<\/div>\n\t\t<\/div>\n\t<\/div>\n<\/div>\t\t\t\t\t<\/div><!-- content -->\n\t\t\t<\/div><!-- modal -->\n<\/div>\t\t\t\t\t\t\t\t<div class=\"em pixelbones em-calendar-preview em-modal em-cal-date-content\" data-calendar-date=\"1780099200\" data-parent=\"em-cal-events-content-780645223\">\n\t<div class=\"em-modal-popup\">\n\t\t<header>\n\t\t\t<a class=\"em-close-modal\"><\/a><!-- close modal -->\n\t\t\t<div class=\"em-modal-title\">\n\t\t\t\tEventos el 30. mayo 2026\t\t\t<\/div>\n\t\t<\/header>\n\t\t<div class=\"em-modal-content em pixelbones em-calendar-preview em-list-widget em-events-widget\">\n\t\t\t\t\t\t\t<div class=\"em-item em-event\" style=\"--default-border:#a1db43;\">\n\t<div class=\"em-item-image \" style=\"max-width:150px\">\n\t\t\n\t\t<img decoding=\"async\" width=\"150\" height=\"150\" src=\"https:\/\/kulturwerkstatt-lapalma.com\/wp-content\/uploads\/2026\/01\/Kopie-von-Marcos-Mantrasingen-150x150.png\" class=\"attachment-150x150 size-150x150 wp-post-image\" alt=\"Marco's Mantrasingen\" \/>\n\t\t\n\t\t\n\t<\/div>\n\t<div class=\"em-item-info\">\n\t\t<div class=\"em-item-name\"><a href=\"https:\/\/kulturwerkstatt-lapalma.com\/es\/events\/marcos-mantrasingen-2\/\">Marco's Mantrasingen<\/a><\/div>\n\t\t<div class=\"em-item-meta\">\n\t\t\t<div class=\"em-item-meta-line em-event-date em-event-meta-datetime\">\n\t\t\t\t<span class=\"em-icon em-icon-calendar\"><\/span>\n\t\t\t\t<span>30 May 26<\/span>\n\t\t\t<\/div>\n\t\t\t<div class=\"em-item-meta-line em-event-location em-event-meta-location\">\n\t\t\t\t<span class=\"em-icon em-icon-location\"><\/span>\n\t\t\t\t<span>Puntagorda<\/span>\n\t\t\t<\/div>\n\t\t<\/div>\n\t<\/div>\n<\/div>\t\t\t\t\t<\/div><!-- content -->\n\t\t\t<\/div><!-- modal -->\n<\/div>\t\t\t\t\t\t<\/section><\/div>\n<script>\n\t{\n\t\tlet el = document.getElementById('em-calendar-780645223').querySelector('.em-cal-body');\n\t\tlet width = el.firstElementChild.getBoundingClientRect().width;\n\t\tif (width > 0) {\n\t\t\tel.style.setProperty('--grid-auto-rows', 'minmax(' + width + 'px, auto)');\n\t\t}\n\t}\n<\/script>\t\t\t<div class=\"em-view-custom-data\" id=\"em-view-custom-data-780645223\">\r\n\t\t\t\t\t\t\t\t<form class=\"em-view-custom-data-search\" id=\"em-view-custom-data-search-780645223\">\r\n\t\t\t\t\t\t\t\t\t\t<input type=\"hidden\" name=\"css\" value=\"1\">\r\n\t\t\t\t\t\t\t\t\t\t<input type=\"hidden\" name=\"search_action\" value=\"search_events\">\r\n\t\t\t\t\t\t\t\t\t\t<input type=\"hidden\" name=\"search_advanced_text\" value=\"Erweiterte Suche anzeigen\">\r\n\t\t\t\t\t\t\t\t\t\t<input type=\"hidden\" name=\"search_text_show\" value=\"Erweiterte Suche anzeigen\">\r\n\t\t\t\t\t\t\t\t\t\t<input type=\"hidden\" name=\"search_text_hide\" value=\"Erweiterte Suche verbergen\">\r\n\t\t\t\t\t\t\t\t\t\t<input type=\"hidden\" name=\"search_button\" value=\"Suche\">\r\n\t\t\t\t\t\t\t\t\t\t<input type=\"hidden\" name=\"saved_searches\" value=\"1\">\r\n\t\t\t\t\t\t\t\t\t\t<input type=\"hidden\" name=\"search_advanced_style\" value=\"headings\">\r\n\t\t\t\t\t\t\t\t\t\t<input type=\"hidden\" name=\"search_multiselect_style\" value=\"multidropdown\">\r\n\t\t\t\t\t\t\t\t\t\t<input type=\"hidden\" name=\"sorting\" value=\"1\">\r\n\t\t\t\t\t\t\t\t\t\t<input type=\"hidden\" name=\"search_term_main\" value=\"1\">\r\n\t\t\t\t\t\t\t\t\t\t<input type=\"hidden\" name=\"search_term\" value=\"1\">\r\n\t\t\t\t\t\t\t\t\t\t<input type=\"hidden\" name=\"search_term_label\" value=\"Suche\">\r\n\t\t\t\t\t\t\t\t\t\t<input type=\"hidden\" name=\"search_term_advanced\" value=\"1\">\r\n\t\t\t\t\t\t\t\t\t\t<input type=\"hidden\" name=\"search_term_label_advanced\" value=\"Suche\">\r\n\t\t\t\t\t\t\t\t\t\t<input type=\"hidden\" name=\"search_geo\" value=\"1\">\r\n\t\t\t\t\t\t\t\t\t\t<input type=\"hidden\" name=\"geo_label\" value=\"Nahe ...\">\r\n\t\t\t\t\t\t\t\t\t\t<input type=\"hidden\" name=\"search_geo_advanced\" value=\"0\">\r\n\t\t\t\t\t\t\t\t\t\t<input type=\"hidden\" name=\"geo_label_advanced\" value=\"Nahe ...\">\r\n\t\t\t\t\t\t\t\t\t\t<input type=\"hidden\" name=\"search_geo_units\" value=\"1\">\r\n\t\t\t\t\t\t\t\t\t\t<input type=\"hidden\" name=\"geo_units_label\" value=\"Innerhalb\">\r\n\t\t\t\t\t\t\t\t\t\t<input type=\"hidden\" name=\"geo_distance_values\" value=\"5,10,25,50,100\">\r\n\t\t\t\t\t\t\t\t\t\t<input type=\"hidden\" name=\"search_scope\" value=\"1\">\r\n\t\t\t\t\t\t\t\t\t\t<input type=\"hidden\" name=\"scope_label\" value=\"Daten\">\r\n\t\t\t\t\t\t\t\t\t\t<input type=\"hidden\" name=\"scope_seperator\" value=\"und\">\r\n\t\t\t\t\t\t\t\t\t\t<input type=\"hidden\" name=\"scope_format\" value=\"M j\">\r\n\t\t\t\t\t\t\t\t\t\t<input type=\"hidden\" name=\"search_scope_advanced\" value=\"1\">\r\n\t\t\t\t\t\t\t\t\t\t<input type=\"hidden\" name=\"scope_label_advanced\" value=\"Daten\">\r\n\t\t\t\t\t\t\t\t\t\t<input type=\"hidden\" name=\"scope_seperator_advanced\" value=\"und\">\r\n\t\t\t\t\t\t\t\t\t\t<input type=\"hidden\" name=\"scope_format_advanced\" value=\"M j\">\r\n\t\t\t\t\t\t\t\t\t\t<input type=\"hidden\" name=\"search_eventful_main\" value=\"0\">\r\n\t\t\t\t\t\t\t\t\t\t<input type=\"hidden\" name=\"search_eventful\" value=\"0\">\r\n\t\t\t\t\t\t\t\t\t\t<input type=\"hidden\" name=\"search_eventful_locations_label\" value=\"Eventful Locations?\">\r\n\t\t\t\t\t\t\t\t\t\t<input type=\"hidden\" name=\"search_eventful_locations_tooltip\" value=\"Display only locations with upcoming events.\">\r\n\t\t\t\t\t\t\t\t\t\t<input type=\"hidden\" name=\"search_categories\" value=\"1\">\r\n\t\t\t\t\t\t\t\t\t\t<input type=\"hidden\" name=\"category_label\" value=\"Kategorien\">\r\n\t\t\t\t\t\t\t\t\t\t<input type=\"hidden\" name=\"categories_label\" value=\"Alle Kategorien\">\r\n\t\t\t\t\t\t\t\t\t\t<input type=\"hidden\" name=\"categories_placeholder\" value=\"Suche Kategorien\">\r\n\t\t\t\t\t\t\t\t\t\t<input type=\"hidden\" name=\"categories_clear_text\" value=\"Clear Selected\">\r\n\t\t\t\t\t\t\t\t\t\t<input type=\"hidden\" name=\"categories_count_text\" value=\"%d Selected\">\r\n\t\t\t\t\t\t\t\t\t\t<input type=\"hidden\" name=\"categories_include\" value=\"\">\r\n\t\t\t\t\t\t\t\t\t\t<input type=\"hidden\" name=\"categories_exclude\" value=\"\">\r\n\t\t\t\t\t\t\t\t\t\t<input type=\"hidden\" name=\"search_tags\" value=\"0\">\r\n\t\t\t\t\t\t\t\t\t\t<input type=\"hidden\" name=\"tag_label\" value=\"Schlagw\u00f6rter\">\r\n\t\t\t\t\t\t\t\t\t\t<input type=\"hidden\" name=\"tags_label\" value=\"Alle Schlagworte\">\r\n\t\t\t\t\t\t\t\t\t\t<input type=\"hidden\" name=\"tags_placeholder\" value=\"Suche Schlagw\u00f6rter\">\r\n\t\t\t\t\t\t\t\t\t\t<input type=\"hidden\" name=\"tags_clear_text\" value=\"Clear Selected\">\r\n\t\t\t\t\t\t\t\t\t\t<input type=\"hidden\" name=\"tags_count_text\" value=\"%d Selected\">\r\n\t\t\t\t\t\t\t\t\t\t<input type=\"hidden\" name=\"tags_include\" value=\"\">\r\n\t\t\t\t\t\t\t\t\t\t<input type=\"hidden\" name=\"tags_exclude\" value=\"\">\r\n\t\t\t\t\t\t\t\t\t\t<input type=\"hidden\" name=\"search_countries\" value=\"0\">\r\n\t\t\t\t\t\t\t\t\t\t<input type=\"hidden\" name=\"country_label\" value=\"Land\">\r\n\t\t\t\t\t\t\t\t\t\t<input type=\"hidden\" name=\"countries_label\" value=\"Alle L\u00e4nder\">\r\n\t\t\t\t\t\t\t\t\t\t<input type=\"hidden\" name=\"search_regions\" value=\"0\">\r\n\t\t\t\t\t\t\t\t\t\t<input type=\"hidden\" name=\"region_label\" value=\"Region\">\r\n\t\t\t\t\t\t\t\t\t\t<input type=\"hidden\" name=\"search_states\" value=\"0\">\r\n\t\t\t\t\t\t\t\t\t\t<input type=\"hidden\" name=\"state_label\" value=\"Bundesland\">\r\n\t\t\t\t\t\t\t\t\t\t<input type=\"hidden\" name=\"search_towns\" value=\"0\">\r\n\t\t\t\t\t\t\t\t\t\t<input type=\"hidden\" name=\"town_label\" value=\"Ort\">\r\n\t\t\t\t\t\t\t\t\t\t<input type=\"hidden\" name=\"show_main\" value=\"1\">\r\n\t\t\t\t\t\t\t\t\t\t<input type=\"hidden\" name=\"show_advanced\" value=\"1\">\r\n\t\t\t\t\t\t\t\t\t\t<input type=\"hidden\" name=\"advanced_mode\" value=\"modal\">\r\n\t\t\t\t\t\t\t\t\t\t<input type=\"hidden\" name=\"advanced_hidden\" value=\"1\">\r\n\t\t\t\t\t\t\t\t\t\t<input type=\"hidden\" name=\"advanced_trigger\" value=\"1\">\r\n\t\t\t\t\t\t\t\t\t\t<input type=\"hidden\" name=\"main_classes\" value=\"css-search,em-search-legacy,has-search-term,has-search-geo,has-search-main,has-advanced,advanced-hidden\">\r\n\t\t\t\t\t\t\t\t\t\t<input type=\"hidden\" name=\"css_classes_advanced\" value=\"\">\r\n\t\t\t\t\t\t\t\t\t\t<input type=\"hidden\" name=\"id\" value=\"780645223\">\r\n\t\t\t\t\t\t\t\t\t\t<input type=\"hidden\" name=\"scope\" value=\"all\">\r\n\t\t\t\t\t\t\t\t\t\t<input type=\"hidden\" name=\"calendar_size\" value=\"\">\r\n\t\t\t\t\t\t\t\t\t\t<input type=\"hidden\" name=\"has_advanced_trigger\" value=\"0\">\r\n\t\t\t\t\t\t\t\t\t<\/form>\r\n\t\t\t\t<form class=\"em-view-custom-data-calendar\" id=\"em-view-custom-data-calendar-780645223\">\r\n\t\t\t\t\t\t\t\t\t\t\t<input type=\"hidden\" name=\"full\" value=\"1\">\r\n\t\t\t\t\t\t\t\t\t\t\t<input type=\"hidden\" name=\"calendar_month_nav\" value=\"0\">\r\n\t\t\t\t\t\t\t\t\t\t\t<input type=\"hidden\" name=\"id\" value=\"780645223\">\r\n\t\t\t\t\t\t\t\t\t\t\t<input type=\"hidden\" name=\"scope\" value=\"all\">\r\n\t\t\t\t\t\t\t\t\t\t\t<input type=\"hidden\" name=\"calendar_size\" value=\"\">\r\n\t\t\t\t\t\t\t\t\t\t\t<input type=\"hidden\" name=\"has_advanced_trigger\" value=\"0\">\r\n\t\t\t\t\t\t\t\t\t<\/form>\r\n\t\t\t<\/div>\r\n\t\t<\/div>\r\n\t\t<\/div><\/div>\n<\/div><\/div>\n<\/div><\/div>\n<\/div>\n<\/div>\n<\/div>","protected":false},"excerpt":{"rendered":"","protected":false},"author":2,"featured_media":0,"parent":0,"menu_order":0,"comment_status":"closed","ping_status":"closed","template":"","meta":{"pgc_sgb_lightbox_settings":"","footnotes":""},"class_list":["post-177","page","type-page","status-publish","hentry"],"yoast_head":"<!-- This site is optimized with the Yoast SEO plugin v27.5 - https:\/\/yoast.com\/product\/yoast-seo-wordpress\/ -->\n<title>Veranstaltungen - Kulturwerkstatt La Palma<\/title>\n<meta name=\"robots\" content=\"index, follow, max-snippet:-1, max-image-preview:large, max-video-preview:-1\" \/>\n<link rel=\"canonical\" href=\"https:\/\/kulturwerkstatt-lapalma.com\/es\/eventos-2\/\" \/>\n<meta property=\"og:locale\" content=\"es_ES\" \/>\n<meta property=\"og:type\" content=\"article\" \/>\n<meta property=\"og:title\" content=\"Veranstaltungen - Kulturwerkstatt La Palma\" \/>\n<meta property=\"og:url\" content=\"https:\/\/kulturwerkstatt-lapalma.com\/es\/eventos-2\/\" \/>\n<meta property=\"og:site_name\" content=\"Kulturwerkstatt La Palma\" \/>\n<meta property=\"article:modified_time\" content=\"2026-01-15T13:43:28+00:00\" \/>\n<meta property=\"og:image\" content=\"https:\/\/kulturwerkstatt-lapalma.com\/wp-content\/uploads\/2025\/12\/Logo_Kulturwerkstatt-1.png\" \/>\n\t<meta property=\"og:image:width\" content=\"250\" \/>\n\t<meta property=\"og:image:height\" content=\"250\" \/>\n\t<meta property=\"og:image:type\" content=\"image\/png\" \/>\n<meta name=\"twitter:card\" content=\"summary_large_image\" \/>\n<script type=\"application\/ld+json\" class=\"yoast-schema-graph\">{\"@context\":\"https:\\\/\\\/schema.org\",\"@graph\":[{\"@type\":\"WebPage\",\"@id\":\"https:\\\/\\\/kulturwerkstatt-lapalma.com\\\/veranstaltungen\\\/\",\"url\":\"https:\\\/\\\/kulturwerkstatt-lapalma.com\\\/veranstaltungen\\\/\",\"name\":\"Veranstaltungen - Kulturwerkstatt La Palma\",\"isPartOf\":{\"@id\":\"https:\\\/\\\/kulturwerkstatt-lapalma.com\\\/#website\"},\"datePublished\":\"2025-12-13T00:02:56+00:00\",\"dateModified\":\"2026-01-15T13:43:28+00:00\",\"breadcrumb\":{\"@id\":\"https:\\\/\\\/kulturwerkstatt-lapalma.com\\\/veranstaltungen\\\/#breadcrumb\"},\"inLanguage\":\"es\",\"potentialAction\":[{\"@type\":\"ReadAction\",\"target\":[\"https:\\\/\\\/kulturwerkstatt-lapalma.com\\\/veranstaltungen\\\/\"]}]},{\"@type\":\"BreadcrumbList\",\"@id\":\"https:\\\/\\\/kulturwerkstatt-lapalma.com\\\/veranstaltungen\\\/#breadcrumb\",\"itemListElement\":[{\"@type\":\"ListItem\",\"position\":1,\"name\":\"Start\",\"item\":\"https:\\\/\\\/kulturwerkstatt-lapalma.com\\\/\"},{\"@type\":\"ListItem\",\"position\":2,\"name\":\"Veranstaltungen\"}]},{\"@type\":\"WebSite\",\"@id\":\"https:\\\/\\\/kulturwerkstatt-lapalma.com\\\/#website\",\"url\":\"https:\\\/\\\/kulturwerkstatt-lapalma.com\\\/\",\"name\":\"Kulturwerkstatt La Palma\",\"description\":\"Kultur,Workshops, Kunst, Vortr\u00e4ge, Veranstaltungen\",\"publisher\":{\"@id\":\"https:\\\/\\\/kulturwerkstatt-lapalma.com\\\/#organization\"},\"potentialAction\":[{\"@type\":\"SearchAction\",\"target\":{\"@type\":\"EntryPoint\",\"urlTemplate\":\"https:\\\/\\\/kulturwerkstatt-lapalma.com\\\/?s={search_term_string}\"},\"query-input\":{\"@type\":\"PropertyValueSpecification\",\"valueRequired\":true,\"valueName\":\"search_term_string\"}}],\"inLanguage\":\"es\"},{\"@type\":\"Organization\",\"@id\":\"https:\\\/\\\/kulturwerkstatt-lapalma.com\\\/#organization\",\"name\":\"Kulturwerkstatt La Palma\",\"url\":\"https:\\\/\\\/kulturwerkstatt-lapalma.com\\\/\",\"logo\":{\"@type\":\"ImageObject\",\"inLanguage\":\"es\",\"@id\":\"https:\\\/\\\/kulturwerkstatt-lapalma.com\\\/#\\\/schema\\\/logo\\\/image\\\/\",\"url\":\"https:\\\/\\\/kulturwerkstatt-lapalma.com\\\/wp-content\\\/uploads\\\/2025\\\/12\\\/Kulturwerkstatt_la_Palma-1024x683.png\",\"contentUrl\":\"https:\\\/\\\/kulturwerkstatt-lapalma.com\\\/wp-content\\\/uploads\\\/2025\\\/12\\\/Kulturwerkstatt_la_Palma-1024x683.png\",\"width\":1024,\"height\":683,\"caption\":\"Kulturwerkstatt La Palma\"},\"image\":{\"@id\":\"https:\\\/\\\/kulturwerkstatt-lapalma.com\\\/#\\\/schema\\\/logo\\\/image\\\/\"}}]}<\/script>\n<!-- \/ Yoast SEO plugin. -->","yoast_head_json":{"title":"Eventos - Kulturwerkstatt La Palma","robots":{"index":"index","follow":"follow","max-snippet":"max-snippet:-1","max-image-preview":"max-image-preview:large","max-video-preview":"max-video-preview:-1"},"canonical":"https:\/\/kulturwerkstatt-lapalma.com\/es\/eventos-2\/","og_locale":"es_ES","og_type":"article","og_title":"Veranstaltungen - Kulturwerkstatt La Palma","og_url":"https:\/\/kulturwerkstatt-lapalma.com\/es\/eventos-2\/","og_site_name":"Kulturwerkstatt La Palma","article_modified_time":"2026-01-15T13:43:28+00:00","og_image":[{"width":250,"height":250,"url":"https:\/\/kulturwerkstatt-lapalma.com\/wp-content\/uploads\/2025\/12\/Logo_Kulturwerkstatt-1.png","type":"image\/png"}],"twitter_card":"summary_large_image","schema":{"@context":"https:\/\/schema.org","@graph":[{"@type":"WebPage","@id":"https:\/\/kulturwerkstatt-lapalma.com\/veranstaltungen\/","url":"https:\/\/kulturwerkstatt-lapalma.com\/veranstaltungen\/","name":"Eventos - Kulturwerkstatt La Palma","isPartOf":{"@id":"https:\/\/kulturwerkstatt-lapalma.com\/#website"},"datePublished":"2025-12-13T00:02:56+00:00","dateModified":"2026-01-15T13:43:28+00:00","breadcrumb":{"@id":"https:\/\/kulturwerkstatt-lapalma.com\/veranstaltungen\/#breadcrumb"},"inLanguage":"es","potentialAction":[{"@type":"ReadAction","target":["https:\/\/kulturwerkstatt-lapalma.com\/veranstaltungen\/"]}]},{"@type":"BreadcrumbList","@id":"https:\/\/kulturwerkstatt-lapalma.com\/veranstaltungen\/#breadcrumb","itemListElement":[{"@type":"ListItem","position":1,"name":"Start","item":"https:\/\/kulturwerkstatt-lapalma.com\/"},{"@type":"ListItem","position":2,"name":"Veranstaltungen"}]},{"@type":"WebSite","@id":"https:\/\/kulturwerkstatt-lapalma.com\/#website","url":"https:\/\/kulturwerkstatt-lapalma.com\/","name":"Centro Cultural de La Palma","description":"Cultura, Talleres, Arte, Conferencias, Eventos","publisher":{"@id":"https:\/\/kulturwerkstatt-lapalma.com\/#organization"},"potentialAction":[{"@type":"SearchAction","target":{"@type":"EntryPoint","urlTemplate":"https:\/\/kulturwerkstatt-lapalma.com\/?s={search_term_string}"},"query-input":{"@type":"PropertyValueSpecification","valueRequired":true,"valueName":"search_term_string"}}],"inLanguage":"es"},{"@type":"Organization","@id":"https:\/\/kulturwerkstatt-lapalma.com\/#organization","name":"Centro Cultural de La Palma","url":"https:\/\/kulturwerkstatt-lapalma.com\/","logo":{"@type":"ImageObject","inLanguage":"es","@id":"https:\/\/kulturwerkstatt-lapalma.com\/#\/schema\/logo\/image\/","url":"https:\/\/kulturwerkstatt-lapalma.com\/wp-content\/uploads\/2025\/12\/Kulturwerkstatt_la_Palma-1024x683.png","contentUrl":"https:\/\/kulturwerkstatt-lapalma.com\/wp-content\/uploads\/2025\/12\/Kulturwerkstatt_la_Palma-1024x683.png","width":1024,"height":683,"caption":"Kulturwerkstatt La Palma"},"image":{"@id":"https:\/\/kulturwerkstatt-lapalma.com\/#\/schema\/logo\/image\/"}}]}},"_links":{"self":[{"href":"https:\/\/kulturwerkstatt-lapalma.com\/es\/wp-json\/wp\/v2\/pages\/177","targetHints":{"allow":["GET"]}}],"collection":[{"href":"https:\/\/kulturwerkstatt-lapalma.com\/es\/wp-json\/wp\/v2\/pages"}],"about":[{"href":"https:\/\/kulturwerkstatt-lapalma.com\/es\/wp-json\/wp\/v2\/types\/page"}],"author":[{"embeddable":true,"href":"https:\/\/kulturwerkstatt-lapalma.com\/es\/wp-json\/wp\/v2\/users\/2"}],"replies":[{"embeddable":true,"href":"https:\/\/kulturwerkstatt-lapalma.com\/es\/wp-json\/wp\/v2\/comments?post=177"}],"version-history":[{"count":8,"href":"https:\/\/kulturwerkstatt-lapalma.com\/es\/wp-json\/wp\/v2\/pages\/177\/revisions"}],"predecessor-version":[{"id":951,"href":"https:\/\/kulturwerkstatt-lapalma.com\/es\/wp-json\/wp\/v2\/pages\/177\/revisions\/951"}],"wp:attachment":[{"href":"https:\/\/kulturwerkstatt-lapalma.com\/es\/wp-json\/wp\/v2\/media?parent=177"}],"curies":[{"name":"wp","href":"https:\/\/api.w.org\/{rel}","templated":true}]}}